{"id":195,"date":"2014-09-22T10:39:39","date_gmt":"2014-09-22T10:39:39","guid":{"rendered":"http:\/\/agora.xtec.cat\/eaemporda\/?page_id=195"},"modified":"2025-10-14T08:58:29","modified_gmt":"2025-10-14T06:58:29","slug":"estudis","status":"publish","type":"page","link":"https:\/\/agora.xtec.cat\/eaemporda\/estudis\/","title":{"rendered":"CFGS de Processos i Qualitat en Ind\u00fastries Aliment\u00e0ries"},"content":{"rendered":"<p><a href=\"https:\/\/agora.xtec.cat\/eaemporda\/wp-content\/uploads\/usu1941\/2025\/10\/EAAEmporda-CFGStriptic-BAIXA.pdf\" target=\"_blank\" rel=\"noopener\"><img loading=\"lazy\" decoding=\"async\" class=\"alignright wp-image-2250\" src=\"https:\/\/agora.xtec.cat\/eaemporda\/wp-content\/uploads\/usu1941\/2023\/03\/EA-EMPORDA-Banners-web-Xtec-3-150x150.png\" alt=\"\" width=\"277\" height=\"277\" srcset=\"https:\/\/agora.xtec.cat\/eaemporda\/wp-content\/uploads\/usu1941\/2023\/03\/EA-EMPORDA-Banners-web-Xtec-3-150x150.png 150w, https:\/\/agora.xtec.cat\/eaemporda\/wp-content\/uploads\/usu1941\/2023\/03\/EA-EMPORDA-Banners-web-Xtec-3-300x300.png 300w, https:\/\/agora.xtec.cat\/eaemporda\/wp-content\/uploads\/usu1941\/2023\/03\/EA-EMPORDA-Banners-web-Xtec-3-1024x1024.png 1024w, https:\/\/agora.xtec.cat\/eaemporda\/wp-content\/uploads\/usu1941\/2023\/03\/EA-EMPORDA-Banners-web-Xtec-3-768x768.png 768w, https:\/\/agora.xtec.cat\/eaemporda\/wp-content\/uploads\/usu1941\/2023\/03\/EA-EMPORDA-Banners-web-Xtec-3.png 1080w\" sizes=\"auto, (max-width: 277px) 100vw, 277px\" \/><\/a>L\u2019<strong>Escola Agr\u00e0ria i Aliment\u00e0ria de l\u2019Empord\u00e0 <\/strong>ofereix el <strong>Cicle Formatiu de Grau Superior de Processos i Qualitat en Ind\u00fastries Aliment\u00e0ries.<\/strong> Aquests estudis permeten formar t\u00e8cnics per treballar en diferents \u00e0mbits de la ind\u00fastria aliment\u00e0ria com ara departaments de qualitat, de producci\u00f3, d\u2019I+D\u2026 La <strong>inserci\u00f3 laboral<\/strong> de l\u2019alumnat d\u2019aquest cicle formatiu \u00e9s quasi del 100% un any despr\u00e9s d\u2019acabar els estudis.<\/p>\n<p>Aquests estudis s\u2019ofereixen en <a href=\"https:\/\/agora.xtec.cat\/eaemporda\/estudis\/formacio-dual\/\"><strong>format dual<\/strong><\/a>, una metodologia que permet a l\u2019alumnat cursar el segon curs entre l\u2019<strong>escola<\/strong> i l\u2019<strong>empresa<\/strong>, ja que part dels continguts docents s\u2019adquireixen directament a l\u2019empresa a trav\u00e9s d\u2019una beca o contracte de pr\u00e0ctiques. L\u2019escola t\u00e9 convenis per a la formaci\u00f3 dual amb empreses de diferents sectors (carn, fruita, plats preparats, derivats de cereals\u2026) per tal de poder realitzar l\u2019estada en empresa. Aquest m\u00e8tode t\u00e9 com a objectiu apropar l\u2019alumnat al <strong>m\u00f3n laboral<\/strong> i adquirir <strong>experi\u00e8ncia professional.<a href=\"https:\/\/agora.xtec.cat\/eaemporda\/wp-content\/uploads\/usu1941\/2025\/09\/250915-EAemporda-iAlimentaries.pdf\">250915 EAemporda\u0300-iAlimenta\u0300ries<\/a><\/strong><\/p>\n<p><iframe loading=\"lazy\" title=\"YouTube video player\" src=\"https:\/\/www.youtube.com\/embed\/u3qUY6JzatQ\" width=\"560\" height=\"315\" frameborder=\"0\" allowfullscreen=\"allowfullscreen\"><\/iframe><\/p>\n","protected":false},"excerpt":{"rendered":"<p><a href=\"https:\/\/agora.xtec.cat\/eaemporda\/wp-content\/uploads\/usu1941\/2025\/10\/EAAEmporda-CFGStriptic-BAIXA.pdf\" target=\"_blank\" rel=\"noopener\"><\/a>L\u2019Escola Agr\u00e0ria i Aliment\u00e0ria de l\u2019Empord\u00e0 ofereix el Cicle Formatiu de Grau Superior de Processos i Qualitat en Ind\u00fastries Aliment\u00e0ries. Aquests estudis permeten formar t\u00e8cnics per treballar en diferents \u00e0mbits de la ind\u00fastria aliment\u00e0ria com ara departaments de qualitat, de producci\u00f3, d\u2019I+D\u2026&hellip;  <a href=\"https:\/\/agora.xtec.cat\/eaemporda\/estudis\/\" title=\"Read CFGS de Processos i Qualitat en Ind\u00fastries Aliment\u00e0ries\">Llegeix m\u00e9s\u00bb<\/a><\/p>\n","protected":false},"author":1,"featured_media":0,"parent":0,"menu_order":0,"comment_status":"closed","ping_status":"closed","template":"page-templates\/side-menu.php","meta":{"_bbp_topic_count":0,"_bbp_reply_count":0,"_bbp_total_topic_count":0,"_bbp_total_reply_count":0,"_bbp_voice_count":0,"_bbp_anonymous_reply_count":0,"_bbp_topic_count_hidden":0,"_bbp_reply_count_hidden":0,"_bbp_forum_subforum_count":0,"footnotes":""},"class_list":["post-195","page","type-page","status-publish","hentry"],"post_mailing_queue_ids":[],"_links":{"self":[{"href":"https:\/\/agora.xtec.cat\/eaemporda\/wp-json\/wp\/v2\/pages\/195","targetHints":{"allow":["GET"]}}],"collection":[{"href":"https:\/\/agora.xtec.cat\/eaemporda\/wp-json\/wp\/v2\/pages"}],"about":[{"href":"https:\/\/agora.xtec.cat\/eaemporda\/wp-json\/wp\/v2\/types\/page"}],"author":[{"embeddable":true,"href":"https:\/\/agora.xtec.cat\/eaemporda\/wp-json\/wp\/v2\/users\/1"}],"replies":[{"embeddable":true,"href":"https:\/\/agora.xtec.cat\/eaemporda\/wp-json\/wp\/v2\/comments?post=195"}],"version-history":[{"count":6,"href":"https:\/\/agora.xtec.cat\/eaemporda\/wp-json\/wp\/v2\/pages\/195\/revisions"}],"predecessor-version":[{"id":2985,"href":"https:\/\/agora.xtec.cat\/eaemporda\/wp-json\/wp\/v2\/pages\/195\/revisions\/2985"}],"wp:attachment":[{"href":"https:\/\/agora.xtec.cat\/eaemporda\/wp-json\/wp\/v2\/media?parent=195"}],"curies":[{"name":"wp","href":"https:\/\/api.w.org\/{rel}","templated":true}]}}