{"id":508,"date":"2022-10-19T14:30:36","date_gmt":"2022-10-19T12:30:36","guid":{"rendered":"https:\/\/agora.xtec.cat\/colsil\/?page_id=508"},"modified":"2022-10-20T10:59:16","modified_gmt":"2022-10-20T08:59:16","slug":"meteo715","status":"publish","type":"page","link":"https:\/\/agora.xtec.cat\/colsil\/meteo715\/","title":{"rendered":"Meteo715"},"content":{"rendered":"<p><a href=\"https:\/\/agora.xtec.cat\/colsil\/wp-content\/uploads\/usu808\/2022\/10\/logo-meteo-web.png\"><img loading=\"lazy\" decoding=\"async\" class=\"aligncenter wp-image-521\" src=\"https:\/\/agora.xtec.cat\/colsil\/wp-content\/uploads\/usu808\/2022\/10\/logo-meteo-web-1024x458.png\" alt=\"\" width=\"448\" height=\"200\" srcset=\"https:\/\/agora.xtec.cat\/colsil\/wp-content\/uploads\/usu808\/2022\/10\/logo-meteo-web-1024x458.png 1024w, https:\/\/agora.xtec.cat\/colsil\/wp-content\/uploads\/usu808\/2022\/10\/logo-meteo-web-300x134.png 300w, https:\/\/agora.xtec.cat\/colsil\/wp-content\/uploads\/usu808\/2022\/10\/logo-meteo-web-768x343.png 768w, https:\/\/agora.xtec.cat\/colsil\/wp-content\/uploads\/usu808\/2022\/10\/logo-meteo-web.png 1280w\" sizes=\"auto, (max-width: 448px) 100vw, 448px\" \/><\/a><\/p>\n<table style=\"width: 100%; border-collapse: collapse; background-color: #ffd700;\">\n<tbody>\n<tr>\n<td style=\"width: 100%;\">QUI SOM?<\/td>\n<\/tr>\n<\/tbody>\n<\/table>\n<p dir=\"ltr\"><a href=\"https:\/\/agora.xtec.cat\/colsil\/wp-content\/uploads\/usu808\/2022\/10\/QuiSom.jpeg\"><img loading=\"lazy\" decoding=\"async\" class=\"wp-image-528 size-medium alignleft\" src=\"https:\/\/agora.xtec.cat\/colsil\/wp-content\/uploads\/usu808\/2022\/10\/QuiSom-300x184.jpeg\" alt=\"\" width=\"300\" height=\"184\" srcset=\"https:\/\/agora.xtec.cat\/colsil\/wp-content\/uploads\/usu808\/2022\/10\/QuiSom-300x184.jpeg 300w, https:\/\/agora.xtec.cat\/colsil\/wp-content\/uploads\/usu808\/2022\/10\/QuiSom-1024x630.jpeg 1024w, https:\/\/agora.xtec.cat\/colsil\/wp-content\/uploads\/usu808\/2022\/10\/QuiSom-768x472.jpeg 768w, https:\/\/agora.xtec.cat\/colsil\/wp-content\/uploads\/usu808\/2022\/10\/QuiSom.jpeg 1280w\" sizes=\"auto, (max-width: 300px) 100vw, 300px\" \/><\/a><\/p>\n<p class=\"CDt4Ke zfr3Q\" dir=\"ltr\">Hola a tothom!<\/p>\n<p class=\"CDt4Ke zfr3Q\" dir=\"ltr\">Ens presentem: som el gruuuuup de <strong>Nouvinguts del Col\u00b7legi Sil<\/strong> de Barcelona i posem moltes \u201cu\u201d perqu\u00e8 som un mUUUUnt!! \ud83d\udc4f<\/p>\n<p class=\"CDt4Ke zfr3Q\" dir=\"ltr\">En la nostra escola de 709 alumnes, m\u00e9s o menys, en som <strong>74<\/strong> aquest any (comptant des de 3r de Prim\u00e0ria fins a 4t d\u2019ESO) formant el nostre espai: l\u2019Aula d\u2019Acollida!<\/p>\n<p class=\"CDt4Ke zfr3Q\" dir=\"ltr\">Nom\u00e9s perqu\u00e8 us en feu una idea, a l\u2019escola tenim <strong>20 nacionalitats<\/strong> diferents i parlem <strong>15 lleng\u00fces<\/strong> diferents&#8230; des del telugu fins al polon\u00e8s, passant pel xin\u00e8s o el b\u00falgar.<\/p>\n<p class=\"CDt4Ke zfr3Q\" dir=\"ltr\">Mola, oi?? \ud83d\ude07<\/p>\n<p class=\"CDt4Ke zfr3Q\" dir=\"ltr\">Doncs resulta que per ajudar-nos i animar-nos a avan\u00e7ar amb el catal\u00e0, dos dels nostres \u201cprofes\u201d, el Sr. Jaume Cubells (que ens ensenya mates \ud83d\udd22) i la Sra. Martha Ball\u00fas (que \u00e9s la nostra tutora de l\u2019aula d\u2019acollida \ud83d\udcaa)&#8230; no se\u2019ls va oc\u00f3rrer una altra cosa que treure\u2019s de la m\u00e0niga una activitat que per a nosaltres s\u2019ha convertit en tot un <strong>repte <\/strong>i una <strong>il\u00b7lusi\u00f3, <\/strong>superat el moment de \u201ccrisi nerviosa\u201d&#8230; \ud83e\udd74 (je, je!) El nostre projecte es diu: <strong>METEO715<\/strong>!<\/p>\n<table style=\"width: 100%; border-collapse: collapse; background-color: #ffd700;\">\n<tbody>\n<tr>\n<td style=\"width: 100%;\">QU\u00c8 FEM?<\/td>\n<\/tr>\n<\/tbody>\n<\/table>\n<section id=\"h.668e19859bd3cfb_5\" class=\"yaqOZd\">\n<div class=\"mYVXT\">\n<div class=\"LS81yb VICjCf j5pSsc db35Fc\" tabindex=\"-1\">\n<div class=\"hJDwNd-AhqUyc-OwsYgb Ft7HRd-AhqUyc-OwsYgb purZT-AhqUyc-II5mzb ZcASvf-AhqUyc-II5mzb pSzOP-AhqUyc-qWD73c Ktthjf-AhqUyc-qWD73c JNdkSc SQVYQc\">\n<div class=\"JNdkSc-SmKAyb LkDMRd\">\n<div class=\"\">\n<div class=\"oKdM2c ZZyype Kzv0Me\">\n<div id=\"h.668e19859bd3cfb_13\" class=\"hJDwNd-AhqUyc-OwsYgb Ft7HRd-AhqUyc-OwsYgb jXK9ad D2fZ2 zu5uec OjCsFc dmUFtb wHaque g5GTcb GNzUNc\">\n<div class=\"jXK9ad-SmKAyb\">\n<div class=\"tyJCtd mGzaTb Depvyb baZpAe\">\n<p class=\"CDt4Ke zfr3Q\" dir=\"ltr\"><a href=\"https:\/\/agora.xtec.cat\/colsil\/wp-content\/uploads\/usu808\/2022\/10\/QueFem.jpg\"><img loading=\"lazy\" decoding=\"async\" class=\"size-medium wp-image-530 alignright\" src=\"https:\/\/agora.xtec.cat\/colsil\/wp-content\/uploads\/usu808\/2022\/10\/QueFem-300x222.jpg\" alt=\"\" width=\"300\" height=\"222\" srcset=\"https:\/\/agora.xtec.cat\/colsil\/wp-content\/uploads\/usu808\/2022\/10\/QueFem-300x222.jpg 300w, https:\/\/agora.xtec.cat\/colsil\/wp-content\/uploads\/usu808\/2022\/10\/QueFem-1024x758.jpg 1024w, https:\/\/agora.xtec.cat\/colsil\/wp-content\/uploads\/usu808\/2022\/10\/QueFem-768x568.jpg 768w, https:\/\/agora.xtec.cat\/colsil\/wp-content\/uploads\/usu808\/2022\/10\/QueFem.jpg 1280w\" sizes=\"auto, (max-width: 300px) 100vw, 300px\" \/><\/a>El <strong>METEO715<\/strong> \u00e9s molt m\u00e9s que un noticiari, un espai del temps o un magazine&#8230; \u00e9s el moment de ser \u201cprota\u201d de cadascun de nosaltres!<\/p>\n<p class=\"CDt4Ke zfr3Q\" dir=\"ltr\">Des dels m\u00e9s petitets de 3r d\u2019EP fins als m\u00e9s grans, els de 4t d\u2019ESO, tots passem pel Meteo715 b\u00e9 sigui fent un o un altre espai dels que el configura:<\/p>\n<ul>\n<li class=\"CDt4Ke zfr3Q\" dir=\"ltr\">El Temps \u2600\ufe0f (on fem d\u2019homes\/dones del temps i expliquem el pron\u00f2stic de tota la setmana).<\/li>\n<\/ul>\n<ul class=\"n8H08c UVNKR\">\n<li class=\"TYR86d zfr3Q\" dir=\"ltr\">\n<p class=\"CDt4Ke zfr3Q\" dir=\"ltr\">L\u2019Agenda \ud83d\uddd3(on expliquem algun fet rellevant de la setmana).<\/p>\n<\/li>\n<li class=\"TYR86d zfr3Q\" dir=\"ltr\">\n<p class=\"CDt4Ke zfr3Q\" dir=\"ltr\">Els Fets i Costums \ud83c\udf8e(on expliquem festes, costums, curiositats, receptes&#8230; dels nostres pa\u00efsos d\u2019origen).<\/p>\n<\/li>\n<li class=\"TYR86d zfr3Q\" dir=\"ltr\">\n<p class=\"CDt4Ke zfr3Q\" dir=\"ltr\">El Suplement \ud83d\udcf0(on tractem de manera monogr\u00e0fica un tema que ens sembla de rellevant inter\u00e8s).<\/p>\n<\/li>\n<\/ul>\n<\/div>\n<\/div>\n<\/div>\n<\/div>\n<\/div>\n<\/div>\n<\/div>\n<\/div>\n<\/div>\n<\/section>\n<section id=\"h.1d65c1d211205b4a_19\" class=\"yaqOZd\">\n<div class=\"IFuOkc\"><\/div>\n<div class=\"mYVXT\">\n<div class=\"LS81yb VICjCf j5pSsc db35Fc\" tabindex=\"-1\">\n<div class=\"hJDwNd-AhqUyc-uQSCkd Ft7HRd-AhqUyc-uQSCkd purZT-AhqUyc-II5mzb ZcASvf-AhqUyc-II5mzb pSzOP-AhqUyc-qWD73c Ktthjf-AhqUyc-qWD73c JNdkSc SQVYQc\">\n<div class=\"JNdkSc-SmKAyb LkDMRd\">\n<div class=\"\">\n<div class=\"oKdM2c ZZyype Kzv0Me\">\n<div id=\"h.1d65c1d211205b4a_16\" class=\"hJDwNd-AhqUyc-uQSCkd Ft7HRd-AhqUyc-uQSCkd jXK9ad D2fZ2 zu5uec OjCsFc dmUFtb wHaque g5GTcb GNzUNc\">\n<div class=\"jXK9ad-SmKAyb\">\n<div class=\"tyJCtd mGzaTb Depvyb baZpAe\">\n<p class=\"CDt4Ke zfr3Q\" dir=\"ltr\">mb aquesta <strong>activitat setmanal<\/strong> aprenem moltes coses com ara a: <strong>buscar<\/strong> i <strong>discriminar<\/strong> la <strong>informaci\u00f3<\/strong> des d\u2019internet, <strong>redactar<\/strong> les not\u00edcies, <strong>indagar<\/strong> el temps, <strong>proposar<\/strong> els Fets i Costums i <strong>configurar<\/strong> el Suplement.<\/p>\n<p class=\"CDt4Ke zfr3Q\" dir=\"ltr\">Aix\u00ed mateix aprenem no nom\u00e9s la <strong>pron\u00fancia<\/strong>, sin\u00f3 tamb\u00e9 la <strong>dicci\u00f3<\/strong> del catal\u00e0 i <strong>l\u2019entonaci\u00f3<\/strong>.<\/p>\n<p class=\"CDt4Ke zfr3Q\" dir=\"ltr\">Tamb\u00e9 ens <strong>obrim<\/strong> a la resta de companys de l\u2019escola ja que els nostres professors ens posen setmana rere setmana el <strong>METEO715 <\/strong>a classe compartint-los aquest espai <strong>d\u2019interacci\u00f3 cultural i d\u2019intercanvi social.<\/strong><\/p>\n<p class=\"CDt4Ke zfr3Q\" dir=\"ltr\">I per \u00faltim, com que el <strong>METEO715<\/strong> el pengem i l\u2019anunciem al Twitter de l\u2019escola i el pengem a la Intranet el podem compartir amb les <strong>nostres fam\u00edlies<\/strong>, fent-les part\u00edcips dels nostres aven\u00e7os!<\/p>\n<\/div>\n<table style=\"height: 32px; width: 100%; border-collapse: collapse; background-color: #ffd700;\">\n<tbody>\n<tr style=\"height: 32px;\">\n<td style=\"width: 100%; height: 32px;\">LA NOSTRA HIST\u00d2RIA<\/td>\n<\/tr>\n<\/tbody>\n<\/table>\n<section id=\"h.74298973656906b3_0\" class=\"yaqOZd\">\n<div class=\"mYVXT\">\n<div class=\"LS81yb VICjCf j5pSsc db35Fc\" tabindex=\"-1\">\n<div class=\"hJDwNd-AhqUyc-qWD73c Ft7HRd-AhqUyc-qWD73c purZT-AhqUyc-II5mzb ZcASvf-AhqUyc-II5mzb pSzOP-AhqUyc-qWD73c Ktthjf-AhqUyc-qWD73c JNdkSc SQVYQc\">\n<div class=\"JNdkSc-SmKAyb LkDMRd\">\n<div class=\"\">\n<div class=\"oKdM2c ZZyype Kzv0Me\">\n<div id=\"h.74298973656906b3_8\" class=\"hJDwNd-AhqUyc-qWD73c Ft7HRd-AhqUyc-qWD73c jXK9ad D2fZ2 zu5uec OjCsFc dmUFtb wHaque g5GTcb GNzUNc\">\n<div class=\"jXK9ad-SmKAyb\">\n<div class=\"tyJCtd mGzaTb Depvyb baZpAe\">\n<p class=\"CDt4Ke zfr3Q\" dir=\"ltr\"><a href=\"https:\/\/agora.xtec.cat\/colsil\/wp-content\/uploads\/usu808\/2022\/10\/HistoriaMeteo.jpg\"><img loading=\"lazy\" decoding=\"async\" class=\"size-medium wp-image-531 alignleft\" src=\"https:\/\/agora.xtec.cat\/colsil\/wp-content\/uploads\/usu808\/2022\/10\/HistoriaMeteo-300x181.jpg\" alt=\"\" width=\"300\" height=\"181\" srcset=\"https:\/\/agora.xtec.cat\/colsil\/wp-content\/uploads\/usu808\/2022\/10\/HistoriaMeteo-300x181.jpg 300w, https:\/\/agora.xtec.cat\/colsil\/wp-content\/uploads\/usu808\/2022\/10\/HistoriaMeteo-1024x619.jpg 1024w, https:\/\/agora.xtec.cat\/colsil\/wp-content\/uploads\/usu808\/2022\/10\/HistoriaMeteo-768x464.jpg 768w, https:\/\/agora.xtec.cat\/colsil\/wp-content\/uploads\/usu808\/2022\/10\/HistoriaMeteo.jpg 1280w\" sizes=\"auto, (max-width: 300px) 100vw, 300px\" \/><\/a>Era el <strong>24 d\u2019abril de 2018<\/strong> quan un parell de professors vam embrancar-nos a dur endavant aquest projecte tan nostre com \u00e9s el <strong>METEO715.<\/strong><\/p>\n<p class=\"CDt4Ke zfr3Q\" dir=\"ltr\">Vam comen\u00e7ar amb <strong>poca experi\u00e8ncia<\/strong>, per\u00f2 amb <strong>molta il\u00b7lusi\u00f3<\/strong> i amb un equip de nois de 4t d\u2019ESO que ens ajudaven amb la gravaci\u00f3 i muntatge.<\/p>\n<\/div>\n<\/div>\n<\/div>\n<\/div>\n<\/div>\n<\/div>\n<\/div>\n<div class=\"hJDwNd-AhqUyc-qWD73c Ft7HRd-AhqUyc-qWD73c purZT-AhqUyc-II5mzb ZcASvf-AhqUyc-II5mzb pSzOP-AhqUyc-qWD73c Ktthjf-AhqUyc-qWD73c JNdkSc SQVYQc\">\n<div class=\"JNdkSc-SmKAyb LkDMRd\">\n<div class=\"\">\n<div class=\"oKdM2c ZZyype Kzv0Me\">\n<div id=\"h.721ad285b36605b3_0\" class=\"hJDwNd-AhqUyc-qWD73c Ft7HRd-AhqUyc-qWD73c jXK9ad D2fZ2 zu5uec OjCsFc dmUFtb wHaque g5GTcb\">\n<div class=\"jXK9ad-SmKAyb\">\n<div class=\"tyJCtd baZpAe\">\n<div class=\"t3iYD\"><\/div>\n<\/div>\n<\/div>\n<\/div>\n<\/div>\n<\/div>\n<\/div>\n<\/div>\n<\/div>\n<\/div>\n<\/section>\n<section id=\"h.65586a3c9e44084a_11\" class=\"yaqOZd\">\n<div class=\"mYVXT\">\n<div class=\"LS81yb VICjCf j5pSsc db35Fc\" tabindex=\"-1\">\n<div class=\"hJDwNd-AhqUyc-uQSCkd Ft7HRd-AhqUyc-uQSCkd purZT-AhqUyc-II5mzb ZcASvf-AhqUyc-II5mzb pSzOP-AhqUyc-qWD73c Ktthjf-AhqUyc-qWD73c JNdkSc SQVYQc\">\n<div class=\"JNdkSc-SmKAyb LkDMRd\">\n<div class=\"\">\n<div class=\"oKdM2c ZZyype Kzv0Me\">\n<div id=\"h.65586a3c9e44084a_8\" class=\"hJDwNd-AhqUyc-uQSCkd Ft7HRd-AhqUyc-uQSCkd jXK9ad D2fZ2 zu5uec OjCsFc dmUFtb wHaque g5GTcb GNzUNc\">\n<div class=\"jXK9ad-SmKAyb\">\n<div class=\"tyJCtd mGzaTb Depvyb baZpAe\">\n<p class=\"CDt4Ke zfr3Q\" dir=\"ltr\">Com podreu veure, quan visioneu els primers cap\u00edtols, no en sab\u00edem gaire per\u00f2 f\u00e8iem el que pod\u00edem!<\/p>\n<p class=\"CDt4Ke zfr3Q\" dir=\"ltr\">Aquesta <strong>primera temporada<\/strong> el <strong>METEO715<\/strong> tenia dos espais:<\/p>\n<ul class=\"n8H08c UVNKR\">\n<li class=\"TYR86d zfr3Q\" dir=\"ltr\">\n<p class=\"CDt4Ke zfr3Q\" dir=\"ltr\">El temps (a 5 dies vista)<\/p>\n<\/li>\n<li class=\"TYR86d zfr3Q\" dir=\"ltr\">\n<p class=\"CDt4Ke zfr3Q\" dir=\"ltr\">Un refrany en catal\u00e0 sobre el temps<\/p>\n<\/li>\n<\/ul>\n<p class=\"CDt4Ke zfr3Q\" dir=\"ltr\">Vam acabar el curs amb aquest format de \u201cTemps + Refrany\u201d\u2026 i a l\u2019estiu ens vam il\u00b7luminar:<\/p>\n<p class=\"CDt4Ke zfr3Q\" dir=\"ltr\">Benvinguts a la <strong>segona temporada<\/strong>!!<\/p>\n<p class=\"CDt4Ke zfr3Q\" dir=\"ltr\">A m\u00e9s de millorar la qualitat de gravaci\u00f3 (cosa no massa dif\u00edcil \ud83d\ude09) el <strong>METEO715 <\/strong>va comptar amb diferents i nous espais:<\/p>\n<ul class=\"n8H08c UVNKR\">\n<li class=\"TYR86d zfr3Q\" dir=\"ltr\">\n<p class=\"CDt4Ke zfr3Q\" dir=\"ltr\">El Temps<\/p>\n<\/li>\n<li class=\"TYR86d zfr3Q\" dir=\"ltr\">\n<p class=\"CDt4Ke zfr3Q\" dir=\"ltr\">El Refrany (aquest cop biling\u00fce -idea dels Nouvinguts-)<\/p>\n<\/li>\n<li class=\"TYR86d zfr3Q\" dir=\"ltr\">\n<p class=\"CDt4Ke zfr3Q\" dir=\"ltr\">I hi v\u00e0rem afegir: L\u2019Agenda<\/p>\n<\/li>\n<\/ul>\n<p class=\"CDt4Ke zfr3Q\" dir=\"ltr\">Ten\u00edem una paret pintada de verd a una aula de l\u2019escola que ens anava molt b\u00e9 per gravar i un espai propi for\u00e7a insonoritzat.<\/p>\n<p class=\"CDt4Ke zfr3Q\" dir=\"ltr\">I un xic m\u00e9s endavant incorporar\u00edem el micro, un gran aliat!<\/p>\n<p class=\"CDt4Ke zfr3Q\" dir=\"ltr\">Aquesta temporada va ser tamb\u00e9 la que es varen estrenar els <strong>petits presentadors<\/strong> explicant com ens havia quedat l\u2019hortet de l\u2019escola despr\u00e9s del pas del Gl\u00f2ria. Ho van fer tan reb\u00e9 que els vam fitxar com a presentadors per sempre m\u00e9s i vam estrenar un micro-espai m\u00e9s:<\/p>\n<ul class=\"n8H08c UVNKR\">\n<li class=\"TYR86d zfr3Q\" dir=\"ltr\">\n<p class=\"CDt4Ke zfr3Q\" dir=\"ltr\">El Suplement!<\/p>\n<\/li>\n<\/ul>\n<p class=\"CDt4Ke zfr3Q\" dir=\"ltr\">I quan tot anava com un b\u00f2lit&#8230; arriba la COVID! Per\u00f2, aix\u00ed i tot vam seguir emetent, ni m\u00e9s ni menys que <strong>13 METEOS CONFINATS!!!<\/strong><\/p>\n<p class=\"CDt4Ke zfr3Q\" dir=\"ltr\">Des de casa, des de l\u2019hotel, des de R\u00fassia, Hongria, Bulg\u00e0ria o Barcelona el <strong>METEO715<\/strong> no va faltar ni una setmana!<\/p>\n<p class=\"CDt4Ke zfr3Q\" dir=\"ltr\">I per fi vam tornar a l\u2019escola!!!<\/p>\n<p class=\"CDt4Ke zfr3Q\" dir=\"ltr\">I comen\u00e7a la <strong>tercera temporada&#8230;<\/strong><\/p>\n<p class=\"CDt4Ke zfr3Q\" dir=\"ltr\">I rebem nous \u201cNouvinguts\u201d i n\u2019acomiadem d\u2019altres\u2026 ja se sap\u2026 per\u00f2 com que el que segueix amb nosaltres, malauradament, \u00e9s el male\u00eft virus. Per aquesta ra\u00f3 ens hem vistos obligats a usar l\u2019aula d\u2019acollida com a \u201c<strong>plat\u00f3 improvitzat<\/strong>\u201d ja que l\u2019aula que utilitz\u00e0vem es troba en un lloc sense ventilaci\u00f3!<\/p>\n<p class=\"CDt4Ke zfr3Q\" dir=\"ltr\">Vam veure que el refrany ja els comen\u00e7ava a cansar, i que en canvi, tenien ganes d\u2019explicar m\u00e9s coses de la seva terra, per tant, en cogniv\u00e8ncia <strong>amb la professora de catal\u00e0 curricular<\/strong> (Sra. Laura Babot), que tamb\u00e9 els fa refor\u00e7 de lleng\u00fces, vam canviar el refrany pel \u201c<strong>Fets i costums<\/strong>\u201d. I l\u2019esquema ha quedat com us detall\u00e0vem a l\u2019apartat \u201c Qu\u00e8 fem\u201d:<\/p>\n<ul class=\"n8H08c UVNKR\">\n<li class=\"TYR86d zfr3Q\" dir=\"ltr\">\n<p class=\"CDt4Ke zfr3Q\" dir=\"ltr\">El Temps<\/p>\n<\/li>\n<li class=\"TYR86d zfr3Q\" dir=\"ltr\">\n<p class=\"CDt4Ke zfr3Q\" dir=\"ltr\">L\u2019Agenda<\/p>\n<\/li>\n<li class=\"TYR86d zfr3Q\" dir=\"ltr\">\n<p class=\"CDt4Ke zfr3Q\" dir=\"ltr\">Els Fets i Costums<\/p>\n<\/li>\n<li class=\"TYR86d zfr3Q\" dir=\"ltr\">\n<p class=\"CDt4Ke zfr3Q\" dir=\"ltr\">El Suplement<\/p>\n<\/li>\n<\/ul>\n<\/div>\n<\/div>\n<\/div>\n<\/div>\n<\/div>\n<\/div>\n<\/div>\n<\/div>\n<\/div>\n<\/section>\n<\/div>\n<\/div>\n<\/div>\n<\/div>\n<\/div>\n<\/div>\n<\/div>\n<\/div>\n<\/section>\n<table style=\"width: 100%; border-collapse: collapse; background-color: #ffd700;\">\n<tbody>\n<tr>\n<td style=\"width: 100%;\">ELS NOSTRES N\u00daMEROS<\/td>\n<\/tr>\n<\/tbody>\n<\/table>\n<p class=\"CDt4Ke zfr3Q\" dir=\"ltr\">No en va, un de nosaltres \u00e9s el \u201cprofe de mates\u201d per tant&#8230; aqu\u00ed van els nostres n\u00fameros!!<\/p>\n<p class=\"CDt4Ke zfr3Q\" dir=\"ltr\">Seieu i agafeu-vos b\u00e9 que s\u00f3n impressionants!!<\/p>\n<p class=\"CDt4Ke zfr3Q\" dir=\"ltr\">Des del dia despr\u00e9s de Sant Jordi, del 2018 fins a dia d\u2019avui, hem ideat, gravat, presentat i muntat\u2026 88 CAP\u00cdTOLS\u2026 DELS QUALS 12 CONFINATS (on els nouvinguts es van gravar a s\u00ed mateixos i ens ho van fer arribar\u2026 cosa gens f\u00e0cil i que reconeixem amb GRAN ORGULL!!! Tenim els <strong>millors col\u00b7laboradors del m\u00f3n<\/strong>!!!)<\/p>\n<p class=\"CDt4Ke zfr3Q\" dir=\"ltr\">D\u2019aquests 88 cap\u00edtols, si els pos\u00e9ssim tot seguidets durarien 1 hora m\u00e9s que la <strong>trilogia <\/strong>del &#8220;Senyor dels Anells&#8221; \ud83d\ude42 ja que el nostre Meteo715 ocupa ni m\u00e9s ni menys que 612 MINUTS!!<\/p>\n<p class=\"CDt4Ke zfr3Q\" dir=\"ltr\">El m\u00e9s divertit \u00e9s que, el primer <strong>METEO715<\/strong> va durar 2 minuts mentre que actualment gaireb\u00e9 tots s\u2019acosten als <strong>8<\/strong>!! D\u00e9u ni d\u00f3 com n\u2019\u00e9s de <strong>llargarut<\/strong> ara!! \ud83d\ude09<\/p>\n<p class=\"CDt4Ke zfr3Q\" dir=\"ltr\">Si ens fixem amb el <strong>pes<\/strong>\u2026 es pot dir que el nostre <strong>METEO715<\/strong>, tamb\u00e9 s\u2019ha engreixat!! \ud83d\ude42<\/p>\n<p class=\"CDt4Ke zfr3Q\" dir=\"ltr\">Al comen\u00e7ament feia <strong>entre<\/strong> <strong>35 i 6<\/strong><strong>0 <\/strong><strong>megues<\/strong> i de \u201cm\u00e9s gran\u201d ha arribat a <strong>pesar-ne m\u00e9s de <\/strong><strong>2048!!!<\/strong><\/p>\n<p class=\"CDt4Ke zfr3Q\" dir=\"ltr\"><strong>I<\/strong><strong> deixem la dada m\u00e9s incre\u00efble pel final\u2026 sabeu quants presentadors ha tingut el METEO715???<\/strong><\/p>\n<p class=\"CDt4Ke zfr3Q\" dir=\"ltr\"><strong>Doncs&#8230;519!!! S\u00ed, s\u00ed!! <\/strong><strong>I<\/strong><strong> de m\u00e9s de 20 nacionalitats diferents!! <\/strong><\/p>\n<p class=\"CDt4Ke zfr3Q\" dir=\"ltr\">I \u00e9s que <strong>tots<\/strong> els <strong>NOUVINGUTS<\/strong> de l\u2019escola, des del primer a l\u2019\u00faltim han passat pel Meteo, com a m\u00ednim una vegada\u2026 i com que a la immensa majoria els agrada tant\u2026<strong> volen repetir<\/strong>. La qual cosa, <strong>ens omple d\u2019il\u00b7lusi\u00f3<\/strong> i fa que ens compensin les <strong>hores i hores<\/strong> que dediquem a aquest projecte tots <strong>dos docents.<\/strong><\/p>\n<p>&nbsp;<\/p>\n<figure class=\"figure wp-caption aligncenter\"><a href=\"https:\/\/agora.xtec.cat\/colsil\/wp-content\/uploads\/usu808\/2022\/10\/Num1Jul22.jpg\"><img loading=\"lazy\" decoding=\"async\" class=\"size-medium wp-image-532\" src=\"https:\/\/agora.xtec.cat\/colsil\/wp-content\/uploads\/usu808\/2022\/10\/Num1Jul22-300x160.jpg\" alt=\"\" width=\"300\" height=\"160\" srcset=\"https:\/\/agora.xtec.cat\/colsil\/wp-content\/uploads\/usu808\/2022\/10\/Num1Jul22-300x160.jpg 300w, https:\/\/agora.xtec.cat\/colsil\/wp-content\/uploads\/usu808\/2022\/10\/Num1Jul22-1024x546.jpg 1024w, https:\/\/agora.xtec.cat\/colsil\/wp-content\/uploads\/usu808\/2022\/10\/Num1Jul22-768x409.jpg 768w, https:\/\/agora.xtec.cat\/colsil\/wp-content\/uploads\/usu808\/2022\/10\/Num1Jul22.jpg 1169w\" sizes=\"auto, (max-width: 300px) 100vw, 300px\" \/><\/a><figcaption class=\"wp-caption-text\">A 1 de juliol de 2022<\/figcaption><\/figure>\n<p>&nbsp;<\/p>\n<table style=\"width: 100%; border-collapse: collapse; background-color: #ffd700;\">\n<tbody>\n<tr>\n<td style=\"width: 100%;\">ELS GUAITES<\/td>\n<\/tr>\n<\/tbody>\n<\/table>\n<section id=\"h.1292ac23bb4fba85_31\" class=\"yaqOZd\">\n<div class=\"mYVXT\">\n<div class=\"LS81yb VICjCf j5pSsc db35Fc\" tabindex=\"-1\">\n<div class=\"hJDwNd-AhqUyc-uQSCkd Ft7HRd-AhqUyc-uQSCkd purZT-AhqUyc-II5mzb ZcASvf-AhqUyc-II5mzb pSzOP-AhqUyc-qWD73c Ktthjf-AhqUyc-qWD73c JNdkSc SQVYQc\">\n<div class=\"JNdkSc-SmKAyb LkDMRd\">\n<div class=\"\">\n<div class=\"oKdM2c ZZyype Kzv0Me\">\n<div id=\"h.1292ac23bb4fba85_27\" class=\"hJDwNd-AhqUyc-uQSCkd Ft7HRd-AhqUyc-uQSCkd jXK9ad D2fZ2 zu5uec OjCsFc dmUFtb wHaque g5GTcb GNzUNc\">\n<div class=\"jXK9ad-SmKAyb\">\n<div class=\"tyJCtd mGzaTb Depvyb baZpAe\">\n<div class=\"CjVfdc\" style=\"text-align: center;\"><span class=\" puwcIf\"><strong>L&#8217;Any 2021 <\/strong><\/span><span class=\" puwcIf\">vam fer el lliuram<\/span><span class=\" puwcIf\">ent dels primers <\/span><span class=\" puwcIf\"><strong>GUAITES <\/strong><\/span><span class=\" puwcIf\">de la hist\u00f2ria mundial!!!<\/span><\/div>\n<\/div>\n<\/div>\n<\/div>\n<\/div>\n<\/div>\n<div><\/div>\n<div class=\"\">\n<div class=\"oKdM2c ZZyype Kzv0Me\">\n<div id=\"h.1292ac23bb4fba85_27\" class=\"hJDwNd-AhqUyc-uQSCkd Ft7HRd-AhqUyc-uQSCkd jXK9ad D2fZ2 zu5uec OjCsFc dmUFtb wHaque g5GTcb GNzUNc\">\n<div class=\"jXK9ad-SmKAyb\">\n<div class=\"tyJCtd mGzaTb Depvyb baZpAe\">\n<div style=\"text-align: center;\"><a href=\"https:\/\/agora.xtec.cat\/colsil\/wp-content\/uploads\/usu808\/2022\/10\/ElsGuaites.png\"><img loading=\"lazy\" decoding=\"async\" class=\"alignnone wp-image-536 size-thumbnail\" src=\"https:\/\/agora.xtec.cat\/colsil\/wp-content\/uploads\/usu808\/2022\/10\/ElsGuaites-150x150.png\" alt=\"\" width=\"150\" height=\"150\" srcset=\"https:\/\/agora.xtec.cat\/colsil\/wp-content\/uploads\/usu808\/2022\/10\/ElsGuaites-150x150.png 150w, https:\/\/agora.xtec.cat\/colsil\/wp-content\/uploads\/usu808\/2022\/10\/ElsGuaites-300x300.png 300w, https:\/\/agora.xtec.cat\/colsil\/wp-content\/uploads\/usu808\/2022\/10\/ElsGuaites-1024x1024.png 1024w, https:\/\/agora.xtec.cat\/colsil\/wp-content\/uploads\/usu808\/2022\/10\/ElsGuaites-768x768.png 768w, https:\/\/agora.xtec.cat\/colsil\/wp-content\/uploads\/usu808\/2022\/10\/ElsGuaites.png 1280w\" sizes=\"auto, (max-width: 150px) 100vw, 150px\" \/><\/a><\/div>\n<\/div>\n<\/div>\n<\/div>\n<\/div>\n<\/div>\n<\/div>\n<\/div>\n<\/div>\n<\/div>\n<\/section>\n<section id=\"h.1292ac23bb4fba85_19\" class=\"yaqOZd\">\n<div class=\"IFuOkc\"><\/div>\n<div class=\"mYVXT\">\n<div class=\"LS81yb VICjCf j5pSsc db35Fc\" tabindex=\"-1\">\n<div class=\"hJDwNd-AhqUyc-Clt0zb Ft7HRd-AhqUyc-Clt0zb purZT-AhqUyc-II5mzb ZcASvf-AhqUyc-II5mzb pSzOP-AhqUyc-qWD73c Ktthjf-AhqUyc-qWD73c JNdkSc SQVYQc\">\n<div class=\"JNdkSc-SmKAyb LkDMRd\">\n<div class=\"\">\n<div class=\"oKdM2c ZZyype Kzv0Me\">\n<div id=\"h.1292ac23bb4fba85_8\" class=\"hJDwNd-AhqUyc-Clt0zb Ft7HRd-AhqUyc-Clt0zb jXK9ad D2fZ2 zu5uec OjCsFc dmUFtb wHaque g5GTcb GNzUNc\">\n<div class=\"jXK9ad-SmKAyb\">\n<div class=\"tyJCtd mGzaTb Depvyb baZpAe\">\n<ul class=\"n8H08c UVNKR\">\n<li class=\"TYR86d zfr3Q\" dir=\"ltr\">\n<p class=\"CDt4Ke zfr3Q\" dir=\"ltr\">Els Guaites s\u00f3n uns RECONEIXEMENTS que atorguem els Nouvinguts\/des amb conniv\u00e8ncia amb els nostres profes i direcci\u00f3 que volen dotar de protagonisme diferents iniciatives de les que se\u2019n pugui extreure un profit <strong>cultural<\/strong>, <strong>social <\/strong>o <strong>humanitari<\/strong>. Aix\u00ed com donar rellev\u00e0ncia a idees <strong>ecol\u00f2giques, igualit\u00e0ries, cient\u00edfiques<\/strong>&#8230;<\/p>\n<\/li>\n<\/ul>\n<ul class=\"n8H08c UVNKR\">\n<li class=\"TYR86d zfr3Q\" dir=\"ltr\">\n<p class=\"CDt4Ke zfr3Q\" dir=\"ltr\">Per altra part, tamb\u00e9 volen ser <strong>un agra\u00efment<\/strong> a aquelles empreses, ONG\u2019s o organitzacions que ens han prestat una especial <strong>ajuda <\/strong>a l\u2019hora d\u2019elaborar alguna <strong>informaci\u00f3<\/strong> que hem recollit durant l\u2019any acad\u00e8mic al nostre Meteo715.<\/p>\n<\/li>\n<li class=\"TYR86d zfr3Q\" dir=\"ltr\">\n<p class=\"CDt4Ke zfr3Q\" dir=\"ltr\">Es tracta d\u2019un lliurament que fa, majorit\u00e0riament, l\u2019<strong>alumnat<\/strong> que ha treballat la <strong>informaci\u00f3<\/strong> sobre qui rebr\u00e0 el <strong>Guaita en q\u00fcesti\u00f3.<\/strong><\/p>\n<\/li>\n<li class=\"TYR86d zfr3Q\" dir=\"ltr\">\n<p class=\"CDt4Ke zfr3Q\" dir=\"ltr\">Alhora, tamb\u00e9 esperem que siguin un <strong>acomiadament<\/strong> dels <strong>presentadors<\/strong> que ja no seguiran a l\u2019aula d\u2019acollida i que van destacar amb la seva feina i dedicaci\u00f3 durant les temporades anteriors.<\/p>\n<\/li>\n<li class=\"TYR86d zfr3Q\" dir=\"ltr\">\n<p class=\"CDt4Ke zfr3Q\" dir=\"ltr\">Els guardonats\/des reben en mans de la nostra directora la Sra. Meritxell Balcells, un <strong>petit diploma<\/strong> amb el <strong>logo dels Guaites i una cita<\/strong> que lliga amb la seva tasca b\u00e9 sigui perqu\u00e8 \u00e9s el seu lema, b\u00e9 sigui perqu\u00e8 encaixa amb els seus prop\u00f2sits.<\/p>\n<\/li>\n<li class=\"TYR86d zfr3Q\" dir=\"ltr\">\n<p class=\"CDt4Ke zfr3Q\" dir=\"ltr\">A m\u00e9s se\u2019ls lliura una <strong>bonica tassa<\/strong> amb el logo dels Guaites dissenyada expressament per a l\u2019ocasi\u00f3.<\/p>\n<\/li>\n<\/ul>\n<\/div>\n<\/div>\n<\/div>\n<\/div>\n<\/div>\n<\/div>\n<\/div>\n<\/div>\n<\/div>\n<\/section>\n","protected":false},"excerpt":{"rendered":"<p><a href=\"https:\/\/agora.xtec.cat\/colsil\/wp-content\/uploads\/usu808\/2022\/10\/logo-meteo-web.png\"><\/a><\/p>\n<p>QUI SOM?<\/p>\n<p><a href=\"https:\/\/agora.xtec.cat\/colsil\/wp-content\/uploads\/usu808\/2022\/10\/QuiSom.jpeg\"><\/a><br \/>\nHola a tothom!<br \/>\nEns presentem: som el gruuuuup de Nouvinguts del Col\u00b7legi Sil de Barcelona i posem moltes \u201cu\u201d perqu\u00e8 som un mUUUUnt!! \ud83d\udc4f<br \/>\nEn la nostra escola de 709 alumnes, m\u00e9s o menys, en som 74 aquest any (comptant des de 3r de&hellip;  <a href=\"https:\/\/agora.xtec.cat\/colsil\/meteo715\/\" title=\"Read Meteo715\">Llegeix m\u00e9s\u00bb<\/a><\/p>\n","protected":false},"author":1,"featured_media":0,"parent":0,"menu_order":0,"comment_status":"closed","ping_status":"closed","template":"","meta":{"_bbp_topic_count":0,"_bbp_reply_count":0,"_bbp_total_topic_count":0,"_bbp_total_reply_count":0,"_bbp_voice_count":0,"_bbp_anonymous_reply_count":0,"_bbp_topic_count_hidden":0,"_bbp_reply_count_hidden":0,"_bbp_forum_subforum_count":0,"footnotes":""},"class_list":["post-508","page","type-page","status-publish","hentry"],"post_mailing_queue_ids":[],"_links":{"self":[{"href":"https:\/\/agora.xtec.cat\/colsil\/wp-json\/wp\/v2\/pages\/508","targetHints":{"allow":["GET"]}}],"collection":[{"href":"https:\/\/agora.xtec.cat\/colsil\/wp-json\/wp\/v2\/pages"}],"about":[{"href":"https:\/\/agora.xtec.cat\/colsil\/wp-json\/wp\/v2\/types\/page"}],"author":[{"embeddable":true,"href":"https:\/\/agora.xtec.cat\/colsil\/wp-json\/wp\/v2\/users\/1"}],"replies":[{"embeddable":true,"href":"https:\/\/agora.xtec.cat\/colsil\/wp-json\/wp\/v2\/comments?post=508"}],"version-history":[{"count":4,"href":"https:\/\/agora.xtec.cat\/colsil\/wp-json\/wp\/v2\/pages\/508\/revisions"}],"predecessor-version":[{"id":554,"href":"https:\/\/agora.xtec.cat\/colsil\/wp-json\/wp\/v2\/pages\/508\/revisions\/554"}],"wp:attachment":[{"href":"https:\/\/agora.xtec.cat\/colsil\/wp-json\/wp\/v2\/media?parent=508"}],"curies":[{"name":"wp","href":"https:\/\/api.w.org\/{rel}","templated":true}]}}