{"id":699,"date":"2016-07-12T00:49:58","date_gmt":"2016-07-11T23:49:58","guid":{"rendered":"http:\/\/agora.xtec.cat\/colsagradafamilia-larapita\/?page_id=699"},"modified":"2018-09-16T02:56:33","modified_gmt":"2018-09-16T00:56:33","slug":"activitats-ampa","status":"publish","type":"page","link":"https:\/\/agora.xtec.cat\/colsagradafamilia-larapita\/ampa\/activitats-ampa\/","title":{"rendered":"Activitats AMPA"},"content":{"rendered":"<p style=\"text-align: justify;\"><img loading=\"lazy\" decoding=\"async\" class=\"alignright\" src=\"http:\/\/1.bp.blogspot.com\/-MyvQ_k9qa4I\/VfGMZnQNg6I\/AAAAAAAAAZM\/ziitAVqxw5I\/s1600\/extraescolars-2.png\" width=\"283\" height=\"319\" \/>Us presentem a continuaci\u00f3 el programa d&#8217;activitats que tenim previstes per al curs 18\/19, amb el desig de complir les il\u00b7lusions i perspectives de tots vosaltres. Les activitats extraescolars que organitzem, tenen un car\u00e0cter l\u00fadic i els monitors\/es s\u00f3n persones amb experi\u00e8ncia en el m\u00f3n educatiu i esportiu i tenen la formaci\u00f3 necess\u00e0ria per dur a terme les diferents activitats.<\/p>\n<p style=\"text-align: justify;\"><span style=\"text-decoration: underline;\"><em><strong>Per\u00edode d&#8217;inscripcions<\/strong><\/em><\/span><\/p>\n<p style=\"text-align: justify;\">De l&#8217;1 al 28 de Setembre de 2018. \u00c9s necessari omplir la butlleta d&#8217;inscripci\u00f3 a les activitats que trobareu a la porteria del centre o b\u00e9 clicant al seg\u00e9unt enlla\u00e7. <a href=\"http:\/\/agora.xtec.cat\/colsagradafamilia-larapita\/wp-content\/uploads\/usu1161\/2018\/09\/Butlleta-inscripci\u00f3-18-19.pdf\">Butlleta inscripci\u00f3 18-19<\/a><\/p>\n<p>I entregar-la a la porteria del col\u00b7legi.<\/p>\n<p style=\"text-align: justify;\"><span style=\"text-decoration: underline;\"><em><strong>Calendari d&#8217;activitats extraescolars<\/strong><\/em><\/span><\/p>\n<p style=\"text-align: justify;\">Les activitats s&#8217;inicien el 12 de setembre del 2018 fins el 7 de juny del 2019.<\/p>\n<p style=\"text-align: justify;\">&#8211; Per al desenvolupament de cada activitat es necessita un m\u00ednim de 8 alumnes.<\/p>\n<p style=\"text-align: justify;\">&#8211; Es prega puntualitat a la recollida dels xiquets\/es un cop acabada l&#8217;activitat extraescolar.<\/p>\n<table style=\"background-color: #f7f1bc; border-color: #125dde;\">\n<tbody>\n<tr>\n<td><strong><span style=\"text-decoration: underline;\"><em>Noventat!!<\/em><\/span><\/strong><\/p>\n<p><strong>El Setembre i Juny ser\u00e0 GRATU\u00cfT, \u00a0sempre i quan la fam\u00edlia es comprometi a inscriure al xiquet\/a durant un mes com a m\u00ednim.<\/strong><\/td>\n<\/tr>\n<\/tbody>\n<\/table>\n<p style=\"text-align: justify;\"><span style=\"text-decoration: underline;\"><em><strong>Activitats extraescolars<\/strong><\/em><\/span><\/p>\n<table style=\"border-color: #f7f2f2;\">\n<tbody>\n<tr>\n<td>\n<table style=\"width: 242px; border-color: #125dde; height: 321px; background-color: #c4e5f2;\">\n<tbody>\n<tr>\n<td style=\"text-align: center;\" colspan=\"2\">\n<h5><strong>Judo<\/strong><\/h5>\n<\/td>\n<\/tr>\n<tr>\n<td><a href=\"http:\/\/agora.xtec.cat\/colsagradafamilia-larapita\/wp-content\/uploads\/usu1161\/2018\/09\/judo.gif\"><img loading=\"lazy\" decoding=\"async\" class=\"aligncenter wp-image-2721\" src=\"http:\/\/agora.xtec.cat\/colsagradafamilia-larapita\/wp-content\/uploads\/usu1161\/2018\/09\/judo.gif\" alt=\"\" width=\"62\" height=\"52\" \/><\/a><\/td>\n<td><strong>Esport que afavoreix el desenvolupament de la for\u00e7a, coordinaci\u00f3, velocitat,<\/strong><br \/>\n<strong>flexibilitat, disciplina i equilibri.<\/strong><\/td>\n<\/tr>\n<tr>\n<td><strong>Horari<\/strong><\/td>\n<td><strong>Divendres de 17:00 h. a 19:00 h.<\/strong><\/td>\n<\/tr>\n<tr>\n<td><strong>Alumnes<\/strong><\/td>\n<td><strong>Educaci\u00f3 infantil i educaci\u00f3 prim\u00e0ria<\/strong><\/td>\n<\/tr>\n<tr>\n<td><strong>Quota<\/strong><\/td>\n<td><strong>Mensual \u00a025 \u20ac<\/strong><\/td>\n<\/tr>\n<\/tbody>\n<\/table>\n<\/td>\n<td>\n<table style=\"width: 242px; border-color: #125dde; height: 321px; background-color: #c4e5f2;\">\n<tbody>\n<tr>\n<td style=\"text-align: center;\" colspan=\"2\">\n<h5><strong>Psicomotricitat<\/strong><\/h5>\n<\/td>\n<\/tr>\n<tr>\n<td><img loading=\"lazy\" decoding=\"async\" class=\"alignnone\" src=\"http:\/\/sillasescolares.es\/images\/stories\/virtuemart\/product\/\/3000.jpg\" width=\"48\" height=\"22\" \/><\/td>\n<td><strong>Activitat que mitjan\u00e7ant el cos, les sensacions, els moviments i els jocs, aconsegueixen que l&#8217;infant estableixi una relaci\u00f3 positiva amb ell mateix, els objectes, l&#8217;espai, el temps i els altres.<\/strong><\/td>\n<\/tr>\n<tr>\n<td><strong>Horari<\/strong><\/td>\n<td><strong>Dilluns i Dimecres de 17:00 h. a 18:00 h.<\/strong><\/td>\n<\/tr>\n<tr>\n<td><strong>Alumnes<\/strong><\/td>\n<td><strong>\u00a0Educaci\u00f3 infantil<\/strong><\/td>\n<\/tr>\n<tr>\n<td rowspan=\"2\"><strong>Quota<\/strong><\/td>\n<td><strong>Anual \u00a0140 \u20ac<\/strong><\/td>\n<\/tr>\n<tr>\n<td><b>Mensual 25\u00a0\u20ac<\/b><\/td>\n<\/tr>\n<\/tbody>\n<\/table>\n<\/td>\n<td>\n<table style=\"width: 242px; border-color: #125dde; height: 321px; background-color: #c4e5f2;\">\n<tbody>\n<tr>\n<td style=\"text-align: center;\" colspan=\"2\">\n<h5><strong>B\u00e0squet<\/strong><\/h5>\n<\/td>\n<\/tr>\n<tr>\n<td><img loading=\"lazy\" decoding=\"async\" class=\"alignnone\" src=\"http:\/\/www.gifss.com\/juguetes\/pelotas\/pelota-basket-2.gif\" width=\"312\" height=\"260\" \/><\/td>\n<td><strong>Impulsem el desenvolupament motriu i esportiu dels xiquets\/es a trav\u00e9s de la pr\u00e0ctica del b\u00e0squet tot transmetent els seus valors.<\/strong><\/td>\n<\/tr>\n<tr>\n<td><strong>Horari<\/strong><\/td>\n<td><strong>Dimarts i Dijous de 17:00 h. a 18:00 h.<\/strong><\/td>\n<\/tr>\n<tr>\n<td><strong>Alumnes<\/strong><\/td>\n<td><strong>\u00a0Educaci\u00f3 prim\u00e0ria<\/strong><\/td>\n<\/tr>\n<tr>\n<td><strong>Quota<\/strong><\/td>\n<td><strong>Anual 200 \u20ac<\/strong><\/td>\n<\/tr>\n<\/tbody>\n<\/table>\n<\/td>\n<td>\n<table style=\"width: 242px; border-color: #125dde; height: 321px; background-color: #c4e5f2;\">\n<tbody>\n<tr>\n<td style=\"text-align: center;\" colspan=\"2\">\n<h5><strong>Rob\u00f2tica<\/strong><\/h5>\n<\/td>\n<\/tr>\n<tr>\n<td><img loading=\"lazy\" decoding=\"async\" class=\"alignnone\" src=\"http:\/\/www.portalcienciayficcion.com\/foro\/attachment.php?attachmentid=3287&amp;d=1410514463\" width=\"240\" height=\"320\" \/><\/td>\n<td><strong>Ens\u00a0Iniciaciem a la rob\u00f2tica per tal d&#8217;apredre ci\u00e8ncia i tecnologia de<br \/>\nla manera m\u00e9s divertida.<\/strong><\/td>\n<\/tr>\n<tr>\n<td><strong>Horari<\/strong><\/td>\n<td><strong>Dimarts de 17:00 h. a 18:30 h.<\/strong><\/td>\n<\/tr>\n<tr>\n<td><strong>Alumnes<\/strong><\/td>\n<td><strong>\u00a0Cicle mitj\u00e0 i superior d&#8217;educaci\u00f3 prim\u00e0ria i educaci\u00f3 secund\u00e0ria<\/strong><\/td>\n<\/tr>\n<tr>\n<td><strong>Quota<\/strong><\/td>\n<td><strong>Mensual \u00a040 \u20ac<\/strong><\/td>\n<\/tr>\n<\/tbody>\n<\/table>\n<\/td>\n<td>\n<table style=\"width: 242px; border-color: #125dde; height: 321px; background-color: #c4e5f2;\">\n<tbody>\n<tr>\n<td style=\"text-align: center;\" colspan=\"2\">\n<h5><strong>Tallers creatius<\/strong><\/h5>\n<\/td>\n<\/tr>\n<tr>\n<td><img loading=\"lazy\" decoding=\"async\" class=\"alignnone\" src=\"http:\/\/www.gifmania.com\/Gif-Animados-Objetos\/Imagenes-Herramientas\/Brochas\/Brocha-Glitter-70546.gif\" width=\"218\" height=\"300\" \/><\/td>\n<td><strong><span style=\"font-family: inherit; font-size: 1em; line-height: 1.6;\">Practicarem el dibuix, la pintura i el reciclatge creatiu de manera pr\u00e0ctica i descobrint el potencial propi de cadasc\u00fa.\u00a0<\/span><\/strong><\/td>\n<\/tr>\n<tr>\n<td><strong>Horari<\/strong><\/td>\n<td><strong>Dilluns i Dimarts de 17:00 h. a 18:00 h.<\/strong><\/td>\n<\/tr>\n<tr>\n<td><strong>Alumnes<\/strong><\/td>\n<td><strong>Educaci\u00f3 infantil i prim\u00e0ria<\/strong><\/td>\n<\/tr>\n<tr>\n<td rowspan=\"2\"><strong>Quota<\/strong><\/td>\n<td><strong>Anual 140\u00a0 \u20ac<\/strong><\/td>\n<\/tr>\n<tr>\n<td><strong>Mensual \u00a025 \u20ac<\/strong><\/td>\n<\/tr>\n<\/tbody>\n<\/table>\n<\/td>\n<\/tr>\n<\/tbody>\n<\/table>\n<p><span style=\"text-decoration: underline;\"><em><strong>Formes de pagament de les diferents activitats<\/strong><\/em><\/span><\/p>\n<p>Cada fam\u00edlia haureu d&#8217;especificar a la butlleta d&#8217;inscripci\u00f3 l&#8217;opci\u00f3 de pagament, ja sigui mensual o anual. Totes les quotes aniran domiciliades i es procedir\u00e0 al seu cobrament.<\/p>\n<p>Inscripcions anuals de l&#8217;1 al 5 de Novembre de 2018.<\/p>\n<p>Inscripcions mensuals de l&#8217;1 al 5 de cada mes del curs escolar 18-19.<\/p>\n<p>En cas de donar-se de baixa, d&#8217;alguna activitat, cal enviar un email a l&#8217;AMPA \u00a0en un termini de 15 dies abans al del pagament de la quota. En cas contrari s&#8217;abonar\u00e0 el mes sencer.<\/p>\n<p><span style=\"text-decoration: underline;\"><em><strong>Contacte<\/strong><\/em><\/span><\/p>\n<p>Per qualsevol aspecte concret sobre el desenvolupament de les activitats o incid\u00e8ncies detectades podeu posar-vos en contacte via email amb l&#8217;AMPA.<\/p>\n<p style=\"padding-left: 30px;\"><em>Comissi\u00f3 Extraescolars: Xero Aliau Estupiny\u00e0<\/em><\/p>\n<p style=\"padding-left: 30px;\"><em>e-mail: ampacmtlarapita@gmail.com<\/em><\/p>\n","protected":false},"excerpt":{"rendered":"<p>Us presentem a continuaci\u00f3 el programa d&#8217;activitats que tenim previstes per al curs 18\/19, amb el desig de complir les il\u00b7lusions i perspectives de tots vosaltres. Les activitats extraescolars que organitzem, tenen un car\u00e0cter l\u00fadic i els monitors\/es s\u00f3n persones amb experi\u00e8ncia en el m\u00f3n&hellip;  <a href=\"https:\/\/agora.xtec.cat\/colsagradafamilia-larapita\/ampa\/activitats-ampa\/\" title=\"Read Activitats AMPA\">Llegeix m\u00e9s\u00bb<\/a><\/p>\n","protected":false},"author":1,"featured_media":0,"parent":843,"menu_order":702,"comment_status":"closed","ping_status":"closed","template":"","meta":{"_bbp_topic_count":0,"_bbp_reply_count":0,"_bbp_total_topic_count":0,"_bbp_total_reply_count":0,"_bbp_voice_count":0,"_bbp_anonymous_reply_count":0,"_bbp_topic_count_hidden":0,"_bbp_reply_count_hidden":0,"_bbp_forum_subforum_count":0,"footnotes":""},"class_list":["post-699","page","type-page","status-publish","hentry"],"post_mailing_queue_ids":[],"_links":{"self":[{"href":"https:\/\/agora.xtec.cat\/colsagradafamilia-larapita\/wp-json\/wp\/v2\/pages\/699","targetHints":{"allow":["GET"]}}],"collection":[{"href":"https:\/\/agora.xtec.cat\/colsagradafamilia-larapita\/wp-json\/wp\/v2\/pages"}],"about":[{"href":"https:\/\/agora.xtec.cat\/colsagradafamilia-larapita\/wp-json\/wp\/v2\/types\/page"}],"author":[{"embeddable":true,"href":"https:\/\/agora.xtec.cat\/colsagradafamilia-larapita\/wp-json\/wp\/v2\/users\/1"}],"replies":[{"embeddable":true,"href":"https:\/\/agora.xtec.cat\/colsagradafamilia-larapita\/wp-json\/wp\/v2\/comments?post=699"}],"version-history":[{"count":3,"href":"https:\/\/agora.xtec.cat\/colsagradafamilia-larapita\/wp-json\/wp\/v2\/pages\/699\/revisions"}],"predecessor-version":[{"id":2726,"href":"https:\/\/agora.xtec.cat\/colsagradafamilia-larapita\/wp-json\/wp\/v2\/pages\/699\/revisions\/2726"}],"up":[{"embeddable":true,"href":"https:\/\/agora.xtec.cat\/colsagradafamilia-larapita\/wp-json\/wp\/v2\/pages\/843"}],"wp:attachment":[{"href":"https:\/\/agora.xtec.cat\/colsagradafamilia-larapita\/wp-json\/wp\/v2\/media?parent=699"}],"curies":[{"name":"wp","href":"https:\/\/api.w.org\/{rel}","templated":true}]}}