{"id":696,"date":"2016-07-12T00:49:38","date_gmt":"2016-07-11T23:49:38","guid":{"rendered":"http:\/\/agora.xtec.cat\/colsagradafamilia-larapita\/?page_id=696"},"modified":"2018-09-16T02:17:18","modified_gmt":"2018-09-16T00:17:18","slug":"membres-ampa","status":"publish","type":"page","link":"https:\/\/agora.xtec.cat\/colsagradafamilia-larapita\/ampa\/membres-ampa\/","title":{"rendered":"Membres AMPA"},"content":{"rendered":"<p><span style=\"text-decoration: underline;\"><em><strong>Junta de l&#8217;AMPA:<\/strong><\/em><\/span><\/p>\n<p>&nbsp;<\/p>\n<table class=\" aligncenter\" style=\"height: 373px; width: 600px; border-color: #125dde; background-color: #c4e5f2;\">\n<tbody>\n<tr>\n<td style=\"text-align: center; width: 123px;\">\n<h5><strong>Presidenta<\/strong><\/h5>\n<\/td>\n<td style=\"text-align: center; width: 500px;\" colspan=\"2\">\n<h5><strong>M\u00edriam Roca Revert\u00e9<\/strong><\/h5>\n<\/td>\n<\/tr>\n<tr>\n<td style=\"text-align: center; width: 123px;\">\n<h5><strong>Vicepresident<\/strong><\/h5>\n<\/td>\n<td style=\"text-align: center; width: 442px;\" colspan=\"2\">\n<h5><strong>Juan Jos\u00e9 Aliau Estupiny\u00e1<\/strong><\/h5>\n<\/td>\n<\/tr>\n<tr>\n<td style=\"width: 123px;\">\n<h5><strong>Secretari<\/strong><\/h5>\n<\/td>\n<td style=\"text-align: center; width: 442px;\" colspan=\"2\">\n<h5><strong>Ramon Rosales Castell\u00e0<\/strong><\/h5>\n<\/td>\n<\/tr>\n<tr>\n<td style=\"width: 123px;\">\n<h5><strong>Tesorera<\/strong><\/h5>\n<\/td>\n<td style=\"text-align: center; width: 442px;\" colspan=\"2\">\n<h5><strong>Nat\u00e0lia Navarro Mart\u00ednez<\/strong><\/h5>\n<\/td>\n<\/tr>\n<tr>\n<td style=\"text-align: center; width: 123px;\">\n<h5><strong>Vocals<\/strong><\/h5>\n<\/td>\n<td style=\"text-align: center; width: 212px;\">\n<h5><strong>Xavi Aud\u00ed Dur\u00e1n<\/strong><\/h5>\n<h5><strong>Anna Calduch Moises<\/strong><\/h5>\n<h5><strong>Xose Ferreres Boira<\/strong><\/h5>\n<h5><strong>Maite Forcadell Montserrat<\/strong><\/h5>\n<h5><strong>Vict\u00f2ria Mu\u00f1oz Vilas<\/strong><\/h5>\n<\/td>\n<td style=\"width: 228px;\">\n<h5 style=\"text-align: center;\"><strong>Marian Ferr\u00e9 L\u00f3pez<\/strong><\/h5>\n<h5 style=\"text-align: center;\"><strong>Marisa Rubio<\/strong><\/h5>\n<h5 style=\"text-align: center;\"><strong>Jessica Forcadell Montserrat<\/strong><\/h5>\n<h5 style=\"text-align: center;\"><strong>Maite Forn\u00f3s<\/strong><\/h5>\n<h5 style=\"text-align: center;\"><strong>Noem\u00ed Barber\u00e0 Vidal<\/strong><\/h5>\n<\/td>\n<\/tr>\n<\/tbody>\n<\/table>\n<p><span style=\"text-decoration: underline;\"><em><strong>Comissions de l&#8217;AMPA:<\/strong><\/em><\/span><\/p>\n<table class=\" aligncenter\" style=\"border-color: #125dde; background-color: #c4e5f2; width: 804px;\">\n<tbody>\n<tr>\n<td style=\"width: 212px;\">\n<h5><strong>Comissi\u00f3 Econ\u00f3mica<\/strong><\/h5>\n<\/td>\n<td style=\"width: 643px;\">\n<h5><strong>Juan Jos\u00e9 Aliau Estupiny\u00e1, Nat\u00e0lia Navarro Mart\u00ednez i M\u00edriam Roca Revert\u00e9,\u00a0<\/strong><\/h5>\n<\/td>\n<\/tr>\n<tr>\n<td style=\"width: 212px;\">\n<h5><strong>Comissi\u00f3 Extraescolars<\/strong><\/h5>\n<\/td>\n<td style=\"width: 643px;\">\n<h5>Juan Jos\u00e9 Aliau Estupinya i Anna Calduch Moises<\/h5>\n<\/td>\n<\/tr>\n<tr>\n<td style=\"width: 212px;\">\n<h5><strong>Comissi\u00f3 Formaci\u00f3<\/strong><\/h5>\n<\/td>\n<td style=\"width: 643px;\">\n<h5>Jessica Forcadell Montserrat i Marisa Rubio<\/h5>\n<\/td>\n<\/tr>\n<tr>\n<td style=\"width: 212px;\">\n<h5><strong>Comissi\u00f3 Educativa<\/strong><\/h5>\n<\/td>\n<td style=\"width: 643px;\">\n<h5>Marian Ferr\u00e9 L\u00f3pez i M\u00edriam Roca Revert\u00e9<\/h5>\n<\/td>\n<\/tr>\n<tr>\n<td style=\"width: 212px;\">\n<h5><strong>Comissi\u00f3 Festes<\/strong><\/h5>\n<\/td>\n<td style=\"width: 643px;\">\n<h5>Xose Ferreres Boira, Marian Ferr\u00e9 L\u00f3pez, Maite Forcadell Montserrat i Jessica Forcadell Montserrat<\/h5>\n<\/td>\n<\/tr>\n<tr>\n<td style=\"width: 212px;\">\n<h5><strong>Comissi\u00f3 Comunicaci\u00f3<\/strong><\/h5>\n<\/td>\n<td style=\"width: 643px;\">\n<h5>\u00a0Noem\u00ed Barber\u00e0 Vidal i Maite Forn\u00f3s<\/h5>\n<\/td>\n<\/tr>\n<\/tbody>\n<\/table>\n<p><span style=\"text-decoration: underline;\"><em><strong>Col\u00b7laboradors de l&#8217;AMPA:<\/strong><\/em><\/span><\/p>\n","protected":false},"excerpt":{"rendered":"<p>Junta de l&#8217;AMPA:<br \/>\n&nbsp;<\/p>\n<p>Presidenta<\/p>\n<p>M\u00edriam Roca Revert\u00e9<\/p>\n<p>Vicepresident<\/p>\n<p>Juan Jos\u00e9 Aliau Estupiny\u00e1<\/p>\n<p>Secretari<\/p>\n<p>Ramon Rosales Castell\u00e0<\/p>\n<p>Tesorera<\/p>\n<p>Nat\u00e0lia Navarro Mart\u00ednez<\/p>\n<p>Vocals<\/p>\n<p>Xavi Aud\u00ed Dur\u00e1n<br \/>\nAnna Calduch Moises<br \/>\nXose Ferreres Boira<br \/>\nMaite Forcadell Montserrat<br \/>\nVict\u00f2ria Mu\u00f1oz Vilas<\/p>\n<p>Marian Ferr\u00e9 L\u00f3pez<br \/>\nMarisa Rubio<br \/>\nJessica Forcadell Montserrat<br \/>\nMaite Forn\u00f3s<br \/>\nNoem\u00ed Barber\u00e0 Vidal<\/p>\n<p>Comissions de l&#8217;AMPA:<\/p>\n<p>Comissi\u00f3 Econ\u00f3mica<\/p>\n<p>Juan Jos\u00e9 Aliau Estupiny\u00e1, Nat\u00e0lia Navarro Mart\u00ednez i M\u00edriam Roca Revert\u00e9,\u00a0<\/p>\n<p>Comissi\u00f3 Extraescolars<\/p>\n<p>Juan Jos\u00e9&hellip;  <a href=\"https:\/\/agora.xtec.cat\/colsagradafamilia-larapita\/ampa\/membres-ampa\/\" title=\"Read Membres AMPA\">Llegeix m\u00e9s\u00bb<\/a><\/p>\n","protected":false},"author":1,"featured_media":0,"parent":843,"menu_order":701,"comment_status":"closed","ping_status":"closed","template":"","meta":{"_bbp_topic_count":0,"_bbp_reply_count":0,"_bbp_total_topic_count":0,"_bbp_total_reply_count":0,"_bbp_voice_count":0,"_bbp_anonymous_reply_count":0,"_bbp_topic_count_hidden":0,"_bbp_reply_count_hidden":0,"_bbp_forum_subforum_count":0,"footnotes":""},"class_list":["post-696","page","type-page","status-publish","hentry"],"post_mailing_queue_ids":[],"_links":{"self":[{"href":"https:\/\/agora.xtec.cat\/colsagradafamilia-larapita\/wp-json\/wp\/v2\/pages\/696","targetHints":{"allow":["GET"]}}],"collection":[{"href":"https:\/\/agora.xtec.cat\/colsagradafamilia-larapita\/wp-json\/wp\/v2\/pages"}],"about":[{"href":"https:\/\/agora.xtec.cat\/colsagradafamilia-larapita\/wp-json\/wp\/v2\/types\/page"}],"author":[{"embeddable":true,"href":"https:\/\/agora.xtec.cat\/colsagradafamilia-larapita\/wp-json\/wp\/v2\/users\/1"}],"replies":[{"embeddable":true,"href":"https:\/\/agora.xtec.cat\/colsagradafamilia-larapita\/wp-json\/wp\/v2\/comments?post=696"}],"version-history":[{"count":3,"href":"https:\/\/agora.xtec.cat\/colsagradafamilia-larapita\/wp-json\/wp\/v2\/pages\/696\/revisions"}],"predecessor-version":[{"id":2718,"href":"https:\/\/agora.xtec.cat\/colsagradafamilia-larapita\/wp-json\/wp\/v2\/pages\/696\/revisions\/2718"}],"up":[{"embeddable":true,"href":"https:\/\/agora.xtec.cat\/colsagradafamilia-larapita\/wp-json\/wp\/v2\/pages\/843"}],"wp:attachment":[{"href":"https:\/\/agora.xtec.cat\/colsagradafamilia-larapita\/wp-json\/wp\/v2\/media?parent=696"}],"curies":[{"name":"wp","href":"https:\/\/api.w.org\/{rel}","templated":true}]}}