{"id":69,"date":"2014-09-18T10:15:07","date_gmt":"2014-09-18T09:15:07","guid":{"rendered":"http:\/\/agora.xtec.cat\/colsagradafamilia-larapita\/?page_id=69"},"modified":"2022-09-12T20:15:12","modified_gmt":"2022-09-12T18:15:12","slug":"menjador-escolar","status":"publish","type":"page","link":"https:\/\/agora.xtec.cat\/colsagradafamilia-larapita\/serveis\/menjador-escolar\/","title":{"rendered":"Menjador escolar"},"content":{"rendered":"<p style=\"text-align: justify;\" align=\"center\"><a href=\"http:\/\/agora.xtec.cat\/colsagradafamilia-larapita\/wp-content\/uploads\/usu1161\/2014\/09\/menjador-1.jpg\"><img loading=\"lazy\" decoding=\"async\" class=\"wp-image-573 alignright\" src=\"http:\/\/agora.xtec.cat\/colsagradafamilia-larapita\/wp-content\/uploads\/usu1161\/2014\/09\/menjador-1-1024x768.jpg\" alt=\"menjador 1\" width=\"390\" height=\"293\" srcset=\"https:\/\/agora.xtec.cat\/colsagradafamilia-larapita\/wp-content\/uploads\/usu1161\/2014\/09\/menjador-1-1024x768.jpg 1024w, https:\/\/agora.xtec.cat\/colsagradafamilia-larapita\/wp-content\/uploads\/usu1161\/2014\/09\/menjador-1-300x225.jpg 300w, https:\/\/agora.xtec.cat\/colsagradafamilia-larapita\/wp-content\/uploads\/usu1161\/2014\/09\/menjador-1-768x576.jpg 768w, https:\/\/agora.xtec.cat\/colsagradafamilia-larapita\/wp-content\/uploads\/usu1161\/2014\/09\/menjador-1-200x150.jpg 200w\" sizes=\"auto, (max-width: 390px) 100vw, 390px\" \/><\/a>El centre disposa de servei de menjador escolar durant tot el curs, incl\u00f2s el mes de juny, quan\u00a0l\u2019alumnat surt a les 13:00h, el servei de menjador es prolonga fins les 15:00h, hora a la que s\u2019ha d\u2019anar a recollir els nens\/-es.<\/p>\n<p style=\"text-align: justify;\" align=\"center\">El dinar es prepara a la cuina del col\u00b7legi, tenim cuina pr\u00f2pia, amb un men\u00fa equilibrat, seguint la dieta mediterr\u00e0nia i t\u00edpica de les nostres terres.<\/p>\n<p style=\"text-align: justify;\" align=\"center\">L\u2019alumnat que pateixi alguna malaltia cr\u00f2nica com celiaquia, diabetis o intoler\u00e0ncia a algun aliment se li adaptar\u00e0 el men\u00fa o podr\u00e0 portar la carmanyola amb el dinar de casa. En aquests casos s\u2019ha de parlar amb la titular del centre.<\/p>\n<p style=\"text-align: justify;\" align=\"center\">La inscripci\u00f3 al menjador es realitzar\u00e0 en el moment de la preinscripci\u00f3 per als alumnes nous.<\/p>\n<table class=\" aligncenter\" style=\"border-color: #125dde; width: 25.1712%; height: 153px; background-color: #c4e5f2;\">\n<tbody>\n<tr>\n<td colspan=\"2\">\n<h5><strong>Preu del servei de menjador escolar<\/strong><\/h5>\n<\/td>\n<\/tr>\n<tr>\n<td><strong>Quota mensual<\/strong><\/td>\n<td><strong>125\u00a0\u20ac<\/strong><\/td>\n<\/tr>\n<tr>\n<td><strong>Quota di\u00e0ria<\/strong><\/td>\n<td><strong>8.5\u00a0\u20ac<\/strong><\/td>\n<\/tr>\n<\/tbody>\n<\/table>\n<p style=\"text-align: justify;\" align=\"center\">L\u2019alumnat que ja est\u00e0 al centre ho comunicar\u00e0 a la porteria del col\u00b7legi a principi de curs i els que facin \u00fas del servei \u00a0espor\u00e0dicament , ho comunicaran a la porteria no m\u00e9s tard de les 9:00h del mat\u00ed del dia que s\u2019han de quedar a dinar.<\/p>\n<p style=\"text-align: justify;\" align=\"center\"><em><span style=\"text-decoration: underline;\">Porteria del col\u00b7legi:<\/span> M. Carmen, telf. 977 74 01 62<\/em><\/p>\n<p style=\"text-align: center;\" align=\"center\">\u00a0<em><span style=\"text-decoration: underline;\">Men\u00fa mensual:<\/span><\/em><\/p>\n<table style=\"border-color: #125dde; background-color: #c4e5f2; width: 100.275%;\">\n<tbody>\n<tr>\n<td style=\"text-align: center; width: 0.841887%;\">\n<h5><strong>Setmana<\/strong><\/h5>\n<\/td>\n<td style=\"text-align: center; width: 4.52628%;\">\n<h5><strong>Dilluns<\/strong><\/h5>\n<\/td>\n<td style=\"text-align: center; width: 6.60514%;\">\n<h5><strong>Dimarts<\/strong><\/h5>\n<\/td>\n<td style=\"text-align: center; width: 4.96089%;\">\n<h5><strong>Dimecres<\/strong><\/h5>\n<\/td>\n<td style=\"text-align: center; width: 6.42673%;\">\n<h5><strong>Dijous<\/strong><\/h5>\n<\/td>\n<td style=\"text-align: center; width: 5.93519%;\">\n<h5><strong>Divendres<\/strong><\/h5>\n<\/td>\n<\/tr>\n<tr>\n<td style=\"width: 0.841887%;\">\n<h5 style=\"text-align: center;\">1a<\/h5>\n<\/td>\n<td style=\"width: 4.52628%;\">\n<p style=\"text-align: center;\"><strong>Paella mixta amb sofregit de carn de pollastre i peix<\/strong><\/p>\n<p style=\"text-align: center;\"><strong>***<\/strong><\/p>\n<p style=\"text-align: center;\"><strong>Truita amb pastanaga ratllada i olives<\/strong><\/p>\n<p style=\"text-align: center;\"><strong>***<\/strong><\/p>\n<p style=\"text-align: center;\"><strong>Fruita del temps<\/strong><\/p>\n<\/td>\n<td style=\"text-align: center; width: 6.60514%;\"><strong>Cigrons estofats amb pastanaga i carbass\u00f3<\/strong><\/p>\n<p><strong>***<\/strong><\/p>\n<p><strong>Bastonets de llu\u00e7 amb tom\u00e0quet fregit<\/strong><\/p>\n<p><strong>***<\/strong><\/p>\n<p><strong>Fruita del temps<\/strong><\/td>\n<td style=\"text-align: center; width: 4.96089%;\"><strong>Mongeta tendra i patata<\/strong><\/p>\n<p><strong>***<\/strong><\/p>\n<p><strong>Hamburguesa de vedella a la planxa amb qu\u00e8txup i enciam<\/strong><\/p>\n<p><strong>***<\/strong><\/p>\n<p><strong>Iogurt natural<\/strong><\/td>\n<td style=\"text-align: center; width: 6.42673%;\"><strong>Crema de pastanaga amb rostes<\/strong><\/p>\n<p><strong>***<\/strong><\/p>\n<p><strong>Pit de pollastre a la planxa amb patates fregides<\/strong><\/p>\n<p><strong>***<\/strong><\/p>\n<p><strong>Fruita del temps<\/strong><\/td>\n<td style=\"width: 5.93519%;\">\n<p style=\"text-align: center;\"><strong>Macarrons amb salsa de tom\u00e0quet i formatge<\/strong><\/p>\n<p style=\"text-align: center;\"><strong>***<\/strong><\/p>\n<p style=\"text-align: center;\"><strong>Filet de llu\u00e7 amb amanida d&#8217;enciam<\/strong><\/p>\n<p style=\"text-align: center;\"><strong>***<\/strong><\/p>\n<p style=\"text-align: center;\"><strong>Fruita del temps<\/strong><\/p>\n<p style=\"text-align: center;\"><strong>\u00a0<\/strong><\/p>\n<\/td>\n<\/tr>\n<tr>\n<td style=\"width: 0.841887%;\">\n<h5 style=\"text-align: center;\">2a<\/h5>\n<\/td>\n<td style=\"text-align: center; width: 4.52628%;\"><strong>Fideuada<\/strong><\/p>\n<p><strong>***<\/strong><\/p>\n<p><strong>Mandonguilles amb salsa de tom\u00e0quet i enciam<\/strong><\/p>\n<p><strong>***<\/strong><\/p>\n<p><strong>Fruita del temps<\/strong><\/td>\n<td style=\"text-align: center; width: 6.60514%;\"><strong>Crema de pastanaga i carbassa<\/strong><\/p>\n<p><strong>***<\/strong><\/p>\n<p><strong>Pollastre amb guarnici\u00f3 de patata i pebrot al forn<\/strong><\/p>\n<p><strong>***<\/strong><\/p>\n<p><strong>Fruita del temps<\/strong><\/td>\n<td style=\"text-align: center; width: 4.96089%;\"><strong>Llenties guisades amb ceba, pastanaga i daus de patates<\/strong><\/p>\n<p><strong>***<\/strong><\/p>\n<p><strong>Truita a la francesa amb amanida de tomaca i olives<\/strong><\/p>\n<p><strong>***<\/strong><\/p>\n<p><strong>Iogurt natural<\/strong><\/td>\n<td style=\"text-align: center; width: 6.42673%;\"><strong>Espaguetis amb salsa de tom\u00e0quet i ceba<\/strong><\/p>\n<p><strong>***<\/strong><\/p>\n<p><strong>Filet de llu\u00e7 amb enciam i olives<\/strong><\/p>\n<p><strong>***<\/strong><\/p>\n<p><strong>Fruita del temps<\/strong><\/td>\n<td style=\"width: 5.93519%;\">\n<p style=\"text-align: center;\"><strong>Arr\u00f2s amb salsa de tom\u00e0quet <\/strong><\/p>\n<p style=\"text-align: center;\"><strong>***<\/strong><\/p>\n<p style=\"text-align: center;\"><strong>Pit de pollastre a la planxa amb patates fregides<\/strong><\/p>\n<p style=\"text-align: center;\"><strong>***<\/strong><\/p>\n<p style=\"text-align: center;\"><strong>Fruita del temps<\/strong><\/p>\n<p style=\"text-align: center;\"><strong>\u00a0<\/strong><\/p>\n<\/td>\n<\/tr>\n<tr>\n<td style=\"width: 0.841887%;\">\n<h5 style=\"text-align: center;\">3a<\/h5>\n<\/td>\n<td style=\"width: 4.52628%;\">\n<p style=\"text-align: center;\"><strong>Macarrons amb salsa de tom\u00e0quet i ceba<\/strong><\/p>\n<p style=\"text-align: center;\"><strong>***<\/strong><\/p>\n<p style=\"text-align: center;\"><strong>Truita a la francesa amb enciam i pastanaga ratllada<\/strong><\/p>\n<p style=\"text-align: center;\"><strong>***<\/strong><\/p>\n<p style=\"text-align: center;\"><strong>Fruita del temps<\/strong><\/p>\n<\/td>\n<td style=\"text-align: center; width: 6.60514%;\"><strong>Mongetes blanques guisades amb porro i pastanaga<\/strong><\/p>\n<p><strong>***<\/strong><\/p>\n<p><strong>Carn magra de porc a la planxa amb patates xips<\/strong><\/p>\n<p><strong>***<\/strong><\/p>\n<p><strong>Fruita del temps<\/strong><\/td>\n<td style=\"text-align: center; width: 4.96089%;\"><strong>Arr`s bullit<\/strong><\/p>\n<p><strong>***<\/strong><\/p>\n<p><strong>Bastonets de llu\u00e7 amb amanida de tomaca i olives<\/strong><\/p>\n<p><strong>***<\/strong><\/p>\n<p><strong>Iogurt natural<\/strong><\/td>\n<td style=\"text-align: center; width: 6.42673%;\"><strong>Patata amb mongeta tendra i ceba<\/strong><\/p>\n<p><strong>***<\/strong><\/p>\n<p><strong>Pit de pollastre a la planxa amb salsa de tom\u00e0quet<\/strong><\/p>\n<p><strong>***<\/strong><\/p>\n<p><strong>Fruita del temps<\/strong><\/td>\n<td style=\"width: 5.93519%;\">\n<p style=\"text-align: center;\"><strong>Sopa de pistons<\/strong><\/p>\n<p style=\"text-align: center;\"><strong>***<\/strong><\/p>\n<p style=\"text-align: center;\"><strong>Filet de llu\u00e7 amb patates fregides i enciam<\/strong><\/p>\n<p style=\"text-align: center;\"><strong>***<\/strong><\/p>\n<p style=\"text-align: center;\"><strong>Fruita del temps<\/strong><\/p>\n<p style=\"text-align: center;\"><strong>\u00a0<\/strong><\/p>\n<\/td>\n<\/tr>\n<tr>\n<td style=\"text-align: center; width: 0.841887%;\">\n<h5>4a<\/h5>\n<\/td>\n<td style=\"text-align: center; width: 4.52628%;\"><strong>Llenties estofades amb arr\u00f2s i sofregit de tom\u00e0quet i ceba<\/strong><\/p>\n<p><strong>***<\/strong><\/p>\n<p><strong>Nuggets de pollastre amb patates fregides<\/strong><\/p>\n<p><strong>***<\/strong><\/p>\n<p><strong>Fruita del temps<\/strong><\/td>\n<td style=\"text-align: center; width: 6.60514%;\"><strong>Estofat de patata amb sofregit de ceba, pebrot i pollastre<\/strong><\/p>\n<p><strong>***<\/strong><\/p>\n<p><strong>Filet de llu\u00e7 amb tom\u00e0quet i olives<\/strong><\/p>\n<p><strong>***<\/strong><\/p>\n<p><strong>Fruita del temps<\/strong><\/td>\n<td style=\"text-align: center; width: 4.96089%;\"><strong>Crema de carbass\u00f3, pastanaga i porro<\/strong><\/p>\n<p><strong>***<\/strong><\/p>\n<p><strong>Mandonguilles amb salsa de tom\u00e0quet<\/strong><\/p>\n<p><strong>***<\/strong><\/p>\n<p><strong>Fruita del temps<\/strong><\/td>\n<td style=\"text-align: center; width: 6.42673%;\"><strong>Arr\u00f2s amb tom\u00e0quet<\/strong><\/p>\n<p><strong>***<\/strong><\/p>\n<p><strong>Truita a la francesa amb pastanaga ratllada i olives<\/strong><\/p>\n<p><strong>***<\/strong><\/p>\n<p><strong>Iogurt natural<\/strong><\/td>\n<td style=\"width: 5.93519%;\">\n<p style=\"text-align: center;\"><strong>Escudella (galets, cigrons i pastanaga)<\/strong><\/p>\n<p style=\"text-align: center;\"><strong>Pit de pollastre amb amanida d&#8217;enciam i tomaca<\/strong><\/p>\n<p style=\"text-align: center;\"><strong>***<\/strong><\/p>\n<p style=\"text-align: center;\"><strong>Fruita del temps<\/strong><\/p>\n<p style=\"text-align: center;\"><strong>\u00a0<\/strong><\/p>\n<\/td>\n<\/tr>\n<\/tbody>\n<\/table>\n<p><strong><em>Aclariments:<\/em><\/strong><\/p>\n<p>El men\u00fa pot variar algun dia per falta de subministrament.<\/p>\n<p>La fruita del temps del men\u00fa \u00e9s: poma, pera, mandarina, taronja i pl\u00e0tan; es varia cada dia segons subministrament. Ocasionalment es dona mel\u00f3, albercoc, pr\u00e9ssec, maduixes, etc.<\/p>\n<p>En festes o vig\u00edlies de festa (Pare Palau, vacances de Nadal, Carnaval, Pasqua) es dona per postre un past\u00eds de xocolata o un altre tipus de dol\u00e7.<\/p>\n","protected":false},"excerpt":{"rendered":"<p><a href=\"http:\/\/agora.xtec.cat\/colsagradafamilia-larapita\/wp-content\/uploads\/usu1161\/2014\/09\/menjador-1.jpg\"><\/a>El centre disposa de servei de menjador escolar durant tot el curs, incl\u00f2s el mes de juny, quan\u00a0l\u2019alumnat surt a les 13:00h, el servei de menjador es prolonga fins les 15:00h, hora a la que s\u2019ha d\u2019anar a recollir els nens\/-es.<br \/>\nEl dinar es prepara&hellip;  <a href=\"https:\/\/agora.xtec.cat\/colsagradafamilia-larapita\/serveis\/menjador-escolar\/\" title=\"Read Menjador escolar\">Llegeix m\u00e9s\u00bb<\/a><\/p>\n","protected":false},"author":1,"featured_media":0,"parent":63,"menu_order":41,"comment_status":"closed","ping_status":"closed","template":"page-templates\/side-menu.php","meta":{"_bbp_topic_count":0,"_bbp_reply_count":0,"_bbp_total_topic_count":0,"_bbp_total_reply_count":0,"_bbp_voice_count":0,"_bbp_anonymous_reply_count":0,"_bbp_topic_count_hidden":0,"_bbp_reply_count_hidden":0,"_bbp_forum_subforum_count":0,"footnotes":""},"class_list":["post-69","page","type-page","status-publish","hentry"],"post_mailing_queue_ids":[],"_links":{"self":[{"href":"https:\/\/agora.xtec.cat\/colsagradafamilia-larapita\/wp-json\/wp\/v2\/pages\/69","targetHints":{"allow":["GET"]}}],"collection":[{"href":"https:\/\/agora.xtec.cat\/colsagradafamilia-larapita\/wp-json\/wp\/v2\/pages"}],"about":[{"href":"https:\/\/agora.xtec.cat\/colsagradafamilia-larapita\/wp-json\/wp\/v2\/types\/page"}],"author":[{"embeddable":true,"href":"https:\/\/agora.xtec.cat\/colsagradafamilia-larapita\/wp-json\/wp\/v2\/users\/1"}],"replies":[{"embeddable":true,"href":"https:\/\/agora.xtec.cat\/colsagradafamilia-larapita\/wp-json\/wp\/v2\/comments?post=69"}],"version-history":[{"count":4,"href":"https:\/\/agora.xtec.cat\/colsagradafamilia-larapita\/wp-json\/wp\/v2\/pages\/69\/revisions"}],"predecessor-version":[{"id":4587,"href":"https:\/\/agora.xtec.cat\/colsagradafamilia-larapita\/wp-json\/wp\/v2\/pages\/69\/revisions\/4587"}],"up":[{"embeddable":true,"href":"https:\/\/agora.xtec.cat\/colsagradafamilia-larapita\/wp-json\/wp\/v2\/pages\/63"}],"wp:attachment":[{"href":"https:\/\/agora.xtec.cat\/colsagradafamilia-larapita\/wp-json\/wp\/v2\/media?parent=69"}],"curies":[{"name":"wp","href":"https:\/\/api.w.org\/{rel}","templated":true}]}}