{"id":676,"date":"2016-07-12T00:31:44","date_gmt":"2016-07-11T23:31:44","guid":{"rendered":"http:\/\/agora.xtec.cat\/colsagradafamilia-larapita\/?page_id=676"},"modified":"2016-09-21T23:37:25","modified_gmt":"2016-09-21T22:37:25","slug":"projecte-dintel%c2%b7ligencies-multiples","status":"publish","type":"page","link":"https:\/\/agora.xtec.cat\/colsagradafamilia-larapita\/projectes\/projecte-dintel%c2%b7ligencies-multiples\/","title":{"rendered":"Projecte d&#8217;intel\u00b7lig\u00e8ncies m\u00faltiples"},"content":{"rendered":"<p style=\"text-align: justify;\"><img loading=\"lazy\" decoding=\"async\" class=\"alignright\" src=\"http:\/\/www.phpwebquest.org\/catala\/user_image\/vzrfwz672693.jpg\" width=\"357\" height=\"326\" \/>La teoria de les Intel\u00b7lig\u00e8ncies M\u00faltiples \u00e9s un model proposat per\u00a0Howard Gardner (1983) en el seu llibre\u00a0<em>Frames of Mind: The Theory of Multiple Intelligences.<\/em><\/p>\n<p style=\"text-align: justify;\">En aquest es defineix la intel\u00b7lig\u00e8ncia com un conjunt de capacitats bio-psicol\u00f2giques diverses, diferents i independents per\u00f2 que funcionen conjuntament. Fins fa poc temps la intel\u00b7lig\u00e8ncia es considerava quelcom innat i inamovible i l\u2019educaci\u00f3 no podia canviar aquest fet. No es pot negar el component gen\u00e8tic que capacita l\u2019\u00e9sser hum\u00e0 com el que \u00e9s, per\u00f2 les potencialitats que el conformen es desenvolupen d\u2019una o altra manera depenent del medi ambient que l\u2019envolta, les experi\u00e8ncies viscudes, l\u2019educaci\u00f3 rebuda, etc.<\/p>\n<p style=\"text-align: justify;\">Avui es defineixen les intel\u00b7lig\u00e8ncies com les compet\u00e8ncies que ajuden a la resoluci\u00f3 de problemes, i les habilitats que faciliten generar-ne de nous, crear productes o oferir serveis valuosos dins d\u2019un determinat \u00e0mbit cultural.<\/p>\n<p style=\"text-align: justify;\">Aquesta nova definici\u00f3 amplia el camp del que s\u2019ha ent\u00e8s per intel\u00b7lig\u00e8ncia fins ara, i estableix el que ja s\u2019intu\u00efa des de fa algun temps: un gran expedient acad\u00e8mic no \u00e9s garantia per desenvolupar-se amb un cert \u00e8xit a la vida.<\/p>\n<p style=\"text-align: justify;\">Totes les intel\u00b7lig\u00e8ncies tenen la mateixa import\u00e0ncia a l\u2019hora d\u2019ajudar a tenir m\u00e9s o menys \u00e8xit a la vida, no n\u2019hi ha cap que sobresurti envers les altres. Per tant, sota aquesta concepci\u00f3 cal defugir d\u2019aquelles opcions educatives que no les tracten amb aquesta equival\u00e8ncia, i a la pr\u00e0ctica prioritzen, com s\u2019ha fet tradicionalment, les intel\u00b7lig\u00e8ncies l\u00f2gico-matem\u00e0tica\u00a0i ling\u00fc\u00edstica front totes les altres, amb pr\u00e0ctiques metodol\u00f2giques uniformes i universals actuant com si tot l\u2019alumnat les desenvolup\u00e9s de la mateixa manera.<\/p>\n<p style=\"text-align: justify;\"><img loading=\"lazy\" decoding=\"async\" class=\"wp-image-766 alignright\" src=\"http:\/\/agora.xtec.cat\/colsagradafamilia-larapita\/wp-content\/uploads\/usu1161\/2016\/07\/inteligencies-multiples-1024x768.jpg\" alt=\"inteligencies multiples\" width=\"355\" height=\"268\" srcset=\"https:\/\/agora.xtec.cat\/colsagradafamilia-larapita\/wp-content\/uploads\/usu1161\/2016\/07\/inteligencies-multiples-300x225.jpg 300w, https:\/\/agora.xtec.cat\/colsagradafamilia-larapita\/wp-content\/uploads\/usu1161\/2016\/07\/inteligencies-multiples-200x150.jpg 200w\" sizes=\"auto, (max-width: 355px) 100vw, 355px\" \/>A la nostra escola, volem aconseguir activar o mobilitzar totes les intel\u00b7lig\u00e8ncies tenint en compte que cada intel\u00b7lig\u00e8ncia, capacitat o compet\u00e8ncia necessita la presentaci\u00f3 dels seus continguts curriculars de formes diverses.<\/p>\n<p style=\"text-align: justify;\">Per a totes les etapes, E.I, E.P. i ESO es proposen els seg\u00fcents objectius:<\/p>\n<ul>\n<li style=\"text-align: justify;\">Detectar els punts forts i els punts febles de l\u2019alumnat.<\/li>\n<li style=\"text-align: justify;\">Incorporar activitats de les diferents intel\u00b7lig\u00e8ncies al curr\u00edculum i al projecte interdisciplinari a l\u2019alumnat d\u2019infantil i prim\u00e0ria i al cr\u00e8dit de s\u00edntesi als alumnes de secund\u00e0ria.<\/li>\n<li style=\"text-align: justify;\">Treballar amb les noves metodologies aplicant les intel\u00b7lig\u00e8ncies m\u00faltiples.<\/li>\n<li style=\"text-align: justify;\">Presentar les diferents intel\u00b7lig\u00e8ncies m\u00faltiples a l\u2019alumnat.<\/li>\n<li style=\"text-align: justify;\">Avaluar els aprenentatges de l\u2019alumnat a partir de les intel\u00b7lig\u00e8ncies m\u00faltiples (les r\u00fabriques).<\/li>\n<\/ul>\n","protected":false},"excerpt":{"rendered":"<p>La teoria de les Intel\u00b7lig\u00e8ncies M\u00faltiples \u00e9s un model proposat per\u00a0Howard Gardner (1983) en el seu llibre\u00a0Frames of Mind: The Theory of Multiple Intelligences.<br \/>\nEn aquest es defineix la intel\u00b7lig\u00e8ncia com un conjunt de capacitats bio-psicol\u00f2giques diverses, diferents i independents per\u00f2 que funcionen conjuntament. Fins fa&hellip;  <a href=\"https:\/\/agora.xtec.cat\/colsagradafamilia-larapita\/projectes\/projecte-dintel%c2%b7ligencies-multiples\/\" title=\"Read Projecte d&#8217;intel\u00b7lig\u00e8ncies m\u00faltiples\">Llegeix m\u00e9s\u00bb<\/a><\/p>\n","protected":false},"author":1,"featured_media":0,"parent":644,"menu_order":56,"comment_status":"closed","ping_status":"closed","template":"page-templates\/side-menu.php","meta":{"_bbp_topic_count":0,"_bbp_reply_count":0,"_bbp_total_topic_count":0,"_bbp_total_reply_count":0,"_bbp_voice_count":0,"_bbp_anonymous_reply_count":0,"_bbp_topic_count_hidden":0,"_bbp_reply_count_hidden":0,"_bbp_forum_subforum_count":0,"footnotes":""},"class_list":["post-676","page","type-page","status-publish","hentry"],"post_mailing_queue_ids":[],"_links":{"self":[{"href":"https:\/\/agora.xtec.cat\/colsagradafamilia-larapita\/wp-json\/wp\/v2\/pages\/676","targetHints":{"allow":["GET"]}}],"collection":[{"href":"https:\/\/agora.xtec.cat\/colsagradafamilia-larapita\/wp-json\/wp\/v2\/pages"}],"about":[{"href":"https:\/\/agora.xtec.cat\/colsagradafamilia-larapita\/wp-json\/wp\/v2\/types\/page"}],"author":[{"embeddable":true,"href":"https:\/\/agora.xtec.cat\/colsagradafamilia-larapita\/wp-json\/wp\/v2\/users\/1"}],"replies":[{"embeddable":true,"href":"https:\/\/agora.xtec.cat\/colsagradafamilia-larapita\/wp-json\/wp\/v2\/comments?post=676"}],"version-history":[{"count":4,"href":"https:\/\/agora.xtec.cat\/colsagradafamilia-larapita\/wp-json\/wp\/v2\/pages\/676\/revisions"}],"predecessor-version":[{"id":878,"href":"https:\/\/agora.xtec.cat\/colsagradafamilia-larapita\/wp-json\/wp\/v2\/pages\/676\/revisions\/878"}],"up":[{"embeddable":true,"href":"https:\/\/agora.xtec.cat\/colsagradafamilia-larapita\/wp-json\/wp\/v2\/pages\/644"}],"wp:attachment":[{"href":"https:\/\/agora.xtec.cat\/colsagradafamilia-larapita\/wp-json\/wp\/v2\/media?parent=676"}],"curies":[{"name":"wp","href":"https:\/\/api.w.org\/{rel}","templated":true}]}}