{"id":666,"date":"2016-07-12T00:28:21","date_gmt":"2016-07-11T23:28:21","guid":{"rendered":"http:\/\/agora.xtec.cat\/colsagradafamilia-larapita\/?page_id=666"},"modified":"2016-08-04T17:17:14","modified_gmt":"2016-08-04T16:17:14","slug":"projecte-educat-2-0","status":"publish","type":"page","link":"https:\/\/agora.xtec.cat\/colsagradafamilia-larapita\/projectes\/projecte-educat-2-0\/","title":{"rendered":"Projecte eduCAT 2.0."},"content":{"rendered":"<p style=\"margin-bottom: 0.35cm; text-align: justify;\" align=\"LEFT\"><a href=\"http:\/\/agora.xtec.cat\/colsagradafamilia-larapita\/wp-content\/uploads\/usu1161\/2016\/07\/image1.jpg\"><img loading=\"lazy\" decoding=\"async\" class=\" wp-image-724 alignright\" src=\"http:\/\/agora.xtec.cat\/colsagradafamilia-larapita\/wp-content\/uploads\/usu1161\/2016\/07\/image1.jpg\" alt=\"image1\" width=\"401\" height=\"226\" \/><\/a><\/p>\n<p style=\"margin-bottom: 0.35cm; text-align: justify;\" align=\"LEFT\">El projecte eduCAT 2.0. respon a la voluntat de generalitzar l&#8217;\u00fas de les tecnologies per a l&#8217;aprenentatge i el coneixement (TAC) a la totalitat dels centres del Servei d&#8217;Educaci\u00f3 de Catalunya. Aix\u00ed, doncs, eduCAT 2.0. agrupa totes les actuacions per promoure l&#8217;\u00fas dels instruments digitals en els rocessos d&#8217;ensenyament i aprenentatge.<\/p>\n<p style=\"text-align: justify;\">L&#8217;eix vertebrador del projecte eduCAT 2.0. \u00e9s de caire pedag\u00f2gic i t\u00e9 com a focs principal que els alumnes adquireixin la compet\u00e8ncia digital i contribuir al desenvolupament de compet\u00e8ncies de caire transversal, com \u00e9s ara la compet\u00e8ncia d&#8217;aprendre a aprendre, per facilitar-los un aprenentatge m\u00e9s aut\u00f2nom i personalitzat. Aquest plantejament requereix tamb\u00e9 uns rols diferents del professorat. Aix\u00f2 comporta, en molts casos, canvis significatius en l&#8217;organotzaci\u00f3 i la metodologia docent. Aquest proc\u00e9s d&#8217;extensi\u00f3 dels usos de les tecnologies digitals ha de proporcionar la reflexi\u00f3 col\u00b7lectiva sobre estrat\u00e8gies que cal adoptar per millorar l&#8217;aprenentatge de l&#8217;alumnat.<\/p>\n<p style=\"text-align: justify;\"><img loading=\"lazy\" decoding=\"async\" class=\"wp-image-726 alignright\" src=\"http:\/\/agora.xtec.cat\/colsagradafamilia-larapita\/wp-content\/uploads\/usu1161\/2016\/07\/image2-e1468333031737.jpg\" alt=\"image2\" width=\"396\" height=\"229\" \/>Les profundes transformacions socials, econ\u00f3miques i tecnol\u00f2giques que est\u00e0 experimentant la nostra societat comporten que el proc\u00e9s d&#8217;aprenentatge ja no es redueixi a l&#8217;etapa escolar, sin\u00f3 que esdev\u00e9 una activitat permanent al llarg de tota la vida. Aquest fet implica que l&#8217;educaci\u00f3 b\u00e0sica ha de proporcionar els instrtuments i les compet\u00e8ncies per aprendre a aprendre en un context digital, mitjan\u00e7ant noves metodologies i continguts que aprofitin els recursos d&#8217;internet per a l&#8217;aprenentatge i la generaci\u00f3 comartida de coneixement.<\/p>\n<p style=\"text-align: justify;\">El professorat \u00e9s el factor clau per donar resposta a les exig\u00e8ncies educatives que la nostra societat t\u00e9 plantejades, i la direcci\u00f3 del centre ha d&#8217;impulsar i governar els canvis organitzatius i metodol\u00f2gics per adaptar-se als nous requeriments de la societat del coneixement.<\/p>\n<p style=\"text-align: justify;\">Cal aprofitar tot el potencial de les tecnologies de la informaci\u00f3 i la comunicaci\u00f3 (TIC), per orientar-lo b\u00e0sicament a fer que tot l&#8217;alumnat adquireixi nous i millors aprenentatges. Aquest objectiu significa no quedar-se en la mera utilitzaci\u00f3 de les tecnologies (TIC), sin\u00f3 aplicar-les a l&#8217;aprenentatge i el coneixement (TAC).<\/p>\n<p style=\"text-align: justify;\">Amb aquesta finalitat, des de l&#8217;any 2010 el nostre centre forma part del projecte eduCAT 1&#215;1, actualment anomenat eduCAT2.0. La implantaci\u00f3 d&#8217;aquest projecte es duu a terme amb diverses \u00e0rees en tots els cursos de l&#8217;ESO, i consisteix a impartir aquestes mat\u00e8ries utilitzant recursos digitals (Llibres digitals, entorns virtuals d&#8217;aprenentatge, correu electr\u00f2nic, etc.) essent necess\u00e0ria la utilitzaci\u00f3 personal d&#8217;un ordinador port\u00e0til)<\/p>\n<p style=\"text-align: justify;\">\u00c0rees on es treballa amb metodologia eduCAT 2.0.:<\/p>\n<table class=\" aligncenter\" style=\"border-color: #125dde; width: 647px; height: 201px; background-color: #c4e5f2;\">\n<tbody>\n<tr>\n<td style=\"text-align: center; vertical-align: middle;\">\n<h5>1r ESO<\/h5>\n<\/td>\n<td style=\"vertical-align: middle;\">\n<h5>2n ESO<\/h5>\n<\/td>\n<td style=\"vertical-align: middle;\">\n<h5>3r ESO<\/h5>\n<\/td>\n<td style=\"text-align: center; vertical-align: middle;\">\n<h5>4t ESO<\/h5>\n<\/td>\n<\/tr>\n<tr>\n<td style=\"text-align: center; vertical-align: middle;\"><strong>Ci\u00e8ncies socials<\/strong><\/td>\n<td style=\"text-align: center; vertical-align: middle;\"><strong>Ci\u00e8ncies socials<\/strong><\/td>\n<td style=\"text-align: center; vertical-align: middle;\"><strong>Ci\u00e8ncies socials<\/strong><\/td>\n<td style=\"text-align: center; vertical-align: middle;\"><strong>Ci\u00e8ncies socials<\/strong><\/td>\n<\/tr>\n<tr>\n<td style=\"text-align: center; vertical-align: middle;\"><strong>Tecnologies<\/strong><\/td>\n<td style=\"text-align: center; vertical-align: middle;\"><strong>Tecnologies<\/strong><\/td>\n<td style=\"text-align: center; vertical-align: middle;\"><strong>Tecnologies<\/strong><\/td>\n<td style=\"text-align: center; vertical-align: middle;\"><strong>Tecnologies<\/strong><\/td>\n<\/tr>\n<tr>\n<td style=\"text-align: center; vertical-align: middle;\"><strong>Llengua anglesa<\/strong><\/td>\n<td style=\"text-align: center; vertical-align: middle;\"><strong>Llengua anglesa<\/strong><\/td>\n<td style=\"text-align: center; vertical-align: middle;\"><strong>Llengua anglesa<\/strong><\/td>\n<td style=\"text-align: center; vertical-align: middle;\"><strong>Llengua anglesa<\/strong><\/td>\n<\/tr>\n<tr>\n<td style=\"text-align: center; vertical-align: middle;\"><strong>Ci\u00e8ncies de la naturalesa<\/strong><\/td>\n<td style=\"text-align: center; vertical-align: middle;\"><strong>Ci\u00e8ncies de la naturales<\/strong><\/td>\n<td style=\"text-align: center; vertical-align: middle;\"><strong>Biologia i geologia<\/strong><\/td>\n<td style=\"text-align: center; vertical-align: middle;\"><strong>Biologia i geologia<\/strong><\/td>\n<\/tr>\n<tr>\n<td style=\"text-align: center; vertical-align: middle;\"><strong>M\u00fasica<\/strong><\/td>\n<td style=\"text-align: center; vertical-align: middle;\"><strong>M\u00fasica<\/strong><\/td>\n<td style=\"text-align: center; vertical-align: middle;\"><strong>F\u00edsica i qu\u00edmica<\/strong><\/td>\n<td style=\"text-align: center; vertical-align: middle;\"><strong>F\u00edsica i qu\u00edmica<\/strong><\/td>\n<\/tr>\n<\/tbody>\n<\/table>\n<p>&nbsp;<\/p>\n","protected":false},"excerpt":{"rendered":"<p><a href=\"http:\/\/agora.xtec.cat\/colsagradafamilia-larapita\/wp-content\/uploads\/usu1161\/2016\/07\/image1.jpg\"><\/a><br \/>\nEl projecte eduCAT 2.0. respon a la voluntat de generalitzar l&#8217;\u00fas de les tecnologies per a l&#8217;aprenentatge i el coneixement (TAC) a la totalitat dels centres del Servei d&#8217;Educaci\u00f3 de Catalunya. Aix\u00ed, doncs, eduCAT 2.0. agrupa totes les actuacions per promoure l&#8217;\u00fas dels instruments&hellip;  <a href=\"https:\/\/agora.xtec.cat\/colsagradafamilia-larapita\/projectes\/projecte-educat-2-0\/\" title=\"Read Projecte eduCAT 2.0.\">Llegeix m\u00e9s\u00bb<\/a><\/p>\n","protected":false},"author":1,"featured_media":0,"parent":644,"menu_order":51,"comment_status":"closed","ping_status":"closed","template":"page-templates\/side-menu.php","meta":{"_bbp_topic_count":0,"_bbp_reply_count":0,"_bbp_total_topic_count":0,"_bbp_total_reply_count":0,"_bbp_voice_count":0,"_bbp_anonymous_reply_count":0,"_bbp_topic_count_hidden":0,"_bbp_reply_count_hidden":0,"_bbp_forum_subforum_count":0,"footnotes":""},"class_list":["post-666","page","type-page","status-publish","hentry"],"post_mailing_queue_ids":[],"_links":{"self":[{"href":"https:\/\/agora.xtec.cat\/colsagradafamilia-larapita\/wp-json\/wp\/v2\/pages\/666","targetHints":{"allow":["GET"]}}],"collection":[{"href":"https:\/\/agora.xtec.cat\/colsagradafamilia-larapita\/wp-json\/wp\/v2\/pages"}],"about":[{"href":"https:\/\/agora.xtec.cat\/colsagradafamilia-larapita\/wp-json\/wp\/v2\/types\/page"}],"author":[{"embeddable":true,"href":"https:\/\/agora.xtec.cat\/colsagradafamilia-larapita\/wp-json\/wp\/v2\/users\/1"}],"replies":[{"embeddable":true,"href":"https:\/\/agora.xtec.cat\/colsagradafamilia-larapita\/wp-json\/wp\/v2\/comments?post=666"}],"version-history":[{"count":4,"href":"https:\/\/agora.xtec.cat\/colsagradafamilia-larapita\/wp-json\/wp\/v2\/pages\/666\/revisions"}],"predecessor-version":[{"id":863,"href":"https:\/\/agora.xtec.cat\/colsagradafamilia-larapita\/wp-json\/wp\/v2\/pages\/666\/revisions\/863"}],"up":[{"embeddable":true,"href":"https:\/\/agora.xtec.cat\/colsagradafamilia-larapita\/wp-json\/wp\/v2\/pages\/644"}],"wp:attachment":[{"href":"https:\/\/agora.xtec.cat\/colsagradafamilia-larapita\/wp-json\/wp\/v2\/media?parent=666"}],"curies":[{"name":"wp","href":"https:\/\/api.w.org\/{rel}","templated":true}]}}