{"id":529,"date":"2016-07-11T18:33:45","date_gmt":"2016-07-11T17:33:45","guid":{"rendered":"http:\/\/agora.xtec.cat\/colsagradafamilia-larapita\/?page_id=529"},"modified":"2023-11-09T17:48:06","modified_gmt":"2023-11-09T16:48:06","slug":"equip-directiu","status":"publish","type":"page","link":"https:\/\/agora.xtec.cat\/colsagradafamilia-larapita\/linstitut\/equip-directiu\/","title":{"rendered":"Equip directiu"},"content":{"rendered":"<table class=\" aligncenter\" style=\"border-color: #125dde; width: 65.8363%; background-color: #c4e5f2; height: 385px;\">\n<tbody>\n<tr>\n<td style=\"width: 47.1503%;\">\n<h5 style=\"text-align: center;\"><strong>Titular<\/strong><\/h5>\n<\/td>\n<td style=\"text-align: center; width: 87.4669%;\">\n<h5><span style=\"color: #000000;\"><strong>M. Jos\u00e9 Mu\u00f1oz Alv\u00e1rez<br \/>\n<\/strong><\/span><\/h5>\n<\/td>\n<\/tr>\n<tr>\n<td style=\"width: 47.1503%;\">\n<h5 style=\"text-align: center;\"><strong>Director<\/strong><\/h5>\n<\/td>\n<td style=\"text-align: center; width: 87.4669%;\">\n<h5><span style=\"color: #000000;\"><strong>Xavi Aud\u00ed Duran<\/strong><\/span><\/h5>\n<\/td>\n<\/tr>\n<tr>\n<td style=\"width: 47.1503%;\">\n<h5 style=\"text-align: center;\"><strong>Sotsdirectora<\/strong><\/h5>\n<\/td>\n<td style=\"width: 87.4669%;\">\n<h5 style=\"text-align: center;\"><span style=\"color: #000000;\"><strong>M. Bel\u00e9n Gil Valldep\u00e9rez<\/strong><\/span><\/h5>\n<\/td>\n<\/tr>\n<tr>\n<td style=\"text-align: center; width: 47.1503%;\">\n<h5><strong>Cap d&#8217;estudis d&#8217;Infantil i\u00a0 Prim\u00e0ria<\/strong><\/h5>\n<\/td>\n<td style=\"width: 87.4669%;\">\n<h5 style=\"text-align: center;\"><span style=\"color: #000000;\"><strong>Juliana Rita Antoni Balagu\u00e9<\/strong><\/span><\/h5>\n<\/td>\n<\/tr>\n<tr>\n<td style=\"text-align: center; width: 47.1503%;\">\n<h5><strong>Cap d&#8217;estudis de Secund\u00e0ria<\/strong><\/h5>\n<\/td>\n<td style=\"width: 87.4669%;\">\n<h5 style=\"text-align: center;\"><span style=\"color: #000000;\"><strong>Florencia Manette Fort\u00ed<\/strong><\/span><\/h5>\n<\/td>\n<\/tr>\n<tr>\n<td style=\"text-align: center; width: 47.1503%;\">\n<h5><strong>Coordinadora de Pastoral<\/strong><\/h5>\n<\/td>\n<td style=\"width: 87.4669%;\">\n<h5 style=\"text-align: center;\"><span style=\"color: #000000;\"><strong>M. Jos\u00e9 Barbero Mu\u00f1oz<\/strong><\/span><\/h5>\n<\/td>\n<\/tr>\n<tr>\n<td style=\"text-align: center; width: 47.1503%;\">\n<h5><strong>Administradora<\/strong><\/h5>\n<\/td>\n<td style=\"width: 87.4669%;\">\n<h5 style=\"text-align: center;\"><span style=\"color: #000000;\"><strong>M. Clem\u00e8ncia Cartes Panisello<\/strong><\/span><\/h5>\n<\/td>\n<\/tr>\n<\/tbody>\n<\/table>\n","protected":false},"excerpt":{"rendered":"<p>Titular<\/p>\n<p>M. Jos\u00e9 Mu\u00f1oz Alv\u00e1rez<\/p>\n<p>Director<\/p>\n<p>Xavi Aud\u00ed Duran<\/p>\n<p>Sotsdirectora<\/p>\n<p>M. Bel\u00e9n Gil Valldep\u00e9rez<\/p>\n<p>Cap d&#8217;estudis d&#8217;Infantil i\u00a0 Prim\u00e0ria<\/p>\n<p>Juliana Rita Antoni Balagu\u00e9<\/p>\n<p>Cap d&#8217;estudis de Secund\u00e0ria<\/p>\n<p>Florencia Manette Fort\u00ed<\/p>\n<p>Coordinadora de Pastoral<\/p>\n<p>M. Jos\u00e9 Barbero Mu\u00f1oz<\/p>\n<p>Administradora<\/p>\n<p>M. Clem\u00e8ncia Cartes Panisello<\/p>\n","protected":false},"author":1,"featured_media":0,"parent":19,"menu_order":16,"comment_status":"closed","ping_status":"closed","template":"page-templates\/side-menu.php","meta":{"_bbp_topic_count":0,"_bbp_reply_count":0,"_bbp_total_topic_count":0,"_bbp_total_reply_count":0,"_bbp_voice_count":0,"_bbp_anonymous_reply_count":0,"_bbp_topic_count_hidden":0,"_bbp_reply_count_hidden":0,"_bbp_forum_subforum_count":0,"footnotes":""},"class_list":["post-529","page","type-page","status-publish","hentry"],"post_mailing_queue_ids":[],"_links":{"self":[{"href":"https:\/\/agora.xtec.cat\/colsagradafamilia-larapita\/wp-json\/wp\/v2\/pages\/529","targetHints":{"allow":["GET"]}}],"collection":[{"href":"https:\/\/agora.xtec.cat\/colsagradafamilia-larapita\/wp-json\/wp\/v2\/pages"}],"about":[{"href":"https:\/\/agora.xtec.cat\/colsagradafamilia-larapita\/wp-json\/wp\/v2\/types\/page"}],"author":[{"embeddable":true,"href":"https:\/\/agora.xtec.cat\/colsagradafamilia-larapita\/wp-json\/wp\/v2\/users\/1"}],"replies":[{"embeddable":true,"href":"https:\/\/agora.xtec.cat\/colsagradafamilia-larapita\/wp-json\/wp\/v2\/comments?post=529"}],"version-history":[{"count":7,"href":"https:\/\/agora.xtec.cat\/colsagradafamilia-larapita\/wp-json\/wp\/v2\/pages\/529\/revisions"}],"predecessor-version":[{"id":5396,"href":"https:\/\/agora.xtec.cat\/colsagradafamilia-larapita\/wp-json\/wp\/v2\/pages\/529\/revisions\/5396"}],"up":[{"embeddable":true,"href":"https:\/\/agora.xtec.cat\/colsagradafamilia-larapita\/wp-json\/wp\/v2\/pages\/19"}],"wp:attachment":[{"href":"https:\/\/agora.xtec.cat\/colsagradafamilia-larapita\/wp-json\/wp\/v2\/media?parent=529"}],"curies":[{"name":"wp","href":"https:\/\/api.w.org\/{rel}","templated":true}]}}