{"id":2578,"date":"2018-07-30T21:58:24","date_gmt":"2018-07-30T19:58:24","guid":{"rendered":"http:\/\/agora.xtec.cat\/colsagradafamilia-larapita\/?page_id=2578"},"modified":"2026-01-29T17:31:15","modified_gmt":"2026-01-29T16:31:15","slug":"equip-de-pastoral","status":"publish","type":"page","link":"https:\/\/agora.xtec.cat\/colsagradafamilia-larapita\/pastoral\/equip-de-pastoral\/","title":{"rendered":"Equip de pastoral"},"content":{"rendered":"<p>L\u2019acci\u00f3 de Pastoral conforma l\u2019eix principal del nostre col\u00b7legi i defineix en nostre car\u00e0cter propi.<\/p>\n<p style=\"text-align: justify;\">Amb l\u2019acci\u00f3 de la Pastoral pretenem orientar als nostres alumnes cap a l&#8217;autoconeixement i el descobriment de Jes\u00fas en el seu interior. Tamb\u00e9, facilitem moments d&#8217;oraci\u00f3 des del silenci i la mirada interior, des del testimoni de Francesc Palau i Quer i Teresa Mira. A m\u00e9s a m\u00e9s, impliquem les fam\u00edlies, en la formaci\u00f3 integral del nostre alumnat tot establint connexions amb la pastoral del col\u00b7legi i motivan grups MILPA en nens i nenes, joves i adults.<\/p>\n<p style=\"text-align: justify;\">D&#8217;altra banda tamb\u00e9 fomentem la solidaritat i el voluntariat en la nostra comunitat educativa (ONG Educas, C\u00e0ritas, resid\u00e8ncies d&#8217;avis,&#8230;), tot treballant la connexi\u00f3 amb la pastoral diocesana i parroquial i posar en marxa el nostre carisma missioner.<\/p>\n<p style=\"text-align: justify;\">Tot i que la pastoral som tots i totes, l\u2019equip de pastoral est\u00e0 format per:<\/p>\n<table class=\" aligncenter\" style=\"border-color: #125dde; height: 308px; background-color: #c4e5f2; width: 45.0962%;\">\n<tbody>\n<tr style=\"height: 49px;\">\n<td style=\"width: 48.2916%; height: 49px; text-align: justify;\">\n<h5 style=\"text-align: center;\"><strong>Titular de titularitat<\/strong><\/h5>\n<\/td>\n<td style=\"text-align: center; width: 52.3918%; height: 49px;\">\n<h5 style=\"text-align: justify;\"><span style=\"color: #000000;\"><strong>M. Jos\u00e9 Mu\u00f1oz \u00c1<\/strong><\/span><span style=\"color: #000000;\"><strong>lvarez<\/strong><\/span><\/h5>\n<\/td>\n<\/tr>\n<tr style=\"height: 52px;\">\n<td style=\"text-align: center; width: 48.2916%; height: 52px;\">\n<h5><strong>Director general<\/strong><\/h5>\n<\/td>\n<td style=\"width: 52.3918%; height: 52px;\">\n<h5><span style=\"color: #000000;\"><strong>Xavi Aud\u00ed Duran<\/strong><\/span><\/h5>\n<\/td>\n<\/tr>\n<tr style=\"height: 49px;\">\n<td style=\"text-align: center; width: 48.2916%; height: 49px;\">\n<h5><strong>Coordinadora<\/strong><\/h5>\n<\/td>\n<td style=\"width: 52.3918%; height: 49px;\">\n<h5><span style=\"color: #000000;\"><strong>M. Jos\u00e9 Barbero Mu\u00f1oz<\/strong><\/span><\/h5>\n<\/td>\n<\/tr>\n<tr style=\"height: 48px;\">\n<td style=\"text-align: center; width: 48.2916%; height: 48px;\">\n<h5><strong>Representant Infantil<\/strong><\/h5>\n<\/td>\n<td style=\"width: 52.3918%; height: 48px;\">\n<h5><span style=\"color: #000000;\"><strong>Roser Castell\u00e0 Carmona<\/strong><\/span><\/h5>\n<\/td>\n<\/tr>\n<tr style=\"height: 43px;\">\n<td style=\"text-align: center; width: 48.2916%; height: 43px;\">\n<h5><strong>Representant Prim\u00e0ria<\/strong><\/h5>\n<\/td>\n<td style=\"width: 52.3918%; height: 43px;\">\n<h5><span style=\"color: #000000;\"><strong>Juliana Rita Antoni Balagu\u00e9<\/strong><\/span><\/h5>\n<\/td>\n<\/tr>\n<tr style=\"height: 35px;\">\n<td style=\"text-align: center; width: 48.2916%; height: 35px;\">\n<h5><strong>Representant Secund\u00e0ria<\/strong><\/h5>\n<\/td>\n<td style=\"width: 52.3918%; height: 35px;\">\n<h5><span style=\"color: #000000;\"><strong>M. Florencia Manette Forti<\/strong><\/span><\/h5>\n<\/td>\n<\/tr>\n<\/tbody>\n<\/table>\n<p>&nbsp;<\/p>\n<p>La interioritat \u00e9s un aspecte que volem seguir potenciant des de la Pastoral. L\u2019oraci\u00f3 ha de ser el canal que permeti a l\u2019alumne saber mirar, escoltar, tocar, dir i callar. D\u2019aquesta manera volem:<\/p>\n<ul>\n<li style=\"text-align: justify;\">Convidar als alumnes a la fe cristiana i ajudar-los a sentir els valors profunds de la bondat, la bellesa, la sinceritat, la fidelitat, la creativitat, el respecte&#8230;<\/li>\n<li style=\"text-align: justify;\">Saber resar: acci\u00f3 de gr\u00e0cies, demanar per les necessitats, textos breus de la Paraula, preg\u00e0ries personals.<\/li>\n<li style=\"text-align: justify;\">Aprendre els valors del silenci per arribar a la interioritat. Que aquest no sigui un silenci passiu. Que sigui un silenci interior amb respecte, que no imposi i que ens porti pel cam\u00ed de l\u2019oraci\u00f3. Fer silenci per cr\u00e9ixer cap a dins.<\/li>\n<li style=\"text-align: justify;\">En aquesta direcci\u00f3, incentivarem les visites a la capella, els moments de reflexi\u00f3, sobretot a les primeres hores (aprofitant les preg\u00e0ries matinals) i en totes les activitats que ens permetin potenciar la interioritat i l\u2019oraci\u00f3.<\/li>\n<\/ul>\n","protected":false},"excerpt":{"rendered":"<p>L\u2019acci\u00f3 de Pastoral conforma l\u2019eix principal del nostre col\u00b7legi i defineix en nostre car\u00e0cter propi.<br \/>\nAmb l\u2019acci\u00f3 de la Pastoral pretenem orientar als nostres alumnes cap a l&#8217;autoconeixement i el descobriment de Jes\u00fas en el seu interior. Tamb\u00e9, facilitem moments d&#8217;oraci\u00f3 des del silenci i la&hellip;  <a href=\"https:\/\/agora.xtec.cat\/colsagradafamilia-larapita\/pastoral\/equip-de-pastoral\/\" title=\"Read Equip de pastoral\">Llegeix m\u00e9s\u00bb<\/a><\/p>\n","protected":false},"author":1,"featured_media":0,"parent":648,"menu_order":0,"comment_status":"closed","ping_status":"closed","template":"page-templates\/side-menu.php","meta":{"_bbp_topic_count":0,"_bbp_reply_count":0,"_bbp_total_topic_count":0,"_bbp_total_reply_count":0,"_bbp_voice_count":0,"_bbp_anonymous_reply_count":0,"_bbp_topic_count_hidden":0,"_bbp_reply_count_hidden":0,"_bbp_forum_subforum_count":0,"footnotes":""},"class_list":["post-2578","page","type-page","status-publish","hentry"],"post_mailing_queue_ids":[],"_links":{"self":[{"href":"https:\/\/agora.xtec.cat\/colsagradafamilia-larapita\/wp-json\/wp\/v2\/pages\/2578","targetHints":{"allow":["GET"]}}],"collection":[{"href":"https:\/\/agora.xtec.cat\/colsagradafamilia-larapita\/wp-json\/wp\/v2\/pages"}],"about":[{"href":"https:\/\/agora.xtec.cat\/colsagradafamilia-larapita\/wp-json\/wp\/v2\/types\/page"}],"author":[{"embeddable":true,"href":"https:\/\/agora.xtec.cat\/colsagradafamilia-larapita\/wp-json\/wp\/v2\/users\/1"}],"replies":[{"embeddable":true,"href":"https:\/\/agora.xtec.cat\/colsagradafamilia-larapita\/wp-json\/wp\/v2\/comments?post=2578"}],"version-history":[{"count":5,"href":"https:\/\/agora.xtec.cat\/colsagradafamilia-larapita\/wp-json\/wp\/v2\/pages\/2578\/revisions"}],"predecessor-version":[{"id":6892,"href":"https:\/\/agora.xtec.cat\/colsagradafamilia-larapita\/wp-json\/wp\/v2\/pages\/2578\/revisions\/6892"}],"up":[{"embeddable":true,"href":"https:\/\/agora.xtec.cat\/colsagradafamilia-larapita\/wp-json\/wp\/v2\/pages\/648"}],"wp:attachment":[{"href":"https:\/\/agora.xtec.cat\/colsagradafamilia-larapita\/wp-json\/wp\/v2\/media?parent=2578"}],"curies":[{"name":"wp","href":"https:\/\/api.w.org\/{rel}","templated":true}]}}