{"id":82,"date":"2014-09-18T14:10:51","date_gmt":"2014-09-18T13:10:51","guid":{"rendered":"http:\/\/agora.xtec.cat\/coldivinaprovidencia\/?page_id=82"},"modified":"2017-03-16T18:54:21","modified_gmt":"2017-03-16T17:54:21","slug":"casal-destiu","status":"publish","type":"page","link":"https:\/\/agora.xtec.cat\/coldivinaprovidencia\/serveis\/casal-destiu\/","title":{"rendered":"Casal d&#8217;estiu"},"content":{"rendered":"<p>&nbsp;<\/p>\n<p><a href=\"http:\/\/agora.xtec.cat\/coldivinaprovidencia\/wp-content\/uploads\/usu1084\/2014\/09\/SummerFun1.png\"><img loading=\"lazy\" decoding=\"async\" class=\" wp-image-712 aligncenter\" src=\"http:\/\/agora.xtec.cat\/coldivinaprovidencia\/wp-content\/uploads\/usu1084\/2014\/09\/SummerFun1-1024x318.png\" alt=\"SummerFun\" width=\"377\" height=\"117\" srcset=\"https:\/\/agora.xtec.cat\/coldivinaprovidencia\/wp-content\/uploads\/usu1084\/2014\/09\/SummerFun1-1024x318.png 1024w, https:\/\/agora.xtec.cat\/coldivinaprovidencia\/wp-content\/uploads\/usu1084\/2014\/09\/SummerFun1-300x93.png 300w, https:\/\/agora.xtec.cat\/coldivinaprovidencia\/wp-content\/uploads\/usu1084\/2014\/09\/SummerFun1.png 1080w\" sizes=\"auto, (max-width: 377px) 100vw, 377px\" \/><\/a><\/p>\n<p style=\"text-align: justify;\">Per aquest estiu 2016, l&#8217;escola ofereix una proposta l\u00fadica i educativa per als infants que volen gaudir de les vacances escolars en un espai conegut i proper. El Casal d&#8217;estiu proposa un seguit d&#8217;activitats: tallers, jocs, descobertes culturals, manualitats i festes, lligades a un centre d&#8217;inter\u00e8s i amb l&#8217;objectiu de fomentar la diversi\u00f3, la imaginaci\u00f3 i la conviv\u00e8ncia.<\/p>\n<p>Us esperem!<\/p>\n<p>&nbsp;<\/p>\n<blockquote class=\"wp-embedded-content\" data-secret=\"UNtOLMIR4S\"><p><a href=\"https:\/\/agora.xtec.cat\/coldivinaprovidencia\/general\/casal-2016\/\">CASAL 2016<\/a><\/p><\/blockquote>\n<p><iframe loading=\"lazy\" class=\"wp-embedded-content\" sandbox=\"allow-scripts\" security=\"restricted\" style=\"position: absolute; clip: rect(1px, 1px, 1px, 1px);\" title=\"&#8220;CASAL 2016&#8221; &#8212; Divina Provid\u00e8ncia\" src=\"https:\/\/agora.xtec.cat\/coldivinaprovidencia\/general\/casal-2016\/embed\/#?secret=BI3zLzEjEC#?secret=UNtOLMIR4S\" data-secret=\"UNtOLMIR4S\" width=\"500\" height=\"282\" frameborder=\"0\" marginwidth=\"0\" marginheight=\"0\" scrolling=\"no\"><\/iframe><\/p>\n<p><strong><a href=\"http:\/\/agora.xtec.cat\/coldivinaprovidencia\/wp-content\/uploads\/usu1084\/2014\/09\/Casal.jpg\"><img loading=\"lazy\" decoding=\"async\" class=\" wp-image-710 aligncenter\" src=\"http:\/\/agora.xtec.cat\/coldivinaprovidencia\/wp-content\/uploads\/usu1084\/2014\/09\/Casal-690x1024.jpg\" alt=\"Casal\" width=\"514\" height=\"763\" srcset=\"https:\/\/agora.xtec.cat\/coldivinaprovidencia\/wp-content\/uploads\/usu1084\/2014\/09\/Casal-690x1024.jpg 690w, https:\/\/agora.xtec.cat\/coldivinaprovidencia\/wp-content\/uploads\/usu1084\/2014\/09\/Casal-202x300.jpg 202w, https:\/\/agora.xtec.cat\/coldivinaprovidencia\/wp-content\/uploads\/usu1084\/2014\/09\/Casal.jpg 1632w\" sizes=\"auto, (max-width: 514px) 100vw, 514px\" \/><\/a><\/strong><\/p>\n<p>&nbsp;<\/p>\n<p>&nbsp;<\/p>\n<p>&nbsp;<\/p>\n","protected":false},"excerpt":{"rendered":"<p>&nbsp;<br \/>\n<a href=\"http:\/\/agora.xtec.cat\/coldivinaprovidencia\/wp-content\/uploads\/usu1084\/2014\/09\/SummerFun1.png\"><\/a><br \/>\nPer aquest estiu 2016, l&#8217;escola ofereix una proposta l\u00fadica i educativa per als infants que volen gaudir de les vacances escolars en un espai conegut i proper. El Casal d&#8217;estiu proposa un seguit d&#8217;activitats: tallers, jocs, descobertes culturals, manualitats i festes, lligades a un&hellip;  <a href=\"https:\/\/agora.xtec.cat\/coldivinaprovidencia\/serveis\/casal-destiu\/\" title=\"Read Casal d&#8217;estiu\">Llegeix m\u00e9s\u00bb<\/a><\/p>\n","protected":false},"author":1,"featured_media":0,"parent":66,"menu_order":50,"comment_status":"closed","ping_status":"closed","template":"page-templates\/side-menu.php","meta":{"_bbp_topic_count":0,"_bbp_reply_count":0,"_bbp_total_topic_count":0,"_bbp_total_reply_count":0,"_bbp_voice_count":0,"_bbp_anonymous_reply_count":0,"_bbp_topic_count_hidden":0,"_bbp_reply_count_hidden":0,"_bbp_forum_subforum_count":0,"footnotes":""},"class_list":["post-82","page","type-page","status-publish","hentry"],"post_mailing_queue_ids":[],"_links":{"self":[{"href":"https:\/\/agora.xtec.cat\/coldivinaprovidencia\/wp-json\/wp\/v2\/pages\/82","targetHints":{"allow":["GET"]}}],"collection":[{"href":"https:\/\/agora.xtec.cat\/coldivinaprovidencia\/wp-json\/wp\/v2\/pages"}],"about":[{"href":"https:\/\/agora.xtec.cat\/coldivinaprovidencia\/wp-json\/wp\/v2\/types\/page"}],"author":[{"embeddable":true,"href":"https:\/\/agora.xtec.cat\/coldivinaprovidencia\/wp-json\/wp\/v2\/users\/1"}],"replies":[{"embeddable":true,"href":"https:\/\/agora.xtec.cat\/coldivinaprovidencia\/wp-json\/wp\/v2\/comments?post=82"}],"version-history":[{"count":3,"href":"https:\/\/agora.xtec.cat\/coldivinaprovidencia\/wp-json\/wp\/v2\/pages\/82\/revisions"}],"predecessor-version":[{"id":2707,"href":"https:\/\/agora.xtec.cat\/coldivinaprovidencia\/wp-json\/wp\/v2\/pages\/82\/revisions\/2707"}],"up":[{"embeddable":true,"href":"https:\/\/agora.xtec.cat\/coldivinaprovidencia\/wp-json\/wp\/v2\/pages\/66"}],"wp:attachment":[{"href":"https:\/\/agora.xtec.cat\/coldivinaprovidencia\/wp-json\/wp\/v2\/media?parent=82"}],"curies":[{"name":"wp","href":"https:\/\/api.w.org\/{rel}","templated":true}]}}