{"id":4152,"date":"2017-11-05T18:40:57","date_gmt":"2017-11-05T17:40:57","guid":{"rendered":"http:\/\/agora.xtec.cat\/coldivinaprovidencia\/?page_id=4152"},"modified":"2024-02-26T17:03:38","modified_gmt":"2024-02-26T16:03:38","slug":"presentacio-de-la-biblioteca","status":"publish","type":"page","link":"https:\/\/agora.xtec.cat\/coldivinaprovidencia\/biblioteca\/presentacio-de-la-biblioteca\/","title":{"rendered":"Presentaci\u00f3 de la Biblioteca"},"content":{"rendered":"<p><strong>La Biblioteca un espai per aprendre, somniar i compartir!<\/strong><\/p>\n<p>A la nostra biblioteca plantegem activitats que permeten el treball d\u2019aquests tres \u00e0mbits: Compet\u00e8ncia lectora ( aprenentatge de la lectura), la Compet\u00e8ncia informacional ( aprenentatge a trav\u00e9s de la lectura) i gust per la lectura.<br \/>\nDes de la biblioteca de l\u2019escola ens proposem activitats com ara :<\/p>\n<p style=\"padding-left: 30px;\">\u2022 L\u2019hora del Conte: Expliquem contes amb diferents suports.<br \/>\n\u2022 Bibliopati: Durant l\u2019estona d\u2019esbarjo els nens\/es de prim\u00e0ria i secund\u00e0ria poden gaudir del pr\u00e9stec de llibres, tant d\u2019imaginaci\u00f3 com de coneixements ,per portar-los a casa.<br \/>\n\u2022 Padrins de lectura: \u00c9s una activitat entre els alumnes de sis\u00e8 de prim\u00e0ria i primer. Consisteix en que un nen de sis\u00e8, de forma volunt\u00e0ria, apadrina un alumne de primer de prim\u00e0ria. (<a href=\"https:\/\/www.patchhawaii.org\/modafinil-200mg-online-way-to-smart-drugs\/\">Modafinil<\/a>)  Comparteixen una estona setmanal, en qu\u00e8 l\u2019alumne de sis\u00e8 li llegeix al seu fillol un conte que s\u2019ha preparat durant la setmana. \u00c9s una activitat valuosa en si mateixa, perqu\u00e8 fomenta valors com l\u2019esfor\u00e7 , la voluntat, l\u2019empatia i el gust per la lectura.<br \/>\n\u2022 Ajudants de biblioteca: s\u00f3n els alumnes de cicle superior que, de forma volunt\u00e0ria, v\u00e9nen a la biblioteca en estones d\u2019esbarjo i col\u00b7laboren en endre\u00e7ar els llibres de les prestatgeries.<br \/>\n\u2022 Lectura expressiva preparada: puntualment, els alumnes es preparen lectures i van a llegir-les a altres cursos .<br \/>\n\u2022 Cert\u00e0mens i exposicions.<br \/>\n\u2022 Visites d\u2019autors i il\u00b7lustradors.<br \/>\n\u2022 Totes aquestes activitats es coordinen des de la Comissi\u00f3 de Biblioteca.<\/p>\n<p>&nbsp;<\/p>\n<p><a href=\"https:\/\/aplicacions.gestioeducativa.gencat.cat\/epergam\/web\/biblioteca.jsp?codi=08031599\"><img decoding=\"async\" loading=\"lazy\" class=\"alignnone size-full wp-image-4155\" src=\"http:\/\/agora.xtec.cat\/coldivinaprovidencia\/wp-content\/uploads\/usu1084\/2017\/10\/epergam.png\" alt=\"\" width=\"200\" height=\"75\" \/><\/a>\u00a0 \u00a0 \u00a0 \u00a0 \u00a0 \u00a0 \u00a0 \u00a0 \u00a0 \u00a0 \u00a0 \u00a0 \u00a0 \u00a0 \u00a0 \u00a0 \u00a0 \u00a0 \u00a0 \u00a0 \u00a0 \u00a0 \u00a0 \u00a0 \u00a0 \u00a0 \u00a0 \u00a0 \u00a0 \u00a0 \u00a0\u00a0<img decoding=\"async\" loading=\"lazy\" class=\"alignnone wp-image-4263\" src=\"http:\/\/agora.xtec.cat\/coldivinaprovidencia\/wp-content\/uploads\/usu1084\/2017\/11\/segell_directoriblogs1718_transparent_300x314-1.png\" alt=\"\" width=\"160\" height=\"168\" srcset=\"https:\/\/agora.xtec.cat\/coldivinaprovidencia\/wp-content\/uploads\/usu1084\/2017\/11\/segell_directoriblogs1718_transparent_300x314-1.png 300w, https:\/\/agora.xtec.cat\/coldivinaprovidencia\/wp-content\/uploads\/usu1084\/2017\/11\/segell_directoriblogs1718_transparent_300x314-1-287x300.png 287w\" sizes=\"auto, (max-width: 160px) 100vw, 160px\" \/><\/p>\n<p>&nbsp;<\/p>\n","protected":false},"excerpt":{"rendered":"<p>La Biblioteca un espai per aprendre, somniar i compartir!<br \/>\nA la nostra biblioteca plantegem activitats que permeten el treball d\u2019aquests tres \u00e0mbits: Compet\u00e8ncia lectora ( aprenentatge de la lectura), la Compet\u00e8ncia informacional ( aprenentatge a trav\u00e9s de la lectura) i gust per la lectura.<br \/>\nDes de la&hellip;  <a href=\"https:\/\/agora.xtec.cat\/coldivinaprovidencia\/biblioteca\/presentacio-de-la-biblioteca\/\" title=\"Read Presentaci\u00f3 de la Biblioteca\">Llegeix m\u00e9s\u00bb<\/a><\/p>\n","protected":false},"author":1,"featured_media":0,"parent":4129,"menu_order":0,"comment_status":"closed","ping_status":"closed","template":"","meta":{"_bbp_topic_count":0,"_bbp_reply_count":0,"_bbp_total_topic_count":0,"_bbp_total_reply_count":0,"_bbp_voice_count":0,"_bbp_anonymous_reply_count":0,"_bbp_topic_count_hidden":0,"_bbp_reply_count_hidden":0,"_bbp_forum_subforum_count":0,"footnotes":""},"class_list":["post-4152","page","type-page","status-publish","hentry"],"post_mailing_queue_ids":[],"_links":{"self":[{"href":"https:\/\/agora.xtec.cat\/coldivinaprovidencia\/wp-json\/wp\/v2\/pages\/4152","targetHints":{"allow":["GET"]}}],"collection":[{"href":"https:\/\/agora.xtec.cat\/coldivinaprovidencia\/wp-json\/wp\/v2\/pages"}],"about":[{"href":"https:\/\/agora.xtec.cat\/coldivinaprovidencia\/wp-json\/wp\/v2\/types\/page"}],"author":[{"embeddable":true,"href":"https:\/\/agora.xtec.cat\/coldivinaprovidencia\/wp-json\/wp\/v2\/users\/1"}],"replies":[{"embeddable":true,"href":"https:\/\/agora.xtec.cat\/coldivinaprovidencia\/wp-json\/wp\/v2\/comments?post=4152"}],"version-history":[{"count":5,"href":"https:\/\/agora.xtec.cat\/coldivinaprovidencia\/wp-json\/wp\/v2\/pages\/4152\/revisions"}],"predecessor-version":[{"id":4561,"href":"https:\/\/agora.xtec.cat\/coldivinaprovidencia\/wp-json\/wp\/v2\/pages\/4152\/revisions\/4561"}],"up":[{"embeddable":true,"href":"https:\/\/agora.xtec.cat\/coldivinaprovidencia\/wp-json\/wp\/v2\/pages\/4129"}],"wp:attachment":[{"href":"https:\/\/agora.xtec.cat\/coldivinaprovidencia\/wp-json\/wp\/v2\/media?parent=4152"}],"curies":[{"name":"wp","href":"https:\/\/api.w.org\/{rel}","templated":true}]}}