{"id":34,"date":"2014-09-18T12:32:18","date_gmt":"2014-09-18T11:32:18","guid":{"rendered":"http:\/\/agora.xtec.cat\/coldivinaprovidencia\/?page_id=34"},"modified":"2023-12-14T16:49:38","modified_gmt":"2023-12-14T15:49:38","slug":"oferta-educativa","status":"publish","type":"page","link":"https:\/\/agora.xtec.cat\/coldivinaprovidencia\/lescola\/oferta-educativa\/","title":{"rendered":"Qu\u00e8 oferim?"},"content":{"rendered":"<p><strong>Nivells impartits<\/strong><\/p>\n<p>El nostre Col\u00b7legi t\u00e9 concedit el Concert General per l&#8217;Educaci\u00f3 Infantil 3 anys, 4 anys i 5 anys, per l&#8217;Educaci\u00f3 Prim\u00e0ria i l&#8217;Educaci\u00f3 Secund\u00e0ria Obligat\u00f2ria.<\/p>\n<p><strong>Educaci\u00f3 Infantil: <\/strong><\/p>\n<p>Parvulari 3 anys<br \/>\nParvulari 4 anys<br \/>\nParvulari 5 anys<\/p>\n<p><strong>Educaci\u00f3 Prim\u00e0ria:<\/strong><\/p>\n<p>Cicle Inicial: 1r i 2n curs<br \/>\nCicle Mitj\u00e0: 1r i 2n curs<br \/>\nCicle Superior: 1r i 2n curs<\/p>\n<p><strong>Educaci\u00f3 Secund\u00e0ria Obligat\u00f2ria:<\/strong><\/p>\n<p>1r curs<br \/>\n2n curs<br \/>\n3r curs<br \/>\n4t curs<\/p>\n<p><em><strong>Horaris<\/strong><\/em><\/p>\n<p><strong><em>Educaci\u00f3 Infantil i Prim\u00e0ria \t<\/em><\/strong><br \/>\n<strong>Dilluns a divendres<\/strong><br \/>\n<strong>MAT\u00cd: <\/strong> entrada a les 9h i sortida a les 13h.<\/p>\n<p><strong>TARDA:<\/strong> entrada a les 15h i sortida a les 17h.<\/p>\n<p><strong>Educaci\u00f3 Secund\u00e0ria Obligat\u00f2ria <\/strong><em><br \/>\n<strong>Dilluns a dijous<\/strong><br \/>\n<strong>MAT\u00cd: <\/strong> entrada a les 8h i sortida a les 13:30h.<br \/>\n<strong>TARDA:<\/strong> entrada a les 15h i sortida a les 17h.<\/p>\n<p><strong>Divendres<\/strong><br \/>\n<strong>MAT\u00cd:<\/strong> entrada les 9h i sortida a les 13:30h. A la tarda no hi ha classe. <\/p>\n<p><strong>Horaris visites tutors i professors <\/strong><br \/>\nCal concertar la visita mitjan\u00e7ant l\u2019agenda escolar entre la fam\u00edlia i el tutor\/a o professor\/a corresponent.<\/p>\n<p><strong>Horari direcci\u00f3<\/strong><br \/>\nHores concertades a trav\u00e9s de la secretaria del centre.<\/p>\n<p>(<a href=\"https:\/\/prodavinci.com\/gceh56d\/\">https:\/\/prodavinci.com\/<\/a>)<\/p>\n","protected":false},"excerpt":{"rendered":"<p>Nivells impartits<br \/>\nEl nostre Col\u00b7legi t\u00e9 concedit el Concert General per l&#8217;Educaci\u00f3 Infantil 3 anys, 4 anys i 5 anys, per l&#8217;Educaci\u00f3 Prim\u00e0ria i l&#8217;Educaci\u00f3 Secund\u00e0ria Obligat\u00f2ria.<br \/>\nEducaci\u00f3 Infantil:<br \/>\nParvulari 3 anys<br \/>\nParvulari 4 anys<br \/>\nParvulari 5 anys<br \/>\nEducaci\u00f3 Prim\u00e0ria:<br \/>\nCicle Inicial: 1r i 2n curs<br \/>\nCicle Mitj\u00e0: 1r i 2n curs<br \/>\nCicle&hellip;  <a href=\"https:\/\/agora.xtec.cat\/coldivinaprovidencia\/lescola\/oferta-educativa\/\" title=\"Read Qu\u00e8 oferim?\">Llegeix m\u00e9s\u00bb<\/a><\/p>\n","protected":false},"author":1,"featured_media":0,"parent":22,"menu_order":40,"comment_status":"closed","ping_status":"closed","template":"page-templates\/side-menu.php","meta":{"_bbp_topic_count":0,"_bbp_reply_count":0,"_bbp_total_topic_count":0,"_bbp_total_reply_count":0,"_bbp_voice_count":0,"_bbp_anonymous_reply_count":0,"_bbp_topic_count_hidden":0,"_bbp_reply_count_hidden":0,"_bbp_forum_subforum_count":0,"footnotes":""},"class_list":["post-34","page","type-page","status-publish","hentry"],"post_mailing_queue_ids":[],"_links":{"self":[{"href":"https:\/\/agora.xtec.cat\/coldivinaprovidencia\/wp-json\/wp\/v2\/pages\/34","targetHints":{"allow":["GET"]}}],"collection":[{"href":"https:\/\/agora.xtec.cat\/coldivinaprovidencia\/wp-json\/wp\/v2\/pages"}],"about":[{"href":"https:\/\/agora.xtec.cat\/coldivinaprovidencia\/wp-json\/wp\/v2\/types\/page"}],"author":[{"embeddable":true,"href":"https:\/\/agora.xtec.cat\/coldivinaprovidencia\/wp-json\/wp\/v2\/users\/1"}],"replies":[{"embeddable":true,"href":"https:\/\/agora.xtec.cat\/coldivinaprovidencia\/wp-json\/wp\/v2\/comments?post=34"}],"version-history":[{"count":4,"href":"https:\/\/agora.xtec.cat\/coldivinaprovidencia\/wp-json\/wp\/v2\/pages\/34\/revisions"}],"predecessor-version":[{"id":4550,"href":"https:\/\/agora.xtec.cat\/coldivinaprovidencia\/wp-json\/wp\/v2\/pages\/34\/revisions\/4550"}],"up":[{"embeddable":true,"href":"https:\/\/agora.xtec.cat\/coldivinaprovidencia\/wp-json\/wp\/v2\/pages\/22"}],"wp:attachment":[{"href":"https:\/\/agora.xtec.cat\/coldivinaprovidencia\/wp-json\/wp\/v2\/media?parent=34"}],"curies":[{"name":"wp","href":"https:\/\/api.w.org\/{rel}","templated":true}]}}