{"id":9118,"date":"2017-09-21T22:40:28","date_gmt":"2017-09-21T20:40:28","guid":{"rendered":"http:\/\/agora.xtec.cat\/col-tarres\/?page_id=9118"},"modified":"2026-02-04T22:30:29","modified_gmt":"2026-02-04T21:30:29","slug":"extraescolars","status":"publish","type":"page","link":"https:\/\/agora.xtec.cat\/col-tarres\/serveis\/extraescolars\/","title":{"rendered":"Activitats Extraescolars"},"content":{"rendered":"\n<h2 class=\"wp-block-heading has-text-align-center\">ACTIVITATS EXTRAESCOLARS 25-26<\/h2>\n\n\n\n<hr class=\"wp-block-separator has-text-color has-ast-global-color-1-color has-alpha-channel-opacity has-ast-global-color-1-background-color has-background\"\/>\n\n\n\n<div class=\"wp-block-columns has-ast-global-color-1-color has-text-color has-link-color wp-elements-e89b50b57920efcc8d26bc501ca24d76 is-layout-flex wp-container-core-columns-is-layout-1 wp-block-columns-is-layout-flex\" style=\"padding-top:var(--wp--preset--spacing--20);padding-bottom:var(--wp--preset--spacing--20)\">\n<div class=\"wp-block-column has-black-color has-text-color has-link-color wp-elements-4f8ccb3abcab74a3d7441bdd4eecdfe2 is-layout-flow wp-block-column-is-layout-flow\" style=\"padding-right:var(--wp--preset--spacing--50);flex-basis:65%\">\n<p class=\"has-black-color has-text-color has-link-color wp-elements-1728d9a43b1f6585b73ee75957023c5c\" style=\"padding-top:0;padding-bottom:0\">Creiem que les <strong>activitats extraescolars<\/strong>\u00a0s\u00f3n una bona eina per promoure les\u00a0<strong>relacions de la canalla fora de l\u2019aula<\/strong> i tamb\u00e9 per facilitar que puguin <strong>practicar esports<\/strong>,\u00a0<strong>idiomes<\/strong>\u00a0o fer\u00a0<strong>activitats de lleure<\/strong> despr\u00e9s de l\u2019horari escolar.<\/p>\n\n\n\n<p>\u00c9s important que tots els nens i les nenes del Tarr\u00e9s puguin fer alguna d&#8217;aquestes activitats\u00a0i per aix\u00f2 arribem a\u00a0<strong>acords amb les entitats del barri<\/strong> i de la ciutat per aconseguir preus el m\u00e0xim d&#8217;assequibles.<\/p>\n\n\n\n<p>L&#8217;oferta d&#8217;activitats extraescolars la treballem conjuntament amb l&#8217;<strong>AFA<\/strong>, a la <strong>Comissi\u00f3 d&#8217;Extraescolars<\/strong>, per tal de donar una resposta \u00f2ptima a totes elles.<\/p>\n\n\n\n<h4 class=\"wp-block-heading has-ast-global-color-1-color has-text-color has-link-color wp-elements-a2c24fc7ef9fdd3623b35a062b12d6e7\">Graella setmanal d&#8217;activitats 25-26<\/h4>\n\n\n\n<figure class=\"wp-block-image size-full\"><a href=\"https:\/\/agora.xtec.cat\/col-tarres\/wp-content\/uploads\/usu1585\/2025\/10\/image.png\"><img loading=\"lazy\" decoding=\"async\" width=\"811\" height=\"925\" src=\"https:\/\/agora.xtec.cat\/col-tarres\/wp-content\/uploads\/usu1585\/2025\/10\/image.png\" alt=\"\" class=\"wp-image-19191\" srcset=\"https:\/\/agora.xtec.cat\/col-tarres\/wp-content\/uploads\/usu1585\/2025\/10\/image.png 811w, https:\/\/agora.xtec.cat\/col-tarres\/wp-content\/uploads\/usu1585\/2025\/10\/image-263x300.png 263w, https:\/\/agora.xtec.cat\/col-tarres\/wp-content\/uploads\/usu1585\/2025\/10\/image-768x876.png 768w\" sizes=\"auto, (max-width: 811px) 100vw, 811px\" \/><\/a><\/figure>\n<\/div>\n\n\n\n<div class=\"wp-block-column is-layout-flow wp-block-column-is-layout-flow\" style=\"padding-left:var(--wp--preset--spacing--50);flex-basis:50%\">\n<h4 class=\"wp-block-heading has-ast-global-color-1-color has-text-color has-link-color wp-elements-bb74a2754ca62c55384b95130339e841\">Informaci\u00f3 de cada activitat<\/h4>\n\n\n\n<p class=\"has-black-color has-text-color has-link-color wp-elements-8e129d78f7f70805d97df1974528ab3b\">Podeu con\u00e8ixer tota la informaci\u00f3 de cada extraescolar a trav\u00e9s del seg\u00fcent desplegable:<\/p>\n\n\n\n<h5 class=\"wp-block-heading has-black-color has-text-color has-link-color wp-elements-8e72150b6f6f906403b249a2c9828d94\">Informacions, preus i inscripcions:<\/h5>\n\n\n\n<div class=\"wp-block-getwid-toggle has-icon-left\">\n<div class=\"wp-block-getwid-toggle__row\"><div class=\"wp-block-getwid-toggle__header-wrapper\"><h5 class=\"wp-block-getwid-toggle__header\"><a href=\"#\"><span class=\"wp-block-getwid-toggle__header-title\">Psicomotricitat \/ Multiesport<\/span><span class=\"wp-block-getwid-toggle__icon is-active\"><i class=\"fas fa-plus\"><\/i><\/span><span class=\"wp-block-getwid-toggle__icon is-passive\"><i class=\"fas fa-minus\"><\/i><\/span><\/a><\/h5><\/div><div class=\"wp-block-getwid-toggle__content-wrapper\"><div class=\"wp-block-getwid-toggle__content\">\n<p class=\"has-black-color has-text-color has-link-color wp-elements-7c8213bd04277f6f41382b403c9c50b7\">Activitats de <strong>Psicomotricitat<\/strong> per a Infantil: expressi\u00f3, moviment corporal i coordinaci\u00f3, lligades a la feina que es fa en horari lectiu.<\/p>\n\n\n\n<p class=\"has-black-color has-text-color has-link-color wp-elements-4861bbc86b77ede6db82145bd6d90cc2\">Activitats impartides pels mestres de l\u2019Escola <strong>Enric Raya i Ivan Villarraso<\/strong>.<\/p>\n\n\n\n<ul class=\"wp-block-list has-black-color has-text-color has-link-color wp-elements-626c986851fff7d3b6791ece2aab0b58\">\n<li><strong>Edats<\/strong>: Educaci\u00f3 Infantil (I3-I5)<\/li>\n\n\n\n<li><strong>Horari<\/strong>: dimarts i\/o dijous de 16:45 a 18h.<\/li>\n\n\n\n<li><strong>Preu 1 dia\/setmana<\/strong>: 24 \u20ac\/mes<\/li>\n\n\n\n<li><strong>Preu 2 dies\/setmana<\/strong>: 45 \u20ac\/mes<\/li>\n<\/ul>\n\n\n\n<p class=\"has-black-color has-text-color has-link-color wp-elements-c43f89dde343bd335492477f8891de54\">Formulari d&#8217;inscripcions:<a href=\"https:\/\/forms.gle\/1WYWrxg1T6Gd5dpZ7\"> <\/a><a href=\"https:\/\/forms.gle\/TYtwLZwF4d3AmAGC8\">https:\/\/forms.gle\/TYtwLZwF4d3AmAGC8<\/a><\/p>\n\n\n\n<p class=\"has-black-color has-text-color has-link-color wp-elements-123afbab0b8aec45df93c345240f9e22\">Les fam\u00edlies podeu triar entre apuntar-vos un dia o dos a la setmana. El m\u00ednim per grup \u00e9s de 6 infants. <\/p>\n\n\n\n<p class=\"has-black-color has-text-color has-link-color wp-elements-c476fa3df68559f72ee7cde02bad16df\">Per m\u00e9s informaci\u00f3 podeu contactar amb l\u2019Escola: <a href=\"mailto:info@escolatarres.com\">info@escolatarres.com<\/a> o al 937 23 57 01.<\/p>\n<\/div><\/div><\/div>\n\n\n\n<div class=\"wp-block-getwid-toggle__row\"><div class=\"wp-block-getwid-toggle__header-wrapper\"><h5 class=\"wp-block-getwid-toggle__header\"><a href=\"#\"><span class=\"wp-block-getwid-toggle__header-title\">Taller d&#8217;Art (Xifr\u00e9)<\/span><span class=\"wp-block-getwid-toggle__icon is-active\"><i class=\"fas fa-plus\"><\/i><\/span><span class=\"wp-block-getwid-toggle__icon is-passive\"><i class=\"fas fa-minus\"><\/i><\/span><\/a><\/h5><\/div><div class=\"wp-block-getwid-toggle__content-wrapper\"><div class=\"wp-block-getwid-toggle__content\">\n<p class=\"has-black-color has-text-color has-link-color wp-elements-ae5fc7e2f1b2a12bd530d93c163bfc1d\">Aquesta extraescolar es far\u00e0 a l\u2019Escola-Taller d&#8217;Art Xifr\u00e9, situat una cantonada m\u00e9s amunt de l\u2019Escola (Carrer del Canonge Joncar, 170).<\/p>\n\n\n\n<ul class=\"wp-block-list has-black-color has-text-color has-link-color wp-elements-8795ff2bb77c35140d768956de505916\">\n<li><strong>Edats<\/strong>: d\u2019Infantil-5 a 6\u00e8 de Prim\u00e0ria<\/li>\n\n\n\n<li><strong>Horari<\/strong>: dilluns de 16:45 a 19h.<\/li>\n\n\n\n<li><strong>Preu<\/strong>: 60\u20ac\/mes + 40\u20ac matr\u00edcula (\u00fanic pagament)<\/li>\n<\/ul>\n\n\n\n<p class=\"has-black-color has-text-color has-link-color wp-elements-80903d7034831d51cc1d86edda32a720\">Formulari d&#8217;inscripcions: <a href=\"https:\/\/forms.gle\/5tddpxMD2RZssj5w9\">https:\/\/forms.gle\/5tddpxMD2RZssj5w9<\/a><\/p>\n\n\n\n<p class=\"has-black-color has-text-color has-link-color wp-elements-eb6a9a1efe36575a193f7c3662cc2390\">Els infants faran activitats de dibuix (ceres, llapis, carbonet, retolador&#8230;), pintures a l\u2019aigua, tinta xinesa, fang i manualitats de tem\u00e0tiques diverses segons l\u2019\u00e8poca de l\u2019any.<\/p>\n\n\n\n<p class=\"has-black-color has-text-color has-link-color wp-elements-3e94b5de241f89266c26d419f0276dba\">A l\u2019hora de plegar de l\u2019Escola, els infants seran acompanyats pels monitors fins al Taller Xifr\u00e9 i els pares els haureu de recollir all\u00e0 a les 19h.<\/p>\n\n\n\n<p class=\"has-black-color has-text-color has-link-color wp-elements-c6367a975d4a0ffc476677d9fec7f3fe\">Per m\u00e9s informaci\u00f3 podeu contactar amb l\u2019AFA, promotora de l&#8217;activitat: <a href=\"mailto:afa@escolatarres.com\">afa@escolatarres.com<\/a><\/p>\n<\/div><\/div><\/div>\n\n\n\n<div class=\"wp-block-getwid-toggle__row\"><div class=\"wp-block-getwid-toggle__header-wrapper\"><h5 class=\"wp-block-getwid-toggle__header\"><a href=\"#\"><span class=\"wp-block-getwid-toggle__header-title\">Angl\u00e8s (Clarence House)<\/span><span class=\"wp-block-getwid-toggle__icon is-active\"><i class=\"fas fa-plus\"><\/i><\/span><span class=\"wp-block-getwid-toggle__icon is-passive\"><i class=\"fas fa-minus\"><\/i><\/span><\/a><\/h5><\/div><div class=\"wp-block-getwid-toggle__content-wrapper\"><div class=\"wp-block-getwid-toggle__content\">\n<p class=\"has-black-color has-text-color has-link-color wp-elements-5f37892ec6fdc04803228f809ae98344\">Classes de llengua anglesa impartides per l\u2019acad\u00e8mia <strong>Clarence House<\/strong> de Sabadell, amb m\u00e9s de 35 anys d\u2019experi\u00e8ncia i que col\u00b7labora amb l\u2019Escola en els auxiliars ling\u00fc\u00edstics de conversa.<\/p>\n\n\n\n<p class=\"has-black-color has-text-color has-link-color wp-elements-0c868e0a3c1c209b3cb18209473c9915\">ANGL\u00c8S PETITS (1 DIA)<\/p>\n\n\n\n<ul class=\"wp-block-list has-black-color has-text-color has-link-color wp-elements-458a6af0e441f3e47e710171a8de5f9c\">\n<li><strong>Edats<\/strong>: d\u2019Infantil-5 a 2n de Prim\u00e0ria.<\/li>\n\n\n\n<li><strong>Horari<\/strong>: dimecres de 16:45 a 18h.<\/li>\n\n\n\n<li><strong>Preu<\/strong>: 38 \u20ac\/mes (material incl\u00f2s)<\/li>\n\n\n\n<li><strong>Inscripcions<\/strong>: <a href=\"mailto:afa@escolatarres.com\">afa@escolatarres.com<\/a><\/li>\n<\/ul>\n\n\n\n<p class=\"has-black-color has-text-color has-link-color wp-elements-869032b23e48ab868e2b4826fcb002bf\">ANGL\u00c8S MITJANS (1 DIA)<\/p>\n\n\n\n<ul class=\"wp-block-list has-black-color has-text-color has-link-color wp-elements-1b8fede80809e4e44fdbe0d4c9790784\">\n<li><strong>Edats<\/strong>: 3r de Prim\u00e0ria.<\/li>\n\n\n\n<li><strong>Horari<\/strong>: dimecres de 16:45 a 18h.<\/li>\n\n\n\n<li><strong>Preu<\/strong>: 38 \u20ac\/mes (material incl\u00f2s)<\/li>\n\n\n\n<li><strong>Inscripcions<\/strong>:  <a href=\"mailto:afa@escolatarres.com\">afa@escolatarres.com<\/a><\/li>\n<\/ul>\n\n\n\n<p class=\"has-black-color has-text-color has-link-color wp-elements-7be631ac18984b7c89147f2dabeb32c3\">ANGL\u00c8S GRANS (2 DIES)<\/p>\n\n\n\n<ul class=\"wp-block-list has-black-color has-text-color has-link-color wp-elements-81adc47eed0e3f93ea8068e2ae8956c4\">\n<li><strong>Edats<\/strong>: de 4t a 6\u00e8 Prim\u00e0ria<\/li>\n\n\n\n<li><strong>Horari<\/strong>: dilluns i dimecres de 16:45 a 18h.<\/li>\n\n\n\n<li><strong>Preu<\/strong>: 65,50 \u20ac\/mes + llibre<\/li>\n\n\n\n<li><strong>Inscripcions<\/strong>:  <a href=\"mailto:afa@escolatarres.com\">afa@escolatarres.com<\/a><\/li>\n<\/ul>\n\n\n\n<p class=\"has-black-color has-text-color has-link-color wp-elements-069b54f7927f9fde1cc7c0b939f1eb7a\">Les activitats coordinades per l\u2019AFA tenen una <strong>matr\u00edcula de 30 \u20ac<\/strong> (gratu\u00efta per a les fam\u00edlies s\u00f2cies de l\u2019AFA).<\/p>\n\n\n\n<p class=\"has-black-color has-text-color has-link-color wp-elements-ccf2c86a63ab18cc85e69837b19956a3\">Algunes consideracions:<\/p>\n\n\n\n<ul class=\"wp-block-list has-black-color has-text-color has-link-color wp-elements-6b361c627a64cce9f51ff7d8df9f8a68\">\n<li>Els dies festius es recuperaran amb fraccions de 30 minuts a la classe anterior i posterior del dia festiu.<\/li>\n\n\n\n<li>Els alumnes s\u2019agruparan segons nivell d\u2019angl\u00e8s, respectant, com a molt, 2 cursos escolars consecutius.<\/li>\n\n\n\n<li>El m\u00ednim d\u2019alumnes per fer l\u2019activitat s\u00f3n 7 infants.<\/li>\n\n\n\n<li>Si un grup de fam\u00edlies (m\u00ednim 7 alumnes) vol proposar un altre dia, cal que aix\u00ed ho indiquin als comentaris del formulari.<\/li>\n<\/ul>\n\n\n\n<p class=\"has-black-color has-text-color has-link-color wp-elements-83b75eae1d97d7e3f56cb4a7f03ec393\">Per m\u00e9s informaci\u00f3 podeu contactar amb l\u2019AFA, promotora de l&#8217;activitat<a href=\"mailto:afa@escolatarres.com\">.<\/a><\/p>\n<\/div><\/div><\/div>\n\n\n\n<div class=\"wp-block-getwid-toggle__row\"><div class=\"wp-block-getwid-toggle__header-wrapper\"><h5 class=\"wp-block-getwid-toggle__header\"><a href=\"#\"><span class=\"wp-block-getwid-toggle__header-title\">Dibuix i Manga (Pintor Lomas)<\/span><span class=\"wp-block-getwid-toggle__icon is-active\"><i class=\"fas fa-plus\"><\/i><\/span><span class=\"wp-block-getwid-toggle__icon is-passive\"><i class=\"fas fa-minus\"><\/i><\/span><\/a><\/h5><\/div><div class=\"wp-block-getwid-toggle__content-wrapper\"><div class=\"wp-block-getwid-toggle__content\">\n<p class=\"has-black-color has-text-color has-link-color wp-elements-227c6ab528a31f0dbec4103b561ae42a\">Taller de dibuix a partir del Manga, l\u2019explicaci\u00f3 d\u2019hist\u00f2ries, la creativitat i l\u2019expressi\u00f3. Trobareu m\u00e9s informaci\u00f3 sobre l\u2019artista, la descripci\u00f3 de les activitats i les metodologies al dossier.<\/p>\n\n\n\n<p class=\"has-black-color has-text-color has-link-color wp-elements-d52128a4eb5b7432bf2a9f9e7907975b\"><a href=\"https:\/\/drive.google.com\/file\/d\/1TtoYwmfxyz4w_KurttCFC-BibrSmiqly\/view\">Premeu aqu\u00ed<\/a> per accedir al dossier d\u2019informaci\u00f3 de l\u2019activitat.<\/p>\n\n\n\n<ul class=\"wp-block-list has-black-color has-text-color has-link-color wp-elements-01eb1a00b04d9d31f4d886c868795dac\">\n<li><strong>Edats<\/strong>: d&#8217;Infantil-5 a 2n d&#8217;ESO<\/li>\n\n\n\n<li><strong>Horari<\/strong>: dilluns de 16:45 a 18h.<\/li>\n\n\n\n<li><strong>Preu<\/strong>: 33 \u20ac\/mes<\/li>\n<\/ul>\n\n\n\n<p class=\"has-black-color has-text-color has-link-color wp-elements-069b54f7927f9fde1cc7c0b939f1eb7a\">Les activitats coordinades per l\u2019AFA tenen una <strong>matr\u00edcula de 30 \u20ac<\/strong> (gratu\u00efta per a les fam\u00edlies s\u00f2cies de l\u2019AFA).<\/p>\n\n\n\n<p class=\"has-black-color has-text-color has-link-color wp-elements-2fe63876eb6e40ef809a476887af980c\">Formulari d&#8217;inscripcions: <a href=\"https:\/\/forms.gle\/MJDQoojRGDJeFjYVA\">https:\/\/forms.gle\/MJDQoojRGDJeFjYVA<\/a><\/p>\n\n\n\n<p class=\"has-black-color has-text-color has-link-color wp-elements-ccf2c86a63ab18cc85e69837b19956a3\">Algunes consideracions:<\/p>\n\n\n\n<ul class=\"wp-block-list has-black-color has-text-color has-link-color wp-elements-38d66098bb13baa885c0bf6db25671f2\">\n<li>El m\u00ednim d\u2019alumnes per fer l\u2019activitat s\u00f3n 6 infants i el m\u00e0xim, 15.<\/li>\n\n\n\n<li>Els infants hauran de portar un bloc de dibuix de mida A4, llapis HB, goma, maquineta i dos retoladors (un de punta fina i un altre de punta mitjana). Els retoladors i llapis de colors s\u00f3n opcionals.<\/li>\n<\/ul>\n\n\n\n<p class=\"has-black-color has-text-color has-link-color wp-elements-c6367a975d4a0ffc476677d9fec7f3fe\">Per m\u00e9s informaci\u00f3 podeu contactar amb l\u2019AFA, promotora de l&#8217;activitat: <a href=\"mailto:afa@escolatarres.com\">afa@escolatarres.com<\/a><\/p>\n<\/div><\/div><\/div>\n\n\n\n<div class=\"wp-block-getwid-toggle__row\"><div class=\"wp-block-getwid-toggle__header-wrapper\"><h5 class=\"wp-block-getwid-toggle__header\"><a href=\"#\"><span class=\"wp-block-getwid-toggle__header-title\">Defensa personal (Oriol L\u00f3pez)<\/span><span class=\"wp-block-getwid-toggle__icon is-active\"><i class=\"fas fa-plus\"><\/i><\/span><span class=\"wp-block-getwid-toggle__icon is-passive\"><i class=\"fas fa-minus\"><\/i><\/span><\/a><\/h5><\/div><div class=\"wp-block-getwid-toggle__content-wrapper\"><div class=\"wp-block-getwid-toggle__content\">\n<p class=\"has-black-color has-text-color has-link-color wp-elements-f518969330e6474ca990fa6b2efe5c56\"><em><strong>ACTIVITAT COMPLETA (AMB LLISTA D&#8217;ESPERA)<\/strong><\/em><\/p>\n\n\n\n<p class=\"has-black-color has-text-color has-link-color wp-elements-7500208cf8f3a28cec7bee2e4f823669\">Aquestes classes de defensa personal tenen com a objectiu ajudar-los a guanyar confian\u00e7a, millorar la disciplina i aprendre t\u00e8cniques b\u00e0siques d&#8217;autodefensa de manera segura i adaptada a la seva edat.<\/p>\n\n\n\n<ul class=\"wp-block-list has-black-color has-text-color has-link-color wp-elements-d597ff1c659fdb46dc0a0d4c4c6b11a5\">\n<li><strong>Edats<\/strong>: d&#8217;I4 a  6\u00e8 de Prim\u00e0ria<\/li>\n\n\n\n<li><strong>Horari<\/strong>: dilluns i  dimecres de 16:45 a 18h.<\/li>\n\n\n\n<li><strong>Preu<\/strong>: 30 \u20ac\/mes (1 dia\/setmana)<\/li>\n<\/ul>\n\n\n\n<p class=\"has-black-color has-text-color has-link-color wp-elements-069b54f7927f9fde1cc7c0b939f1eb7a\">Les activitats coordinades per l\u2019AFA tenen una <strong>matr\u00edcula de 30 \u20ac<\/strong> (gratu\u00efta per a les fam\u00edlies s\u00f2cies de l\u2019AFA).<\/p>\n\n\n\n<p class=\"has-black-color has-text-color has-link-color wp-elements-83b75eae1d97d7e3f56cb4a7f03ec393\">Per m\u00e9s informaci\u00f3 podeu contactar amb l\u2019AFA, promotora de l&#8217;activitat<a href=\"mailto:afa@escolatarres.com\">.<\/a><\/p>\n<\/div><\/div><\/div>\n\n\n\n<div class=\"wp-block-getwid-toggle__row\"><div class=\"wp-block-getwid-toggle__header-wrapper\"><h5 class=\"wp-block-getwid-toggle__header\"><a href=\"#\"><span class=\"wp-block-getwid-toggle__header-title\">Refor\u00e7 escolar (Educatium)<\/span><span class=\"wp-block-getwid-toggle__icon is-active\"><i class=\"fas fa-plus\"><\/i><\/span><span class=\"wp-block-getwid-toggle__icon is-passive\"><i class=\"fas fa-minus\"><\/i><\/span><\/a><\/h5><\/div><div class=\"wp-block-getwid-toggle__content-wrapper\"><div class=\"wp-block-getwid-toggle__content\">\n<p class=\"has-black-color has-text-color has-link-color wp-elements-14abf9a06388798eabc28424d6039886\">Aula de refor\u00e7 escolar orientada als alumnes de Prim\u00e0ria.<\/p>\n\n\n\n<ul class=\"wp-block-list has-black-color has-text-color has-link-color wp-elements-4fcae654da3ec613ba72e12f85c04cd9\">\n<li><strong>Edats<\/strong>: Educaci\u00f3 Prim\u00e0ria (1r-6\u00e8)<\/li>\n\n\n\n<li><strong>Horari<\/strong>: dimecres de 16:45 a 18h.<\/li>\n\n\n\n<li><strong>Preu 1 dia\/set: <\/strong>19 \u20ac\/mes<\/li>\n<\/ul>\n\n\n\n<p class=\"has-black-color has-text-color has-link-color wp-elements-069b54f7927f9fde1cc7c0b939f1eb7a\">Les activitats coordinades per l\u2019AFA tenen una <strong>matr\u00edcula de 30 \u20ac<\/strong> (gratu\u00efta per a les fam\u00edlies s\u00f2cies de l\u2019AFA).<\/p>\n\n\n\n<p class=\"has-black-color has-text-color has-link-color wp-elements-f2deb661a77b329f8a61a201aafde271\">Per m\u00e9s informaci\u00f3 i inscripcions podeu contactar amb l\u2019AFA, promotora de l&#8217;activitat: <a href=\"mailto:afa@escolatarres.com\">afa@escolatarres.com<\/a><\/p>\n<\/div><\/div><\/div>\n\n\n\n<div class=\"wp-block-getwid-toggle__row\"><div class=\"wp-block-getwid-toggle__header-wrapper\"><h5 class=\"wp-block-getwid-toggle__header\"><a href=\"#\"><span class=\"wp-block-getwid-toggle__header-title\">ImaginArte (Educatium)<\/span><span class=\"wp-block-getwid-toggle__icon is-active\"><i class=\"fas fa-plus\"><\/i><\/span><span class=\"wp-block-getwid-toggle__icon is-passive\"><i class=\"fas fa-minus\"><\/i><\/span><\/a><\/h5><\/div><div class=\"wp-block-getwid-toggle__content-wrapper\"><div class=\"wp-block-getwid-toggle__content\">\n<p class=\"has-black-color has-text-color has-link-color wp-elements-6415c51af1900eb684c918286db12fa0\">Activitats d\u2019art, pintura, escultura&#8230; orientades als m\u00e9s petits de l\u2019Escola.<\/p>\n\n\n\n<ul class=\"wp-block-list has-black-color has-text-color has-link-color wp-elements-82d5ca23d5e67b6abde855a2389408a0\">\n<li><strong>Edats<\/strong>: Educaci\u00f3 Infantil (I3-I5)<\/li>\n\n\n\n<li><strong>Horari<\/strong>: dimecres de 16:45 a 18h.<\/li>\n\n\n\n<li><strong>Preu<\/strong>: 24,50 \u20ac\/mes<\/li>\n<\/ul>\n\n\n\n<p class=\"has-black-color has-text-color has-link-color wp-elements-069b54f7927f9fde1cc7c0b939f1eb7a\">Les activitats coordinades per l\u2019AFA tenen una <strong>matr\u00edcula de 30 \u20ac<\/strong> (gratu\u00efta per a les fam\u00edlies s\u00f2cies de l\u2019AFA).<\/p>\n\n\n\n<p class=\"has-black-color has-text-color has-link-color wp-elements-f2deb661a77b329f8a61a201aafde271\">Per m\u00e9s informaci\u00f3 i inscripcions podeu contactar amb l\u2019AFA, promotora de l&#8217;activitat: <a href=\"mailto:afa@escolatarres.com\">afa@escolatarres.com<\/a><\/p>\n<\/div><\/div><\/div>\n\n\n\n<div class=\"wp-block-getwid-toggle__row\"><div class=\"wp-block-getwid-toggle__header-wrapper\"><h5 class=\"wp-block-getwid-toggle__header\"><a href=\"#\"><span class=\"wp-block-getwid-toggle__header-title\">Futbol i futbol sala (Sabadell Atl\u00e8tic)<\/span><span class=\"wp-block-getwid-toggle__icon is-active\"><i class=\"fas fa-plus\"><\/i><\/span><span class=\"wp-block-getwid-toggle__icon is-passive\"><i class=\"fas fa-minus\"><\/i><\/span><\/a><\/h5><\/div><div class=\"wp-block-getwid-toggle__content-wrapper\"><div class=\"wp-block-getwid-toggle__content\">\n<p><em>Activitat realitzada fora de l&#8217;Escola<\/em>.<\/p>\n\n\n\n<p class=\"has-black-color has-text-color has-link-color wp-elements-68303b2394031aafabfbb82e2c4ba448\">Es tracta d\u2019una Associaci\u00f3 Esportiva de Sabadell, la qual es dedica al futbol base i al futbol sala, amb una vintena d\u2019equips. Els entrenaments del futbol s\u00f3n a l\u2019Escola Gresol (carretera Matadepera) i els de futbol sala a l\u2019Escola Miquel Mart\u00ed i Pol (c. Cervantes, 87).<\/p>\n\n\n\n<p class=\"has-black-color has-text-color has-link-color wp-elements-c23ec2628e339768022ed918373a8f52\"><a href=\"https:\/\/drive.google.com\/file\/d\/1nF8ljbhzxNor0CpGj1QpTB6YrfFNGfxu\/view\">Premeu aqu\u00ed<\/a> per accedir al dossier d\u2019informaci\u00f3 de l\u2019activitat.<\/p>\n\n\n\n<p class=\"has-black-color has-text-color has-link-color wp-elements-91fde50e2a026d5889e2148222139f77\">FUTBOL BENJAM\u00cd I ALEV\u00cd<\/p>\n\n\n\n<ul class=\"wp-block-list has-black-color has-text-color has-link-color wp-elements-b562677301daf7044b64c31687de18e3\">\n<li><strong>Edats<\/strong>: Cicle Mitj\u00e0 i Cicle Superior<\/li>\n\n\n\n<li><strong>Horari<\/strong>: dilluns i dimecres de 18 a 19:30h.<\/li>\n<\/ul>\n\n\n\n<p class=\"has-black-color has-text-color has-link-color wp-elements-ae08fca3fa9b6bc1139613a618ad2a0b\">FUTBOL INFANTIL I CADET<\/p>\n\n\n\n<ul class=\"wp-block-list has-black-color has-text-color has-link-color wp-elements-b9383a6ffc4c56e02f02304a1308ec83\">\n<li><strong>Edats<\/strong>: Secund\u00e0ria<\/li>\n\n\n\n<li><strong>Horari<\/strong>: dimarts i dijous de 18 a 19:30h.<\/li>\n<\/ul>\n\n\n\n<p class=\"has-black-color has-text-color has-link-color wp-elements-69e89c747941c986d6ccbbd33b6ea177\">FUTBOL SALA BENJAM\u00cd I ALEV\u00cd<\/p>\n\n\n\n<ul class=\"wp-block-list has-black-color has-text-color has-link-color wp-elements-721c1047621c2360bac1c4ab10d3b205\">\n<li><strong>Edats<\/strong>: Cicle Mitj\u00e0 i Cicle Superior<\/li>\n\n\n\n<li><strong>Horari<\/strong>: dimarts i dijous de 18:15 a 19:45h.<\/li>\n<\/ul>\n\n\n\n<p class=\"has-black-color has-text-color has-link-color wp-elements-dbf928770c30e52cced6d5354ca51587\">FUTBOL SALA INFANTIL<\/p>\n\n\n\n<ul class=\"wp-block-list has-black-color has-text-color has-link-color wp-elements-81a549d53ba653acf1b084433ddaaecc\">\n<li><strong>Edats<\/strong>: 1r i 2n d&#8217;ESO<\/li>\n\n\n\n<li><strong>Horari<\/strong>: dilluns i dimecres de 18:15 a 19:45h.<\/li>\n<\/ul>\n\n\n\n<p class=\"has-black-color has-text-color has-link-color wp-elements-01a96a8d1e178e32cfde4e327ba39ecb\">FUTBOL SALA CADET<\/p>\n\n\n\n<ul class=\"wp-block-list has-black-color has-text-color has-link-color wp-elements-f0058f7db38671967059d6388ce9fdbb\">\n<li><strong>Edats<\/strong>: 3r i 4t d&#8217;ESO<\/li>\n\n\n\n<li><strong>Horari<\/strong>: dilluns i dimecres de 19:45 a 21:15h.<\/li>\n<\/ul>\n\n\n\n<p class=\"has-black-color has-text-color has-link-color wp-elements-c6367a975d4a0ffc476677d9fec7f3fe\">Per m\u00e9s informaci\u00f3 podeu contactar amb l\u2019AFA, promotora de l&#8217;activitat: <a href=\"mailto:afa@escolatarres.com\">afa@escolatarres.com<\/a><\/p>\n<\/div><\/div><\/div>\n\n\n\n<div class=\"wp-block-getwid-toggle__row\"><div class=\"wp-block-getwid-toggle__header-wrapper\"><h5 class=\"wp-block-getwid-toggle__header\"><a href=\"#\"><span class=\"wp-block-getwid-toggle__header-title\">Creu Alta B\u00e0squet<\/span><span class=\"wp-block-getwid-toggle__icon is-active\"><i class=\"fas fa-plus\"><\/i><\/span><span class=\"wp-block-getwid-toggle__icon is-passive\"><i class=\"fas fa-minus\"><\/i><\/span><\/a><\/h5><\/div><div class=\"wp-block-getwid-toggle__content-wrapper\"><div class=\"wp-block-getwid-toggle__content\">\n<p><em>Activitat realitzada fora de l&#8217;Escola<\/em>.<\/p>\n\n\n\n<p class=\"has-black-color has-text-color has-link-color wp-elements-0f07e0dcf50bfe9b7ec0b7db78242c94\">L&#8217;Escola Creu Alta Sabadell B\u00e0squet ofereix totes les categories del b\u00e0squet escolar i diferents grups per a tots els nivells. Les activitats es realitzen al Pavell\u00f3 Municipal de Cal Balsach (a 300 metres de l&#8217;Escola).<\/p>\n\n\n\n<ul class=\"wp-block-list has-black-color has-text-color has-link-color wp-elements-a01ef15d2f581444df1b5e545e6986c9\">\n<li><strong>Edats<\/strong>: Prim\u00e0ria i Secund\u00e0ria.<\/li>\n<\/ul>\n\n\n\n<p class=\"has-black-color has-text-color has-link-color wp-elements-ed59a4e8e9eae2dcf8efbf8ffb274839\">Per a les inscripcins i m\u00e9s informaci\u00f3 podeu enviar un correu electr\u00f2nic a <a href=\"mailto:secretaria@creualtabasquet.cat\">secretaria@creualtabasquet.cat<\/a>.<\/p>\n<\/div><\/div><\/div>\n<\/div>\n\n\n\n<p><\/p>\n\n\n\n<p class=\"has-black-color has-text-color has-link-color wp-elements-aa1509d5a3c0a1ed8ebbd81064ec1c80\">Cal tenir en compte que hi ha d&#8217;haver un nombre m\u00ednim d&#8217;alumnes inscrits (aproximadament uns 6 infants, per\u00f2 dep\u00e8n de cada entitat organitzadora), per tal de poder tirar endavant l&#8217;activitat.<\/p>\n\n\n\n<h5 class=\"wp-block-heading has-black-color has-text-color has-link-color wp-elements-77df9c4f00762c79fffdb81ce8fff0b9\">Curset intensiu tardes de juny:<\/h5>\n\n\n\n<p class=\"has-black-color has-text-color has-link-color wp-elements-36d13fc64908eb58348b35d318a3a209\">Durant les \u00faltimes setmanes del curs organitzem, juntament amb VillageNiu, un curset intensiu de nataci\u00f3 a les tardes, pels infants d&#8217;<strong>I3 a 3r de Prim\u00e0ria<\/strong>.<\/p>\n\n\n\n<figure class=\"wp-block-embed is-type-wp-embed is-provider-col-legi-tarr-s wp-block-embed-col-legi-tarr-s\"><div class=\"wp-block-embed__wrapper\">\n<blockquote class=\"wp-embedded-content\" data-secret=\"Vjagp45nNl\"><a href=\"https:\/\/agora.xtec.cat\/col-tarres\/portada\/curset-intensiu-de-natacio-juny\/\">Curset intensiu de nataci\u00f3 (Juny&#8217;25)<\/a><\/blockquote><iframe loading=\"lazy\" class=\"wp-embedded-content\" sandbox=\"allow-scripts\" security=\"restricted\" style=\"position: absolute; visibility: hidden;\" title=\"&#8220;Curset intensiu de nataci\u00f3 (Juny&#8217;25)&#8221; &#8212; Col\u00b7legi Tarr\u00e9s\" src=\"https:\/\/agora.xtec.cat\/col-tarres\/portada\/curset-intensiu-de-natacio-juny\/embed\/#?secret=V6vIZRqoCS#?secret=Vjagp45nNl\" data-secret=\"Vjagp45nNl\" width=\"500\" height=\"282\" frameborder=\"0\" marginwidth=\"0\" marginheight=\"0\" scrolling=\"no\"><\/iframe>\n<\/div><\/figure>\n<\/div>\n<\/div>\n\n\n\n<p><\/p>\n","protected":false},"excerpt":{"rendered":"<p>ACTIVITATS EXTRAESCOLARS 25-26 Creiem que les activitats extraescolars\u00a0s\u00f3n una bona eina per promoure les\u00a0relacions de la canalla fora de l\u2019aula [&hellip;]<\/p>\n","protected":false},"author":1,"featured_media":0,"parent":63,"menu_order":3,"comment_status":"closed","ping_status":"closed","template":"","meta":{"_bbp_topic_count":0,"_bbp_reply_count":0,"_bbp_total_topic_count":0,"_bbp_total_reply_count":0,"_bbp_voice_count":0,"_bbp_anonymous_reply_count":0,"_bbp_topic_count_hidden":0,"_bbp_reply_count_hidden":0,"_bbp_forum_subforum_count":0,"site-sidebar-layout":"default","site-content-layout":"","ast-site-content-layout":"default","site-content-style":"default","site-sidebar-style":"default","ast-global-header-display":"","ast-banner-title-visibility":"","ast-main-header-display":"","ast-hfb-above-header-display":"","ast-hfb-below-header-display":"","ast-hfb-mobile-header-display":"","site-post-title":"disabled","ast-breadcrumbs-content":"","ast-featured-img":"","footer-sml-layout":"","theme-transparent-header-meta":"default","adv-header-id-meta":"","stick-header-meta":"","header-above-stick-meta":"","header-main-stick-meta":"","header-below-stick-meta":"","astra-migrate-meta-layouts":"set","ast-page-background-enabled":"default","ast-page-background-meta":{"desktop":{"background-color":"var(--ast-global-color-4)","background-image":"","background-repeat":"repeat","background-position":"center center","background-size":"auto","background-attachment":"scroll","background-type":"","background-media":"","overlay-type":"","overlay-color":"","overlay-opacity":"","overlay-gradient":""},"tablet":{"background-color":"","background-image":"","background-repeat":"repeat","background-position":"center center","background-size":"auto","background-attachment":"scroll","background-type":"","background-media":"","overlay-type":"","overlay-color":"","overlay-opacity":"","overlay-gradient":""},"mobile":{"background-color":"","background-image":"","background-repeat":"repeat","background-position":"center center","background-size":"auto","background-attachment":"scroll","background-type":"","background-media":"","overlay-type":"","overlay-color":"","overlay-opacity":"","overlay-gradient":""}},"ast-content-background-meta":{"desktop":{"background-color":"var(--ast-global-color-5)","background-image":"","background-repeat":"repeat","background-position":"center center","background-size":"auto","background-attachment":"scroll","background-type":"","background-media":"","overlay-type":"","overlay-color":"","overlay-opacity":"","overlay-gradient":""},"tablet":{"background-color":"var(--ast-global-color-5)","background-image":"","background-repeat":"repeat","background-position":"center center","background-size":"auto","background-attachment":"scroll","background-type":"","background-media":"","overlay-type":"","overlay-color":"","overlay-opacity":"","overlay-gradient":""},"mobile":{"background-color":"var(--ast-global-color-5)","background-image":"","background-repeat":"repeat","background-position":"center center","background-size":"auto","background-attachment":"scroll","background-type":"","background-media":"","overlay-type":"","overlay-color":"","overlay-opacity":"","overlay-gradient":""}},"footnotes":""},"class_list":["post-9118","page","type-page","status-publish","hentry"],"post_mailing_queue_ids":[],"_links":{"self":[{"href":"https:\/\/agora.xtec.cat\/col-tarres\/wp-json\/wp\/v2\/pages\/9118","targetHints":{"allow":["GET"]}}],"collection":[{"href":"https:\/\/agora.xtec.cat\/col-tarres\/wp-json\/wp\/v2\/pages"}],"about":[{"href":"https:\/\/agora.xtec.cat\/col-tarres\/wp-json\/wp\/v2\/types\/page"}],"author":[{"embeddable":true,"href":"https:\/\/agora.xtec.cat\/col-tarres\/wp-json\/wp\/v2\/users\/1"}],"replies":[{"embeddable":true,"href":"https:\/\/agora.xtec.cat\/col-tarres\/wp-json\/wp\/v2\/comments?post=9118"}],"version-history":[{"count":6,"href":"https:\/\/agora.xtec.cat\/col-tarres\/wp-json\/wp\/v2\/pages\/9118\/revisions"}],"predecessor-version":[{"id":19664,"href":"https:\/\/agora.xtec.cat\/col-tarres\/wp-json\/wp\/v2\/pages\/9118\/revisions\/19664"}],"up":[{"embeddable":true,"href":"https:\/\/agora.xtec.cat\/col-tarres\/wp-json\/wp\/v2\/pages\/63"}],"wp:attachment":[{"href":"https:\/\/agora.xtec.cat\/col-tarres\/wp-json\/wp\/v2\/media?parent=9118"}],"curies":[{"name":"wp","href":"https:\/\/api.w.org\/{rel}","templated":true}]}}