{"id":52,"date":"2014-09-17T16:58:07","date_gmt":"2014-09-17T14:58:07","guid":{"rendered":"http:\/\/agora.xtec.cat\/col-tarres\/?page_id=52"},"modified":"2025-08-09T18:54:14","modified_gmt":"2025-08-09T16:54:14","slug":"calendari-horari","status":"publish","type":"page","link":"https:\/\/agora.xtec.cat\/col-tarres\/escola\/calendari-horari\/","title":{"rendered":"Horaris i calendari"},"content":{"rendered":"\n<h2 class=\"wp-block-heading has-text-align-center\">HORARIS I CALENDARI<\/h2>\n\n\n\n<hr class=\"wp-block-separator has-text-color has-ast-global-color-1-color has-alpha-channel-opacity has-ast-global-color-1-background-color has-background\"\/>\n\n\n\n<div class=\"wp-block-columns has-ast-global-color-1-color has-text-color has-link-color wp-elements-33bd62f8107b974f99a2faed900fb459 is-layout-flex wp-container-core-columns-is-layout-1 wp-block-columns-is-layout-flex\" style=\"padding-top:var(--wp--preset--spacing--20);padding-bottom:var(--wp--preset--spacing--20)\">\n<div class=\"wp-block-column has-black-color has-text-color has-link-color wp-elements-bcfdbf70630f5a6f575af27c7cae009a is-layout-flow wp-block-column-is-layout-flow\" style=\"padding-right:var(--wp--preset--spacing--50);flex-basis:50%\">\n<h4 class=\"wp-block-heading has-ast-global-color-1-color has-text-color has-link-color wp-elements-50fc915451b35fe603d6c25c3e0ca5e9\">HORARI GENERAL DEL CENTRE<\/h4>\n\n\n\n<p class=\"has-black-color has-text-color has-link-color wp-elements-ecd8c87de14314f7f81874d4069b762d\" style=\"padding-top:0;padding-bottom:0\">El <strong>Col\u00b7legi Tarr\u00e9s<\/strong> est\u00e0 obert des de les <strong>7:30<\/strong> del mat\u00ed i fins a les<strong> 18h<\/strong> de la tarda. A cada etapa s&#8217;adapta aquest horari al seu curr\u00edculum i a la oferta d&#8217;activitats complementaries i extraescolars.<\/p>\n\n\n\n<ul class=\"wp-block-list\">\n<li style=\"padding-top:var(--wp--preset--spacing--20);padding-bottom:var(--wp--preset--spacing--20)\">Podeu consultar els horaris dels serveis escolars i extraescolars a: <a href=\"https:\/\/agora.xtec.cat\/col-tarres\/serveis\/acollida-matinal\/\">Acollida Matinal<\/a>,&nbsp;<a href=\"https:\/\/agora.xtec.cat\/col-tarres\/serveis\/menjador\/\">Menjador<\/a>&nbsp;i&nbsp;<a href=\"https:\/\/agora.xtec.cat\/col-tarres\/serveis\/extraescolars\/\">Activitats Extraescolars<\/a>.<\/li>\n\n\n\n<li style=\"padding-top:var(--wp--preset--spacing--20);padding-bottom:var(--wp--preset--spacing--20)\"><strong>No fem horari intensiu<\/strong>&nbsp;al setembre ni al juny.<\/li>\n\n\n\n<li style=\"padding-top:var(--wp--preset--spacing--20);padding-bottom:var(--wp--preset--spacing--20)\">Per als infants que comencen l\u2019escolaritzaci\u00f3 a&nbsp;<strong>Infantil-3<\/strong>&nbsp;(P3), s\u2019ofereix&nbsp;un per\u00edode d\u2019<strong>adaptaci\u00f3 a l\u2019Escola<\/strong>, optatiu, durant la primera setmana del curs.<\/li>\n<\/ul>\n<\/div>\n\n\n\n<div class=\"wp-block-column has-black-color has-text-color has-link-color wp-elements-72728f3d521871d1e26e26f36fcddc64 is-layout-flow wp-block-column-is-layout-flow\" style=\"padding-left:var(--wp--preset--spacing--50);flex-basis:50%\">\n<h4 class=\"wp-block-heading has-ast-global-color-1-color has-text-color has-link-color wp-elements-c5d7cac70224ba228851c1c23a8665bc\">HORARI LECTIU<\/h4>\n\n\n\n<p>L\u2019horari lectiu (de classes) aprovat pel Consell Escolar del centre \u00e9s el seg\u00fcent:<\/p>\n\n\n\n<ul class=\"wp-block-list\">\n<li>Infantil i Prim\u00e0ria: de <strong>8:45 a 12:45h<\/strong> i de <strong>14:45 a 16:45h<\/strong>.<\/li>\n\n\n\n<li>Secund\u00e0ria: de <strong>7:55 a 13h<\/strong> i de <strong>15:10 a 17h<\/strong> (dimecres i divendres a la tarda no hi ha classe).<\/li>\n<\/ul>\n\n\n\n<p>Les franges d&#8217;entrada a Infantil i Prim\u00e0ria s\u00f3n de 8:45 a 8:55h i de 14:45 a 14:55h.<\/p>\n\n\n\n<p>En el cas d&#8217;Infantil-3 les sortides s\u00f3n relaxades de 12:35 a 12:45 i de 16:35 a 16:45h.<\/p>\n<\/div>\n<\/div>\n\n\n\n<hr class=\"wp-block-separator has-text-color has-ast-global-color-1-color has-alpha-channel-opacity has-ast-global-color-1-background-color has-background\"\/>\n\n\n\n<h4 class=\"wp-block-heading has-text-align-center has-ast-global-color-1-color has-text-color has-link-color wp-elements-ea353528739617c9414ce920707ae8b4\">CALENDARI ESCOLAR 2025-2026<\/h4>\n\n\n\n<p class=\"has-text-align-center\">A continuaci\u00f3 us deixem el calendari escolar referent al curs&nbsp;actual:<\/p>\n\n\n\n<figure class=\"wp-block-image aligncenter size-large\"><a href=\"https:\/\/agora.xtec.cat\/col-tarres\/wp-content\/uploads\/usu1585\/2025\/07\/Calendari-2025-2026_TARRES_page-0001.jpg\"><img loading=\"lazy\" decoding=\"async\" width=\"1024\" height=\"747\" src=\"https:\/\/agora.xtec.cat\/col-tarres\/wp-content\/uploads\/usu1585\/2025\/07\/Calendari-2025-2026_TARRES_page-0001-1024x747.jpg\" alt=\"\" class=\"wp-image-19039\" srcset=\"https:\/\/agora.xtec.cat\/col-tarres\/wp-content\/uploads\/usu1585\/2025\/07\/Calendari-2025-2026_TARRES_page-0001-1024x747.jpg 1024w, https:\/\/agora.xtec.cat\/col-tarres\/wp-content\/uploads\/usu1585\/2025\/07\/Calendari-2025-2026_TARRES_page-0001-300x219.jpg 300w, https:\/\/agora.xtec.cat\/col-tarres\/wp-content\/uploads\/usu1585\/2025\/07\/Calendari-2025-2026_TARRES_page-0001-768x560.jpg 768w, https:\/\/agora.xtec.cat\/col-tarres\/wp-content\/uploads\/usu1585\/2025\/07\/Calendari-2025-2026_TARRES_page-0001.jpg 1403w\" sizes=\"auto, (max-width: 1024px) 100vw, 1024px\" \/><\/a><\/figure>\n\n\n\n<p><\/p>\n","protected":false},"excerpt":{"rendered":"<p>HORARIS I CALENDARI HORARI GENERAL DEL CENTRE El Col\u00b7legi Tarr\u00e9s est\u00e0 obert des de les 7:30 del mat\u00ed i fins [&hellip;]<\/p>\n","protected":false},"author":1,"featured_media":0,"parent":19,"menu_order":5,"comment_status":"closed","ping_status":"closed","template":"","meta":{"_bbp_topic_count":0,"_bbp_reply_count":0,"_bbp_total_topic_count":0,"_bbp_total_reply_count":0,"_bbp_voice_count":0,"_bbp_anonymous_reply_count":0,"_bbp_topic_count_hidden":0,"_bbp_reply_count_hidden":0,"_bbp_forum_subforum_count":0,"site-sidebar-layout":"default","site-content-layout":"","ast-site-content-layout":"default","site-content-style":"default","site-sidebar-style":"default","ast-global-header-display":"","ast-banner-title-visibility":"","ast-main-header-display":"","ast-hfb-above-header-display":"","ast-hfb-below-header-display":"","ast-hfb-mobile-header-display":"","site-post-title":"disabled","ast-breadcrumbs-content":"","ast-featured-img":"","footer-sml-layout":"","theme-transparent-header-meta":"","adv-header-id-meta":"","stick-header-meta":"","header-above-stick-meta":"","header-main-stick-meta":"","header-below-stick-meta":"","astra-migrate-meta-layouts":"set","ast-page-background-enabled":"default","ast-page-background-meta":{"desktop":{"background-color":"var(--ast-global-color-4)","background-image":"","background-repeat":"repeat","background-position":"center center","background-size":"auto","background-attachment":"scroll","background-type":"","background-media":"","overlay-type":"","overlay-color":"","overlay-opacity":"","overlay-gradient":""},"tablet":{"background-color":"","background-image":"","background-repeat":"repeat","background-position":"center center","background-size":"auto","background-attachment":"scroll","background-type":"","background-media":"","overlay-type":"","overlay-color":"","overlay-opacity":"","overlay-gradient":""},"mobile":{"background-color":"","background-image":"","background-repeat":"repeat","background-position":"center center","background-size":"auto","background-attachment":"scroll","background-type":"","background-media":"","overlay-type":"","overlay-color":"","overlay-opacity":"","overlay-gradient":""}},"ast-content-background-meta":{"desktop":{"background-color":"var(--ast-global-color-5)","background-image":"","background-repeat":"repeat","background-position":"center center","background-size":"auto","background-attachment":"scroll","background-type":"","background-media":"","overlay-type":"","overlay-color":"","overlay-opacity":"","overlay-gradient":""},"tablet":{"background-color":"var(--ast-global-color-5)","background-image":"","background-repeat":"repeat","background-position":"center center","background-size":"auto","background-attachment":"scroll","background-type":"","background-media":"","overlay-type":"","overlay-color":"","overlay-opacity":"","overlay-gradient":""},"mobile":{"background-color":"var(--ast-global-color-5)","background-image":"","background-repeat":"repeat","background-position":"center center","background-size":"auto","background-attachment":"scroll","background-type":"","background-media":"","overlay-type":"","overlay-color":"","overlay-opacity":"","overlay-gradient":""}},"footnotes":""},"class_list":["post-52","page","type-page","status-publish","hentry"],"post_mailing_queue_ids":[],"_links":{"self":[{"href":"https:\/\/agora.xtec.cat\/col-tarres\/wp-json\/wp\/v2\/pages\/52","targetHints":{"allow":["GET"]}}],"collection":[{"href":"https:\/\/agora.xtec.cat\/col-tarres\/wp-json\/wp\/v2\/pages"}],"about":[{"href":"https:\/\/agora.xtec.cat\/col-tarres\/wp-json\/wp\/v2\/types\/page"}],"author":[{"embeddable":true,"href":"https:\/\/agora.xtec.cat\/col-tarres\/wp-json\/wp\/v2\/users\/1"}],"replies":[{"embeddable":true,"href":"https:\/\/agora.xtec.cat\/col-tarres\/wp-json\/wp\/v2\/comments?post=52"}],"version-history":[{"count":6,"href":"https:\/\/agora.xtec.cat\/col-tarres\/wp-json\/wp\/v2\/pages\/52\/revisions"}],"predecessor-version":[{"id":19103,"href":"https:\/\/agora.xtec.cat\/col-tarres\/wp-json\/wp\/v2\/pages\/52\/revisions\/19103"}],"up":[{"embeddable":true,"href":"https:\/\/agora.xtec.cat\/col-tarres\/wp-json\/wp\/v2\/pages\/19"}],"wp:attachment":[{"href":"https:\/\/agora.xtec.cat\/col-tarres\/wp-json\/wp\/v2\/media?parent=52"}],"curies":[{"name":"wp","href":"https:\/\/api.w.org\/{rel}","templated":true}]}}