{"id":27,"date":"2014-09-17T16:24:03","date_gmt":"2014-09-17T14:24:03","guid":{"rendered":"http:\/\/agora.xtec.cat\/col-tarres\/?page_id=27"},"modified":"2025-10-12T22:57:37","modified_gmt":"2025-10-12T20:57:37","slug":"visio","status":"publish","type":"page","link":"https:\/\/agora.xtec.cat\/col-tarres\/escola\/visio\/","title":{"rendered":"Visi\u00f3 i valors"},"content":{"rendered":"\n<h2 class=\"wp-block-heading has-text-align-center\">VISI\u00d3 I VALORS<\/h2>\n\n\n\n<hr class=\"wp-block-separator has-text-color has-ast-global-color-1-color has-alpha-channel-opacity has-ast-global-color-1-background-color has-background\"\/>\n\n\n\n<p class=\"has-text-align-center\">Educaci\u00f3, formaci\u00f3 i desenvolupament personal.<\/p>\n\n\n\n<div class=\"wp-block-columns has-ast-global-color-1-color has-text-color has-link-color wp-elements-215d925786787c4609967815385f243f is-layout-flex wp-container-core-columns-is-layout-1 wp-block-columns-is-layout-flex\" style=\"padding-top:var(--wp--preset--spacing--20);padding-bottom:var(--wp--preset--spacing--20)\">\n<div class=\"wp-block-column has-black-color has-text-color has-link-color wp-elements-d55dc618b5100984679e15236e70f18e is-layout-flow wp-block-column-is-layout-flow\" style=\"padding-right:var(--wp--preset--spacing--50);flex-basis:50%\">\n<h4 class=\"wp-block-heading has-ast-global-color-1-color has-text-color has-link-color wp-elements-5e076f42d0681b6c93a3c04482f55633\">Quina \u00e9s la nostra visi\u00f3?<\/h4>\n\n\n\n<p><span style=\"color: #008000;\"><strong># <\/strong><\/span>Volem que l&#8217;alumnat sigui <strong>aut\u00f2nom<\/strong>, amb <strong>esperit cr\u00edtic<\/strong> i capacitat d&#8217;adaptaci\u00f3 per resoldre situacions de la realitat amb una actitud positiva.<\/p>\n\n\n\n<p><span style=\"color: #008000;\"><strong># <\/strong><\/span>Volem una escola <strong>oberta<\/strong> i <strong>propera a les fam\u00edlies<\/strong>. Una escola que es relacioni i cooperi amb el seu entorn.<\/p>\n\n\n\n<p><span style=\"color: #008000;\"><strong># <\/strong><\/span>Apostem per la <strong>innovaci\u00f3 educativa<\/strong>, per\u00f2 des del rigor, amb calma i en consens per afrontar els canvis necessaris.<\/p>\n\n\n\n<p><span style=\"color: #008000;\"><strong># <\/strong><\/span>Volem una escola col\u00b7laboradora, respectuosa i participativa; que treballi de manera significativa i globalitzada; basada en l&#8217;<strong>observaci\u00f3 i experimentaci\u00f3<\/strong>.<\/p>\n\n\n\n<p><span style=\"color: #008000;\"><strong># <\/strong><\/span>Volem formar persones competents a partir d&#8217;un plantejament educatiu basat en l&#8217;<strong>orientaci\u00f3 individualitzada<\/strong>, afavorint la relaci\u00f3 bidireccional fam\u00edlia-escola.<\/p>\n\n\n\n<p><span style=\"color: #008000;\"><strong># <\/strong><\/span>Volem que l&#8217;escola sigui un punt de refer\u00e8ncia per a l&#8217;educaci\u00f3 dels infants del nostre municipi.<\/p>\n\n\n\n<p><span style=\"color: #008000;\"><strong># <\/strong><\/span>Volem fomentar la creativitat i el treball de les <strong>emocions<\/strong>, compet\u00e8ncies i capacitats, per donar als infants i adolescents les eines necess\u00e0ries per a<strong> ser un mateix<\/strong> en un m\u00f3n complex i canviant.<\/p>\n<\/div>\n\n\n\n<div class=\"wp-block-column has-black-color has-text-color has-link-color wp-elements-a3077a293083dd693210d8e75202ee08 is-layout-flow wp-block-column-is-layout-flow\" style=\"padding-left:var(--wp--preset--spacing--50);flex-basis:50%\">\n<p><span style=\"color: #008000;\"><strong># <\/strong><\/span><strong>Respecte <\/strong>als iguals, als adults i a l&#8217;entorn.<\/p>\n\n\n\n<p><span style=\"color: #008000;\"><strong># <\/strong><\/span><strong>Empatia <\/strong>amb la diversitat i respecte a la pluralitat d&#8217;opinions i de sentiments.<\/p>\n\n\n\n<p><span style=\"color: #008000;\"><strong># <\/strong><\/span><strong>Estimaci\u00f3 <\/strong>per l&#8217;Escola i la seva comunitat.<\/p>\n\n\n\n<p><span style=\"color: #008000;\"><strong># <\/strong><\/span>Ser <strong>solidaris <\/strong>amb l&#8217;entorn, el barri i la ciutat.<\/p>\n<\/div>\n<\/div>\n\n\n\n<h4 class=\"wp-block-heading has-ast-global-color-1-color has-text-color has-link-color wp-elements-71539f13a095c3710c71e5daacec94e0\">Quins s\u00f3n els nostres valors?<\/h4>\n\n\n\n<div class=\"wp-block-media-text alignwide is-stacked-on-mobile is-vertically-aligned-center has-light-green-cyan-background-color has-background\" style=\"border-style:none;border-width:0px;margin-top:var(--wp--preset--spacing--30);margin-bottom:var(--wp--preset--spacing--30);padding-right:var(--wp--preset--spacing--20);padding-left:var(--wp--preset--spacing--20);grid-template-columns:40% auto\"><figure class=\"wp-block-media-text__media\"><img loading=\"lazy\" decoding=\"async\" width=\"771\" height=\"487\" src=\"https:\/\/agora.xtec.cat\/col-tarres\/wp-content\/uploads\/usu1585\/2024\/01\/Captura-de-Pantalla-2024-01-24-a-les-22.02.03.png\" alt=\"\" class=\"wp-image-17159 size-full\" srcset=\"https:\/\/agora.xtec.cat\/col-tarres\/wp-content\/uploads\/usu1585\/2024\/01\/Captura-de-Pantalla-2024-01-24-a-les-22.02.03.png 771w, https:\/\/agora.xtec.cat\/col-tarres\/wp-content\/uploads\/usu1585\/2024\/01\/Captura-de-Pantalla-2024-01-24-a-les-22.02.03-300x189.png 300w, https:\/\/agora.xtec.cat\/col-tarres\/wp-content\/uploads\/usu1585\/2024\/01\/Captura-de-Pantalla-2024-01-24-a-les-22.02.03-768x485.png 768w\" sizes=\"auto, (max-width: 771px) 100vw, 771px\" \/><\/figure><div class=\"wp-block-media-text__content\">\n<h4 class=\"wp-block-heading has-black-color has-text-color has-link-color wp-elements-53895b5e4820fb34bc6e9bd8402eef54\">Responsabilitat<\/h4>\n\n\n\n<p class=\"has-black-color has-text-color has-link-color wp-elements-565ced46c5d0195e7275a9459273dc89\">Per nosaltres pren molta import\u00e0ncia al sentit de la responsabilitat: const\u00e0ncia i <strong>esfor\u00e7 <\/strong>en el treball, aprendre a ser aut\u00f2noms i a tenir motivaci\u00f3.<\/p>\n<\/div><\/div>\n\n\n\n<div class=\"wp-block-media-text alignwide has-media-on-the-right is-stacked-on-mobile is-vertically-aligned-center has-light-green-cyan-background-color has-background\" style=\"border-style:none;border-width:0px;margin-top:var(--wp--preset--spacing--30);margin-bottom:var(--wp--preset--spacing--30);padding-right:var(--wp--preset--spacing--20);padding-left:var(--wp--preset--spacing--20);grid-template-columns:auto 40%\"><div class=\"wp-block-media-text__content\">\n<h4 class=\"wp-block-heading has-black-color has-text-color has-link-color wp-elements-abb5e995c04b9eb44716de25e4b6a0cf\">Treball en equip i cooperaci\u00f3<\/h4>\n\n\n\n<p class=\"has-black-color has-text-color has-link-color wp-elements-b038684bbdb2dc3f7af023d8bb34cfbd\">saber col\u00b7laborar amb els altres, fer grup i ajudar-se. Desenvolupar <strong>relacions interpersonals positives<\/strong>. <\/p>\n\n\n\n<p class=\"has-black-color has-text-color has-link-color wp-elements-9ac00cf961d1ea846fe5a532228b76c6\"><\/p>\n<\/div><figure class=\"wp-block-media-text__media\"><img loading=\"lazy\" decoding=\"async\" width=\"771\" height=\"487\" src=\"https:\/\/agora.xtec.cat\/col-tarres\/wp-content\/uploads\/usu1585\/2024\/01\/Captura-de-Pantalla-2024-01-24-a-les-22.02.03.png\" alt=\"\" class=\"wp-image-17159 size-full\" srcset=\"https:\/\/agora.xtec.cat\/col-tarres\/wp-content\/uploads\/usu1585\/2024\/01\/Captura-de-Pantalla-2024-01-24-a-les-22.02.03.png 771w, https:\/\/agora.xtec.cat\/col-tarres\/wp-content\/uploads\/usu1585\/2024\/01\/Captura-de-Pantalla-2024-01-24-a-les-22.02.03-300x189.png 300w, https:\/\/agora.xtec.cat\/col-tarres\/wp-content\/uploads\/usu1585\/2024\/01\/Captura-de-Pantalla-2024-01-24-a-les-22.02.03-768x485.png 768w\" sizes=\"auto, (max-width: 771px) 100vw, 771px\" \/><\/figure><\/div>\n\n\n\n<div class=\"wp-block-media-text alignwide has-media-on-the-right is-stacked-on-mobile is-vertically-aligned-center has-light-green-cyan-background-color has-background\" style=\"border-style:none;border-width:0px;margin-top:var(--wp--preset--spacing--30);margin-bottom:var(--wp--preset--spacing--30);padding-right:var(--wp--preset--spacing--20);padding-left:var(--wp--preset--spacing--20);grid-template-columns:auto 40%\"><div class=\"wp-block-media-text__content\">\n<h4 class=\"wp-block-heading has-black-color has-text-color has-link-color wp-elements-abb5e995c04b9eb44716de25e4b6a0cf\">Treball en equip i cooperaci\u00f3<\/h4>\n\n\n\n<p class=\"has-black-color has-text-color has-link-color wp-elements-b038684bbdb2dc3f7af023d8bb34cfbd\">saber col\u00b7laborar amb els altres, fer grup i ajudar-se. Desenvolupar <strong>relacions interpersonals positives<\/strong>. <\/p>\n\n\n\n<p class=\"has-black-color has-text-color has-link-color wp-elements-9ac00cf961d1ea846fe5a532228b76c6\"><\/p>\n<\/div><figure class=\"wp-block-media-text__media\"><img loading=\"lazy\" decoding=\"async\" width=\"771\" height=\"487\" src=\"https:\/\/agora.xtec.cat\/col-tarres\/wp-content\/uploads\/usu1585\/2024\/01\/Captura-de-Pantalla-2024-01-24-a-les-22.02.03.png\" alt=\"\" class=\"wp-image-17159 size-full\" srcset=\"https:\/\/agora.xtec.cat\/col-tarres\/wp-content\/uploads\/usu1585\/2024\/01\/Captura-de-Pantalla-2024-01-24-a-les-22.02.03.png 771w, https:\/\/agora.xtec.cat\/col-tarres\/wp-content\/uploads\/usu1585\/2024\/01\/Captura-de-Pantalla-2024-01-24-a-les-22.02.03-300x189.png 300w, https:\/\/agora.xtec.cat\/col-tarres\/wp-content\/uploads\/usu1585\/2024\/01\/Captura-de-Pantalla-2024-01-24-a-les-22.02.03-768x485.png 768w\" sizes=\"auto, (max-width: 771px) 100vw, 771px\" \/><\/figure><\/div>\n\n\n\n<div class=\"wp-block-media-text alignwide is-stacked-on-mobile is-vertically-aligned-center has-light-green-cyan-background-color has-background\" style=\"border-style:none;border-width:0px;margin-top:var(--wp--preset--spacing--30);margin-bottom:var(--wp--preset--spacing--30);padding-right:var(--wp--preset--spacing--20);padding-left:var(--wp--preset--spacing--20);grid-template-columns:40% auto\"><figure class=\"wp-block-media-text__media\"><img loading=\"lazy\" decoding=\"async\" width=\"771\" height=\"487\" src=\"https:\/\/agora.xtec.cat\/col-tarres\/wp-content\/uploads\/usu1585\/2024\/01\/Captura-de-Pantalla-2024-01-24-a-les-22.02.03.png\" alt=\"\" class=\"wp-image-17159 size-full\" srcset=\"https:\/\/agora.xtec.cat\/col-tarres\/wp-content\/uploads\/usu1585\/2024\/01\/Captura-de-Pantalla-2024-01-24-a-les-22.02.03.png 771w, https:\/\/agora.xtec.cat\/col-tarres\/wp-content\/uploads\/usu1585\/2024\/01\/Captura-de-Pantalla-2024-01-24-a-les-22.02.03-300x189.png 300w, https:\/\/agora.xtec.cat\/col-tarres\/wp-content\/uploads\/usu1585\/2024\/01\/Captura-de-Pantalla-2024-01-24-a-les-22.02.03-768x485.png 768w\" sizes=\"auto, (max-width: 771px) 100vw, 771px\" \/><\/figure><div class=\"wp-block-media-text__content\">\n<h4 class=\"wp-block-heading has-black-color has-text-color has-link-color wp-elements-1bf8da9715421a029465a4f06f7c33ff\">Esfor\u00e7<\/h4>\n\n\n\n<p class=\"has-black-color has-text-color has-link-color wp-elements-565ced46c5d0195e7275a9459273dc89\">Per nosaltres pren molta import\u00e0ncia al sentit de la responsabilitat: const\u00e0ncia i <strong>esfor\u00e7 <\/strong>en el treball, aprendre a ser aut\u00f2noms i a tenir motivaci\u00f3.<\/p>\n\n\n\n<p>Cal posar en valor l&#8217;<strong>esfor\u00e7 personal <\/strong>i l&#8217;autoexig\u00e8ncia: entendre la feina ben feta, la dedicaci\u00f3 i les capacitats i habilitats d&#8217;un mateix.<\/p>\n<\/div><\/div>\n","protected":false},"excerpt":{"rendered":"<p>VISI\u00d3 I VALORS Educaci\u00f3, formaci\u00f3 i desenvolupament personal. Quina \u00e9s la nostra visi\u00f3? # Volem que l&#8217;alumnat sigui aut\u00f2nom, amb [&hellip;]<\/p>\n","protected":false},"author":1,"featured_media":0,"parent":19,"menu_order":3,"comment_status":"closed","ping_status":"closed","template":"","meta":{"_bbp_topic_count":0,"_bbp_reply_count":0,"_bbp_total_topic_count":0,"_bbp_total_reply_count":0,"_bbp_voice_count":0,"_bbp_anonymous_reply_count":0,"_bbp_topic_count_hidden":0,"_bbp_reply_count_hidden":0,"_bbp_forum_subforum_count":0,"site-sidebar-layout":"default","site-content-layout":"","ast-site-content-layout":"default","site-content-style":"default","site-sidebar-style":"default","ast-global-header-display":"","ast-banner-title-visibility":"","ast-main-header-display":"","ast-hfb-above-header-display":"","ast-hfb-below-header-display":"","ast-hfb-mobile-header-display":"","site-post-title":"disabled","ast-breadcrumbs-content":"","ast-featured-img":"","footer-sml-layout":"","theme-transparent-header-meta":"","adv-header-id-meta":"","stick-header-meta":"","header-above-stick-meta":"","header-main-stick-meta":"","header-below-stick-meta":"","astra-migrate-meta-layouts":"set","ast-page-background-enabled":"default","ast-page-background-meta":{"desktop":{"background-color":"var(--ast-global-color-4)","background-image":"","background-repeat":"repeat","background-position":"center center","background-size":"auto","background-attachment":"scroll","background-type":"","background-media":"","overlay-type":"","overlay-color":"","overlay-opacity":"","overlay-gradient":""},"tablet":{"background-color":"","background-image":"","background-repeat":"repeat","background-position":"center center","background-size":"auto","background-attachment":"scroll","background-type":"","background-media":"","overlay-type":"","overlay-color":"","overlay-opacity":"","overlay-gradient":""},"mobile":{"background-color":"","background-image":"","background-repeat":"repeat","background-position":"center center","background-size":"auto","background-attachment":"scroll","background-type":"","background-media":"","overlay-type":"","overlay-color":"","overlay-opacity":"","overlay-gradient":""}},"ast-content-background-meta":{"desktop":{"background-color":"var(--ast-global-color-5)","background-image":"","background-repeat":"repeat","background-position":"center center","background-size":"auto","background-attachment":"scroll","background-type":"","background-media":"","overlay-type":"","overlay-color":"","overlay-opacity":"","overlay-gradient":""},"tablet":{"background-color":"var(--ast-global-color-5)","background-image":"","background-repeat":"repeat","background-position":"center center","background-size":"auto","background-attachment":"scroll","background-type":"","background-media":"","overlay-type":"","overlay-color":"","overlay-opacity":"","overlay-gradient":""},"mobile":{"background-color":"var(--ast-global-color-5)","background-image":"","background-repeat":"repeat","background-position":"center center","background-size":"auto","background-attachment":"scroll","background-type":"","background-media":"","overlay-type":"","overlay-color":"","overlay-opacity":"","overlay-gradient":""}},"footnotes":""},"class_list":["post-27","page","type-page","status-publish","hentry"],"post_mailing_queue_ids":[],"_links":{"self":[{"href":"https:\/\/agora.xtec.cat\/col-tarres\/wp-json\/wp\/v2\/pages\/27","targetHints":{"allow":["GET"]}}],"collection":[{"href":"https:\/\/agora.xtec.cat\/col-tarres\/wp-json\/wp\/v2\/pages"}],"about":[{"href":"https:\/\/agora.xtec.cat\/col-tarres\/wp-json\/wp\/v2\/types\/page"}],"author":[{"embeddable":true,"href":"https:\/\/agora.xtec.cat\/col-tarres\/wp-json\/wp\/v2\/users\/1"}],"replies":[{"embeddable":true,"href":"https:\/\/agora.xtec.cat\/col-tarres\/wp-json\/wp\/v2\/comments?post=27"}],"version-history":[{"count":6,"href":"https:\/\/agora.xtec.cat\/col-tarres\/wp-json\/wp\/v2\/pages\/27\/revisions"}],"predecessor-version":[{"id":19295,"href":"https:\/\/agora.xtec.cat\/col-tarres\/wp-json\/wp\/v2\/pages\/27\/revisions\/19295"}],"up":[{"embeddable":true,"href":"https:\/\/agora.xtec.cat\/col-tarres\/wp-json\/wp\/v2\/pages\/19"}],"wp:attachment":[{"href":"https:\/\/agora.xtec.cat\/col-tarres\/wp-json\/wp\/v2\/media?parent=27"}],"curies":[{"name":"wp","href":"https:\/\/api.w.org\/{rel}","templated":true}]}}