{"id":21,"date":"2014-09-17T16:14:14","date_gmt":"2014-09-17T14:14:14","guid":{"rendered":"http:\/\/agora.xtec.cat\/col-tarres\/?page_id=21"},"modified":"2025-08-28T12:39:02","modified_gmt":"2025-08-28T10:39:02","slug":"projecte_educatiu","status":"publish","type":"page","link":"https:\/\/agora.xtec.cat\/col-tarres\/projectes\/projecte_educatiu\/","title":{"rendered":"Projecte Pedag\u00f2gic"},"content":{"rendered":"<p><img loading=\"lazy\" decoding=\"async\" class=\"alignnone size-full wp-image-12111\" src=\"https:\/\/agora.xtec.cat\/col-tarres\/wp-content\/uploads\/usu1585\/2020\/04\/projecte_educatiu-1.jpg\" alt=\"\" width=\"1408\" height=\"174\" srcset=\"https:\/\/agora.xtec.cat\/col-tarres\/wp-content\/uploads\/usu1585\/2020\/04\/projecte_educatiu-1.jpg 1408w, https:\/\/agora.xtec.cat\/col-tarres\/wp-content\/uploads\/usu1585\/2020\/04\/projecte_educatiu-1-300x37.jpg 300w, https:\/\/agora.xtec.cat\/col-tarres\/wp-content\/uploads\/usu1585\/2020\/04\/projecte_educatiu-1-768x95.jpg 768w, https:\/\/agora.xtec.cat\/col-tarres\/wp-content\/uploads\/usu1585\/2020\/04\/projecte_educatiu-1-1024x127.jpg 1024w\" sizes=\"auto, (max-width: 1408px) 100vw, 1408px\" \/><\/p>\n<p><strong><span style=\"color: #008000;\">#<\/span> <\/strong>Tenim un Projecte Pedag\u00f2gic\u00a0<b>propi<\/b>: incorporem els aspectes m\u00e9s efectius de les <strong>metodologies tradicionals <\/strong>(treball sistem\u00e0tic) i de les <strong>metodologies innovadores<\/strong> (treball per projectes i per compet\u00e8ncies), segons on l&#8217;equip docent ha identificat les \u00e0rees, assignatures i nivells on cada forma de funcionar \u00e9s m\u00e9s efectiva. Aquest equilibri ens dona <strong>excel\u00b7lents resultats<\/strong> en la formaci\u00f3 del nostre alumnat, tant acad\u00e8micament com humanament.<\/p>\n<p><span style=\"color: #008000;\"><strong># <\/strong><\/span>El projecte del <strong>Col\u00b7legi<\/strong> <strong>Tarr\u00e9s<\/strong> es basa en un ideari com\u00fa i un model educatiu adaptat a cada etapa formativa. Aquesta combinaci\u00f3 ens permet transmetre uns valors transversals i una formaci\u00f3 integral que afavoreixen el ple desenvolupament de la personalitat del nostre alumnat.<\/p>\n<p><span style=\"color: #008000;\"><strong># <\/strong><\/span>Som un centre educatiu petit i <strong>familiar<\/strong>. Aprofitem aquest avantatge per observar i identificar amb deteniment les necessitats formatives de cada alumne\/a i intentem donar la resposta que millor s&#8217;hi adapti. Vetllem perqu\u00e8 el nostre alumnat se senti <strong>acompanyat <\/strong>i proper a l&#8217;equip hum\u00e0 de l&#8217;escola des de P3 a 4t d&#8217;ESO.<\/p>\n<p><span style=\"color: #008000;\"><strong># <\/strong><\/span>Som una escola <strong>catalana<\/strong>, laica, plural i democr\u00e0tica, oberta al m\u00f3n i atenta als grans reptes socials i mediambientals amb qu\u00e8 es troba enfrontada la humanitat avui dia.<\/p>\n<p><span style=\"color: #008000;\"><strong># <\/strong><\/span>Tenim una visi\u00f3 <strong>humanista<\/strong>, afirmem per principi el potencial i les possibilitats de millora de tots i cadascun del nostre alumnat. Donem una formaci\u00f3 d&#8217;alt nivell per a tots i ens comprometem en la integraci\u00f3 dels infants amb necessitats educatives especials.<\/p>\n<p><span style=\"color: #008000;\"><strong># <\/strong><\/span>Hem educat sempre des d&#8217;una <strong>\u00f2ptica integradora i global<\/strong> a tot l\u2019alumnat, sense cap mena de discriminaci\u00f3 respectant les seves possibilitats i necessitats. Anem m\u00e9s enll\u00e0 dels conceptes te\u00f2rics i pr\u00e0ctics requerits pel curr\u00edculum per transmetre valors com la toler\u00e0ncia, la solidaritat, el respecte i l&#8217;honestedat.<\/p>\n<p><span style=\"color: #008000;\"><strong># <\/strong><\/span>Afavorim la <strong>inclusi\u00f3<\/strong> de tot l&#8217;alumnat per tal que participi dels processos d&#8217;ensenyament i del dia a dia del Centre<\/p>\n<p><span style=\"color: #008000;\"><strong># <\/strong><\/span>Alhora,\u00a0<strong>impliquem a l&#8217;alumnat<\/strong> en el seu aprenentatge, perqu\u00e8 es <strong>corresponsabilitzi <\/strong>de la seva formaci\u00f3 i es desenvolupi plenament com a membres actius de la comunitat. En aquest sentit, potenciem l\u2019aprenentatge significatiu, l\u2019experimentaci\u00f3 i el coneixement del nostre entorn m\u00e9s proper.<\/p>\n<p><span style=\"color: #008000;\"><strong> # <\/strong><\/span>Apostem per la\u00a0<strong>innovaci\u00f3<\/strong>, sense perdre la tradici\u00f3, la sostenibilitat i els h\u00e0bits saludables. Sentim i apostem per les nostres arrels sabadellenques. Vivim i celebrem les festivitats de la cultura catalana, no deixant mai de costat les altres cultures que conformen la nostra ciutat \u00e0mplia i diversa.<\/p>\n","protected":false},"excerpt":{"rendered":"<p># Tenim un Projecte Pedag\u00f2gic\u00a0propi: incorporem els aspectes m\u00e9s efectius de les metodologies tradicionals (treball sistem\u00e0tic) i de les metodologies [&hellip;]<\/p>\n","protected":false},"author":1,"featured_media":0,"parent":57,"menu_order":1,"comment_status":"closed","ping_status":"closed","template":"","meta":{"_bbp_topic_count":0,"_bbp_reply_count":0,"_bbp_total_topic_count":0,"_bbp_total_reply_count":0,"_bbp_voice_count":0,"_bbp_anonymous_reply_count":0,"_bbp_topic_count_hidden":0,"_bbp_reply_count_hidden":0,"_bbp_forum_subforum_count":0,"site-sidebar-layout":"default","site-content-layout":"","ast-site-content-layout":"default","site-content-style":"default","site-sidebar-style":"default","ast-global-header-display":"","ast-banner-title-visibility":"","ast-main-header-display":"","ast-hfb-above-header-display":"","ast-hfb-below-header-display":"","ast-hfb-mobile-header-display":"","site-post-title":"","ast-breadcrumbs-content":"","ast-featured-img":"","footer-sml-layout":"","theme-transparent-header-meta":"","adv-header-id-meta":"","stick-header-meta":"","header-above-stick-meta":"","header-main-stick-meta":"","header-below-stick-meta":"","astra-migrate-meta-layouts":"set","ast-page-background-enabled":"default","ast-page-background-meta":{"desktop":{"background-color":"var(--ast-global-color-4)","background-image":"","background-repeat":"repeat","background-position":"center center","background-size":"auto","background-attachment":"scroll","background-type":"","background-media":"","overlay-type":"","overlay-color":"","overlay-opacity":"","overlay-gradient":""},"tablet":{"background-color":"","background-image":"","background-repeat":"repeat","background-position":"center center","background-size":"auto","background-attachment":"scroll","background-type":"","background-media":"","overlay-type":"","overlay-color":"","overlay-opacity":"","overlay-gradient":""},"mobile":{"background-color":"","background-image":"","background-repeat":"repeat","background-position":"center center","background-size":"auto","background-attachment":"scroll","background-type":"","background-media":"","overlay-type":"","overlay-color":"","overlay-opacity":"","overlay-gradient":""}},"ast-content-background-meta":{"desktop":{"background-color":"var(--ast-global-color-5)","background-image":"","background-repeat":"repeat","background-position":"center center","background-size":"auto","background-attachment":"scroll","background-type":"","background-media":"","overlay-type":"","overlay-color":"","overlay-opacity":"","overlay-gradient":""},"tablet":{"background-color":"var(--ast-global-color-5)","background-image":"","background-repeat":"repeat","background-position":"center center","background-size":"auto","background-attachment":"scroll","background-type":"","background-media":"","overlay-type":"","overlay-color":"","overlay-opacity":"","overlay-gradient":""},"mobile":{"background-color":"var(--ast-global-color-5)","background-image":"","background-repeat":"repeat","background-position":"center center","background-size":"auto","background-attachment":"scroll","background-type":"","background-media":"","overlay-type":"","overlay-color":"","overlay-opacity":"","overlay-gradient":""}},"footnotes":""},"class_list":["post-21","page","type-page","status-publish","hentry"],"post_mailing_queue_ids":[],"_links":{"self":[{"href":"https:\/\/agora.xtec.cat\/col-tarres\/wp-json\/wp\/v2\/pages\/21","targetHints":{"allow":["GET"]}}],"collection":[{"href":"https:\/\/agora.xtec.cat\/col-tarres\/wp-json\/wp\/v2\/pages"}],"about":[{"href":"https:\/\/agora.xtec.cat\/col-tarres\/wp-json\/wp\/v2\/types\/page"}],"author":[{"embeddable":true,"href":"https:\/\/agora.xtec.cat\/col-tarres\/wp-json\/wp\/v2\/users\/1"}],"replies":[{"embeddable":true,"href":"https:\/\/agora.xtec.cat\/col-tarres\/wp-json\/wp\/v2\/comments?post=21"}],"version-history":[{"count":7,"href":"https:\/\/agora.xtec.cat\/col-tarres\/wp-json\/wp\/v2\/pages\/21\/revisions"}],"predecessor-version":[{"id":19142,"href":"https:\/\/agora.xtec.cat\/col-tarres\/wp-json\/wp\/v2\/pages\/21\/revisions\/19142"}],"up":[{"embeddable":true,"href":"https:\/\/agora.xtec.cat\/col-tarres\/wp-json\/wp\/v2\/pages\/57"}],"wp:attachment":[{"href":"https:\/\/agora.xtec.cat\/col-tarres\/wp-json\/wp\/v2\/media?parent=21"}],"curies":[{"name":"wp","href":"https:\/\/api.w.org\/{rel}","templated":true}]}}