{"id":19339,"date":"2025-10-21T23:07:26","date_gmt":"2025-10-21T21:07:26","guid":{"rendered":"https:\/\/agora.xtec.cat\/col-tarres\/?page_id=19339"},"modified":"2025-11-22T18:01:28","modified_gmt":"2025-11-22T17:01:28","slug":"19339-2","status":"publish","type":"page","link":"https:\/\/agora.xtec.cat\/col-tarres\/comunitat\/19339-2\/","title":{"rendered":"Escola digital (EDC)"},"content":{"rendered":"\n<h2 class=\"wp-block-heading has-text-align-center\">ESCOLA DIGITAL<\/h2>\n\n\n\n<hr class=\"wp-block-separator has-text-color has-ast-global-color-1-color has-alpha-channel-opacity has-ast-global-color-1-background-color has-background\"\/>\n\n\n\n<p class=\"has-text-align-center\">Som una escola oberta a la tecnologia<\/p>\n\n\n\n<div class=\"wp-block-columns is-layout-flex wp-container-core-columns-is-layout-1 wp-block-columns-is-layout-flex\">\n<div class=\"wp-block-column is-layout-flow wp-block-column-is-layout-flow\" style=\"padding-right:var(--wp--preset--spacing--30);padding-left:var(--wp--preset--spacing--30);flex-basis:55%\">\n<h5 class=\"wp-block-heading has-ast-global-color-1-color has-text-color has-link-color wp-elements-b1ef965182912e914e9b7300de65eb98\">Quina \u00e9s la nostra cultura digital?<\/h5>\n\n\n\n<p>A l&#8217;<strong>Escola Tarr\u00e9s<\/strong> treballem en un entorn digital amb la plataforma Clickedu, el campus virtual Google Classroom (EVA) i l&#8217;entorn de treball compartit de Google Workspace.<\/p>\n\n\n\n<p>Detallem cada entorn digital a continuaci\u00f3:<\/p>\n\n\n\n<h5 class=\"wp-block-heading has-ast-global-color-1-color has-text-color has-link-color wp-elements-7ae5ddec9fc61afef9a94d394a831503\">Clickedu<\/h5>\n\n\n\n<p>\u00c9s la plataforma integral de gesti\u00f3 educativa que inclou la gesti\u00f3 acad\u00e8mica, administrativa i econ\u00f2mica.<\/p>\n\n\n\n<p>A m\u00e9s, l&#8217;utilitzem com a entorn privat (intranet) per la comunicaci\u00f3 fam\u00edlia-Escola, compartir aspectes organitzatius i del dia a dia de l&#8217;Escola.<\/p>\n\n\n\n<figure class=\"wp-block-image aligncenter size-large is-resized\"><a href=\"https:\/\/escolatarres.clickedu.eu\/user.php\"><img loading=\"lazy\" decoding=\"async\" width=\"1024\" height=\"351\" src=\"https:\/\/agora.xtec.cat\/col-tarres\/wp-content\/uploads\/usu1585\/2025\/06\/cliedu-1-1024x351.jpg\" alt=\"\" class=\"wp-image-18915\" style=\"width:376px;height:auto\" srcset=\"https:\/\/agora.xtec.cat\/col-tarres\/wp-content\/uploads\/usu1585\/2025\/06\/cliedu-1-1024x351.jpg 1024w, https:\/\/agora.xtec.cat\/col-tarres\/wp-content\/uploads\/usu1585\/2025\/06\/cliedu-1-300x103.jpg 300w, https:\/\/agora.xtec.cat\/col-tarres\/wp-content\/uploads\/usu1585\/2025\/06\/cliedu-1-768x263.jpg 768w, https:\/\/agora.xtec.cat\/col-tarres\/wp-content\/uploads\/usu1585\/2025\/06\/cliedu-1-1536x527.jpg 1536w, https:\/\/agora.xtec.cat\/col-tarres\/wp-content\/uploads\/usu1585\/2025\/06\/cliedu-1-2048x702.jpg 2048w\" sizes=\"auto, (max-width: 1024px) 100vw, 1024px\" \/><\/a><\/figure>\n\n\n\n<h5 class=\"wp-block-heading has-ast-global-color-1-color has-text-color has-link-color wp-elements-c91bc755df797cd4fb55fbf11fa7b449\">Google Workspace<\/h5>\n\n\n\n<p>Tots els alumnes, si aix\u00ed ho autoritzen les seves fam\u00edlies, i tot el personal de l&#8217;Escola disposen d&#8217;un <strong>correu corporatiu<\/strong> a Google Workspace.<\/p>\n\n\n\n<p>A l&#8217;Educaci\u00f3 Infantil, Cicle Inicial i Mitj\u00e0 s&#8217;utilitza per a compartir amb les fam\u00edlies les imatges de sortides, activitats i treball a l&#8217;aula.<\/p>\n\n\n\n<p>A partir de Cicle Superior i a Secund\u00e0ria usem <strong>Google Classroom<\/strong> com a EVA (campus virtual): per compartir apunts, v\u00eddeos, recursos i entregar treballs, lliurar notes parcials&#8230;<\/p>\n\n\n\n<figure class=\"wp-block-image aligncenter size-full is-resized\"><a href=\"https:\/\/accounts.google.com\/v3\/signin\/identifier?continue=https%3A%2F%2Fdrive.google.com%2Fdrive%2F%3Fdmr%3D1%26ec%3Dwgc-drive-globalnav-goto&amp;followup=https%3A%2F%2Fdrive.google.com%2Fdrive%2F%3Fdmr%3D1%26ec%3Dwgc-drive-globalnav-goto&amp;ifkv=AdBytiOA95pjbxKNx3vldrRVUL4ovMgQa5XLrvc-I7jge1D31nuPESNO251sYCSLYHUQx5SWKy-8fg&amp;osid=1&amp;passive=1209600&amp;service=wise&amp;flowName=GlifWebSignIn&amp;flowEntry=ServiceLogin&amp;dsh=S1160704405%3A1749290579805576&amp;hl=ca\"><img loading=\"lazy\" decoding=\"async\" width=\"970\" height=\"545\" src=\"https:\/\/agora.xtec.cat\/col-tarres\/wp-content\/uploads\/usu1585\/2025\/06\/Que-es-google-workspace-1.jpg\" alt=\"\" class=\"wp-image-18912\" style=\"width:246px;height:auto\" srcset=\"https:\/\/agora.xtec.cat\/col-tarres\/wp-content\/uploads\/usu1585\/2025\/06\/Que-es-google-workspace-1.jpg 970w, https:\/\/agora.xtec.cat\/col-tarres\/wp-content\/uploads\/usu1585\/2025\/06\/Que-es-google-workspace-1-300x169.jpg 300w, https:\/\/agora.xtec.cat\/col-tarres\/wp-content\/uploads\/usu1585\/2025\/06\/Que-es-google-workspace-1-768x432.jpg 768w\" sizes=\"auto, (max-width: 970px) 100vw, 970px\" \/><\/a><\/figure>\n\n\n\n<h5 class=\"wp-block-heading has-ast-global-color-1-color has-text-color has-link-color wp-elements-fc5fec2e5d0b1e9cc7499a47f8fe4b70\">Dispositius individuals de l&#8217;alumnat<\/h5>\n\n\n\n<p>A partir de 1r d&#8217;ESO l&#8217;alumnat porta el seu propi dispositiu <strong>Chromebook <\/strong>per a la realitzaci\u00f3 de tasques acad\u00e8miques.<\/p>\n\n\n\n<p>Disposem d&#8217;una eina, anomenada <strong>IMT Lazarus<\/strong>, que ens permet protegir i filtrar el contingut que visita l&#8217;alumnat.<\/p>\n\n\n\n<p>En horari escolar, el professorat t\u00e9 acc\u00e9s a la gesti\u00f3 del Chromebook i als continguts que visualitza l&#8217;alumne. En horari no lectiu, la fam\u00edlia t\u00e9 acc\u00e9s a una consola de control parental.<\/p>\n\n\n\n<figure class=\"wp-block-image aligncenter size-full is-resized\"><a href=\"https:\/\/agora.xtec.cat\/col-tarres\/wp-content\/uploads\/usu1585\/2025\/11\/image-1.png\"><img loading=\"lazy\" decoding=\"async\" width=\"356\" height=\"141\" src=\"https:\/\/agora.xtec.cat\/col-tarres\/wp-content\/uploads\/usu1585\/2025\/11\/image-1.png\" alt=\"\" class=\"wp-image-19421\" style=\"width:202px;height:auto\" srcset=\"https:\/\/agora.xtec.cat\/col-tarres\/wp-content\/uploads\/usu1585\/2025\/11\/image-1.png 356w, https:\/\/agora.xtec.cat\/col-tarres\/wp-content\/uploads\/usu1585\/2025\/11\/image-1-300x119.png 300w\" sizes=\"auto, (max-width: 356px) 100vw, 356px\" \/><\/a><\/figure>\n\n\n\n<h5 class=\"wp-block-heading has-ast-global-color-1-color has-text-color has-link-color wp-elements-9a319a222018635cdda0cf957418b90f\">Dispositius compartits<\/h5>\n\n\n\n<p>A l&#8217;Escola tamb\u00e9 disposem d&#8217;un<strong> fons compartit de<\/strong> <strong>tauletes iPad <\/strong>que s&#8217;utilitzen a partir de <strong>Cicle Mitj\u00e0<\/strong>. Quan els infants s\u00f3n m\u00e9s petits els utilitzem per aprendre a fer servir aquesta eina i quan ja s\u00f3n m\u00e9s grans, com a eina de treball per a treballs compartits, projectes, per angl\u00e8s, etc.<\/p>\n\n\n\n<p>Tamb\u00e9 disposem d&#8217;una aula d&#8217;inform\u00e0tica amb 15 ordinadors.<\/p>\n<\/div>\n\n\n\n<div class=\"wp-block-column has-background is-layout-flow wp-block-column-is-layout-flow\" style=\"background-color:#dae9d0;padding-top:var(--wp--preset--spacing--30);padding-right:var(--wp--preset--spacing--30);padding-bottom:var(--wp--preset--spacing--30);padding-left:var(--wp--preset--spacing--30);flex-basis:40%\">\n<h4 class=\"wp-block-heading has-ast-global-color-1-color has-text-color has-link-color wp-elements-e69b184698bfa8c4219cc91793fa43c5\">SUPORT DIGITAL<\/h4>\n\n\n\n<h5 class=\"wp-block-heading has-black-color has-text-color has-link-color wp-elements-ccdbdeff9d17359ccf1a3e41ed8cd700\">Contacte de suport digital<\/h5>\n\n\n\n<p>En cas que tingueu qualsevol problema o consulta sobre les plataformes digitals, us atendrem a trav\u00e9s de la b\u00fastia electr\u00f2nica seg\u00fcent:<\/p>\n\n\n\n<div class=\"wp-block-buttons is-content-justification-center is-layout-flex wp-container-core-buttons-is-layout-1 wp-block-buttons-is-layout-flex\">\n<div class=\"wp-block-button\"><a class=\"wp-block-button__link wp-element-button\" href=\"mailto:digital@escolatarres.com\">digital@escolatarres.com<\/a><\/div>\n<\/div>\n\n\n\n<h5 class=\"wp-block-heading has-black-color has-text-color has-link-color wp-elements-533f8398046dc6109aaa0ee05dc19d00\">Acollida digital<\/h5>\n\n\n\n<p>Els membres de la comunitat  (personal docent, alumnes i fam\u00edlies), en el moment que s&#8217;incorporen a l&#8217;Escola, reben la informaci\u00f3 adient per al seu \u00f2ptim acolliment en el funcionament de l&#8217;Escola, en la seva vessant digital.<\/p>\n\n\n\n<h4 class=\"wp-block-heading has-ast-global-color-1-color has-text-color has-link-color wp-elements-b18e121bf49d8e03c9b1f5b07c02cc3d\">DIGITALITZACI\u00d3 RESPONSABLE<\/h4>\n\n\n\n<figure class=\"wp-block-embed is-type-video is-provider-youtube wp-block-embed-youtube wp-embed-aspect-16-9 wp-has-aspect-ratio\"><div class=\"wp-block-embed__wrapper\">\n<div class=\"ast-oembed-container \" style=\"height: 100%;\"><iframe loading=\"lazy\" title=\"Menys pantalla, m\u00e9s vida | Pla de digitalitzaci\u00f3 responsable\" width=\"500\" height=\"281\" src=\"https:\/\/www.youtube.com\/embed\/wn7_gVc0FQc?feature=oembed\" frameborder=\"0\" allow=\"accelerometer; autoplay; clipboard-write; encrypted-media; gyroscope; picture-in-picture; web-share\" referrerpolicy=\"strict-origin-when-cross-origin\" allowfullscreen><\/iframe><\/div>\n<\/div><\/figure>\n\n\n\n<p>El&nbsp;<strong>Pla de digitalitzaci\u00f3 responsable<\/strong>&nbsp;\u00e9s una iniciativa del Departament d&#8217;Educaci\u00f3 i Formaci\u00f3 Professional que t\u00e9 com a objectiu promoure l&#8217;adquisici\u00f3 de la compet\u00e8ncia digital de l&#8217;alumnat i fomentar un \u00fas adequat, \u00e8tic, saludable i responsable dels dispositius digitals, posant-los al servei de l&#8217;aprenentatge.<\/p>\n\n\n\n<p>Us convidem a llegir la guia i a posar en pr\u00e0ctica aquests consells. Recordem que la tecnologia no substitueix l\u2019afecte ni la conviv\u00e8ncia: \u00e9s una eina que, amb un bon acompanyament, pot esdevenir una gran aliada en el creixement dels nostres infants.<\/p>\n\n\n\n<div class=\"wp-block-getwid-button-group\"><div class=\"wp-block-getwid-button-group__wrapper\">\n<div class=\"wp-block-button\"><a class=\"wp-block-button__link wp-element-button\" href=\"https:\/\/educacio.gencat.cat\/web\/.content\/home\/departament\/publicacions\/monografies\/mon-digital\/guia-families-menys-pantalles\/guia-families.pdf\">GUIA PER ACOMPANYAR LES FAM\u00cdLIES<\/a><\/div>\n\n\n\n<div class=\"wp-block-button\"><a class=\"wp-block-button__link wp-element-button\" href=\"https:\/\/educacio.gencat.cat\/ca\/departament\/linies-estrategiques\/pla-digitalitzacio-responsable\/\" target=\"_blank\" rel=\"noreferrer noopener\">M\u00e9s informaci\u00f3<\/a><\/div>\n<\/div><\/div>\n<\/div>\n<\/div>\n\n\n\n<p class=\"has-text-align-center\"><\/p>\n","protected":false},"excerpt":{"rendered":"<p>ESCOLA DIGITAL Som una escola oberta a la tecnologia Quina \u00e9s la nostra cultura digital? A l&#8217;Escola Tarr\u00e9s treballem en [&hellip;]<\/p>\n","protected":false},"author":1,"featured_media":0,"parent":13305,"menu_order":0,"comment_status":"closed","ping_status":"close","template":"","meta":{"_bbp_topic_count":0,"_bbp_reply_count":0,"_bbp_total_topic_count":0,"_bbp_total_reply_count":0,"_bbp_voice_count":0,"_bbp_anonymous_reply_count":0,"_bbp_topic_count_hidden":0,"_bbp_reply_count_hidden":0,"_bbp_forum_subforum_count":0,"site-sidebar-layout":"default","site-content-layout":"","ast-site-content-layout":"default","site-content-style":"default","site-sidebar-style":"default","ast-global-header-display":"","ast-banner-title-visibility":"","ast-main-header-display":"","ast-hfb-above-header-display":"","ast-hfb-below-header-display":"","ast-hfb-mobile-header-display":"","site-post-title":"disabled","ast-breadcrumbs-content":"","ast-featured-img":"","footer-sml-layout":"","theme-transparent-header-meta":"","adv-header-id-meta":"","stick-header-meta":"","header-above-stick-meta":"","header-main-stick-meta":"","header-below-stick-meta":"","astra-migrate-meta-layouts":"set","ast-page-background-enabled":"default","ast-page-background-meta":{"desktop":{"background-color":"var(--ast-global-color-4)","background-image":"","background-repeat":"repeat","background-position":"center center","background-size":"auto","background-attachment":"scroll","background-type":"","background-media":"","overlay-type":"","overlay-color":"","overlay-opacity":"","overlay-gradient":""},"tablet":{"background-color":"","background-image":"","background-repeat":"repeat","background-position":"center center","background-size":"auto","background-attachment":"scroll","background-type":"","background-media":"","overlay-type":"","overlay-color":"","overlay-opacity":"","overlay-gradient":""},"mobile":{"background-color":"","background-image":"","background-repeat":"repeat","background-position":"center center","background-size":"auto","background-attachment":"scroll","background-type":"","background-media":"","overlay-type":"","overlay-color":"","overlay-opacity":"","overlay-gradient":""}},"ast-content-background-meta":{"desktop":{"background-color":"var(--ast-global-color-5)","background-image":"","background-repeat":"repeat","background-position":"center center","background-size":"auto","background-attachment":"scroll","background-type":"","background-media":"","overlay-type":"","overlay-color":"","overlay-opacity":"","overlay-gradient":""},"tablet":{"background-color":"var(--ast-global-color-5)","background-image":"","background-repeat":"repeat","background-position":"center center","background-size":"auto","background-attachment":"scroll","background-type":"","background-media":"","overlay-type":"","overlay-color":"","overlay-opacity":"","overlay-gradient":""},"mobile":{"background-color":"var(--ast-global-color-5)","background-image":"","background-repeat":"repeat","background-position":"center center","background-size":"auto","background-attachment":"scroll","background-type":"","background-media":"","overlay-type":"","overlay-color":"","overlay-opacity":"","overlay-gradient":""}},"footnotes":""},"class_list":["post-19339","page","type-page","status-publish","hentry"],"post_mailing_queue_ids":[],"_links":{"self":[{"href":"https:\/\/agora.xtec.cat\/col-tarres\/wp-json\/wp\/v2\/pages\/19339","targetHints":{"allow":["GET"]}}],"collection":[{"href":"https:\/\/agora.xtec.cat\/col-tarres\/wp-json\/wp\/v2\/pages"}],"about":[{"href":"https:\/\/agora.xtec.cat\/col-tarres\/wp-json\/wp\/v2\/types\/page"}],"author":[{"embeddable":true,"href":"https:\/\/agora.xtec.cat\/col-tarres\/wp-json\/wp\/v2\/users\/1"}],"replies":[{"embeddable":true,"href":"https:\/\/agora.xtec.cat\/col-tarres\/wp-json\/wp\/v2\/comments?post=19339"}],"version-history":[{"count":6,"href":"https:\/\/agora.xtec.cat\/col-tarres\/wp-json\/wp\/v2\/pages\/19339\/revisions"}],"predecessor-version":[{"id":19435,"href":"https:\/\/agora.xtec.cat\/col-tarres\/wp-json\/wp\/v2\/pages\/19339\/revisions\/19435"}],"up":[{"embeddable":true,"href":"https:\/\/agora.xtec.cat\/col-tarres\/wp-json\/wp\/v2\/pages\/13305"}],"wp:attachment":[{"href":"https:\/\/agora.xtec.cat\/col-tarres\/wp-json\/wp\/v2\/media?parent=19339"}],"curies":[{"name":"wp","href":"https:\/\/api.w.org\/{rel}","templated":true}]}}