{"id":19,"date":"2014-09-17T14:56:56","date_gmt":"2014-09-17T14:56:56","guid":{"rendered":"http:\/\/agora.xtec.cat\/col-tarres\/?page_id=19"},"modified":"2025-10-04T18:02:05","modified_gmt":"2025-10-04T16:02:05","slug":"escola","status":"publish","type":"page","link":"https:\/\/agora.xtec.cat\/col-tarres\/escola\/","title":{"rendered":"Com som?"},"content":{"rendered":"\n<h2 class=\"wp-block-heading has-text-align-center\">COM SOM?<\/h2>\n\n\n\n<hr class=\"wp-block-separator has-text-color has-ast-global-color-1-color has-alpha-channel-opacity has-ast-global-color-1-background-color has-background\"\/>\n\n\n\n<p class=\"has-text-align-center\">Una manera de ser i de veure el m\u00f3n.<\/p>\n\n\n\n<div class=\"wp-block-columns is-layout-flex wp-container-core-columns-is-layout-1 wp-block-columns-is-layout-flex\">\n<div class=\"wp-block-column is-layout-flow wp-block-column-is-layout-flow\" style=\"padding-right:var(--wp--preset--spacing--30);padding-left:var(--wp--preset--spacing--30);flex-basis:50%\">\n<h4 class=\"wp-block-heading has-ast-global-color-1-color has-text-color has-link-color wp-elements-9763dd57eb6c33314d8ccbd9f8ec2537\">COM SOM AL TARR\u00c9S?<\/h4>\n\n\n\n<p><span style=\"color: #008000;\"><strong>#<\/strong><\/span> Som una escola <strong>concertada<\/strong>, catalana, laica, plural, activa, integradora i de qualitat.<\/p>\n\n\n\n<p><span style=\"color: #008000;\"><strong># <\/strong><\/span>Som una <strong>escola familiar d&#8217;una l\u00ednia<\/strong> des de 1r de l&#8217;Educaci\u00f3 Infantil fins a 4t de l&#8217;Educaci\u00f3 Secund\u00e0ria.<\/p>\n\n\n\n<p><span style=\"color: #008000;\"><strong># <\/strong><\/span>Garantim la <strong>compet\u00e8ncia ling\u00fc\u00edstica<\/strong> tant en catal\u00e0 com en castell\u00e0. Potenciem el domini de l\u2019angl\u00e8s i el coneixement d&#8217;una segona llengua estrangera a Secund\u00e0ria (franc\u00e8s). M\u00e9s informaci\u00f3 <a href=\"https:\/\/agora.xtec.cat\/col-tarres\/projectes\/llengues\/\">aqu\u00ed<\/a>.<\/p>\n\n\n\n<p><span style=\"color: #008000;\"><strong># <\/strong><\/span>Eduquem de forma <strong>integral i global<\/strong> a tot l&#8217;alumnat sense cap mena de discriminaci\u00f3 respectant les seves possibilitats i necessitats, tot oferint els recursos humans i materials dels quals disposem.<\/p>\n\n\n\n<p><span style=\"color: #008000;\"><strong># <\/strong><\/span>Formem persones responsables, aut\u00f2nomes, cr\u00edtiques, competents, creatives, participatives i conscienciades amb l&#8217;entorn, per tal de poder-se integrar plenament a la societat.<\/p>\n\n\n\n<p><span style=\"color: #008000;\"><strong># <\/strong><\/span>Promovem l&#8217;educaci\u00f3 ambiental en una de les lluites m\u00e9s important del nostre segle: l&#8217;emerg\u00e8ncia clim\u00e0tica. <span style=\"font-family: inherit; font-size: 1em;\">Participem en el projecte <a href=\"https:\/\/agora.xtec.cat\/col-tarres\/projectes\/agenda-21\/\">Agenda 21<\/a> que \u00e9s impulsat des de l&#8217;Ajuntament de Sabadell.<\/span><\/p>\n\n\n\n<p><span style=\"color: #008000;\"><strong># <\/strong><\/span>Potenciem l&#8217;aprenentatge significatiu, l&#8217;experimentaci\u00f3 i el coneixement del nostre entorn m\u00e9s proper, per tal de formar persones competents per a la vida.<\/p>\n\n\n\n<p><span style=\"color: #008000;\"><strong>#&nbsp;<\/strong><\/span>Apostem per una <strong>Educaci\u00f3 Infantil i Cicle Inicial lliure de pantalles<\/strong>, una etapa clau en el seu desenvolupament motriu, neurol\u00f2gic i social, on cal evitar la sobreexposici\u00f3 a la qual estan sotmesos els infants en el m\u00f3n actual. <\/p>\n\n\n\n<p><span style=\"color: #008000;\"><strong>#&nbsp;<\/strong><\/span>A <strong>partir de 3r de Prim\u00e0ria<\/strong> integrem l&#8217;\u00fas de les <strong>tecnologies digitals <\/strong>en el proc\u00e9s d&#8217;aprenentatge i ensenyament: creiem que l&#8217;alumnat n&#8217;ha de saber extreure el m\u00e0xim partit, per\u00f2 aprenent l&#8217;\u00fas conscient i responsable de tenir unes eines tan poderoses. Per tant, cal promoure&#8217;n la reflexi\u00f3 sobre els valors socials i \u00e8tics de les eines digitals.<\/p>\n\n\n\n<p><span style=\"color: #008000;\"><strong>#&nbsp;<\/strong><\/span>A <strong>Secund\u00e0ria<\/strong> treballem amb ordinadors <strong><em>Chromebook<\/em> <\/strong>individuals per a cada alumne, amb control de&nbsp; l&#8217;historial i dels continguts per part de l&#8217;Escola i de les fam\u00edlies en horari no lectiu.<\/p>\n<\/div>\n\n\n\n<div class=\"wp-block-column is-layout-flow wp-block-column-is-layout-flow\" style=\"padding-right:var(--wp--preset--spacing--30);padding-left:var(--wp--preset--spacing--30);flex-basis:50%\">\n<h4 class=\"wp-block-heading has-ast-global-color-1-color has-text-color has-link-color wp-elements-edf03718c676a93c7dbe723c95065f47\">TRETS CARACTER\u00cdSTICS<\/h4>\n\n\n\n<figure class=\"wp-block-embed alignfull is-type-video is-provider-youtube wp-block-embed-youtube wp-embed-aspect-16-9 wp-has-aspect-ratio\"><div class=\"wp-block-embed__wrapper\">\n<div class=\"ast-oembed-container \" style=\"height: 100%;\"><iframe loading=\"lazy\" title=\"Aix\u00ed som al Col\u00b7legi Tarr\u00e9s! - 2021\" width=\"500\" height=\"281\" src=\"https:\/\/www.youtube.com\/embed\/55OJbV_Zzr8?feature=oembed\" frameborder=\"0\" allow=\"accelerometer; autoplay; clipboard-write; encrypted-media; gyroscope; picture-in-picture; web-share\" referrerpolicy=\"strict-origin-when-cross-origin\" allowfullscreen><\/iframe><\/div>\n<\/div><\/figure>\n\n\n\n<hr class=\"wp-block-separator has-alpha-channel-opacity\"\/>\n\n\n\n<p><b><span style=\"color: #008000;\"><strong>#<\/strong><\/span> <\/b><span style=\"font-weight: 400;\">Sempre hem estat i continuem essent una escola d&#8217;<\/span><b>una sola l\u00ednia<\/b><span style=\"font-weight: 400;\">,<\/span><span style=\"font-weight: 400;\"> la qual cosa fa que tots l&#8217;equip de docents i altre personal del centre puguem con\u00e8ixer molt b\u00e9 les necessitats, inquietuds i en definitiva la <\/span><b>traject\u00f2ria del nostre alumnat<\/b><span style=\"font-weight: 400;\">.<\/span><\/p>\n\n\n\n<p><b><span style=\"color: #008000;\"><strong>#<\/strong><\/span> <\/b><span style=\"font-weight: 400;\">Procurem que cada dia que tots els infants i adolescents rebin una <\/span><b>atenci\u00f3 individualitzada<\/b><span style=\"font-weight: 400;\"> i <\/span><b>personalitzada <\/b><span style=\"font-weight: 400;\">per cobrir les seves necessitats amb l&#8217;exig\u00e8ncia i const\u00e0ncia que les fam\u00edlies demaneu.<\/span><\/p>\n\n\n\n<p><span style=\"color: #008000;\"><strong>#<\/strong><\/span> <span style=\"font-weight: 400;\">El clima escolar que tenim al Tarr\u00e9s vol afavorir un <\/span><b>ensenyament de qualitat<\/b><span style=\"font-weight: 400;\"> i desvetllar l&#8217;inter\u00e8s de l&#8217;alumnat per aprendre, reflexionar, comunicar-se, comprendre i desenvolupar una opini\u00f3 cr\u00edtica, alhora que afavoreix la maduraci\u00f3 de la persona que es va formant. Per tant, sempre hem volgut crear un ambient acollidor i afectu\u00f3s, de comprensi\u00f3, de comunicaci\u00f3 i, sobretot, de respecte.<\/span><\/p>\n\n\n\n<p><span style=\"color: #008000;\"><strong>#<\/strong><\/span> <span style=\"font-weight: 400;\">Sabem que treballem amb nens i nenes que creixen i que esdevenen en les persones que integraran la societat del dem\u00e0, i \u00e9s per aix\u00f2 que intentem formar el nostre alumnat perqu\u00e8 siguin capa\u00e7os de ser part d&#8217;una societat en constant canvi, preparant-los en l&#8217;\u00e0mbit intel\u00b7lectual i ajudant-los a <\/span><b>cr\u00e9ixer com a persones<\/b><span style=\"font-weight: 400;\">.<\/span><\/p>\n<\/div>\n<\/div>\n\n\n\n<hr class=\"wp-block-separator has-alpha-channel-opacity\"\/>\n\n\n\n<p class=\"has-text-align-center\">Coneix-ne m\u00e9s sobre la <strong>visi\u00f3 pedag\u00f2gica<\/strong> del Tarr\u00e9s visitant el nostre <a href=\"https:\/\/agora.xtec.cat\/col-tarres\/projectes\/projecte_educatiu\/\"><strong>Projecte Educatiu<\/strong><\/a>.<\/p>\n","protected":false},"excerpt":{"rendered":"<p>COM SOM? Una manera de ser i de veure el m\u00f3n. COM SOM AL TARR\u00c9S? # Som una escola concertada, [&hellip;]<\/p>\n","protected":false},"author":1,"featured_media":0,"parent":0,"menu_order":1,"comment_status":"closed","ping_status":"closed","template":"","meta":{"_bbp_topic_count":0,"_bbp_reply_count":0,"_bbp_total_topic_count":0,"_bbp_total_reply_count":0,"_bbp_voice_count":0,"_bbp_anonymous_reply_count":0,"_bbp_topic_count_hidden":0,"_bbp_reply_count_hidden":0,"_bbp_forum_subforum_count":0,"site-sidebar-layout":"default","site-content-layout":"","ast-site-content-layout":"default","site-content-style":"default","site-sidebar-style":"default","ast-global-header-display":"","ast-banner-title-visibility":"","ast-main-header-display":"","ast-hfb-above-header-display":"","ast-hfb-below-header-display":"","ast-hfb-mobile-header-display":"","site-post-title":"disabled","ast-breadcrumbs-content":"","ast-featured-img":"","footer-sml-layout":"","theme-transparent-header-meta":"","adv-header-id-meta":"","stick-header-meta":"","header-above-stick-meta":"","header-main-stick-meta":"","header-below-stick-meta":"","astra-migrate-meta-layouts":"set","ast-page-background-enabled":"default","ast-page-background-meta":{"desktop":{"background-color":"var(--ast-global-color-4)","background-image":"","background-repeat":"repeat","background-position":"center center","background-size":"auto","background-attachment":"scroll","background-type":"","background-media":"","overlay-type":"","overlay-color":"","overlay-opacity":"","overlay-gradient":""},"tablet":{"background-color":"","background-image":"","background-repeat":"repeat","background-position":"center center","background-size":"auto","background-attachment":"scroll","background-type":"","background-media":"","overlay-type":"","overlay-color":"","overlay-opacity":"","overlay-gradient":""},"mobile":{"background-color":"","background-image":"","background-repeat":"repeat","background-position":"center center","background-size":"auto","background-attachment":"scroll","background-type":"","background-media":"","overlay-type":"","overlay-color":"","overlay-opacity":"","overlay-gradient":""}},"ast-content-background-meta":{"desktop":{"background-color":"var(--ast-global-color-5)","background-image":"","background-repeat":"repeat","background-position":"center center","background-size":"auto","background-attachment":"scroll","background-type":"","background-media":"","overlay-type":"","overlay-color":"","overlay-opacity":"","overlay-gradient":""},"tablet":{"background-color":"var(--ast-global-color-5)","background-image":"","background-repeat":"repeat","background-position":"center center","background-size":"auto","background-attachment":"scroll","background-type":"","background-media":"","overlay-type":"","overlay-color":"","overlay-opacity":"","overlay-gradient":""},"mobile":{"background-color":"var(--ast-global-color-5)","background-image":"","background-repeat":"repeat","background-position":"center center","background-size":"auto","background-attachment":"scroll","background-type":"","background-media":"","overlay-type":"","overlay-color":"","overlay-opacity":"","overlay-gradient":""}},"footnotes":""},"class_list":["post-19","page","type-page","status-publish","hentry"],"post_mailing_queue_ids":[],"_links":{"self":[{"href":"https:\/\/agora.xtec.cat\/col-tarres\/wp-json\/wp\/v2\/pages\/19","targetHints":{"allow":["GET"]}}],"collection":[{"href":"https:\/\/agora.xtec.cat\/col-tarres\/wp-json\/wp\/v2\/pages"}],"about":[{"href":"https:\/\/agora.xtec.cat\/col-tarres\/wp-json\/wp\/v2\/types\/page"}],"author":[{"embeddable":true,"href":"https:\/\/agora.xtec.cat\/col-tarres\/wp-json\/wp\/v2\/users\/1"}],"replies":[{"embeddable":true,"href":"https:\/\/agora.xtec.cat\/col-tarres\/wp-json\/wp\/v2\/comments?post=19"}],"version-history":[{"count":6,"href":"https:\/\/agora.xtec.cat\/col-tarres\/wp-json\/wp\/v2\/pages\/19\/revisions"}],"predecessor-version":[{"id":19237,"href":"https:\/\/agora.xtec.cat\/col-tarres\/wp-json\/wp\/v2\/pages\/19\/revisions\/19237"}],"wp:attachment":[{"href":"https:\/\/agora.xtec.cat\/col-tarres\/wp-json\/wp\/v2\/media?parent=19"}],"curies":[{"name":"wp","href":"https:\/\/api.w.org\/{rel}","templated":true}]}}