{"id":16161,"date":"2023-02-04T12:05:49","date_gmt":"2023-02-04T11:05:49","guid":{"rendered":"https:\/\/agora.xtec.cat\/col-tarres\/?page_id=16161"},"modified":"2026-02-04T22:32:51","modified_gmt":"2026-02-04T21:32:51","slug":"cronologia","status":"publish","type":"page","link":"https:\/\/agora.xtec.cat\/col-tarres\/escola\/cronologia\/","title":{"rendered":"Hist\u00f2ria"},"content":{"rendered":"\n<h2 class=\"wp-block-heading has-text-align-center has-black-color has-text-color has-link-color wp-elements-1caae9adb76c8bd21f1c949baeb3905a\">LA NOSTRA HIST\u00d2RIA<\/h2>\n\n\n\n<hr class=\"wp-block-separator has-text-color has-ast-global-color-1-color has-alpha-channel-opacity has-ast-global-color-1-background-color has-background\"\/>\n\n\n\n<p class=\"has-text-align-center\">Compromesos amb l&#8217;educaci\u00f3 des de 1967.<\/p>\n\n\n\n<div class=\"wp-block-columns is-layout-flex wp-container-core-columns-is-layout-1 wp-block-columns-is-layout-flex\" style=\"padding-top:0;padding-bottom:0\">\n<div class=\"wp-block-column is-layout-flow wp-block-column-is-layout-flow\" style=\"padding-right:var(--wp--preset--spacing--30);padding-left:var(--wp--preset--spacing--30)\">\n<h4 class=\"wp-block-heading has-ast-global-color-1-color has-text-color has-link-color wp-elements-9eebb909409060c28963d4c38b62d21b\">REP\u00c0S HIST\u00d2RIC<\/h4>\n\n\n\n<figure class=\"wp-block-embed is-type-video is-provider-youtube wp-block-embed-youtube wp-embed-aspect-16-9 wp-has-aspect-ratio\"><div class=\"wp-block-embed__wrapper\">\n<div class=\"ast-oembed-container \" style=\"height: 100%;\"><iframe loading=\"lazy\" title=\"Testimonis del Col\u00b7legi Tarr\u00e9s - 2018\" width=\"500\" height=\"281\" src=\"https:\/\/www.youtube.com\/embed\/VwzqjFMidnQ?feature=oembed\" frameborder=\"0\" allow=\"accelerometer; autoplay; clipboard-write; encrypted-media; gyroscope; picture-in-picture; web-share\" referrerpolicy=\"strict-origin-when-cross-origin\" allowfullscreen><\/iframe><\/div>\n<\/div><\/figure>\n\n\n\n<p><\/p>\n\n\n\n<p class=\"has-text-align-left\">El <strong>Col\u00b7legi Tarr\u00e9s<\/strong> \u00e9s un centre educatiu privat fundat a Sabadell l&#8217;any <strong>1967 <\/strong>per les germanes <strong>Neus<\/strong> i <strong>Merc\u00e8 Tarr\u00e9s Muntada<\/strong>, mestres de parvulari i prim\u00e0ria, amb el suport d&#8217;en <strong>Robert Valldosera<\/strong>, marit de la Neus.<\/p>\n\n\n\n<p class=\"has-text-align-left\">En la seva creaci\u00f3, el col\u00b7legi responia a la necessitat d&#8217;una <strong>escola catalana i laica<\/strong> per part de pares i mares dels barris de <strong>la Creu Alta<\/strong>, <strong>Ca n&#8217;Oriac<\/strong> i <strong>la Conc\u00f2rdia<\/strong>, zones que van viure un notable augment de la poblaci\u00f3 en aquells anys. Inicialment, formava part d&#8217;una associaci\u00f3 de tres acad\u00e8mies, per\u00f2, amb el temps i a petici\u00f3 de les fam\u00edlies, va adquirir una <strong>identitat pr\u00f2pia<\/strong>.<\/p>\n\n\n\n<p>Els primers anys, el Col\u00b7legi impartia el <strong>Parvulari <\/strong>en un pis del carrer Canonge Joncar 168. A mesura que aquells nens creixien, es van incorporar gradualment els cursos de <strong>Prim\u00e0ria <\/strong>(EGB), la qual cosa va requerir l&#8217;ampliaci\u00f3 de les instal\u00b7lacions. Aix\u00ed, es va construir un nou edifici al carrer Pau Rigalt 52, que va obrir les seves portes l&#8217;any 1981.<\/p>\n\n\n\n<p>L&#8217;any <strong>1986<\/strong>, l&#8217;Escola va aconseguir el<strong> concert educatiu amb la Generalitat de Catalunya<\/strong>. Amb l&#8217;increment constant del nombre d&#8217;alumnes, les instal\u00b7lacions del Canonge Joncar 168 van quedar petites, i l&#8217;any <strong>1992 <\/strong>es va inaugurar l&#8217;edifici actual al carrer Canonge Joncar, 127B, amb aules m\u00e9s \u00e0mplies i un gran pati exterior.<\/p>\n\n\n\n<p>A mitjans dels anys noranta, gr\u00e0cies a la voluntat de tota la comunitat educativa i a la nova <strong>Llei d&#8217;Ensenyament<\/strong>, l&#8217;Escola va experimentar la seva \u00faltima ampliaci\u00f3 educativa: es va introduir l<strong>&#8216;Educaci\u00f3 Secund\u00e0ria Obligat\u00f2ria<\/strong>, en resposta a la confian\u00e7a i insist\u00e8ncia de les fam\u00edlies. Fins llavors, la majoria dels alumnes anaven al centre Ramar per cursar Batxillerat (BUP) o altres estudis professionals.<\/p>\n\n\n\n<p>Amb aquesta ampliaci\u00f3, el Tarr\u00e9s va passar a oferi<strong>r totes les etapes dels estudis obligatoris<\/strong>, des d&#8217;infants de 3 anys fins a joves de 16 anys. Aix\u00f2 va requerir la construcci\u00f3 d&#8217;un nou edifici sobre el pati, amb acc\u00e9s directe des del carrer Vallcorba, 37-39, que va entrar en funcionament l&#8217;any <strong>1998<\/strong>.<\/p>\n\n\n\n<p>A partir del 2015, el col\u00b7legi va assolir un conveni de col\u00b7laboraci\u00f3 amb el <strong>Centre Jaume Viladoms<\/strong>, centre de refer\u00e8ncia a Sabadell en <strong>estudis postobligatoris<\/strong>, per permetre que els nostres alumnes puguin continuar els seus estudis de Batxillerat o Formaci\u00f3 Professional de manera directa un cop finalitzada l&#8217;etapa obligat\u00f2ria.<\/p>\n\n\n\n<hr class=\"wp-block-separator has-alpha-channel-opacity\"\/>\n\n\n\n<h4 class=\"wp-block-heading has-ast-global-color-1-color has-text-color has-link-color wp-elements-f6d91794ed3a52b55eee626b2f978b27\">DIRECTORES DEL TARR\u00c9S<\/h4>\n\n\n\n<ul class=\"wp-block-list\">\n<li>Sra. <strong>Neus Tarr\u00e9s Muntada<\/strong>: des dels inicis de l&#8217;Escola el 1967 fins l&#8217;agost de 2003.<\/li>\n\n\n\n<li>Sra. <strong>M\u00f2nica Valldosera Tarr\u00e9s<\/strong>: des del setembre de 2003 fins el desembre de 2005.<\/li>\n\n\n\n<li>Sra. <strong>Lolita Mu\u00f1oz Ib\u00e1\u00f1ez<\/strong>: des del gener de 2006 fins el juny de 2013.<\/li>\n\n\n\n<li>Sra. <strong>Montserrat Figueras Torres<\/strong>: des del juliol de 2013.<\/li>\n<\/ul>\n\n\n\n<figure class=\"wp-block-image aligncenter is-resized\"><img loading=\"lazy\" decoding=\"async\" width=\"300\" height=\"199\" src=\"https:\/\/agora.xtec.cat\/col-tarres\/wp-content\/uploads\/usu1585\/2023\/02\/neus-monica-lolita-300x199.jpg\" alt=\"\" class=\"wp-image-16218\" style=\"width:376px;height:auto\" srcset=\"https:\/\/agora.xtec.cat\/col-tarres\/wp-content\/uploads\/usu1585\/2023\/02\/neus-monica-lolita-300x199.jpg 300w, https:\/\/agora.xtec.cat\/col-tarres\/wp-content\/uploads\/usu1585\/2023\/02\/neus-monica-lolita-1024x681.jpg 1024w, https:\/\/agora.xtec.cat\/col-tarres\/wp-content\/uploads\/usu1585\/2023\/02\/neus-monica-lolita-768x511.jpg 768w, https:\/\/agora.xtec.cat\/col-tarres\/wp-content\/uploads\/usu1585\/2023\/02\/neus-monica-lolita-1536x1021.jpg 1536w, https:\/\/agora.xtec.cat\/col-tarres\/wp-content\/uploads\/usu1585\/2023\/02\/neus-monica-lolita-2048x1362.jpg 2048w\" sizes=\"auto, (max-width: 300px) 100vw, 300px\" \/><figcaption class=\"wp-element-caption\">M\u00f2nica Valldosera, Lolita Mu\u00f1oz i Neus Tarr\u00e9s<\/figcaption><\/figure>\n\n\n\n<hr class=\"wp-block-separator has-alpha-channel-opacity\"\/>\n\n\n\n<h4 class=\"wp-block-heading has-ast-global-color-1-color has-text-color has-link-color wp-elements-e5927fbded85ffbab785be2524e7fb3e\">CELEBRACI\u00d3 DEL 50\u00e8 ANIVERSARI<\/h4>\n\n\n\n<p>Durant el <strong>curs 2017-2018<\/strong> v\u00e0rem celebrar els 50 anys de funcionament de l&#8217;Escola. Vam organitzar diverses activitats amb les fam\u00edlies i alumnes actuals, per\u00f2 tamb\u00e9 vam fer actes amb els antics alumnes, mestres i professors. En definitiva, ho vam celebrar en comunitat.<\/p>\n\n\n\n<p>El divendres 13 d&#8217;abril de 2018 vam fer una<strong> trobada<\/strong> a l&#8217;Escola on vam assistir-hi antics alumnes i mestres. Junts vam passar una tarda de records de viv\u00e8ncies, bons moments i companyia.<\/p>\n\n\n\n<div class=\"wp-block-buttons is-layout-flex wp-block-buttons-is-layout-flex\">\n<div class=\"wp-block-button\"><a class=\"wp-block-button__link wp-element-button\" href=\"https:\/\/agora.xtec.cat\/col-tarres\/bloctarres\/trobada-dantics-alumnes-i-mestres-2\/\">Not\u00edcia trobada antics alumnes i mestres<\/a><\/div>\n<\/div>\n\n\n\n<p>El 22 d&#8217;abril vam fer una <strong>sortida<\/strong> a peu des de l&#8217;Escola fins a Togores, amb fam\u00edlies i infants actuals.<\/p>\n\n\n\n<div class=\"wp-block-buttons is-layout-flex wp-block-buttons-is-layout-flex\">\n<div class=\"wp-block-button\"><a class=\"wp-block-button__link wp-element-button\" href=\"https:\/\/agora.xtec.cat\/col-tarres\/bloctarres\/sortida-a-togores-amb-les-families\/\">Not\u00edcia sortida a Togores<\/a><\/div>\n<\/div>\n\n\n\n<p>El vespre del 25 de maig vam fer un <strong>sopar de germanor<\/strong> amb les fam\u00edlies, alumnes i personal al pati de l&#8217;Escola.<\/p>\n\n\n\n<div class=\"wp-block-buttons is-layout-flex wp-block-buttons-is-layout-flex\">\n<div class=\"wp-block-button\"><a class=\"wp-block-button__link wp-element-button\" href=\"https:\/\/agora.xtec.cat\/col-tarres\/bloctarres\/sopar-en-familia\/\">Not\u00edcia sopar de germanor<\/a><\/div>\n<\/div>\n\n\n\n<p>Per concloure les activitats de celebraci\u00f3, el divendres 15 de juny vam fer un gran <strong>festival<\/strong> al Teatre de la Far\u00e0ndula, on s&#8217;hi van implicar tots els alumnes de l&#8217;Escola i van assistir-hi totes les fam\u00edlies. <\/p>\n\n\n\n<div class=\"wp-block-buttons is-layout-flex wp-block-buttons-is-layout-flex\">\n<div class=\"wp-block-button\"><a class=\"wp-block-button__link wp-element-button\" href=\"https:\/\/agora.xtec.cat\/col-tarres\/bloctarres\/fotografies-del-festival-del-cinquantenari\/\">Not\u00edcia festival 50 anys<\/a><\/div>\n<\/div>\n\n\n\n<figure class=\"wp-block-image aligncenter is-resized\"><img loading=\"lazy\" decoding=\"async\" width=\"300\" height=\"221\" src=\"https:\/\/agora.xtec.cat\/col-tarres\/wp-content\/uploads\/usu1585\/2018\/06\/50-fi-curs-3-300x221.jpg\" alt=\"\" class=\"wp-image-9929\" style=\"width:368px;height:auto\" srcset=\"https:\/\/agora.xtec.cat\/col-tarres\/wp-content\/uploads\/usu1585\/2018\/06\/50-fi-curs-3-300x221.jpg 300w, https:\/\/agora.xtec.cat\/col-tarres\/wp-content\/uploads\/usu1585\/2018\/06\/50-fi-curs-3-768x566.jpg 768w, https:\/\/agora.xtec.cat\/col-tarres\/wp-content\/uploads\/usu1585\/2018\/06\/50-fi-curs-3-1024x754.jpg 1024w, https:\/\/agora.xtec.cat\/col-tarres\/wp-content\/uploads\/usu1585\/2018\/06\/50-fi-curs-3.jpg 1200w\" sizes=\"auto, (max-width: 300px) 100vw, 300px\" \/><\/figure>\n<\/div>\n\n\n\n<div class=\"wp-block-column is-layout-flow wp-block-column-is-layout-flow\" style=\"padding-right:var(--wp--preset--spacing--30);padding-left:var(--wp--preset--spacing--30)\">\n<h4 class=\"wp-block-heading has-ast-global-color-1-color has-text-color has-link-color wp-elements-dba432846963430f3d37c3555011587e\">CRONOLOGIA<\/h4>\n\n\n\n<div class=\"wp-block-getwid-content-timeline\" data-animation=\"none\" data-filling=\"true\"><div class=\"wp-block-getwid-content-timeline__line\"><div class=\"wp-block-getwid-content-timeline__bar\"><\/div><\/div><div class=\"wp-block-getwid-content-timeline__wrapper\">\n<div class=\"wp-block-getwid-content-timeline-item\"><div class=\"wp-block-getwid-content-timeline-item__wrapper\"><div class=\"wp-block-getwid-content-timeline-item__card\"><div class=\"wp-block-getwid-content-timeline-item__card-wrapper\"><div class=\"wp-block-getwid-content-timeline-item__content-wrapper\"><div class=\"wp-block-getwid-content-timeline-item__mobile-meta\"><p class=\"wp-block-getwid-content-timeline-item__meta-content\">Fundaci\u00f3 del centre Tarr\u00e9s per part de la <strong>Neus Tarr\u00e9s<\/strong> i la seva germana, <strong>Merc\u00e8<\/strong>, com a escola de parvulari en uns pisos del carrer Canonge Joncar, 168.<\/p><\/div>\n<h4 class=\"wp-block-heading\">Setembre 1967<\/h4>\n<\/div><\/div><\/div><div class=\"wp-block-getwid-content-timeline-item__point\"><div class=\"wp-block-getwid-content-timeline-item__point-content\"><\/div><\/div><div class=\"wp-block-getwid-content-timeline-item__meta\"><p class=\"wp-block-getwid-content-timeline-item__meta-content\">Fundaci\u00f3 del centre Tarr\u00e9s per part de la <strong>Neus Tarr\u00e9s<\/strong> i la seva germana, <strong>Merc\u00e8<\/strong>, com a escola de parvulari en uns pisos del carrer Canonge Joncar, 168.<\/p><\/div><\/div><\/div>\n\n\n\n<div class=\"wp-block-getwid-content-timeline-item\"><div class=\"wp-block-getwid-content-timeline-item__wrapper\"><div class=\"wp-block-getwid-content-timeline-item__card\"><div class=\"wp-block-getwid-content-timeline-item__card-wrapper\"><div class=\"wp-block-getwid-content-timeline-item__content-wrapper\"><div class=\"wp-block-getwid-content-timeline-item__mobile-meta\"><p class=\"wp-block-getwid-content-timeline-item__meta-content\">Uni\u00f3 amb l&#8217;Escola Xifra i l&#8217;Acad\u00e8mia Lumen, ambdues situades a La Creu Alta.<\/p><\/div>\n<h4 class=\"wp-block-heading\"><strong>Setembre de 1976<\/strong><\/h4>\n<\/div><\/div><\/div><div class=\"wp-block-getwid-content-timeline-item__point\"><div class=\"wp-block-getwid-content-timeline-item__point-content\"><\/div><\/div><div class=\"wp-block-getwid-content-timeline-item__meta\"><p class=\"wp-block-getwid-content-timeline-item__meta-content\">Uni\u00f3 amb l&#8217;Escola Xifra i l&#8217;Acad\u00e8mia Lumen, ambdues situades a La Creu Alta.<\/p><\/div><\/div><\/div>\n\n\n\n<div class=\"wp-block-getwid-content-timeline-item\"><div class=\"wp-block-getwid-content-timeline-item__wrapper\"><div class=\"wp-block-getwid-content-timeline-item__card\"><div class=\"wp-block-getwid-content-timeline-item__card-wrapper\"><div class=\"wp-block-getwid-content-timeline-item__content-wrapper\"><div class=\"wp-block-getwid-content-timeline-item__mobile-meta\"><p class=\"wp-block-getwid-content-timeline-item__meta-content\">Separaci\u00f3 amb l&#8217;Escola Xifra. Aquest centre tancaria al cap de pocs anys.<\/p><\/div>\n<h4 class=\"wp-block-heading\"><strong>Setembre de 1977<\/strong><\/h4>\n<\/div><\/div><\/div><div class=\"wp-block-getwid-content-timeline-item__point\"><div class=\"wp-block-getwid-content-timeline-item__point-content\"><\/div><\/div><div class=\"wp-block-getwid-content-timeline-item__meta\"><p class=\"wp-block-getwid-content-timeline-item__meta-content\">Separaci\u00f3 amb l&#8217;Escola Xifra. Aquest centre tancaria al cap de pocs anys.<\/p><\/div><\/div><\/div>\n\n\n\n<div class=\"wp-block-getwid-content-timeline-item\"><div class=\"wp-block-getwid-content-timeline-item__wrapper\"><div class=\"wp-block-getwid-content-timeline-item__card\"><div class=\"wp-block-getwid-content-timeline-item__card-wrapper\"><div class=\"wp-block-getwid-content-timeline-item__content-wrapper\"><div class=\"wp-block-getwid-content-timeline-item__mobile-meta\"><p class=\"wp-block-getwid-content-timeline-item__meta-content\">Separaci\u00f3 amb l&#8217;Acad\u00e8mia Lumen. Aquest centre tancaria 8 anys m\u00e9s tard.<\/p><\/div>\n<h4 class=\"wp-block-heading\"><strong><strong>Setembre de 1981<\/strong><\/strong><\/h4>\n<\/div><\/div><\/div><div class=\"wp-block-getwid-content-timeline-item__point\"><div class=\"wp-block-getwid-content-timeline-item__point-content\"><\/div><\/div><div class=\"wp-block-getwid-content-timeline-item__meta\"><p class=\"wp-block-getwid-content-timeline-item__meta-content\">Separaci\u00f3 amb l&#8217;Acad\u00e8mia Lumen. Aquest centre tancaria 8 anys m\u00e9s tard.<\/p><\/div><\/div><\/div>\n\n\n\n<div class=\"wp-block-getwid-content-timeline-item\"><div class=\"wp-block-getwid-content-timeline-item__wrapper\"><div class=\"wp-block-getwid-content-timeline-item__card\"><div class=\"wp-block-getwid-content-timeline-item__card-wrapper\"><div class=\"wp-block-getwid-content-timeline-item__content-wrapper\"><div class=\"wp-block-getwid-content-timeline-item__mobile-meta\"><p class=\"wp-block-getwid-content-timeline-item__meta-content\">Entra en funcionament l&#8217;edifici del carrer Pau Rigalt, 52 per als nous cursos de Prim\u00e0ria.<\/p><\/div>\n<h4 class=\"wp-block-heading\"><strong><strong>Mar\u00e7 de 1981<\/strong><\/strong><\/h4>\n<\/div><\/div><\/div><div class=\"wp-block-getwid-content-timeline-item__point\"><div class=\"wp-block-getwid-content-timeline-item__point-content\"><\/div><\/div><div class=\"wp-block-getwid-content-timeline-item__meta\"><p class=\"wp-block-getwid-content-timeline-item__meta-content\">Entra en funcionament l&#8217;edifici del carrer Pau Rigalt, 52 per als nous cursos de Prim\u00e0ria.<\/p><\/div><\/div><\/div>\n\n\n\n<div class=\"wp-block-getwid-content-timeline-item\"><div class=\"wp-block-getwid-content-timeline-item__wrapper\"><div class=\"wp-block-getwid-content-timeline-item__card\"><div class=\"wp-block-getwid-content-timeline-item__card-wrapper\"><div class=\"wp-block-getwid-content-timeline-item__content-wrapper\"><div class=\"wp-block-getwid-content-timeline-item__mobile-meta\"><p class=\"wp-block-getwid-content-timeline-item__meta-content\">S&#8217;assoleix el <strong>concert educatiu <\/strong>amb la Generalitat de Catalunya, com a centre privat sostingut parcialment amb fons p\u00fablics.<\/p><\/div>\n<h4 class=\"wp-block-heading\"><strong>Setembre de 1986<\/strong><\/h4>\n<\/div><\/div><\/div><div class=\"wp-block-getwid-content-timeline-item__point\"><div class=\"wp-block-getwid-content-timeline-item__point-content\"><\/div><\/div><div class=\"wp-block-getwid-content-timeline-item__meta\"><p class=\"wp-block-getwid-content-timeline-item__meta-content\">S&#8217;assoleix el <strong>concert educatiu <\/strong>amb la Generalitat de Catalunya, com a centre privat sostingut parcialment amb fons p\u00fablics.<\/p><\/div><\/div><\/div>\n\n\n\n<div class=\"wp-block-getwid-content-timeline-item\"><div class=\"wp-block-getwid-content-timeline-item__wrapper\"><div class=\"wp-block-getwid-content-timeline-item__card\"><div class=\"wp-block-getwid-content-timeline-item__card-wrapper\"><div class=\"wp-block-getwid-content-timeline-item__content-wrapper\"><div class=\"wp-block-getwid-content-timeline-item__mobile-meta\"><p class=\"wp-block-getwid-content-timeline-item__meta-content\">Entra en funcionament la planta baixa i el pati del nou edifici del Canonge Joncar, 127B, i s&#8217;hi trasllada el Parvulari i el Menjador.<\/p><\/div>\n<h4 class=\"wp-block-heading\"><strong>Setembre de 1989<\/strong><\/h4>\n<\/div><\/div><\/div><div class=\"wp-block-getwid-content-timeline-item__point\"><div class=\"wp-block-getwid-content-timeline-item__point-content\"><\/div><\/div><div class=\"wp-block-getwid-content-timeline-item__meta\"><p class=\"wp-block-getwid-content-timeline-item__meta-content\">Entra en funcionament la planta baixa i el pati del nou edifici del Canonge Joncar, 127B, i s&#8217;hi trasllada el Parvulari i el Menjador.<\/p><\/div><\/div><\/div>\n\n\n\n<div class=\"wp-block-getwid-content-timeline-item\"><div class=\"wp-block-getwid-content-timeline-item__wrapper\"><div class=\"wp-block-getwid-content-timeline-item__card\"><div class=\"wp-block-getwid-content-timeline-item__card-wrapper\"><div class=\"wp-block-getwid-content-timeline-item__content-wrapper\"><div class=\"wp-block-getwid-content-timeline-item__mobile-meta\"><p class=\"wp-block-getwid-content-timeline-item__meta-content\">S&#8217;acaben les obres les plantes 1a, 2a i golfes de l&#8217;edifici del Canonge Joncar, 127B, i s&#8217;hi trasllada l&#8217;etapa de Prim\u00e0ria.<\/p><\/div>\n<h4 class=\"wp-block-heading\"><strong>Setembre de 1992<\/strong><\/h4>\n<\/div><\/div><\/div><div class=\"wp-block-getwid-content-timeline-item__point\"><div class=\"wp-block-getwid-content-timeline-item__point-content\"><\/div><\/div><div class=\"wp-block-getwid-content-timeline-item__meta\"><p class=\"wp-block-getwid-content-timeline-item__meta-content\">S&#8217;acaben les obres les plantes 1a, 2a i golfes de l&#8217;edifici del Canonge Joncar, 127B, i s&#8217;hi trasllada l&#8217;etapa de Prim\u00e0ria.<\/p><\/div><\/div><\/div>\n\n\n\n<div class=\"wp-block-getwid-content-timeline-item\"><div class=\"wp-block-getwid-content-timeline-item__wrapper\"><div class=\"wp-block-getwid-content-timeline-item__card\"><div class=\"wp-block-getwid-content-timeline-item__card-wrapper\"><div class=\"wp-block-getwid-content-timeline-item__content-wrapper\"><div class=\"wp-block-getwid-content-timeline-item__mobile-meta\"><p class=\"wp-block-getwid-content-timeline-item__meta-content\">Celebraci\u00f3 del <strong>25\u00e8 aniversari<\/strong> de l&#8217;Escola.<\/p><\/div>\n<h4 class=\"wp-block-heading\"><strong>Curs 1992-1993<\/strong><\/h4>\n<\/div><\/div><\/div><div class=\"wp-block-getwid-content-timeline-item__point\"><div class=\"wp-block-getwid-content-timeline-item__point-content\"><\/div><\/div><div class=\"wp-block-getwid-content-timeline-item__meta\"><p class=\"wp-block-getwid-content-timeline-item__meta-content\">Celebraci\u00f3 del <strong>25\u00e8 aniversari<\/strong> de l&#8217;Escola.<\/p><\/div><\/div><\/div>\n\n\n\n<div class=\"wp-block-getwid-content-timeline-item\"><div class=\"wp-block-getwid-content-timeline-item__wrapper\"><div class=\"wp-block-getwid-content-timeline-item__card\"><div class=\"wp-block-getwid-content-timeline-item__card-wrapper\"><div class=\"wp-block-getwid-content-timeline-item__content-wrapper\"><div class=\"wp-block-getwid-content-timeline-item__mobile-meta\"><p class=\"wp-block-getwid-content-timeline-item__meta-content\"><strong>Montserrat Figueras <\/strong>i <strong>M\u00f2nica Valldosera<\/strong> inicien el projecte de la nova Secund\u00e0ria (<strong>ESO<\/strong>) i es comen\u00e7a a impartir el primer curs a l&#8217;edifici del carrer Pau Rigalt, 52.<\/p><\/div>\n<h4 class=\"wp-block-heading\"><strong>Setembre de 1997<\/strong><\/h4>\n<\/div><\/div><\/div><div class=\"wp-block-getwid-content-timeline-item__point\"><div class=\"wp-block-getwid-content-timeline-item__point-content\"><\/div><\/div><div class=\"wp-block-getwid-content-timeline-item__meta\"><p class=\"wp-block-getwid-content-timeline-item__meta-content\"><strong>Montserrat Figueras <\/strong>i <strong>M\u00f2nica Valldosera<\/strong> inicien el projecte de la nova Secund\u00e0ria (<strong>ESO<\/strong>) i es comen\u00e7a a impartir el primer curs a l&#8217;edifici del carrer Pau Rigalt, 52.<\/p><\/div><\/div><\/div>\n\n\n\n<div class=\"wp-block-getwid-content-timeline-item\"><div class=\"wp-block-getwid-content-timeline-item__wrapper\"><div class=\"wp-block-getwid-content-timeline-item__card\"><div class=\"wp-block-getwid-content-timeline-item__card-wrapper\"><div class=\"wp-block-getwid-content-timeline-item__content-wrapper\"><div class=\"wp-block-getwid-content-timeline-item__mobile-meta\"><p class=\"wp-block-getwid-content-timeline-item__meta-content\">Entra en funcionament el nou edifici del carrer Vallcorba, 37-39, i s&#8217;hi trasllada definitivament l&#8217;ESO.<\/p><\/div>\n<h4 class=\"wp-block-heading\"><strong>Setembre de 1998<\/strong><\/h4>\n<\/div><\/div><\/div><div class=\"wp-block-getwid-content-timeline-item__point\"><div class=\"wp-block-getwid-content-timeline-item__point-content\"><\/div><\/div><div class=\"wp-block-getwid-content-timeline-item__meta\"><p class=\"wp-block-getwid-content-timeline-item__meta-content\">Entra en funcionament el nou edifici del carrer Vallcorba, 37-39, i s&#8217;hi trasllada definitivament l&#8217;ESO.<\/p><\/div><\/div><\/div>\n\n\n\n<div class=\"wp-block-getwid-content-timeline-item\"><div class=\"wp-block-getwid-content-timeline-item__wrapper\"><div class=\"wp-block-getwid-content-timeline-item__card\"><div class=\"wp-block-getwid-content-timeline-item__card-wrapper\"><div class=\"wp-block-getwid-content-timeline-item__content-wrapper\"><div class=\"wp-block-getwid-content-timeline-item__mobile-meta\"><p class=\"wp-block-getwid-content-timeline-item__meta-content\">Celebraci\u00f3 del 40\u00e8 aniversari de l&#8217;Escola i el 10\u00e8 aniversari de l&#8217;etapa de l&#8217;ESO.<\/p><\/div>\n<h4 class=\"wp-block-heading\"><strong>Curs 2007-2008<\/strong><\/h4>\n<\/div><\/div><\/div><div class=\"wp-block-getwid-content-timeline-item__point\"><div class=\"wp-block-getwid-content-timeline-item__point-content\"><\/div><\/div><div class=\"wp-block-getwid-content-timeline-item__meta\"><p class=\"wp-block-getwid-content-timeline-item__meta-content\">Celebraci\u00f3 del 40\u00e8 aniversari de l&#8217;Escola i el 10\u00e8 aniversari de l&#8217;etapa de l&#8217;ESO.<\/p><\/div><\/div><\/div>\n\n\n\n<div class=\"wp-block-getwid-content-timeline-item\"><div class=\"wp-block-getwid-content-timeline-item__wrapper\"><div class=\"wp-block-getwid-content-timeline-item__card\"><div class=\"wp-block-getwid-content-timeline-item__card-wrapper\"><div class=\"wp-block-getwid-content-timeline-item__content-wrapper\"><div class=\"wp-block-getwid-content-timeline-item__mobile-meta\"><p class=\"wp-block-getwid-content-timeline-item__meta-content\">Associaci\u00f3 amb el Centre d&#8217;Estudis <strong>Jaume Viladoms<\/strong> per la continuaci\u00f3 de l&#8217;etapa postobligat\u00f2ria.<\/p><\/div>\n<h4 class=\"wp-block-heading\"><strong>Maig de 201<\/strong>5<\/h4>\n<\/div><\/div><\/div><div class=\"wp-block-getwid-content-timeline-item__point\"><div class=\"wp-block-getwid-content-timeline-item__point-content\"><\/div><\/div><div class=\"wp-block-getwid-content-timeline-item__meta\"><p class=\"wp-block-getwid-content-timeline-item__meta-content\">Associaci\u00f3 amb el Centre d&#8217;Estudis <strong>Jaume Viladoms<\/strong> per la continuaci\u00f3 de l&#8217;etapa postobligat\u00f2ria.<\/p><\/div><\/div><\/div>\n\n\n\n<div class=\"wp-block-getwid-content-timeline-item\"><div class=\"wp-block-getwid-content-timeline-item__wrapper\"><div class=\"wp-block-getwid-content-timeline-item__card\"><div class=\"wp-block-getwid-content-timeline-item__card-wrapper\"><div class=\"wp-block-getwid-content-timeline-item__content-wrapper\"><div class=\"wp-block-getwid-content-timeline-item__mobile-meta\"><p class=\"wp-block-getwid-content-timeline-item__meta-content\">Celebraci\u00f3 del <strong>50\u00e8 aniversari<\/strong> de l&#8217;Escola.<\/p><\/div>\n<h4 class=\"wp-block-heading\"><strong>Curs 2017-2018<\/strong><\/h4>\n<\/div><\/div><\/div><div class=\"wp-block-getwid-content-timeline-item__point\"><div class=\"wp-block-getwid-content-timeline-item__point-content\"><\/div><\/div><div class=\"wp-block-getwid-content-timeline-item__meta\"><p class=\"wp-block-getwid-content-timeline-item__meta-content\">Celebraci\u00f3 del <strong>50\u00e8 aniversari<\/strong> de l&#8217;Escola.<\/p><\/div><\/div><\/div>\n\n\n\n<div class=\"wp-block-getwid-content-timeline-item\"><div class=\"wp-block-getwid-content-timeline-item__wrapper\"><div class=\"wp-block-getwid-content-timeline-item__card\"><div class=\"wp-block-getwid-content-timeline-item__card-wrapper\"><div class=\"wp-block-getwid-content-timeline-item__content-wrapper\"><div class=\"wp-block-getwid-content-timeline-item__mobile-meta\"><p class=\"wp-block-getwid-content-timeline-item__meta-content\">Celebraci\u00f3 del 25\u00e8 aniversari de l&#8217;etapa de Secund\u00e0ria. Reactivaci\u00f3 de l&#8217;Associaci\u00f3 de Fam\u00edlies de l&#8217;Escola.<\/p><\/div>\n<h3 class=\"wp-block-heading\"><strong>Curs 2022-2023<\/strong><\/h3>\n<\/div><\/div><\/div><div class=\"wp-block-getwid-content-timeline-item__point\"><div class=\"wp-block-getwid-content-timeline-item__point-content\"><\/div><\/div><div class=\"wp-block-getwid-content-timeline-item__meta\"><p class=\"wp-block-getwid-content-timeline-item__meta-content\">Celebraci\u00f3 del 25\u00e8 aniversari de l&#8217;etapa de Secund\u00e0ria. Reactivaci\u00f3 de l&#8217;Associaci\u00f3 de Fam\u00edlies de l&#8217;Escola.<\/p><\/div><\/div><\/div>\n<\/div><\/div>\n<\/div>\n<\/div>\n","protected":false},"excerpt":{"rendered":"<p>LA NOSTRA HIST\u00d2RIA Compromesos amb l&#8217;educaci\u00f3 des de 1967. REP\u00c0S HIST\u00d2RIC El Col\u00b7legi Tarr\u00e9s \u00e9s un centre educatiu privat fundat [&hellip;]<\/p>\n","protected":false},"author":1,"featured_media":0,"parent":19,"menu_order":2,"comment_status":"closed","ping_status":"closed","template":"","meta":{"_bbp_topic_count":0,"_bbp_reply_count":0,"_bbp_total_topic_count":0,"_bbp_total_reply_count":0,"_bbp_voice_count":0,"_bbp_anonymous_reply_count":0,"_bbp_topic_count_hidden":0,"_bbp_reply_count_hidden":0,"_bbp_forum_subforum_count":0,"site-sidebar-layout":"default","site-content-layout":"","ast-site-content-layout":"default","site-content-style":"default","site-sidebar-style":"default","ast-global-header-display":"","ast-banner-title-visibility":"","ast-main-header-display":"","ast-hfb-above-header-display":"","ast-hfb-below-header-display":"","ast-hfb-mobile-header-display":"","site-post-title":"disabled","ast-breadcrumbs-content":"","ast-featured-img":"","footer-sml-layout":"","theme-transparent-header-meta":"default","adv-header-id-meta":"","stick-header-meta":"","header-above-stick-meta":"","header-main-stick-meta":"","header-below-stick-meta":"","astra-migrate-meta-layouts":"set","ast-page-background-enabled":"default","ast-page-background-meta":{"desktop":{"background-color":"var(--ast-global-color-4)","background-image":"","background-repeat":"repeat","background-position":"center center","background-size":"auto","background-attachment":"scroll","background-type":"","background-media":"","overlay-type":"","overlay-color":"","overlay-opacity":"","overlay-gradient":""},"tablet":{"background-color":"","background-image":"","background-repeat":"repeat","background-position":"center center","background-size":"auto","background-attachment":"scroll","background-type":"","background-media":"","overlay-type":"","overlay-color":"","overlay-opacity":"","overlay-gradient":""},"mobile":{"background-color":"","background-image":"","background-repeat":"repeat","background-position":"center center","background-size":"auto","background-attachment":"scroll","background-type":"","background-media":"","overlay-type":"","overlay-color":"","overlay-opacity":"","overlay-gradient":""}},"ast-content-background-meta":{"desktop":{"background-color":"var(--ast-global-color-5)","background-image":"","background-repeat":"repeat","background-position":"center center","background-size":"auto","background-attachment":"scroll","background-type":"","background-media":"","overlay-type":"","overlay-color":"","overlay-opacity":"","overlay-gradient":""},"tablet":{"background-color":"var(--ast-global-color-5)","background-image":"","background-repeat":"repeat","background-position":"center center","background-size":"auto","background-attachment":"scroll","background-type":"","background-media":"","overlay-type":"","overlay-color":"","overlay-opacity":"","overlay-gradient":""},"mobile":{"background-color":"var(--ast-global-color-5)","background-image":"","background-repeat":"repeat","background-position":"center center","background-size":"auto","background-attachment":"scroll","background-type":"","background-media":"","overlay-type":"","overlay-color":"","overlay-opacity":"","overlay-gradient":""}},"footnotes":""},"class_list":["post-16161","page","type-page","status-publish","hentry"],"post_mailing_queue_ids":[],"_links":{"self":[{"href":"https:\/\/agora.xtec.cat\/col-tarres\/wp-json\/wp\/v2\/pages\/16161","targetHints":{"allow":["GET"]}}],"collection":[{"href":"https:\/\/agora.xtec.cat\/col-tarres\/wp-json\/wp\/v2\/pages"}],"about":[{"href":"https:\/\/agora.xtec.cat\/col-tarres\/wp-json\/wp\/v2\/types\/page"}],"author":[{"embeddable":true,"href":"https:\/\/agora.xtec.cat\/col-tarres\/wp-json\/wp\/v2\/users\/1"}],"replies":[{"embeddable":true,"href":"https:\/\/agora.xtec.cat\/col-tarres\/wp-json\/wp\/v2\/comments?post=16161"}],"version-history":[{"count":6,"href":"https:\/\/agora.xtec.cat\/col-tarres\/wp-json\/wp\/v2\/pages\/16161\/revisions"}],"predecessor-version":[{"id":19665,"href":"https:\/\/agora.xtec.cat\/col-tarres\/wp-json\/wp\/v2\/pages\/16161\/revisions\/19665"}],"up":[{"embeddable":true,"href":"https:\/\/agora.xtec.cat\/col-tarres\/wp-json\/wp\/v2\/pages\/19"}],"wp:attachment":[{"href":"https:\/\/agora.xtec.cat\/col-tarres\/wp-json\/wp\/v2\/media?parent=16161"}],"curies":[{"name":"wp","href":"https:\/\/api.w.org\/{rel}","templated":true}]}}