{"id":14788,"date":"2021-12-20T01:22:24","date_gmt":"2021-12-20T00:22:24","guid":{"rendered":"https:\/\/agora.xtec.cat\/col-tarres\/?page_id=14788"},"modified":"2025-08-28T11:56:56","modified_gmt":"2025-08-28T09:56:56","slug":"afa","status":"publish","type":"page","link":"https:\/\/agora.xtec.cat\/col-tarres\/comunitat\/afa\/","title":{"rendered":"Associaci\u00f3 de fam\u00edlies (AFA)"},"content":{"rendered":"\n<h2 class=\"wp-block-heading has-text-align-center\">ASSOCIACI\u00d3 DE FAM\u00cdLIES (AFA)<\/h2>\n\n\n\n<hr class=\"wp-block-separator has-text-color has-ast-global-color-1-color has-alpha-channel-opacity has-ast-global-color-1-background-color has-background\"\/>\n\n\n\n<p class=\"has-text-align-center\">L&#8217;\u00f2rgan que representa i cohesiona les fam\u00edlies de l&#8217;Escola.<\/p>\n\n\n\n<div class=\"wp-block-columns is-layout-flex wp-container-core-columns-is-layout-1 wp-block-columns-is-layout-flex\">\n<div class=\"wp-block-column is-layout-flow wp-block-column-is-layout-flow\" style=\"flex-basis:66.66%\">\n<h5 class=\"wp-block-heading has-ast-global-color-1-color has-text-color has-link-color wp-elements-718de555caa5b209d1c3e83b2507637d\"><strong>Qu\u00e8 \u00e9s l&#8217;AFA de l&#8217;Escola?<\/strong><\/h5>\n\n\n\n<p>AFA s\u00f3n les sigles d&#8217;<strong>Associaci\u00f3 de Fam\u00edlies d\u2019Alumnes <\/strong>i \u00e9s l&#8217;entitat <strong>sense \u00e0nim<\/strong> de lucre que agrupa els pares i mares dels alumnes del centre que, de manera volunt\u00e0ria, treballen pel benestar i el foment de la participaci\u00f3 de les fam\u00edlies dins la comunitat educativa de l&#8217;Escola, per tal que el pas dels infants i adolescents pel centre sigui el m\u00e0xim de profit\u00f3s i agradable.<\/p>\n\n\n\n<p>L&#8217;AFA es va reconstituir el <strong>mar\u00e7 del 2022<\/strong> gr\u00e0cies a l&#8217;impuls d&#8217;un grup de pares i mares, recuperant l&#8217;antiga Associaci\u00f3 de Pares de l&#8217;Escola, la qual estava inactiva des de finals dels anys noranta.<\/p>\n\n\n\n<h5 class=\"wp-block-heading has-ast-global-color-1-color has-text-color has-link-color wp-elements-8644620d7409109108f95ff0344b587e\"><strong>Quins s\u00f3n els objectius?<\/strong><\/h5>\n\n\n\n<p>Els <strong>objectius<\/strong> s\u00f3n, resumidament:<\/p>\n\n\n\n<ul class=\"wp-block-list\">\n<li>Fomentar la participaci\u00f3 i la cohesi\u00f3 de les fam\u00edlies de la comunitat Tarr\u00e9s.<\/li>\n\n\n\n<li>Ajudar de forma constructiva i col\u00b7laborativa el Centre en activitats festives i de celebraci\u00f3.<\/li>\n\n\n\n<li>Col\u00b7laborar amb el Centre en la programaci\u00f3 i organitzaci\u00f3 de les activitats extraescolars.<\/li>\n\n\n\n<li>Establir una relaci\u00f3 bilateral i de representaci\u00f3 de les fam\u00edlies associades amb la Direcci\u00f3 de l&#8217;Escola.<\/li>\n\n\n\n<li>Participar en el govern de l&#8217;Escola a trav\u00e9s del Consell Escolar.<\/li>\n\n\n\n<li>Organitzar activitats amb la comunitat amb finalitats solid\u00e0ries, l\u00fadiques o de cohesi\u00f3.<\/li>\n<\/ul>\n\n\n\n<h5 class=\"wp-block-heading has-ast-global-color-1-color has-text-color has-link-color wp-elements-c18aa80938707ef20d82448e29ecc668\"><strong>Com s&#8217;organitza l&#8217;AFA?<\/strong><\/h5>\n\n\n\n<p>La <strong>Junta Directiva<\/strong> \u00e9s l&#8217;\u00f2rgan de representaci\u00f3, gesti\u00f3 i administraci\u00f3 de l&#8217;Associaci\u00f3. \u00c9s escollida per l&#8217;Assemblea General, on participen tots els socis de l&#8217;AFA.<\/p>\n\n\n\n<p>Aix\u00ed mateix, s&#8217;estableixen diferents <strong>comissions<\/strong> o grups de treball, on  poden participar tots els socis, per a tractar o organitzar projectes en el seu \u00e0mbit. Cada comissi\u00f3 t\u00e9 un representant (<strong>vocal<\/strong>) que forma part de la Junta Directiva.<\/p>\n\n\n\n<p>L&#8217;AFA tamb\u00e9 disposa d&#8217;un <strong>delegat<\/strong> a cada grup-classe. \u00c9s la persona de refer\u00e8ncia de l&#8217;AFA per les fam\u00edlies d&#8217;aquell grup i s&#8217;encarrega de fer difusi\u00f3 de la informaci\u00f3 i resoldre dubtes de les fam\u00edlies referent a temes i activitats de l&#8217;AFA.<\/p>\n\n\n\n<figure class=\"wp-block-image aligncenter size-full is-resized\"><a href=\"https:\/\/agora.xtec.cat\/col-tarres\/wp-content\/uploads\/usu1585\/2025\/02\/logo-afa.png\"><img loading=\"lazy\" decoding=\"async\" width=\"341\" height=\"192\" src=\"https:\/\/agora.xtec.cat\/col-tarres\/wp-content\/uploads\/usu1585\/2025\/02\/logo-afa.png\" alt=\"\" class=\"wp-image-18475\" style=\"width:250px;height:auto\" srcset=\"https:\/\/agora.xtec.cat\/col-tarres\/wp-content\/uploads\/usu1585\/2025\/02\/logo-afa.png 341w, https:\/\/agora.xtec.cat\/col-tarres\/wp-content\/uploads\/usu1585\/2025\/02\/logo-afa-300x169.png 300w\" sizes=\"auto, (max-width: 341px) 100vw, 341px\" \/><\/a><\/figure>\n<\/div>\n\n\n\n<div class=\"wp-block-column has-background is-layout-flow wp-container-core-column-is-layout-2 wp-block-column-is-layout-flow\" style=\"background-color:#dae9d0;padding-top:var(--wp--preset--spacing--20);padding-right:var(--wp--preset--spacing--30);padding-bottom:var(--wp--preset--spacing--20);padding-left:var(--wp--preset--spacing--30);flex-basis:33.33%\">\n<h4 class=\"wp-block-heading has-ast-global-color-1-color has-text-color has-link-color wp-elements-f7c9eea1630b9e3749c771f74834ec4e\">JUNTA DIRECTIVA<\/h4>\n\n\n\n<p>Composici\u00f3 de la junta directiva pel curs 24-25:<\/p>\n\n\n\n<p style=\"padding-top:0;padding-bottom:0\"><strong>Presidenta:<\/strong><\/p>\n\n\n\n<ul id=\"block-982b1de8-e2d7-4696-8c82-6ab1e83514ce\" class=\"wp-block-list\">\n<li>Sra. Marta Mujal<\/li>\n<\/ul>\n\n\n\n<p style=\"padding-top:0;padding-bottom:0\"><strong>Tresorera:<\/strong><\/p>\n\n\n\n<ul class=\"wp-block-list\">\n<li>Sra. Raquel Garc\u00eda<\/li>\n<\/ul>\n\n\n\n<p style=\"padding-top:0;padding-bottom:0\"><strong>Secretaria:<\/strong><\/p>\n\n\n\n<ul class=\"wp-block-list\">\n<li>Sra. Ana M. Plaza<\/li>\n<\/ul>\n\n\n\n<p style=\"padding-top:0;padding-bottom:0\"><strong>Vocals:<\/strong><\/p>\n\n\n\n<ul class=\"wp-block-list\">\n<li>Sra. Estefania Garcia<\/li>\n\n\n\n<li>Sra. Gemma Amor\u00f3s<\/li>\n\n\n\n<li>Sra. Iris Vallejo<\/li>\n\n\n\n<li>Sr. Jordi Perera<\/li>\n\n\n\n<li>Sra. Juani Castro<\/li>\n\n\n\n<li>Sra. Judit Camps<\/li>\n\n\n\n<li>Sra. Lorena Romero<\/li>\n\n\n\n<li>Sra. M. Pilar Busom<\/li>\n\n\n\n<li>Sra. Nieves Fernandez<\/li>\n\n\n\n<li>Sra. Sara Armesto<\/li>\n<\/ul>\n\n\n\n<hr class=\"wp-block-separator has-alpha-channel-opacity\"\/>\n\n\n\n<h5 class=\"wp-block-heading has-ast-global-color-1-color has-text-color has-link-color wp-elements-e168e2c3603970cbb1dbe55cd408ccd0\" style=\"margin-top:var(--wp--preset--spacing--40);margin-bottom:var(--wp--preset--spacing--40)\">Contacteu amb l&#8217;AFA:<\/h5>\n\n\n\n<p>Podeu informar-vos de l&#8217;activitat de l&#8217;AFA a trav\u00e9s del seu <strong>Instagram<\/strong>. Si hi heu de contactar, tamb\u00e9 us podeu posar en contacte amb el <strong>delegat del vostre grup-classe<\/strong> o trav\u00e9s del correu electr\u00f2nic:<\/p>\n\n\n\n<ul class=\"wp-block-list\">\n<li><strong>P\u00e0gina web<\/strong>: <a href=\"https:\/\/sites.google.com\/view\/afaescolatarres\">www.sites.google.com\/view\/afaescolatarres<\/a><\/li>\n<\/ul>\n\n\n\n<ul class=\"wp-block-list\">\n<li><strong>Adre\u00e7a electr\u00f2nica<\/strong>: <a href=\"mailto:afa@escolatarres.com\">afa@escolatarres.com<\/a><\/li>\n\n\n\n<li><strong>Instagram<\/strong>: <a href=\"https:\/\/www.instagram.com\/afaescolatarres\/\">@afaescolatarres<\/a><\/li>\n<\/ul>\n<\/div>\n<\/div>\n","protected":false},"excerpt":{"rendered":"<p>ASSOCIACI\u00d3 DE FAM\u00cdLIES (AFA) L&#8217;\u00f2rgan que representa i cohesiona les fam\u00edlies de l&#8217;Escola. Qu\u00e8 \u00e9s l&#8217;AFA de l&#8217;Escola? AFA s\u00f3n [&hellip;]<\/p>\n","protected":false},"author":8,"featured_media":0,"parent":13305,"menu_order":3,"comment_status":"closed","ping_status":"closed","template":"","meta":{"_bbp_topic_count":0,"_bbp_reply_count":0,"_bbp_total_topic_count":0,"_bbp_total_reply_count":0,"_bbp_voice_count":0,"_bbp_anonymous_reply_count":0,"_bbp_topic_count_hidden":0,"_bbp_reply_count_hidden":0,"_bbp_forum_subforum_count":0,"site-sidebar-layout":"default","site-content-layout":"","ast-site-content-layout":"default","site-content-style":"default","site-sidebar-style":"default","ast-global-header-display":"","ast-banner-title-visibility":"","ast-main-header-display":"","ast-hfb-above-header-display":"","ast-hfb-below-header-display":"","ast-hfb-mobile-header-display":"","site-post-title":"disabled","ast-breadcrumbs-content":"","ast-featured-img":"","footer-sml-layout":"","theme-transparent-header-meta":"","adv-header-id-meta":"","stick-header-meta":"","header-above-stick-meta":"","header-main-stick-meta":"","header-below-stick-meta":"","astra-migrate-meta-layouts":"set","ast-page-background-enabled":"default","ast-page-background-meta":{"desktop":{"background-color":"var(--ast-global-color-4)","background-image":"","background-repeat":"repeat","background-position":"center center","background-size":"auto","background-attachment":"scroll","background-type":"","background-media":"","overlay-type":"","overlay-color":"","overlay-opacity":"","overlay-gradient":""},"tablet":{"background-color":"","background-image":"","background-repeat":"repeat","background-position":"center center","background-size":"auto","background-attachment":"scroll","background-type":"","background-media":"","overlay-type":"","overlay-color":"","overlay-opacity":"","overlay-gradient":""},"mobile":{"background-color":"","background-image":"","background-repeat":"repeat","background-position":"center center","background-size":"auto","background-attachment":"scroll","background-type":"","background-media":"","overlay-type":"","overlay-color":"","overlay-opacity":"","overlay-gradient":""}},"ast-content-background-meta":{"desktop":{"background-color":"var(--ast-global-color-5)","background-image":"","background-repeat":"repeat","background-position":"center center","background-size":"auto","background-attachment":"scroll","background-type":"","background-media":"","overlay-type":"","overlay-color":"","overlay-opacity":"","overlay-gradient":""},"tablet":{"background-color":"var(--ast-global-color-5)","background-image":"","background-repeat":"repeat","background-position":"center center","background-size":"auto","background-attachment":"scroll","background-type":"","background-media":"","overlay-type":"","overlay-color":"","overlay-opacity":"","overlay-gradient":""},"mobile":{"background-color":"var(--ast-global-color-5)","background-image":"","background-repeat":"repeat","background-position":"center center","background-size":"auto","background-attachment":"scroll","background-type":"","background-media":"","overlay-type":"","overlay-color":"","overlay-opacity":"","overlay-gradient":""}},"footnotes":""},"class_list":["post-14788","page","type-page","status-publish","hentry"],"post_mailing_queue_ids":[],"_links":{"self":[{"href":"https:\/\/agora.xtec.cat\/col-tarres\/wp-json\/wp\/v2\/pages\/14788","targetHints":{"allow":["GET"]}}],"collection":[{"href":"https:\/\/agora.xtec.cat\/col-tarres\/wp-json\/wp\/v2\/pages"}],"about":[{"href":"https:\/\/agora.xtec.cat\/col-tarres\/wp-json\/wp\/v2\/types\/page"}],"author":[{"embeddable":true,"href":"https:\/\/agora.xtec.cat\/col-tarres\/wp-json\/wp\/v2\/users\/8"}],"replies":[{"embeddable":true,"href":"https:\/\/agora.xtec.cat\/col-tarres\/wp-json\/wp\/v2\/comments?post=14788"}],"version-history":[{"count":6,"href":"https:\/\/agora.xtec.cat\/col-tarres\/wp-json\/wp\/v2\/pages\/14788\/revisions"}],"predecessor-version":[{"id":19130,"href":"https:\/\/agora.xtec.cat\/col-tarres\/wp-json\/wp\/v2\/pages\/14788\/revisions\/19130"}],"up":[{"embeddable":true,"href":"https:\/\/agora.xtec.cat\/col-tarres\/wp-json\/wp\/v2\/pages\/13305"}],"wp:attachment":[{"href":"https:\/\/agora.xtec.cat\/col-tarres\/wp-json\/wp\/v2\/media?parent=14788"}],"curies":[{"name":"wp","href":"https:\/\/api.w.org\/{rel}","templated":true}]}}