{"id":13305,"date":"2021-01-24T19:56:02","date_gmt":"2021-01-24T18:56:02","guid":{"rendered":"http:\/\/agora.xtec.cat\/col-tarres\/?page_id=13305"},"modified":"2026-04-11T19:10:07","modified_gmt":"2026-04-11T17:10:07","slug":"comunitat","status":"publish","type":"page","link":"https:\/\/agora.xtec.cat\/col-tarres\/comunitat\/","title":{"rendered":"Comunitat Tarr\u00e9s"},"content":{"rendered":"\n<h2 class=\"wp-block-heading has-text-align-center\">COMUNITAT TARR\u00c9S<\/h2>\n\n\n\n<hr class=\"wp-block-separator has-alpha-channel-opacity\"\/>\n\n\n\n<div class=\"wp-block-columns is-layout-flex wp-container-core-columns-is-layout-1 wp-block-columns-is-layout-flex\" style=\"padding-top:var(--wp--preset--spacing--40);padding-right:0;padding-bottom:var(--wp--preset--spacing--40);padding-left:0\">\n<div class=\"wp-block-column is-layout-flow wp-block-column-is-layout-flow\" style=\"padding-right:var(--wp--preset--spacing--50);padding-left:var(--wp--preset--spacing--50);flex-basis:66.66%\">\n<h4 class=\"wp-block-heading has-ast-global-color-1-color has-text-color has-link-color wp-elements-90cabf134f02a0217880a04f97fc2f63\">Com ens organitzem?<\/h4>\n\n\n\n<p>La <strong>Comunitat Tarr\u00e9s<\/strong> la conformen totes aquelles persones que participen activament en la vida del Centre, ja siguin el <strong>personal<\/strong> docent i d&#8217;administraci\u00f3 i serveis (<a href=\"https:\/\/agora.xtec.cat\/col-tarres\/comunitat\/equiphuma\/\">Equip Hum\u00e0<\/a>); <strong>els alumnes<\/strong> de totes les etapes (Infantil, Prim\u00e0ria i ESO), com a principals protagonistes de l&#8217;Escola; les <strong>fam\u00edlies<\/strong> dels alumnes, organitzades a trav\u00e9s de l&#8217;<a href=\"https:\/\/agora.xtec.cat\/col-tarres\/comunitat\/afa\/\">Associaci\u00f3 de Fam\u00edlies<\/a>, i el Titular, que ostenta la representativitat i la responsabilitat \u00faltima en el funcionament del Centre, i en defineix el seu car\u00e0cter.<\/p>\n\n\n\n<p>Entre tots vetllem per la cohesi\u00f3 i la conviv\u00e8ncia de tots els integrants i per definir el car\u00e0cter propi i valors que ens defineixen com a escola concertada.<\/p>\n\n\n\n<p>L&#8217;\u00f2rgan de govern i participaci\u00f3 de la Comunitat \u00e9s el <a href=\"https:\/\/agora.xtec.cat\/col-tarres\/comunitat\/consell-escolar\/\"><strong>Consell Escolar<\/strong><\/a> de centre, que t\u00e9 car\u00e0cter col\u00b7legiat i pren les decisions oportunes en la direcci\u00f3 general de l&#8217;Escola.<\/p>\n\n\n\n<h4 class=\"wp-block-heading has-ast-global-color-1-color has-text-color has-link-color wp-elements-1fa99619d578a1fe0ac00b778f65c0f0\">Documents generals<\/h4>\n\n\n\n<p>Correspon al <strong>Titular <\/strong>del centre educatiu, havent escoltat el <strong>claustre <\/strong>de professorat, determinar l&#8217;estructura organitzativa pr\u00f2pia, d&#8217;acord amb els objectius i els criteris del <strong>projecte educatiu<\/strong> del centre (PEC), i correspon al <strong>Consell Escolar<\/strong>, a proposta del Titular, aprovar les normes d&#8217;organitzaci\u00f3 i funcionament (NOFC).<\/p>\n\n\n\n<div class=\"wp-block-getwid-button-group\"><div class=\"wp-block-getwid-button-group__wrapper\">\n<div class=\"wp-block-button\"><a class=\"wp-block-button__link wp-element-button\" href=\"https:\/\/drive.google.com\/file\/d\/1-p0w10y51ZETu5rt5eq22Ek97-IMGuyd\/view?usp=sharing\">NOFC<\/a><\/div>\n\n\n\n<div class=\"wp-block-button\"><a class=\"wp-block-button__link wp-element-button\">PEC<\/a><\/div>\n\n\n\n<div class=\"wp-block-button\"><a class=\"wp-block-button__link wp-element-button\">PLC<\/a><\/div>\n<\/div><\/div>\n<\/div>\n\n\n\n<div class=\"wp-block-column is-layout-flow wp-block-column-is-layout-flow\" style=\"padding-right:var(--wp--preset--spacing--50);padding-left:var(--wp--preset--spacing--50);flex-basis:33.33%\">\n<h4 class=\"wp-block-heading has-ast-global-color-1-color has-text-color has-link-color wp-elements-257e6e23ab56ea1b8a2ad3c7b079fd0c\">Titular<\/h4>\n\n\n\n<p>El titular del centre Col\u00b7legi Tarr\u00e9s \u00e9s la societat <strong>Instituci\u00f3 Escolar Tarr\u00e9s<\/strong>&nbsp;que actua com a persona jur\u00eddica i ostenta l\u2019autoritzaci\u00f3 administrativa del centre docent.<\/p>\n\n\n\n<p>El centre ha accedit al r\u00e8gim de <strong>concerts educatius<\/strong> establerts per la LODE i s\u2019integra al Servei d\u2019Educaci\u00f3 de Catalunya com a <strong>centre privat sostingut amb fons p\u00fablics<\/strong>.<\/p>\n\n\n\n<p>L&#8217;escola est\u00e0 associada a l&#8217;<a href=\"https:\/\/www.agrescat.cat\/ca\/index.htm\">Agrupaci\u00f3 Escolar Catalana<\/a>.<\/p>\n<\/div>\n<\/div>\n","protected":false},"excerpt":{"rendered":"<p>COMUNITAT TARR\u00c9S Com ens organitzem? La Comunitat Tarr\u00e9s la conformen totes aquelles persones que participen activament en la vida del [&hellip;]<\/p>\n","protected":false},"author":8,"featured_media":0,"parent":0,"menu_order":0,"comment_status":"closed","ping_status":"closed","template":"","meta":{"_bbp_topic_count":0,"_bbp_reply_count":0,"_bbp_total_topic_count":0,"_bbp_total_reply_count":0,"_bbp_voice_count":0,"_bbp_anonymous_reply_count":0,"_bbp_topic_count_hidden":0,"_bbp_reply_count_hidden":0,"_bbp_forum_subforum_count":0,"site-sidebar-layout":"default","site-content-layout":"","ast-site-content-layout":"default","site-content-style":"default","site-sidebar-style":"default","ast-global-header-display":"","ast-banner-title-visibility":"","ast-main-header-display":"","ast-hfb-above-header-display":"","ast-hfb-below-header-display":"","ast-hfb-mobile-header-display":"","site-post-title":"disabled","ast-breadcrumbs-content":"","ast-featured-img":"","footer-sml-layout":"","theme-transparent-header-meta":"","adv-header-id-meta":"","stick-header-meta":"","header-above-stick-meta":"","header-main-stick-meta":"","header-below-stick-meta":"","astra-migrate-meta-layouts":"set","ast-page-background-enabled":"default","ast-page-background-meta":{"desktop":{"background-color":"var(--ast-global-color-4)","background-image":"","background-repeat":"repeat","background-position":"center center","background-size":"auto","background-attachment":"scroll","background-type":"","background-media":"","overlay-type":"","overlay-color":"","overlay-opacity":"","overlay-gradient":""},"tablet":{"background-color":"","background-image":"","background-repeat":"repeat","background-position":"center center","background-size":"auto","background-attachment":"scroll","background-type":"","background-media":"","overlay-type":"","overlay-color":"","overlay-opacity":"","overlay-gradient":""},"mobile":{"background-color":"","background-image":"","background-repeat":"repeat","background-position":"center center","background-size":"auto","background-attachment":"scroll","background-type":"","background-media":"","overlay-type":"","overlay-color":"","overlay-opacity":"","overlay-gradient":""}},"ast-content-background-meta":{"desktop":{"background-color":"var(--ast-global-color-5)","background-image":"","background-repeat":"repeat","background-position":"center center","background-size":"auto","background-attachment":"scroll","background-type":"","background-media":"","overlay-type":"","overlay-color":"","overlay-opacity":"","overlay-gradient":""},"tablet":{"background-color":"var(--ast-global-color-5)","background-image":"","background-repeat":"repeat","background-position":"center center","background-size":"auto","background-attachment":"scroll","background-type":"","background-media":"","overlay-type":"","overlay-color":"","overlay-opacity":"","overlay-gradient":""},"mobile":{"background-color":"var(--ast-global-color-5)","background-image":"","background-repeat":"repeat","background-position":"center center","background-size":"auto","background-attachment":"scroll","background-type":"","background-media":"","overlay-type":"","overlay-color":"","overlay-opacity":"","overlay-gradient":""}},"footnotes":""},"class_list":["post-13305","page","type-page","status-publish","hentry"],"post_mailing_queue_ids":[],"_links":{"self":[{"href":"https:\/\/agora.xtec.cat\/col-tarres\/wp-json\/wp\/v2\/pages\/13305","targetHints":{"allow":["GET"]}}],"collection":[{"href":"https:\/\/agora.xtec.cat\/col-tarres\/wp-json\/wp\/v2\/pages"}],"about":[{"href":"https:\/\/agora.xtec.cat\/col-tarres\/wp-json\/wp\/v2\/types\/page"}],"author":[{"embeddable":true,"href":"https:\/\/agora.xtec.cat\/col-tarres\/wp-json\/wp\/v2\/users\/8"}],"replies":[{"embeddable":true,"href":"https:\/\/agora.xtec.cat\/col-tarres\/wp-json\/wp\/v2\/comments?post=13305"}],"version-history":[{"count":6,"href":"https:\/\/agora.xtec.cat\/col-tarres\/wp-json\/wp\/v2\/pages\/13305\/revisions"}],"predecessor-version":[{"id":19850,"href":"https:\/\/agora.xtec.cat\/col-tarres\/wp-json\/wp\/v2\/pages\/13305\/revisions\/19850"}],"wp:attachment":[{"href":"https:\/\/agora.xtec.cat\/col-tarres\/wp-json\/wp\/v2\/media?parent=13305"}],"curies":[{"name":"wp","href":"https:\/\/api.w.org\/{rel}","templated":true}]}}