{"id":13178,"date":"2021-01-09T23:32:27","date_gmt":"2021-01-09T22:32:27","guid":{"rendered":"http:\/\/agora.xtec.cat\/col-tarres\/?page_id=13178"},"modified":"2026-02-23T23:45:01","modified_gmt":"2026-02-23T22:45:01","slug":"diversitat","status":"publish","type":"page","link":"https:\/\/agora.xtec.cat\/col-tarres\/serveis\/diversitat\/","title":{"rendered":"Orientaci\u00f3 Psicopedag\u00f2gica"},"content":{"rendered":"\n<h2 class=\"wp-block-heading has-text-align-center\">ORIENTACI\u00d3 PSICOPEDAG\u00d2GICA<\/h2>\n\n\n\n<hr class=\"wp-block-separator has-text-color has-ast-global-color-1-color has-alpha-channel-opacity has-ast-global-color-1-background-color has-background\"\/>\n\n\n\n<p class=\"has-text-align-center\">Atenci\u00f3 a la diversitat i detecci\u00f3 preco\u00e7 de trastorns en l&#8217;aprenentatge.<\/p>\n\n\n\n<div class=\"wp-block-columns is-layout-flex wp-container-core-columns-is-layout-1 wp-block-columns-is-layout-flex\">\n<div class=\"wp-block-column is-layout-flow wp-block-column-is-layout-flow\" style=\"flex-basis:66.66%\">\n<h4 class=\"wp-block-heading has-ast-global-color-1-color has-text-color has-link-color wp-elements-8700e8f00754d5b856afe3a7db9c1a47\"><strong>Coneix el DOP<\/strong><\/h4>\n\n\n\n<p>Des de la fundaci\u00f3 de l\u2019Escola sempre hem defensat un projecte d\u2019ensenyament que formi persones competents a partir d\u2019un plantejament educatiu basat en l\u2019<strong>atenci\u00f3 i l\u2019<\/strong><strong>orientaci\u00f3 individualitzada<\/strong>.<\/p>\n\n\n\n<p>Davant de les diverses individualitats dels alumnes i, en funci\u00f3 de la diversitat, l<strong>a nostra resposta educativa s\u2019ajusta a les necessitats, caracter\u00edstiques i capacitats<\/strong> de cada un d\u2019ells. Som conscients de les necessitats dels infants i adolescents amb diverses capacitats i, \u00e9s per aix\u00f2, que adaptem el seu curr\u00edculum per tal de potenciar al m\u00e0xim el seu desenvolupament \u00f2ptim a nivell curricular i emocional.<\/p>\n\n\n\n<p>Per tot aix\u00f2, disposem d\u2019un\u00a0<strong>Departament d&#8217;Orientaci\u00f3 Psicopedag\u00f2gica<\/strong> (DOP)\u00a0que, amb l\u2019ajuda dels tutors i la coordinaci\u00f3 de l&#8217;Equip Directiu, permet guiar els alumnes mitjan\u00e7ant la prevenci\u00f3, detecci\u00f3 i intervenci\u00f3 en les dificultats i la seva orientaci\u00f3 i acompanyament posterior.<\/p>\n\n\n\n<p>La funci\u00f3 principal de l\u2019equip \u00e9s&nbsp;<strong>vetllar per l\u2019atenci\u00f3<\/strong>&nbsp;a la diversitat de l\u2019alumnat i donar resposta a les seves necessitats educatives i\/o emocionals, coordinant esfor\u00e7os amb els tutors, les fam\u00edlies i amb l\u2019<a href=\"https:\/\/serveiseducatius.xtec.cat\/vallesoccidental1\/\">Equip d\u2019Assessorament Pedag\u00f2gic<\/a>&nbsp;o del els especialistes externs quan calgui.<\/p>\n\n\n\n<h4 class=\"wp-block-heading has-ast-global-color-1-color has-text-color has-link-color wp-elements-fc5db422fda8d8e7021bde3ab281c13e\"><strong>Suport Intensiu d\u2019Escolaritzaci\u00f3 Inclusiva (SIEI)<\/strong><\/h4>\n\n\n\n<p>Des del&nbsp;<strong>curs 2020-2021<\/strong>, l\u2019Escola compta amb un recurs educatiu que facilitat el cam\u00ed cap a l\u2019escola inclusiva: la dotaci\u00f3&nbsp;<strong>SIEI<\/strong>.<\/p>\n\n\n\n<p>Aquest suport dona resposta a l\u2019alumnat amb <strong>necessitats educatives especials<\/strong> derivades de limitacions significatives, tant en el funcionament intel\u00b7lectual com en la conducta adaptativa. Amb el suport intensiu SIEI es pret\u00e9n que aquest alumnat tingui els recursos necessaris que li permetin participar en les activitats generals del dia a dia a l\u2019aula i al Centre, juntament amb el seu grup-classe de refer\u00e8ncia.<\/p>\n\n\n\n<p>La dotaci\u00f3&nbsp;<strong>SIEI<\/strong>&nbsp;est\u00e0 formada per una Mestra d\u2019Educaci\u00f3 Prim\u00e0ria especialista en Atenci\u00f3 a la Diversitat i Educaci\u00f3 Inclusiva i per una T\u00e8cnica Superior en Educaci\u00f3 Infantil (Educadora) i estan financiades pel&nbsp;<strong>Fons Social Europeu<\/strong>.<\/p>\n\n\n\n<figure class=\"wp-block-image\"><img loading=\"lazy\" decoding=\"async\" width=\"717\" height=\"102\" src=\"https:\/\/agora.xtec.cat\/col-tarres\/wp-content\/uploads\/usu1585\/2022\/05\/fse.png\" alt=\"\" class=\"wp-image-15411\" srcset=\"https:\/\/agora.xtec.cat\/col-tarres\/wp-content\/uploads\/usu1585\/2022\/05\/fse.png 717w, https:\/\/agora.xtec.cat\/col-tarres\/wp-content\/uploads\/usu1585\/2022\/05\/fse-300x43.png 300w\" sizes=\"auto, (max-width: 717px) 100vw, 717px\" \/><\/figure>\n<\/div>\n\n\n\n<div class=\"wp-block-column is-layout-flow wp-block-column-is-layout-flow\" style=\"flex-basis:33.33%\">\n<h4 class=\"wp-block-heading has-ast-global-color-1-color has-text-color has-link-color wp-elements-dc969303ff659607413c51eca91d3840\">Personal<\/h4>\n\n\n\n<p>El nostre equip del DOP i d&#8217;Educaci\u00f3 Especial:<\/p>\n\n\n\n<ul class=\"wp-block-list\">\n<li>Coordinadora: Anna M. Roca (subdirectora)<\/li>\n\n\n\n<li>Psic\u00f2loga: Clara A\u00f1a\u00f1os (col\u00b7legiada n\u00famero 21.629)<\/li>\n\n\n\n<li>Mestra d&#8217;Educaci\u00f3 Especial: Judit Cuenca<\/li>\n\n\n\n<li>Educadora d&#8217;Educaci\u00f3 Especial: Nancy Gaona<\/li>\n<\/ul>\n\n\n\n<h4 class=\"wp-block-heading has-ast-global-color-1-color has-text-color has-link-color wp-elements-56d5064a47d730e07e794c29429891a3\">Intervencions del DOP<\/h4>\n\n\n\n<p>Les intervencions, consultes o observacions que realitza el DOP es canalitzen a demanda del tutor\/a o de l&#8217;Equip Directiu, pr\u00e8via autoritzaci\u00f3 de la fam\u00edlia.<\/p>\n<\/div>\n<\/div>\n","protected":false},"excerpt":{"rendered":"<p>ORIENTACI\u00d3 PSICOPEDAG\u00d2GICA Atenci\u00f3 a la diversitat i detecci\u00f3 preco\u00e7 de trastorns en l&#8217;aprenentatge. Coneix el DOP Des de la fundaci\u00f3 [&hellip;]<\/p>\n","protected":false},"author":8,"featured_media":0,"parent":63,"menu_order":2,"comment_status":"closed","ping_status":"closed","template":"","meta":{"_bbp_topic_count":0,"_bbp_reply_count":0,"_bbp_total_topic_count":0,"_bbp_total_reply_count":0,"_bbp_voice_count":0,"_bbp_anonymous_reply_count":0,"_bbp_topic_count_hidden":0,"_bbp_reply_count_hidden":0,"_bbp_forum_subforum_count":0,"site-sidebar-layout":"default","site-content-layout":"","ast-site-content-layout":"default","site-content-style":"default","site-sidebar-style":"default","ast-global-header-display":"","ast-banner-title-visibility":"","ast-main-header-display":"","ast-hfb-above-header-display":"","ast-hfb-below-header-display":"","ast-hfb-mobile-header-display":"","site-post-title":"disabled","ast-breadcrumbs-content":"","ast-featured-img":"","footer-sml-layout":"","theme-transparent-header-meta":"","adv-header-id-meta":"","stick-header-meta":"","header-above-stick-meta":"","header-main-stick-meta":"","header-below-stick-meta":"","astra-migrate-meta-layouts":"set","ast-page-background-enabled":"default","ast-page-background-meta":{"desktop":{"background-color":"var(--ast-global-color-4)","background-image":"","background-repeat":"repeat","background-position":"center center","background-size":"auto","background-attachment":"scroll","background-type":"","background-media":"","overlay-type":"","overlay-color":"","overlay-opacity":"","overlay-gradient":""},"tablet":{"background-color":"","background-image":"","background-repeat":"repeat","background-position":"center center","background-size":"auto","background-attachment":"scroll","background-type":"","background-media":"","overlay-type":"","overlay-color":"","overlay-opacity":"","overlay-gradient":""},"mobile":{"background-color":"","background-image":"","background-repeat":"repeat","background-position":"center center","background-size":"auto","background-attachment":"scroll","background-type":"","background-media":"","overlay-type":"","overlay-color":"","overlay-opacity":"","overlay-gradient":""}},"ast-content-background-meta":{"desktop":{"background-color":"var(--ast-global-color-5)","background-image":"","background-repeat":"repeat","background-position":"center center","background-size":"auto","background-attachment":"scroll","background-type":"","background-media":"","overlay-type":"","overlay-color":"","overlay-opacity":"","overlay-gradient":""},"tablet":{"background-color":"var(--ast-global-color-5)","background-image":"","background-repeat":"repeat","background-position":"center center","background-size":"auto","background-attachment":"scroll","background-type":"","background-media":"","overlay-type":"","overlay-color":"","overlay-opacity":"","overlay-gradient":""},"mobile":{"background-color":"var(--ast-global-color-5)","background-image":"","background-repeat":"repeat","background-position":"center center","background-size":"auto","background-attachment":"scroll","background-type":"","background-media":"","overlay-type":"","overlay-color":"","overlay-opacity":"","overlay-gradient":""}},"footnotes":""},"class_list":["post-13178","page","type-page","status-publish","hentry"],"post_mailing_queue_ids":[],"_links":{"self":[{"href":"https:\/\/agora.xtec.cat\/col-tarres\/wp-json\/wp\/v2\/pages\/13178","targetHints":{"allow":["GET"]}}],"collection":[{"href":"https:\/\/agora.xtec.cat\/col-tarres\/wp-json\/wp\/v2\/pages"}],"about":[{"href":"https:\/\/agora.xtec.cat\/col-tarres\/wp-json\/wp\/v2\/types\/page"}],"author":[{"embeddable":true,"href":"https:\/\/agora.xtec.cat\/col-tarres\/wp-json\/wp\/v2\/users\/8"}],"replies":[{"embeddable":true,"href":"https:\/\/agora.xtec.cat\/col-tarres\/wp-json\/wp\/v2\/comments?post=13178"}],"version-history":[{"count":6,"href":"https:\/\/agora.xtec.cat\/col-tarres\/wp-json\/wp\/v2\/pages\/13178\/revisions"}],"predecessor-version":[{"id":19697,"href":"https:\/\/agora.xtec.cat\/col-tarres\/wp-json\/wp\/v2\/pages\/13178\/revisions\/19697"}],"up":[{"embeddable":true,"href":"https:\/\/agora.xtec.cat\/col-tarres\/wp-json\/wp\/v2\/pages\/63"}],"wp:attachment":[{"href":"https:\/\/agora.xtec.cat\/col-tarres\/wp-json\/wp\/v2\/media?parent=13178"}],"curies":[{"name":"wp","href":"https:\/\/api.w.org\/{rel}","templated":true}]}}