{"id":13158,"date":"2020-12-27T18:11:35","date_gmt":"2020-12-27T17:11:35","guid":{"rendered":"http:\/\/agora.xtec.cat\/col-tarres\/?page_id=13158"},"modified":"2026-02-23T23:50:17","modified_gmt":"2026-02-23T22:50:17","slug":"menjador","status":"publish","type":"page","link":"https:\/\/agora.xtec.cat\/col-tarres\/serveis\/menjador\/","title":{"rendered":"Servei de Menjador"},"content":{"rendered":"\n<h2 class=\"wp-block-heading has-text-align-center\">SERVEI DE MENJADOR<\/h2>\n\n\n\n<hr class=\"wp-block-separator has-text-color has-ast-global-color-1-color has-alpha-channel-opacity has-ast-global-color-1-background-color has-background\"\/>\n\n\n\n<p class=\"has-text-align-center\">Volem oferir el millor servei complementari a l&#8217;educaci\u00f3.<\/p>\n\n\n\n<div class=\"wp-block-columns has-ast-global-color-1-color has-text-color has-link-color wp-elements-85e276efbf1061a3d6b3089798278354 is-layout-flex wp-container-core-columns-is-layout-1 wp-block-columns-is-layout-flex\" style=\"padding-top:var(--wp--preset--spacing--20);padding-bottom:var(--wp--preset--spacing--20)\">\n<div class=\"wp-block-column has-black-color has-text-color has-link-color wp-elements-77855c9da8faee5cdf286bd3dafcecf4 is-layout-flow wp-block-column-is-layout-flow\" style=\"padding-right:var(--wp--preset--spacing--50);flex-basis:50%\">\n<h4 class=\"wp-block-heading has-ast-global-color-1-color has-text-color has-link-color wp-elements-ea0d797c6da91554102dbf25f14f8b78\">Objectius<\/h4>\n\n\n\n<p class=\"has-black-color has-text-color has-link-color wp-elements-ba50f01d6fceac1c9c406dbde071c93f\" style=\"padding-top:0;padding-bottom:0\">L&#8217;escola disposa d&#8217;un <strong>Servei de Mitja Pensi\u00f3<\/strong> pels alumnes d&#8217;<strong>Infantil-3<\/strong> a <strong>4t d&#8217;ESO<\/strong>. Durant l&#8217;estona del migdia ens proposem com a objectius que els alumnes de l&#8217;Escola:<\/p>\n\n\n\n<ul class=\"wp-block-list\">\n<li style=\"padding-top:var(--wp--preset--spacing--20);padding-bottom:var(--wp--preset--spacing--20)\">Segueixin i es facin coneixedors d&#8217;una alimentaci\u00f3 variada, equilibrada i adequada a les diferents edats.<\/li>\n\n\n\n<li style=\"padding-top:var(--wp--preset--spacing--20);padding-bottom:var(--wp--preset--spacing--20)\">Aprenguin a menjar i estar a taula de forma correcta, utilitzar correctament els coberts, demanar correctament les coses als monitors, etc.<\/li>\n\n\n\n<li style=\"padding-top:var(--wp--preset--spacing--20);padding-bottom:var(--wp--preset--spacing--20)\">Adquireixin els h\u00e0bits higi\u00e8nics relacionats amb el menjar.<\/li>\n<\/ul>\n<\/div>\n\n\n\n<div class=\"wp-block-column has-black-color has-text-color has-link-color wp-elements-0736d55fcbbfc2548ea5639b2ecff9fa is-layout-flow wp-block-column-is-layout-flow\" style=\"padding-left:var(--wp--preset--spacing--50);flex-basis:50%\">\n<h4 class=\"wp-block-heading has-ast-global-color-1-color has-text-color has-link-color wp-elements-be6a7c516f78388eb9f938c84e9e2160\">Saned School Gastronomy<\/h4>\n\n\n\n<p>L&#8217;empresa de c\u00e0tering escolar <strong><a href=\"https:\/\/saned.net\/\">Saned<\/a><\/strong> ens proveeix d&#8217;un servei de menjador d&#8217;alta qualitat, amb un servei integral i de proximitat.<\/p>\n\n\n\n<p>L\u2019equip pedag\u00f2gic de Saned posa a disposici\u00f3 del centre <strong>monitors i educadors<\/strong>, que complementen el servei de menjador amb activitats relacionades amb h\u00e0bits alimentaris, d\u2019higiene, socials i de comportament.<\/p>\n\n\n\n<p>Saned treballa amb <strong>prove\u00efdors de proximitat i qualitat<\/strong>, tant pel que fruites, verdures, pastes i arrossos, llegums, olis i l\u00e0ctics, com tamb\u00e9 amb les carns i el peix (un cop al mes s&#8217;ofereix peix fresc de llotja).<\/p>\n\n\n\n<p>Alguns d&#8217;aquests prove\u00efdors s\u00f3n Ametller Origen (l\u00e0ctics), Vi\u00f1als Siler (carns), Fidemus (peix), Veritas (fruites i verdures), etc.<\/p>\n\n\n\n<p><\/p>\n<\/div>\n<\/div>\n\n\n\n<div class=\"wp-block-columns has-ast-global-color-1-color has-text-color has-link-color wp-elements-baa14f071fa9a9a7318edd5e7cf448a2 is-layout-flex wp-container-core-columns-is-layout-2 wp-block-columns-is-layout-flex\" style=\"padding-top:var(--wp--preset--spacing--20);padding-bottom:var(--wp--preset--spacing--20)\">\n<div class=\"wp-block-column has-black-color has-text-color has-link-color wp-elements-ed97c9760933f12d4cc921515763f745 is-layout-flow wp-block-column-is-layout-flow\" style=\"padding-right:var(--wp--preset--spacing--50);flex-basis:50%\">\n<h4 class=\"wp-block-heading has-ast-global-color-1-color has-text-color has-link-color wp-elements-6e5bdf51cd04f037786285064c941e4b\">Men\u00fas<\/h4>\n\n\n\n<p class=\"has-black-color has-text-color has-link-color wp-elements-47b63c8cd1eded1f58cc5ed7670a2e1a\" style=\"padding-top:0;padding-bottom:0\">Com a centre educatiu tenim la responsabilitat d&#8217;instruir als infants els valors i la import\u00e0ncia d&#8217;una <strong>dieta equilibrada<\/strong>, <strong>variada<\/strong> i <strong>saludable<\/strong>.<\/p>\n\n\n\n<p>Tots els men\u00fas estan realitzats i revisats per <strong>nutricionistes <\/strong>i incorporen informaci\u00f3 nutricional de cada \u00e0pat.<\/p>\n\n\n\n<p>Procurem que els aliments siguin de proximitat, ecol\u00f2gics i de temporada, incorporem menjars t\u00edpics de les festivitats del curs, aix\u00ed com jornades sobre cuina estrangera (mexicana, asi\u00e0tica, alemanya, italiana, etc.) que motivin els infants.<\/p>\n\n\n\n<div class=\"wp-block-buttons is-layout-flex wp-block-buttons-is-layout-flex\">\n<div class=\"wp-block-button\"><a class=\"wp-block-button__link wp-element-button\" href=\"https:\/\/drive.google.com\/file\/d\/1FTPAfzemVVNXiGEsLwqu8QBrguIR6opQ\/view?usp=sharing\">Exemple d&#8217;un men\u00fa<\/a><\/div>\n<\/div>\n<\/div>\n\n\n\n<div class=\"wp-block-column has-black-color has-text-color has-link-color wp-elements-c2432420112b0066b325257604af0a98 is-layout-flow wp-block-column-is-layout-flow\" style=\"padding-left:var(--wp--preset--spacing--50);flex-basis:50%\">\n<div class=\"wp-block-buttons is-layout-flex wp-block-buttons-is-layout-flex\">\n<div class=\"wp-block-button\"><a class=\"wp-block-button__link wp-element-button\" href=\"https:\/\/drive.google.com\/file\/d\/15H-5Qe5UJdCRIXBNGOTmpD6A0Sm1a_ld\/view?usp=sharing\">Presentaci\u00f3 Saned curs 24-25<\/a><\/div>\n<\/div>\n\n\n\n<div class=\"wp-block-buttons is-layout-flex wp-block-buttons-is-layout-flex\">\n<div class=\"wp-block-button\"><a class=\"wp-block-button__link wp-element-button\" href=\"https:\/\/agora.xtec.cat\/col-tarres\/bloctarres\/presentacio-menjador-2024\/\">Reuni\u00f3 Menjador 24-25<\/a><\/div>\n<\/div>\n\n\n\n<figure class=\"wp-block-image aligncenter size-full is-resized\"><a href=\"https:\/\/agora.xtec.cat\/col-tarres\/wp-content\/uploads\/usu1585\/2024\/07\/saned-logo-principal.png\"><img loading=\"lazy\" decoding=\"async\" width=\"510\" height=\"510\" src=\"https:\/\/agora.xtec.cat\/col-tarres\/wp-content\/uploads\/usu1585\/2024\/07\/saned-logo-principal.png\" alt=\"\" class=\"wp-image-17572\" style=\"width:260px;height:auto\" srcset=\"https:\/\/agora.xtec.cat\/col-tarres\/wp-content\/uploads\/usu1585\/2024\/07\/saned-logo-principal.png 510w, https:\/\/agora.xtec.cat\/col-tarres\/wp-content\/uploads\/usu1585\/2024\/07\/saned-logo-principal-300x300.png 300w, https:\/\/agora.xtec.cat\/col-tarres\/wp-content\/uploads\/usu1585\/2024\/07\/saned-logo-principal-150x150.png 150w\" sizes=\"auto, (max-width: 510px) 100vw, 510px\" \/><\/a><\/figure>\n<\/div>\n<\/div>\n\n\n\n<hr class=\"wp-block-separator has-text-color has-ast-global-color-1-color has-alpha-channel-opacity has-ast-global-color-1-background-color has-background\"\/>\n\n\n\n<h4 class=\"wp-block-heading has-text-align-center\">Com \u00e9s l&#8217;estona de migdia?<\/h4>\n\n\n\n<div class=\"wp-block-columns is-layout-flex wp-container-core-columns-is-layout-3 wp-block-columns-is-layout-flex\">\n<div class=\"wp-block-column is-layout-flow wp-block-column-is-layout-flow\" style=\"flex-basis:66.66%\">\n<p>El temps destinat a aquest servei s\u2019ha d\u2019entendre com una part m\u00e9s de l\u2019horari escolar.&nbsp;Entenem que la pausa escolar del migdia \u00e9s un moment de descans, per\u00f2 tamb\u00e9 \u00e9s un espai educatiu molt important, per aix\u00f2 el nostre objectiu \u00e9s elaborar i aplicar un pla de funcionament en concordan\u00e7a amb el projecte educatiu de l\u2019escola.<\/p>\n\n\n\n<p>Un equip format per <strong>cinc monitors<\/strong> atenen els alumnes en el menjador i organitza activitats i jocs en el temps lliure.<\/p>\n\n\n\n<h5 class=\"wp-block-heading has-ast-global-color-1-color has-text-color has-link-color wp-elements-b5a7ac0b08d5d374d7fafadd2f1e32ed\">El dinar<\/h5>\n\n\n\n<p>Els grups d&#8217;<strong>Infantil<\/strong> i primers cursos de <strong>Prim\u00e0ria <\/strong>comencen a dinar just despr\u00e9s d&#8217;haver acabat les classes del mat\u00ed i havent-se rentat les mans. <\/p>\n\n\n\n<p>Els alumnes d&#8217;Infantil dinen a les seves aules. Els petits de Prim\u00e0ria van entrant al Menjador, mentre que els m\u00e9s grans de l&#8217;etapa i Secund\u00e0ria tenen una estona d&#8217;esbarjo abans no entren a dinar.<\/p>\n\n\n\n<p>Normalment, cap all\u00e0 a les 14h tothom ja ha dinat.<\/p>\n\n\n\n<h5 class=\"wp-block-heading has-ast-global-color-1-color has-text-color has-link-color wp-elements-ba845163b62df3bc6de44b2c0cab20ee\">Despr\u00e9s de dinar<\/h5>\n\n\n\n<p>Un cop s&#8217;ha acabat de menjar, van sortint al pati.<\/p>\n\n\n\n<p>La gesti\u00f3 d&#8217;aquesta estona de <strong>lleure posterior al dinar<\/strong> s\u2019organitza amb activitats de <strong>joc lliure<\/strong> que permeti als infants esplaiar-se de les hores escolars i d\u2019altres moments amb <strong>activitats dirigides<\/strong>, tan siguin jocs, esports, m\u00fasica, com activitats relacionades amb&nbsp;<strong>tem\u00e0tiques de car\u00e0cter mensual<\/strong>&nbsp;que es duen a terme (podeu consultar la graella al lateral).<\/p>\n\n\n\n<p>En el cas de l\u2019alumnat de&nbsp;<strong>Secund\u00e0ria<\/strong>, despr\u00e9s de dinar es poden quedar al pati, en un espai fent feina de classe o, si aix\u00ed ho autoritzen les seves fam\u00edlies, poden disposar del seu temps lliure fora de l\u2019Escola.<\/p>\n<\/div>\n\n\n\n<div class=\"wp-block-column is-layout-flow wp-block-column-is-layout-flow\" style=\"flex-basis:33.33%\">\n<h5 class=\"wp-block-heading has-ast-global-color-1-color has-text-color has-link-color wp-elements-26ab74e237556315fafa3d2c19d5e360\">Migdiada (Infantil)<\/h5>\n\n\n\n<p>Havent dinat, aquells infants d&#8217;<strong>I3<\/strong> i <strong>I4 <\/strong>que necessitin descansar, poden fer la <strong>migdiada <\/strong>en un espai habilitat amb un monitor d&#8217;acompanyant.<\/p>\n\n\n\n<p>En aquest cas, cada infant ha de dur un llen\u00e7ol (marcat amb el nom) d&#8217;una mida aproximada de 130x60cm per a posar sobre el <a href=\"https:\/\/agora.xtec.cat\/col-tarres\/wp-content\/uploads\/usu1585\/2021\/02\/camita-apilable.jpg\">llitet<\/a> on dormen.<\/p>\n\n\n\n<h5 class=\"wp-block-heading has-ast-global-color-1-color has-text-color has-link-color wp-elements-9a3955a23ad1d717c8dd147c271e8c5d\">Graella d&#8217;activitats 24-25<\/h5>\n\n\n\n<figure class=\"wp-block-image size-large\"><a href=\"https:\/\/agora.xtec.cat\/col-tarres\/wp-content\/uploads\/usu1585\/2024\/10\/Graella-Setmanal_Tarres_2024.png\"><img loading=\"lazy\" decoding=\"async\" width=\"1024\" height=\"768\" src=\"https:\/\/agora.xtec.cat\/col-tarres\/wp-content\/uploads\/usu1585\/2024\/10\/Graella-Setmanal_Tarres_2024-1024x768.png\" alt=\"\" class=\"wp-image-17656\" srcset=\"https:\/\/agora.xtec.cat\/col-tarres\/wp-content\/uploads\/usu1585\/2024\/10\/Graella-Setmanal_Tarres_2024-1024x768.png 1024w, https:\/\/agora.xtec.cat\/col-tarres\/wp-content\/uploads\/usu1585\/2024\/10\/Graella-Setmanal_Tarres_2024-300x225.png 300w, https:\/\/agora.xtec.cat\/col-tarres\/wp-content\/uploads\/usu1585\/2024\/10\/Graella-Setmanal_Tarres_2024-768x576.png 768w, https:\/\/agora.xtec.cat\/col-tarres\/wp-content\/uploads\/usu1585\/2024\/10\/Graella-Setmanal_Tarres_2024-1536x1152.png 1536w, https:\/\/agora.xtec.cat\/col-tarres\/wp-content\/uploads\/usu1585\/2024\/10\/Graella-Setmanal_Tarres_2024-2048x1536.png 2048w, https:\/\/agora.xtec.cat\/col-tarres\/wp-content\/uploads\/usu1585\/2024\/10\/Graella-Setmanal_Tarres_2024-200x150.png 200w\" sizes=\"auto, (max-width: 1024px) 100vw, 1024px\" \/><\/a><\/figure>\n<\/div>\n<\/div>\n\n\n\n<hr class=\"wp-block-separator has-text-color has-ast-global-color-1-color has-alpha-channel-opacity has-ast-global-color-1-background-color has-background\"\/>\n\n\n\n<h4 class=\"wp-block-heading has-text-align-center\">Aspectes organitzatius<\/h4>\n\n\n\n<div class=\"wp-block-columns is-layout-flex wp-container-core-columns-is-layout-4 wp-block-columns-is-layout-flex\">\n<div class=\"wp-block-column is-layout-flow wp-block-column-is-layout-flow\" style=\"flex-basis:66.66%\">\n<p>Per tal de poder organitzar millor la nostra tasca, demanem la vostra col\u00b7laboraci\u00f3 en l\u2019acompliment de les pautes que us proposem:<\/p>\n\n\n\n<ul class=\"wp-block-list\">\n<li>Abans de comen\u00e7ar el curs, heu d&#8217;emplenar la butlleta d&#8217;inscripci\u00f3 que trobareu a la p\u00e0gina de <a href=\"https:\/\/agora.xtec.cat\/col-tarres\/comunitat\/normes-autoritzacions\/\">Normes i Autoritzacions<\/a>.<\/li>\n\n\n\n<li>Els alumnes que espor\u00e0dicament han d\u2019utilitzar el servei, hauran d\u2019avisar el dia anterior o com a molt tard abans de <strong>1\/4 de 10 del mat\u00ed<\/strong> del mateix dia.<\/li>\n\n\n\n<li>Els alumnes que es queden fixos, si per malaltia o alguna altra causa no han d\u2019utilitzar el servei, hauran d\u2019avisar el mateix dia abans de <strong>1\/4 de 10 del mat\u00ed<\/strong>.<\/li>\n\n\n\n<li>Els alumnes de <strong>Secund\u00e0ria<\/strong> poden sortir de l&#8217;Escola durant l&#8217;estona lliure despr\u00e9s del dinar, sempre i quan aix\u00ed ho hagueu autoritzat a la butlleta que trobareu a la p\u00e0gina de <a href=\"https:\/\/agora.xtec.cat\/col-tarres\/comunitat\/normes-autoritzacions\/\">Normes i Autoritzacions<\/a>.<\/li>\n<\/ul>\n<\/div>\n\n\n\n<div class=\"wp-block-column is-layout-flow wp-block-column-is-layout-flow\" style=\"flex-basis:33.33%\">\n<h5 class=\"wp-block-heading has-ast-global-color-1-color has-text-color has-link-color wp-elements-f284df84d35c72f691464eea106724a2\">Contacteu amb l&#8217;equip de MP<\/h5>\n\n\n\n<p>L&#8217;horari d&#8217;atenci\u00f3 de la coordinadora \u00e9s d&#8217;11:30 a 12:30h i de 15 a 15:30h.<\/p>\n\n\n\n<ul class=\"wp-block-list\">\n<li>Coordinadora: Rosa M. Serrano<\/li>\n\n\n\n<li>Adre\u00e7a electr\u00f2nic<span style=\"font-family: inherit; font-size: 1em;\">a: <\/span><a style=\"font-family: inherit; font-size: 1em;\" href=\"mailto:menjador@escolatarres.com\">menjador<span class=\"\"><span class=\"\">@escolatarres.com<\/span><\/span><\/a><\/li>\n<\/ul>\n<\/div>\n<\/div>\n","protected":false},"excerpt":{"rendered":"<p>SERVEI DE MENJADOR Volem oferir el millor servei complementari a l&#8217;educaci\u00f3. Objectius L&#8217;escola disposa d&#8217;un Servei de Mitja Pensi\u00f3 pels [&hellip;]<\/p>\n","protected":false},"author":8,"featured_media":0,"parent":63,"menu_order":1,"comment_status":"closed","ping_status":"closed","template":"","meta":{"_bbp_topic_count":0,"_bbp_reply_count":0,"_bbp_total_topic_count":0,"_bbp_total_reply_count":0,"_bbp_voice_count":0,"_bbp_anonymous_reply_count":0,"_bbp_topic_count_hidden":0,"_bbp_reply_count_hidden":0,"_bbp_forum_subforum_count":0,"site-sidebar-layout":"default","site-content-layout":"","ast-site-content-layout":"default","site-content-style":"default","site-sidebar-style":"default","ast-global-header-display":"","ast-banner-title-visibility":"","ast-main-header-display":"","ast-hfb-above-header-display":"","ast-hfb-below-header-display":"","ast-hfb-mobile-header-display":"","site-post-title":"disabled","ast-breadcrumbs-content":"","ast-featured-img":"","footer-sml-layout":"","theme-transparent-header-meta":"","adv-header-id-meta":"","stick-header-meta":"","header-above-stick-meta":"","header-main-stick-meta":"","header-below-stick-meta":"","astra-migrate-meta-layouts":"set","ast-page-background-enabled":"default","ast-page-background-meta":{"desktop":{"background-color":"var(--ast-global-color-4)","background-image":"","background-repeat":"repeat","background-position":"center center","background-size":"auto","background-attachment":"scroll","background-type":"","background-media":"","overlay-type":"","overlay-color":"","overlay-opacity":"","overlay-gradient":""},"tablet":{"background-color":"","background-image":"","background-repeat":"repeat","background-position":"center center","background-size":"auto","background-attachment":"scroll","background-type":"","background-media":"","overlay-type":"","overlay-color":"","overlay-opacity":"","overlay-gradient":""},"mobile":{"background-color":"","background-image":"","background-repeat":"repeat","background-position":"center center","background-size":"auto","background-attachment":"scroll","background-type":"","background-media":"","overlay-type":"","overlay-color":"","overlay-opacity":"","overlay-gradient":""}},"ast-content-background-meta":{"desktop":{"background-color":"var(--ast-global-color-5)","background-image":"","background-repeat":"repeat","background-position":"center center","background-size":"auto","background-attachment":"scroll","background-type":"","background-media":"","overlay-type":"","overlay-color":"","overlay-opacity":"","overlay-gradient":""},"tablet":{"background-color":"var(--ast-global-color-5)","background-image":"","background-repeat":"repeat","background-position":"center center","background-size":"auto","background-attachment":"scroll","background-type":"","background-media":"","overlay-type":"","overlay-color":"","overlay-opacity":"","overlay-gradient":""},"mobile":{"background-color":"var(--ast-global-color-5)","background-image":"","background-repeat":"repeat","background-position":"center center","background-size":"auto","background-attachment":"scroll","background-type":"","background-media":"","overlay-type":"","overlay-color":"","overlay-opacity":"","overlay-gradient":""}},"footnotes":""},"class_list":["post-13158","page","type-page","status-publish","hentry"],"post_mailing_queue_ids":[],"_links":{"self":[{"href":"https:\/\/agora.xtec.cat\/col-tarres\/wp-json\/wp\/v2\/pages\/13158","targetHints":{"allow":["GET"]}}],"collection":[{"href":"https:\/\/agora.xtec.cat\/col-tarres\/wp-json\/wp\/v2\/pages"}],"about":[{"href":"https:\/\/agora.xtec.cat\/col-tarres\/wp-json\/wp\/v2\/types\/page"}],"author":[{"embeddable":true,"href":"https:\/\/agora.xtec.cat\/col-tarres\/wp-json\/wp\/v2\/users\/8"}],"replies":[{"embeddable":true,"href":"https:\/\/agora.xtec.cat\/col-tarres\/wp-json\/wp\/v2\/comments?post=13158"}],"version-history":[{"count":6,"href":"https:\/\/agora.xtec.cat\/col-tarres\/wp-json\/wp\/v2\/pages\/13158\/revisions"}],"predecessor-version":[{"id":19702,"href":"https:\/\/agora.xtec.cat\/col-tarres\/wp-json\/wp\/v2\/pages\/13158\/revisions\/19702"}],"up":[{"embeddable":true,"href":"https:\/\/agora.xtec.cat\/col-tarres\/wp-json\/wp\/v2\/pages\/63"}],"wp:attachment":[{"href":"https:\/\/agora.xtec.cat\/col-tarres\/wp-json\/wp\/v2\/media?parent=13158"}],"curies":[{"name":"wp","href":"https:\/\/api.w.org\/{rel}","templated":true}]}}