{"id":13040,"date":"2020-12-11T13:07:06","date_gmt":"2020-12-11T12:07:06","guid":{"rendered":"http:\/\/agora.xtec.cat\/col-tarres\/?page_id=13040"},"modified":"2026-04-23T10:22:42","modified_gmt":"2026-04-23T08:22:42","slug":"preinscripcio","status":"publish","type":"page","link":"https:\/\/agora.xtec.cat\/col-tarres\/preinscripcio\/","title":{"rendered":"VISITA&#8217;NS"},"content":{"rendered":"\n<h1 class=\"wp-block-heading has-text-align-center\">Una escola per viure: VINE A CON\u00c8IXER-NOS!<\/h1>\n\n\n\n<figure class=\"wp-block-image aligncenter size-large is-resized\"><a href=\"https:\/\/agora.xtec.cat\/col-tarres\/wp-content\/uploads\/usu1585\/2025\/12\/preins2627.png\"><img loading=\"lazy\" decoding=\"async\" width=\"1024\" height=\"160\" src=\"https:\/\/agora.xtec.cat\/col-tarres\/wp-content\/uploads\/usu1585\/2025\/12\/preins2627-1024x160.png\" alt=\"\" class=\"wp-image-19525\" style=\"width:934px;height:auto\" srcset=\"https:\/\/agora.xtec.cat\/col-tarres\/wp-content\/uploads\/usu1585\/2025\/12\/preins2627-1024x160.png 1024w, https:\/\/agora.xtec.cat\/col-tarres\/wp-content\/uploads\/usu1585\/2025\/12\/preins2627-300x47.png 300w, https:\/\/agora.xtec.cat\/col-tarres\/wp-content\/uploads\/usu1585\/2025\/12\/preins2627-768x120.png 768w, https:\/\/agora.xtec.cat\/col-tarres\/wp-content\/uploads\/usu1585\/2025\/12\/preins2627.png 1480w\" sizes=\"auto, (max-width: 1024px) 100vw, 1024px\" \/><\/a><\/figure>\n\n\n\n<hr class=\"wp-block-separator has-text-color has-ast-global-color-1-color has-alpha-channel-opacity has-ast-global-color-1-background-color has-background\"\/>\n\n\n\n<p class=\"has-text-align-center\">Vine a con\u00e8ixer el nostre projecte i informa&#8217;t de la preinscripci\u00f3!<\/p>\n\n\n\n<div class=\"wp-block-columns is-layout-flex wp-container-core-columns-is-layout-1 wp-block-columns-is-layout-flex\" style=\"padding-top:0;padding-bottom:0\">\n<div class=\"wp-block-column is-layout-flow wp-block-column-is-layout-flow\" style=\"padding-right:var(--wp--preset--spacing--30);padding-left:var(--wp--preset--spacing--30)\">\n<h4 class=\"wp-block-heading has-ast-global-color-1-color has-text-color has-link-color wp-elements-90a01b55d2c8c7077ada54ce36a94a22\">DESCOBREIX EL TARR\u00c9S<\/h4>\n\n\n\n<p>Al <strong>Col\u00b7legi Tarr\u00e9s <\/strong>creixem junts des del primer dia, amb un cam\u00ed que fem plegats cap al futur: des d\u2019I3 fins a 4t d&#8217;ESO, acompanyem infants i joves amb&nbsp;<strong>valors, proximitat, respecte<\/strong> i <strong>autonomia. Combinem <\/strong>els <strong>m\u00e8todes <\/strong>d&#8217;aprenentatge <strong>de sempre <\/strong>amb els <strong>m\u00e9s innovadors<\/strong>,&nbsp;adaptats al m\u00f3n d\u2019avui.<\/p>\n\n\n\n<p>Demana la teva <strong>entrevista personal<\/strong> per venir a con\u00e8ixer amb detall el funcionament i els nostres espais, que fan del nostre centre una Escola on aprendre, cr\u00e9ixer i viure amb il\u00b7lusi\u00f3.<\/p>\n\n\n\n<hr class=\"wp-block-separator has-alpha-channel-opacity\"\/>\n\n\n\n<h5 class=\"wp-block-heading has-black-color has-text-color has-link-color wp-elements-7254f213e80135e94d47932c7207450b\">Entrevista personalitzada<\/h5>\n\n\n\n<p>En qualsevol moment de l\u2019any podeu concertar una&nbsp;<strong>entrevista individual<\/strong>&nbsp;amb l\u2019Equip Directiu. Les hores seran convingudes i ens adaptem a la vostra disponibilitat.<\/p>\n\n\n\n<p>Podeu omplir el seg\u00fcent&nbsp;<strong>formulari<\/strong>&nbsp;i contactarem amb vosaltres al m\u00e9s aviat possible:<\/p>\n\n\n\n<figure class=\"wp-block-image aligncenter size-large is-resized\"><a href=\"https:\/\/docs.google.com\/forms\/d\/e\/1FAIpQLSf99_ggNK8dFy0OJRAt6IFg3dSIXB6WWRRfsD0tfgWieEKROQ\/viewform?usp=sf_link\" target=\"_blank\" rel=\" noreferrer noopener\"><img loading=\"lazy\" decoding=\"async\" width=\"1024\" height=\"100\" src=\"https:\/\/agora.xtec.cat\/col-tarres\/wp-content\/uploads\/usu1585\/2022\/01\/visita-1024x100.png\" alt=\"\" class=\"wp-image-14983\" style=\"width:410px;height:auto\" srcset=\"https:\/\/agora.xtec.cat\/col-tarres\/wp-content\/uploads\/usu1585\/2022\/01\/visita-1024x100.png 1024w, https:\/\/agora.xtec.cat\/col-tarres\/wp-content\/uploads\/usu1585\/2022\/01\/visita-300x29.png 300w, https:\/\/agora.xtec.cat\/col-tarres\/wp-content\/uploads\/usu1585\/2022\/01\/visita-768x75.png 768w, https:\/\/agora.xtec.cat\/col-tarres\/wp-content\/uploads\/usu1585\/2022\/01\/visita.png 1074w\" sizes=\"auto, (max-width: 1024px) 100vw, 1024px\" \/><\/a><\/figure>\n\n\n\n<div style=\"height:10px\" aria-hidden=\"true\" class=\"wp-block-spacer\"><\/div>\n\n\n\n<p>Tamb\u00e9 podeu sol\u00b7licitar l\u2019entrevista enviant un correu electr\u00f2nic a&nbsp;<a href=\"mailto:info@escolatarres.com\">info@escolatarres.com<\/a>&nbsp;o trucant al&nbsp;<strong>937 23 57 01<\/strong>&nbsp;(de 8 a 17:30h).<\/p>\n\n\n\n<p>Us esperem amb moltes ganes!<\/p>\n\n\n\n<hr class=\"wp-block-separator has-alpha-channel-opacity\"\/>\n\n\n\n<figure class=\"wp-block-image size-large\"><a href=\"https:\/\/agora.xtec.cat\/col-tarres\/wp-content\/uploads\/usu1585\/2026\/03\/preins2627_banner-web-v2.png\"><img loading=\"lazy\" decoding=\"async\" width=\"927\" height=\"1024\" src=\"https:\/\/agora.xtec.cat\/col-tarres\/wp-content\/uploads\/usu1585\/2026\/03\/preins2627_banner-web-v2-927x1024.png\" alt=\"\" class=\"wp-image-19756\" srcset=\"https:\/\/agora.xtec.cat\/col-tarres\/wp-content\/uploads\/usu1585\/2026\/03\/preins2627_banner-web-v2-927x1024.png 927w, https:\/\/agora.xtec.cat\/col-tarres\/wp-content\/uploads\/usu1585\/2026\/03\/preins2627_banner-web-v2-271x300.png 271w, https:\/\/agora.xtec.cat\/col-tarres\/wp-content\/uploads\/usu1585\/2026\/03\/preins2627_banner-web-v2-768x849.png 768w, https:\/\/agora.xtec.cat\/col-tarres\/wp-content\/uploads\/usu1585\/2026\/03\/preins2627_banner-web-v2.png 962w\" sizes=\"auto, (max-width: 927px) 100vw, 927px\" \/><\/a><\/figure>\n<\/div>\n\n\n\n<div class=\"wp-block-column is-layout-flow wp-block-column-is-layout-flow\" style=\"padding-right:var(--wp--preset--spacing--30);padding-left:var(--wp--preset--spacing--30)\">\n<h4 class=\"wp-block-heading has-ast-global-color-1-color has-text-color has-link-color wp-elements-d5f9da69705b9698086194f9438c9e49\">TR\u00c0MITS PREINSCRIPCI\u00d3 2026-2027<\/h4>\n\n\n\n<p class=\"has-text-align-left\">En aquest apartat trobareu tota la informaci\u00f3 sobre el <strong>tr\u00e0mit <\/strong>de la Preinscripci\u00f3 i Matr\u00edcula 2026. <\/p>\n\n\n\n<div class=\"wp-block-getwid-toggle has-icon-left\">\n<div class=\"wp-block-getwid-toggle__row\"><div class=\"wp-block-getwid-toggle__header-wrapper\"><h5 class=\"wp-block-getwid-toggle__header\"><a href=\"#\"><span class=\"wp-block-getwid-toggle__header-title\">Dates clau<\/span><span class=\"wp-block-getwid-toggle__icon is-active\"><i class=\"fas fa-plus\"><\/i><\/span><span class=\"wp-block-getwid-toggle__icon is-passive\"><i class=\"fas fa-minus\"><\/i><\/span><\/a><\/h5><\/div><div class=\"wp-block-getwid-toggle__content-wrapper\"><div class=\"wp-block-getwid-toggle__content\">\n<ul class=\"wp-block-list\">\n<li>Publicaci\u00f3 oferta inicial de places: 3 de mar\u00e7 de 2026<\/li>\n\n\n\n<li><strong><a href=\"https:\/\/tramits.gencat.cat\/ca\/tramits\/tramits-temes\/perinscripcio-obligatoris?&amp;moda=1\">Presentaci\u00f3 Preinscripci\u00f3 d&#8217;Infantil i Prim\u00e0ria: del 4 al 18 de mar\u00e7 2026<\/a><\/strong><\/li>\n\n\n\n<li><strong><a href=\"https:\/\/tramits.gencat.cat\/ca\/tramits\/tramits-temes\/perinscripcio-obligatoris?&amp;moda=3\">Presentaci\u00f3 Preinscripci\u00f3 de Secund\u00e0ria: del 6 al 18 de mar\u00e7 de 2026<\/a><\/strong><\/li>\n\n\n\n<li>Publicaci\u00f3 llistat de sol\u00b7licituds amb puntuaci\u00f3 provisional: 15 d&#8217;abril de 2026<\/li>\n\n\n\n<li>Presentaci\u00f3 reclamacions al barem provisional: del 15 al 20 d&#8217;abril de 2026<\/li>\n\n\n\n<li><strong>Publicaci\u00f3 llistat de sol\u00b7licituds amb puntuaci\u00f3 definitiva<\/strong>: 23 d&#8217;abril de 2026<\/li>\n\n\n\n<li>Sorteig n\u00famero desempat: 11h del 28 d&#8217;abril de 2026<\/li>\n\n\n\n<li><strong>Publicaci\u00f3 llistat ordenat definitiu<\/strong>: 29 d&#8217;abril de 2026<\/li>\n\n\n\n<li>Publicaci\u00f3 oferta final de places: 10 de juny de 2026<\/li>\n\n\n\n<li><strong>Publicaci\u00f3 llistat alumnes admesos<\/strong>: 10 de juny de 2026<\/li>\n\n\n\n<li><strong>Matr\u00edcula<\/strong>:<strong> del 22 al 30 de juny de 2026<\/strong> (presencial a l&#8217;Escola)<\/li>\n<\/ul>\n<\/div><\/div><\/div>\n\n\n\n<div class=\"wp-block-getwid-toggle__row\"><div class=\"wp-block-getwid-toggle__header-wrapper\"><h5 class=\"wp-block-getwid-toggle__header\"><a href=\"#\"><span class=\"wp-block-getwid-toggle__header-title\">Tauler d&#8217;anuncis<\/span><span class=\"wp-block-getwid-toggle__icon is-active\"><i class=\"fas fa-plus\"><\/i><\/span><span class=\"wp-block-getwid-toggle__icon is-passive\"><i class=\"fas fa-minus\"><\/i><\/span><\/a><\/h5><\/div><div class=\"wp-block-getwid-toggle__content-wrapper\"><div class=\"wp-block-getwid-toggle__content\">\n<p>Podreu accedir a cada document (per exemple, \u2018Oferta inicial de places\u2019) prement a sobre d\u2019aquests a mesura que es vagin publicant el dia indicat.<\/p>\n\n\n\n<ul class=\"wp-block-list\">\n<li><a href=\"https:\/\/drive.google.com\/file\/d\/1-PsRkVxm0g7SExBO7co1qHWIUJHTYBfh\/view?usp=sharing\" target=\"_blank\" rel=\"noreferrer noopener\">Oferta inicial de places (3\/3)<\/a><\/li>\n\n\n\n<li><a href=\"https:\/\/drive.google.com\/file\/d\/1SI_F4LFGWfy-NEr9yVjoqw1NIGvdeoRX\/view?usp=sharing\">Llistat de sol\u00b7licituds amb puntuaci\u00f3 provisional (15\/4)<\/a><\/li>\n\n\n\n<li><a href=\"https:\/\/drive.google.com\/file\/d\/1Kjol0PYXOVgZ3FmwvvhfhU9ADHPJHDas\/view?usp=sharing\">Llistat de sol\u00b7licituds amb puntuaci\u00f3 definitiva (23\/4)<\/a><\/li>\n\n\n\n<li>Llistat ordenat definitiu de sol\u00b7licituds<\/li>\n\n\n\n<li>Oferta final de places<\/li>\n\n\n\n<li>Llistat d&#8217;alumnes preinscrits<\/li>\n\n\n\n<li>Llistat d&#8217;alumnes admesos<\/li>\n\n\n\n<li>Llista d&#8217;espera al Tarr\u00e9s<\/li>\n<\/ul>\n<\/div><\/div><\/div>\n\n\n\n<div class=\"wp-block-getwid-toggle__row\"><div class=\"wp-block-getwid-toggle__header-wrapper\"><h5 class=\"wp-block-getwid-toggle__header\"><a href=\"#\"><span class=\"wp-block-getwid-toggle__header-title\">Documentaci\u00f3 general<\/span><span class=\"wp-block-getwid-toggle__icon is-active\"><i class=\"fas fa-plus\"><\/i><\/span><span class=\"wp-block-getwid-toggle__icon is-passive\"><i class=\"fas fa-minus\"><\/i><\/span><\/a><\/h5><\/div><div class=\"wp-block-getwid-toggle__content-wrapper\"><div class=\"wp-block-getwid-toggle__content\">\n<p>Com que tots els tr\u00e0mits de la Preinscripci\u00f3 es fan de forma telem\u00e0tica (el de Matr\u00edcula no),&nbsp;<strong>cal escanejar o fotografiar els documents demanats per ambdues cares<\/strong>&nbsp;i tenir-los disponibles en el dispositiu que utilitzareu per emplenar el formulari de preinscripci\u00f3, ja sigui ordinador, tauleta o m\u00f2bil, per tal de poder-los adjuntar.<\/p>\n\n\n\n<p>Els documents necessaris per acreditar la identitat de les fam\u00edlies en la sol\u00b7licitud de preinscripci\u00f3 s\u00f3n:<\/p>\n\n\n\n<ul class=\"wp-block-list\">\n<li><strong>Llibre de Fam\u00edlia<\/strong>, certificaci\u00f3 electr\u00f2nica de la inscripci\u00f3 de naixement o altres documents de filiaci\u00f3.<\/li>\n\n\n\n<li><strong>DNI o NIE<\/strong>&nbsp;del pare, la mare o tutor\/a si s\u2019utilitza la sol\u00b7licitud en suport inform\u00e0tic. En el cas de preinscripci\u00f3 electr\u00f2nica no cal perqu\u00e8 la identitat ja s\u2019ha validat a trav\u00e9s del certificat digital.<\/li>\n\n\n\n<li><strong>Targeta sanit\u00e0ria CatSalut<\/strong>&nbsp;per validar-vos en cas que utilitzeu l\u2019idCat M\u00f2bil.<\/li>\n<\/ul>\n<\/div><\/div><\/div>\n\n\n\n<div class=\"wp-block-getwid-toggle__row\"><div class=\"wp-block-getwid-toggle__header-wrapper\"><h5 class=\"wp-block-getwid-toggle__header\"><a href=\"#\"><span class=\"wp-block-getwid-toggle__header-title\">Punts i documentaci\u00f3 acreditativa<\/span><span class=\"wp-block-getwid-toggle__icon is-active\"><i class=\"fas fa-plus\"><\/i><\/span><span class=\"wp-block-getwid-toggle__icon is-passive\"><i class=\"fas fa-minus\"><\/i><\/span><\/a><\/h5><\/div><div class=\"wp-block-getwid-toggle__content-wrapper\"><div class=\"wp-block-getwid-toggle__content\">\n<p>Els <strong>criteris (punts) de prioritat<\/strong> s\u00f3n els seg\u00fcents:<\/p>\n\n\n\n<ul class=\"wp-block-list\">\n<li><strong>50 punts<\/strong>: si l\u2019infant t\u00e9&nbsp;germans&nbsp;al Tarr\u00e9s.<\/li>\n\n\n\n<li><strong>30 punts<\/strong>: el&nbsp;domicili&nbsp;familiar es troba a la zona educativa de l\u2019Escola (es comprova amb el DNI, si l\u2019adre\u00e7a no \u00e9s correcta cal adjuntar certificat d\u2019empadronament o volant de conviv\u00e8ncia).<\/li>\n\n\n\n<li><strong>20 punts<\/strong>: la ubicaci\u00f3 del&nbsp;lloc de feina&nbsp;del pare o mare est\u00e0 a la zona educativa de l\u2019Escola (contracte laboral o certificat de l\u2019empresa i en aut\u00f2noms el model 036 o 037).<\/li>\n\n\n\n<li><strong>10 punts:<\/strong> el domicili familiar \u00e9s a Sabadell&nbsp;(es comprova amb el DNI, si l\u2019adre\u00e7a no \u00e9s correcta cal adjuntar certificat d\u2019empadronament o volant de conviv\u00e8ncia).<\/li>\n\n\n\n<li><strong>15 punts<\/strong>: la fam\u00edlia rep la&nbsp;Renda Garantida de Ciutadania&nbsp;(es consulta internament, si no s\u2019ha pogut obtenir cal adjuntar la documentaci\u00f3).<\/li>\n<\/ul>\n\n\n\n<p>En cas que hi hagi un empat, llavors s\u2019aplicarien els&nbsp;<strong>criteris (punts) complementaris<\/strong>:<\/p>\n\n\n\n<ul class=\"wp-block-list\">\n<li><strong>10 punts<\/strong>: el pare o mare treballa al centre educatiu-<\/li>\n\n\n\n<li><strong>10 punts<\/strong>: fam\u00edlia nombrosa o monoparental (es consulta internament, excepte si el t\u00edtol est\u00e0 em\u00e8s per una altra Comunitat Aut\u00f2noma).<\/li>\n\n\n\n<li><strong>10 punts<\/strong>: bessons, trig\u00e8mins i altres parts m\u00faltiples (es comprova amb el llibre de fam\u00edlia).<\/li>\n\n\n\n<li><strong>10 punts:<\/strong> situaci\u00f3 d\u2019acolliment familiar (resoluci\u00f3 del Departament de Drets Socials).<\/li>\n\n\n\n<li><strong>15 punts<\/strong>: un membre de la fam\u00edlia t\u00e9 una discapacitat igual o superior al 33% (cal adjuntar el corresponent certificat)<\/li>\n\n\n\n<li><strong>10 punts<\/strong>: v\u00edctimes de viol\u00e8ncia de g\u00e8nere o terrorisme (sent\u00e8ncia judicial o certificat del Ministeri de l\u2019Interior)<\/li>\n<\/ul>\n\n\n\n<p>La documentaci\u00f3 dels criteris prioritaris o complementaris&nbsp;<strong>es poden justificar durant els dies posteriors a la sol\u00b7licitud de preinscripci\u00f3<\/strong>&nbsp;i fins a&nbsp;<strong>dos dies despr\u00e9s de la finalitzaci\u00f3 del termini<\/strong>&nbsp;de presentaci\u00f3 de sol\u00b7licituds de preinscripci\u00f3.<\/p>\n<\/div><\/div><\/div>\n\n\n\n<div class=\"wp-block-getwid-toggle__row\"><div class=\"wp-block-getwid-toggle__header-wrapper\"><h5 class=\"wp-block-getwid-toggle__header\"><a href=\"#\"><span class=\"wp-block-getwid-toggle__header-title\">Perqu\u00e8 escollir el Tarr\u00e9s?<\/span><span class=\"wp-block-getwid-toggle__icon is-active\"><i class=\"fas fa-plus\"><\/i><\/span><span class=\"wp-block-getwid-toggle__icon is-passive\"><i class=\"fas fa-minus\"><\/i><\/span><\/a><\/h5><\/div><div class=\"wp-block-getwid-toggle__content-wrapper\"><div class=\"wp-block-getwid-toggle__content\">\n<p><strong>#&nbsp;<\/strong>Escola familiar i concertada: volem formar una petita&nbsp;<strong>comunitat<\/strong>&nbsp;on alumnes i fam\u00edlies se sentin propers i acompanyats per l\u2019Escola.<\/p>\n\n\n\n<p><strong>#&nbsp;<\/strong>Projecte Pedag\u00f2gic&nbsp;<strong>propi<\/strong>:&nbsp;incorporant els aspectes m\u00e9s efectius de les metodologies tradicionals i per projectes, fet que ens dona excel\u00b7lents resultats en la formaci\u00f3 del nostre alumnat, tant acad\u00e8micament com humanament.<\/p>\n\n\n\n<p><strong>#&nbsp;<\/strong>Potenciem el domini de l\u2019<strong>angl\u00e8s<\/strong>&nbsp;des de ben petits i incorporem&nbsp;<strong>auxiliars ling\u00fc\u00edstics&nbsp;<\/strong>a partir de 1r de Prim\u00e0ria per desenvolupar la compet\u00e8ncia oral. Igualment, el nostre Projecte Ling\u00fc\u00edstic garanteix un bon assoliment de les llengues catalana i castellana.<\/p>\n\n\n\n<p><strong>#&nbsp;<\/strong>Atenci\u00f3&nbsp;<strong>personalitzada<\/strong>&nbsp;de tot l\u2019alumnat i tractament inclusiu de les necessitats educatives especials.<\/p>\n\n\n\n<p><strong>#&nbsp;<\/strong>Escola&nbsp;<strong>concertada<\/strong>&nbsp;dels 3 als 16 anys, amb possibilitat de continuaci\u00f3 dels estudis postobligatoris al&nbsp;<strong>Centre Jaume Viladoms<\/strong>&nbsp;(Batxillerats i Cicles Formatius).<\/p>\n<\/div><\/div><\/div>\n<\/div>\n\n\n\n<div style=\"height:10px\" aria-hidden=\"true\" class=\"wp-block-spacer\"><\/div>\n\n\n\n<p>Tamb\u00e9 trobareu tota la <strong>informaci\u00f3 oficial<\/strong>&nbsp;del proc\u00e9s  a continuaci\u00f3:<\/p>\n\n\n\n<div class=\"wp-block-buttons is-content-justification-center is-layout-flex wp-container-core-buttons-is-layout-1 wp-block-buttons-is-layout-flex\">\n<div class=\"wp-block-button\"><a class=\"wp-block-button__link wp-element-button\" href=\"https:\/\/preinscripcio.gencat.cat\/ca\/inici\/\">PREINSCRIPCI\u00d3.GENCAT.CAT<\/a><\/div>\n<\/div>\n\n\n\n<p>Per qualsevol dubte que tingueu abans, despr\u00e9s o mentre feu la preinscripci\u00f3, ens podeu contactar per correu electr\u00f2nic a&nbsp;<a href=\"mailto:info@escolatarres.com\">info@escolatarres.com<\/a>&nbsp;o al tel\u00e8fon 937 23 57 01.<\/p>\n\n\n\n<hr class=\"wp-block-separator has-alpha-channel-opacity\"\/>\n\n\n\n<figure class=\"wp-block-embed is-type-video is-provider-youtube wp-block-embed-youtube wp-embed-aspect-16-9 wp-has-aspect-ratio\"><div class=\"wp-block-embed__wrapper\">\n<div class=\"ast-oembed-container \" style=\"height: 100%;\"><iframe loading=\"lazy\" title=\"Un dia amb Infantil-3\" width=\"500\" height=\"281\" src=\"https:\/\/www.youtube.com\/embed\/0HUKgWepBHo?feature=oembed\" frameborder=\"0\" allow=\"accelerometer; autoplay; clipboard-write; encrypted-media; gyroscope; picture-in-picture; web-share\" referrerpolicy=\"strict-origin-when-cross-origin\" allowfullscreen><\/iframe><\/div>\n<\/div><\/figure>\n\n\n\n<hr class=\"wp-block-separator has-alpha-channel-opacity\"\/>\n<\/div>\n<\/div>\n","protected":false},"excerpt":{"rendered":"<p>Una escola per viure: VINE A CON\u00c8IXER-NOS! Vine a con\u00e8ixer el nostre projecte i informa&#8217;t de la preinscripci\u00f3! DESCOBREIX EL [&hellip;]<\/p>\n","protected":false},"author":8,"featured_media":0,"parent":0,"menu_order":0,"comment_status":"closed","ping_status":"closed","template":"","meta":{"_bbp_topic_count":0,"_bbp_reply_count":0,"_bbp_total_topic_count":0,"_bbp_total_reply_count":0,"_bbp_voice_count":0,"_bbp_anonymous_reply_count":0,"_bbp_topic_count_hidden":0,"_bbp_reply_count_hidden":0,"_bbp_forum_subforum_count":0,"site-sidebar-layout":"default","site-content-layout":"","ast-site-content-layout":"default","site-content-style":"default","site-sidebar-style":"default","ast-global-header-display":"","ast-banner-title-visibility":"","ast-main-header-display":"","ast-hfb-above-header-display":"","ast-hfb-below-header-display":"","ast-hfb-mobile-header-display":"","site-post-title":"disabled","ast-breadcrumbs-content":"","ast-featured-img":"","footer-sml-layout":"","theme-transparent-header-meta":"default","adv-header-id-meta":"","stick-header-meta":"","header-above-stick-meta":"","header-main-stick-meta":"","header-below-stick-meta":"","astra-migrate-meta-layouts":"set","ast-page-background-enabled":"default","ast-page-background-meta":{"desktop":{"background-color":"var(--ast-global-color-4)","background-image":"","background-repeat":"repeat","background-position":"center center","background-size":"auto","background-attachment":"scroll","background-type":"","background-media":"","overlay-type":"","overlay-color":"","overlay-opacity":"","overlay-gradient":""},"tablet":{"background-color":"","background-image":"","background-repeat":"repeat","background-position":"center center","background-size":"auto","background-attachment":"scroll","background-type":"","background-media":"","overlay-type":"","overlay-color":"","overlay-opacity":"","overlay-gradient":""},"mobile":{"background-color":"","background-image":"","background-repeat":"repeat","background-position":"center center","background-size":"auto","background-attachment":"scroll","background-type":"","background-media":"","overlay-type":"","overlay-color":"","overlay-opacity":"","overlay-gradient":""}},"ast-content-background-meta":{"desktop":{"background-color":"var(--ast-global-color-5)","background-image":"","background-repeat":"repeat","background-position":"center center","background-size":"auto","background-attachment":"scroll","background-type":"","background-media":"","overlay-type":"","overlay-color":"","overlay-opacity":"","overlay-gradient":""},"tablet":{"background-color":"var(--ast-global-color-5)","background-image":"","background-repeat":"repeat","background-position":"center center","background-size":"auto","background-attachment":"scroll","background-type":"","background-media":"","overlay-type":"","overlay-color":"","overlay-opacity":"","overlay-gradient":""},"mobile":{"background-color":"var(--ast-global-color-5)","background-image":"","background-repeat":"repeat","background-position":"center center","background-size":"auto","background-attachment":"scroll","background-type":"","background-media":"","overlay-type":"","overlay-color":"","overlay-opacity":"","overlay-gradient":""}},"footnotes":""},"class_list":["post-13040","page","type-page","status-publish","hentry"],"post_mailing_queue_ids":[],"_links":{"self":[{"href":"https:\/\/agora.xtec.cat\/col-tarres\/wp-json\/wp\/v2\/pages\/13040","targetHints":{"allow":["GET"]}}],"collection":[{"href":"https:\/\/agora.xtec.cat\/col-tarres\/wp-json\/wp\/v2\/pages"}],"about":[{"href":"https:\/\/agora.xtec.cat\/col-tarres\/wp-json\/wp\/v2\/types\/page"}],"author":[{"embeddable":true,"href":"https:\/\/agora.xtec.cat\/col-tarres\/wp-json\/wp\/v2\/users\/8"}],"replies":[{"embeddable":true,"href":"https:\/\/agora.xtec.cat\/col-tarres\/wp-json\/wp\/v2\/comments?post=13040"}],"version-history":[{"count":6,"href":"https:\/\/agora.xtec.cat\/col-tarres\/wp-json\/wp\/v2\/pages\/13040\/revisions"}],"predecessor-version":[{"id":19940,"href":"https:\/\/agora.xtec.cat\/col-tarres\/wp-json\/wp\/v2\/pages\/13040\/revisions\/19940"}],"wp:attachment":[{"href":"https:\/\/agora.xtec.cat\/col-tarres\/wp-json\/wp\/v2\/media?parent=13040"}],"curies":[{"name":"wp","href":"https:\/\/api.w.org\/{rel}","templated":true}]}}