{"id":10019,"date":"2018-09-25T16:08:40","date_gmt":"2018-09-25T14:08:40","guid":{"rendered":"http:\/\/agora.xtec.cat\/col-tarres\/?page_id=10019"},"modified":"2026-04-11T20:01:41","modified_gmt":"2026-04-11T18:01:41","slug":"ambients","status":"publish","type":"page","link":"https:\/\/agora.xtec.cat\/col-tarres\/projectes\/ambients\/","title":{"rendered":"Els Ambients"},"content":{"rendered":"\n<h2 class=\"wp-block-heading has-text-align-center\">ELS AMBIENTS<\/h2>\n\n\n\n<hr class=\"wp-block-separator has-text-color has-ast-global-color-1-color has-alpha-channel-opacity has-ast-global-color-1-background-color has-background\"\/>\n\n\n\n<p class=\"has-text-align-center\">Els espais d&#8217;aprenentatge significatiu a l&#8217;Educaci\u00f3 Infantil i a Cicle Inicial.<\/p>\n\n\n\n<div class=\"wp-block-columns is-layout-flex wp-container-core-columns-is-layout-1 wp-block-columns-is-layout-flex\">\n<div class=\"wp-block-column is-layout-flow wp-block-column-is-layout-flow\" style=\"padding-right:var(--wp--preset--spacing--30);padding-left:var(--wp--preset--spacing--30);flex-basis:65%\">\n<h4 class=\"wp-block-heading has-ast-global-color-1-color has-text-color has-link-color wp-elements-6bc3b69891aa8051dda2fad5552fae46\">Qu\u00e8 s\u00f3n els Ambients?<\/h4>\n\n\n\n<p>Els <strong>Ambients<\/strong> s\u00f3n diferents espais d&#8217;aprenentatge, de relaci\u00f3 i comunicaci\u00f3 on a partir de diferents propostes els infants poden actuar, observar, experimentar, construir, inventar, imaginar, compartir, relacionar-se, emocionar-se i interactuar. Aquest plantejament de treball respon a la necessitat que mostren els infants de jugar i relacionar-se de forma aut\u00f2noma.<\/p>\n\n\n\n<p>\u00c9s una manera de poder donar resposta als interessos i necessitats dels nens i nenes i respectar els diferents ritmes d\u2019aprenentatge. Els infants disposen d\u2019un temps d\u2019experi\u00e8ncia activa, constru\u00efda per l\u2019adult, per\u00f2 reconstru\u00efda per ells mateixos, on nens i nenes es reuneixen per explorar diverses possibilitats de joc i dels materials.<\/p>\n\n\n\n<h4 class=\"wp-block-heading has-ast-global-color-1-color has-text-color has-link-color wp-elements-3755405e735932dea0506b2ffd11afe8\">Quins s\u00f3n els Ambients?<\/h4>\n\n\n\n<h5 class=\"wp-block-heading\">Educaci\u00f3 Infantil<\/h5>\n\n\n\n<p>Els Ambients a Infantil \u00e9s realitzen de forma conjunta entre els infants d&#8217;I3, I4 i I5, els quals es divideixen en 5 espais o propostes:<\/p>\n\n\n\n<div class=\"wp-block-getwid-toggle has-icon-left\">\n<div class=\"wp-block-getwid-toggle__row\"><div class=\"wp-block-getwid-toggle__header-wrapper\"><h5 class=\"wp-block-getwid-toggle__header\"><a href=\"#\"><span class=\"wp-block-getwid-toggle__header-title\">Coloraina<\/span><span class=\"wp-block-getwid-toggle__icon is-active\"><i class=\"fas fa-plus\"><\/i><\/span><span class=\"wp-block-getwid-toggle__icon is-passive\"><i class=\"fas fa-minus\"><\/i><\/span><\/a><\/h5><\/div><div class=\"wp-block-getwid-toggle__content-wrapper\"><div class=\"wp-block-getwid-toggle__content\">\n<p>Aquest \u00e9s un ambient d\u2019<strong>Art<\/strong>, un espai on descobrir i gaudir fent \u00fas de diferents materials i les seves possibilitats art\u00edstiques, desenvolupar la imaginaci\u00f3 i <strong>creativitat <\/strong>a partir de la manipulaci\u00f3 de diferents elements i descobrir el gust per la combinaci\u00f3 de formes i colors.<\/p>\n\n\n\n<p>Hi podem trobar objectes de la natura com pinyes, petxines, llavors\u2026 materials de rebuig o reutilitzats diversos per imaginar i crear les seves produccions i, evidentment, pintures, retoladors, goma d\u2019enganxar, tisores, fang, ceres\u2026<\/p>\n\n\n\n<p>Aquest ambient es fa a l\u2019aula d\u2019<strong>Infantil-3<\/strong>, on els infants es troben amb els seus companys dels altres grups d\u2019Educaci\u00f3 Infantil.<\/p>\n<\/div><\/div><\/div>\n\n\n\n<div class=\"wp-block-getwid-toggle__row\"><div class=\"wp-block-getwid-toggle__header-wrapper\"><h5 class=\"wp-block-getwid-toggle__header\"><a href=\"#\"><span class=\"wp-block-getwid-toggle__header-title\">Natur\u00e0lia<\/span><span class=\"wp-block-getwid-toggle__icon is-active\"><i class=\"fas fa-plus\"><\/i><\/span><span class=\"wp-block-getwid-toggle__icon is-passive\"><i class=\"fas fa-minus\"><\/i><\/span><\/a><\/h5><\/div><div class=\"wp-block-getwid-toggle__content-wrapper\"><div class=\"wp-block-getwid-toggle__content\">\n<p>Natur\u00e0lia \u00e9s un ambient que t\u00e9 una <strong>aula pr\u00f2pia<\/strong>. Aquest \u00e9s un espai dedicat a les&nbsp;ci\u00e8ncies&nbsp;naturals, a l\u2019observaci\u00f3, l\u2019exploraci\u00f3 i l\u2019experimentaci\u00f3, on es fan hip\u00f2tesis i es treuen conclusions. Sempre amb una actitud de <strong>curiositat <\/strong>i respecte sobre diferents tem\u00e0tiques naturals.<\/p>\n\n\n\n<p>Hi podem trobar la taula de llum, taula d\u2019experimentaci\u00f3, elements de la <strong>natura <\/strong>(pinyes, troncs, insectes,&#8230;), microscopis i lupes, espai de manipulaci\u00f3 amb diferents materials (sorra cin\u00e8tica, farina, pasta, llegums) entre altres segons l\u2019<strong>\u00e8poca de l\u2019any<\/strong>.<\/p>\n\n\n\n<p>A partir dels materials i els suggeriments de l\u2019educadora, els nens i les nenes observen com reaccionen els diferents materials segons com interactuen amb ells o entre ells, els mesuren, els manipulen\u2026<\/p>\n<\/div><\/div><\/div>\n\n\n\n<div class=\"wp-block-getwid-toggle__row\"><div class=\"wp-block-getwid-toggle__header-wrapper\"><h5 class=\"wp-block-getwid-toggle__header\"><a href=\"#\"><span class=\"wp-block-getwid-toggle__header-title\">Llum i foscor<\/span><span class=\"wp-block-getwid-toggle__icon is-active\"><i class=\"fas fa-plus\"><\/i><\/span><span class=\"wp-block-getwid-toggle__icon is-passive\"><i class=\"fas fa-minus\"><\/i><\/span><\/a><\/h5><\/div><div class=\"wp-block-getwid-toggle__content-wrapper\"><div class=\"wp-block-getwid-toggle__content\">\n<p>Aquest \u00e9s un espai on la foscor \u00e9s la gran protagonista, sempre amb diversos punts de llum com el del retroprojector, la taula de llum, les llanternes, la llum negra\u2026 on la canalla pot manipular materials diveros com objectes fosforescents, transl\u00facids, contes per mirar a les fosques \u2026 i crear, imaginar, comparar, fer hip\u00f2tesis. <\/p>\n\n\n\n<p>En aquest ambient l&#8217;experimentaci\u00f3 cient\u00edfica i l\u2019expressi\u00f3 art\u00edstica estan molt relacionades.<\/p>\n\n\n\n<p>Gaudir d\u2019aquest espai i de la foscor \u00e9s un dels objectius que ens plantegem en aquest ambient que es realitza a l\u2019aula d\u2019Infantil-4.<\/p>\n<\/div><\/div><\/div>\n\n\n\n<div class=\"wp-block-getwid-toggle__row\"><div class=\"wp-block-getwid-toggle__header-wrapper\"><h5 class=\"wp-block-getwid-toggle__header\"><a href=\"#\"><span class=\"wp-block-getwid-toggle__header-title\">Imagin\u00e0rium<\/span><span class=\"wp-block-getwid-toggle__icon is-active\"><i class=\"fas fa-plus\"><\/i><\/span><span class=\"wp-block-getwid-toggle__icon is-passive\"><i class=\"fas fa-minus\"><\/i><\/span><\/a><\/h5><\/div><div class=\"wp-block-getwid-toggle__content-wrapper\"><div class=\"wp-block-getwid-toggle__content\">\n<p>L&#8217;ambient d&#8217;Imagin\u00e0rium \u00e9s el del <strong>joc simb\u00f2lic<\/strong> on l&#8217;infant representa les accions i les relacions que realitzen i es donen entre els adults. Hi ha oficis manuals, de relacions socials, de c\u00e0lcul, etc.<\/p>\n\n\n\n<p>El joc simb\u00f2lic \u00e9s un joc que convida a treballar la coeducaci\u00f3, els infants tenen al seu abast elements del dia a dia per poder realitzar all\u00f2 que desitgin.<\/p>\n\n\n\n<p>L&#8217;ambient est\u00e0 format per joguines com cotxets, nines, camions, trens, la farm\u00e0cia, una cuineta, una taula d&#8217;eines, la peluqueria&#8230;<\/p>\n\n\n\n<p>Aquest ambient es realitza a la <strong>sala de Psicomotricitat<\/strong>, un espai gran on els infants poden esbargir-se, agrupar-se o concentrar-se de forma individual o col\u00b7lectiva.<\/p>\n<\/div><\/div><\/div>\n\n\n\n<div class=\"wp-block-getwid-toggle__row\"><div class=\"wp-block-getwid-toggle__header-wrapper\"><h5 class=\"wp-block-getwid-toggle__header\"><a href=\"#\"><span class=\"wp-block-getwid-toggle__header-title\">Fer i desfer<\/span><span class=\"wp-block-getwid-toggle__icon is-active\"><i class=\"fas fa-plus\"><\/i><\/span><span class=\"wp-block-getwid-toggle__icon is-passive\"><i class=\"fas fa-minus\"><\/i><\/span><\/a><\/h5><\/div><div class=\"wp-block-getwid-toggle__content-wrapper\"><div class=\"wp-block-getwid-toggle__content\">\n<p><\/p>\n<\/div><\/div><\/div>\n<\/div>\n\n\n\n<h5 class=\"wp-block-heading\">Cicle Inicial<\/h5>\n\n\n\n<p>A 1r i 2n de Prim\u00e0ria els Ambients es realitzen un cop a la setmana i  s\u00f3n escollits pel propi alumne. Es divideixen en tres propostes:<\/p>\n\n\n\n<div class=\"wp-block-getwid-toggle has-icon-left\">\n<div class=\"wp-block-getwid-toggle__row\"><div class=\"wp-block-getwid-toggle__header-wrapper\"><h5 class=\"wp-block-getwid-toggle__header\"><a href=\"#\"><span class=\"wp-block-getwid-toggle__header-title\">Art<\/span><span class=\"wp-block-getwid-toggle__icon is-active\"><i class=\"fas fa-plus\"><\/i><\/span><span class=\"wp-block-getwid-toggle__icon is-passive\"><i class=\"fas fa-minus\"><\/i><\/span><\/a><\/h5><\/div><div class=\"wp-block-getwid-toggle__content-wrapper\"><div class=\"wp-block-getwid-toggle__content\">\n<p>A l\u2019ambient d\u2019Art es practiquen<strong> t\u00e8cniques art\u00edstiques<\/strong>, molt diverses com collage, volum, aquarel\u00b7les, ceres\u2026<\/p>\n\n\n\n<p>Es treballen a partir d&#8217;elements de la natura que troben en cada \u00e8poca de l&#8217;any.<\/p>\n\n\n\n<p>Aquest taller es realitza a l&#8217;aula de 1r.<\/p>\n<\/div><\/div><\/div>\n\n\n\n<div class=\"wp-block-getwid-toggle__row\"><div class=\"wp-block-getwid-toggle__header-wrapper\"><h5 class=\"wp-block-getwid-toggle__header\"><a href=\"#\"><span class=\"wp-block-getwid-toggle__header-title\">Matem\u00e0tic<\/span><span class=\"wp-block-getwid-toggle__icon is-active\"><i class=\"fas fa-plus\"><\/i><\/span><span class=\"wp-block-getwid-toggle__icon is-passive\"><i class=\"fas fa-minus\"><\/i><\/span><\/a><\/h5><\/div><div class=\"wp-block-getwid-toggle__content-wrapper\"><div class=\"wp-block-getwid-toggle__content\">\n<p>A l\u2019ambient Matem\u00e0tic es fan propostes de <strong>l\u00f2gica<\/strong>, de c\u00e0lcul mental (operacions amb sumes i restes) de manera l\u00fadica, es creen construccions amb formes geom\u00e8triques\u2026<\/p>\n\n\n\n<p>Tamb\u00e9 es treballen trencaclosques, sudokus o d\u00f2minos.<\/p>\n<\/div><\/div><\/div>\n\n\n\n<div class=\"wp-block-getwid-toggle__row\"><div class=\"wp-block-getwid-toggle__header-wrapper\"><h5 class=\"wp-block-getwid-toggle__header\"><a href=\"#\"><span class=\"wp-block-getwid-toggle__header-title\">Expressi\u00f3 corporal<\/span><span class=\"wp-block-getwid-toggle__icon is-active\"><i class=\"fas fa-plus\"><\/i><\/span><span class=\"wp-block-getwid-toggle__icon is-passive\"><i class=\"fas fa-minus\"><\/i><\/span><\/a><\/h5><\/div><div class=\"wp-block-getwid-toggle__content-wrapper\"><div class=\"wp-block-getwid-toggle__content\">\n<p>A l\u2019ambient d\u2019Expressi\u00f3 Corporal ens endinsem en el m\u00f3n de la <strong>m\u00edmica <\/strong>fent tota mena d\u2019activitats, com per exemple: endevinar pel\u00b7l\u00edcules, crear obres de teatre disfressant-nos, expressant-nos nom\u00e9s amb el cos sense poder parlar\u2026 i ens ho passem d\u2019all\u00f2 m\u00e9s b\u00e9!<\/p>\n<\/div><\/div><\/div>\n<\/div>\n<\/div>\n\n\n\n<div class=\"wp-block-column is-layout-flow wp-block-column-is-layout-flow\" style=\"padding-right:var(--wp--preset--spacing--30);padding-left:var(--wp--preset--spacing--30);flex-basis:35%\">\n<h4 class=\"wp-block-heading has-ast-global-color-1-color has-text-color has-link-color wp-elements-f393c09de3e5b88044ef61f37c9baf06\">Qu\u00e8 volem aconseguir?<\/h4>\n\n\n\n<p><span style=\"color: #008000;\"><strong>#<\/strong> <\/span>Aprendre dels <strong>companys<\/strong> i <strong>companyes<\/strong>, no nom\u00e9s de l&#8217;adult.<\/p>\n\n\n\n<p><span style=\"color: #008000;\"><strong>#<\/strong> <\/span>Potenciar l&#8217;<strong>autonomia<\/strong> de l&#8217;infant.<\/p>\n\n\n\n<p><span style=\"color: #008000;\"><strong>#<\/strong> <\/span>Respectar el <strong>ritme individual<\/strong> de cada infant i oferir possibilitats segons els seus interessos.<\/p>\n\n\n\n<p><span style=\"color: #008000;\"><strong>#<\/strong> <\/span>Oferir els infants un espai d\u2019aprenentatge on poder investigar, observar, manipular\u2026 De manera <strong>constant i lliure<\/strong>.<\/p>\n\n\n\n<p><span style=\"color: #008000;\"><strong>#<\/strong> <\/span>Oferir m\u00e9s moments en qu\u00e8 els infants puguin expressar els seus sentiments, emocions i sensacions lliurement.<span data-ccp-props=\"{&quot;335551550&quot;:6,&quot;335551620&quot;:6,&quot;335559739&quot;:120,&quot;335559740&quot;:384}\">&nbsp;<\/span><\/p>\n\n\n\n<p><span style=\"color: #008000;\"><strong>#<\/strong> <\/span>Respectar la <strong>necessitat de moviment<\/strong> pr\u00f2pia de l\u2019etapa, oferint m\u00e9s possibilitats dins la jornada escolar.&nbsp;<span data-ccp-props=\"{&quot;335551550&quot;:6,&quot;335551620&quot;:6,&quot;335559739&quot;:120,&quot;335559740&quot;:384}\">&nbsp;<\/span><\/p>\n\n\n\n<p><span style=\"color: #008000;\"><strong>#<\/strong> <\/span>Aprendre a partir de l\u2019<strong>experimentaci\u00f3<\/strong> sobre el m\u00f3n que ens envolta.<span data-ccp-props=\"{&quot;335551550&quot;:6,&quot;335551620&quot;:6,&quot;335559739&quot;:120,&quot;335559740&quot;:384}\">&nbsp;<\/span><\/p>\n\n\n\n<p><span style=\"color: #008000;\"><strong>#<\/strong> <\/span>Descobrir altres formes d\u2019arribar al coneixement de manera significativa.<span data-ccp-props=\"{&quot;335551550&quot;:6,&quot;335551620&quot;:6,&quot;335559739&quot;:120,&quot;335559740&quot;:384}\">&nbsp;<\/span><\/p>\n\n\n\n<p><span style=\"color: #008000;\"><strong>#<\/strong> <\/span>Gaudir de l\u2019aprenentatge <strong>compartint <\/strong>les mateixes motivacions.<\/p>\n<\/div>\n<\/div>\n\n\n\n<figure class=\"wp-block-gallery has-nested-images columns-default is-cropped wp-block-gallery-1 is-layout-flex wp-block-gallery-is-layout-flex\">\n<figure class=\"wp-block-image size-large\"><a href=\"https:\/\/agora.xtec.cat\/col-tarres\/wp-content\/uploads\/usu1585\/2026\/03\/20260309_115155-1-scaled.jpg\"><img loading=\"lazy\" decoding=\"async\" width=\"1024\" height=\"768\" data-id=\"19822\" src=\"https:\/\/agora.xtec.cat\/col-tarres\/wp-content\/uploads\/usu1585\/2026\/03\/20260309_115155-1-1024x768.jpg\" alt=\"\" class=\"wp-image-19822\" srcset=\"https:\/\/agora.xtec.cat\/col-tarres\/wp-content\/uploads\/usu1585\/2026\/03\/20260309_115155-1-1024x768.jpg 1024w, https:\/\/agora.xtec.cat\/col-tarres\/wp-content\/uploads\/usu1585\/2026\/03\/20260309_115155-1-300x225.jpg 300w, https:\/\/agora.xtec.cat\/col-tarres\/wp-content\/uploads\/usu1585\/2026\/03\/20260309_115155-1-768x576.jpg 768w, https:\/\/agora.xtec.cat\/col-tarres\/wp-content\/uploads\/usu1585\/2026\/03\/20260309_115155-1-1536x1152.jpg 1536w, https:\/\/agora.xtec.cat\/col-tarres\/wp-content\/uploads\/usu1585\/2026\/03\/20260309_115155-1-2048x1536.jpg 2048w\" sizes=\"auto, (max-width: 1024px) 100vw, 1024px\" \/><\/a><figcaption class=\"wp-element-caption\">Fer i desfer<\/figcaption><\/figure>\n\n\n\n<figure class=\"wp-block-image size-large\"><a href=\"https:\/\/agora.xtec.cat\/col-tarres\/wp-content\/uploads\/usu1585\/2026\/04\/IMG20260209114608-1-scaled.jpg\"><img loading=\"lazy\" decoding=\"async\" width=\"1024\" height=\"462\" data-id=\"19837\" src=\"https:\/\/agora.xtec.cat\/col-tarres\/wp-content\/uploads\/usu1585\/2026\/04\/IMG20260209114608-1-1024x462.jpg\" alt=\"\" class=\"wp-image-19837\" srcset=\"https:\/\/agora.xtec.cat\/col-tarres\/wp-content\/uploads\/usu1585\/2026\/04\/IMG20260209114608-1-1024x462.jpg 1024w, https:\/\/agora.xtec.cat\/col-tarres\/wp-content\/uploads\/usu1585\/2026\/04\/IMG20260209114608-1-300x135.jpg 300w, https:\/\/agora.xtec.cat\/col-tarres\/wp-content\/uploads\/usu1585\/2026\/04\/IMG20260209114608-1-768x346.jpg 768w, https:\/\/agora.xtec.cat\/col-tarres\/wp-content\/uploads\/usu1585\/2026\/04\/IMG20260209114608-1-1536x693.jpg 1536w, https:\/\/agora.xtec.cat\/col-tarres\/wp-content\/uploads\/usu1585\/2026\/04\/IMG20260209114608-1-2048x924.jpg 2048w\" sizes=\"auto, (max-width: 1024px) 100vw, 1024px\" \/><\/a><figcaption class=\"wp-element-caption\">Coloraina<\/figcaption><\/figure>\n\n\n\n<figure class=\"wp-block-image size-large\"><a href=\"https:\/\/agora.xtec.cat\/col-tarres\/wp-content\/uploads\/usu1585\/2026\/03\/IMG_5589-scaled.jpg\"><img loading=\"lazy\" decoding=\"async\" width=\"1024\" height=\"768\" data-id=\"19826\" src=\"https:\/\/agora.xtec.cat\/col-tarres\/wp-content\/uploads\/usu1585\/2026\/03\/IMG_5589-1024x768.jpg\" alt=\"\" class=\"wp-image-19826\" srcset=\"https:\/\/agora.xtec.cat\/col-tarres\/wp-content\/uploads\/usu1585\/2026\/03\/IMG_5589-1024x768.jpg 1024w, https:\/\/agora.xtec.cat\/col-tarres\/wp-content\/uploads\/usu1585\/2026\/03\/IMG_5589-300x225.jpg 300w, https:\/\/agora.xtec.cat\/col-tarres\/wp-content\/uploads\/usu1585\/2026\/03\/IMG_5589-768x576.jpg 768w, https:\/\/agora.xtec.cat\/col-tarres\/wp-content\/uploads\/usu1585\/2026\/03\/IMG_5589-1536x1152.jpg 1536w, https:\/\/agora.xtec.cat\/col-tarres\/wp-content\/uploads\/usu1585\/2026\/03\/IMG_5589-2048x1536.jpg 2048w\" sizes=\"auto, (max-width: 1024px) 100vw, 1024px\" \/><\/a><figcaption class=\"wp-element-caption\">Llum i foscor<\/figcaption><\/figure>\n\n\n\n<figure class=\"wp-block-image size-large\"><a href=\"https:\/\/agora.xtec.cat\/col-tarres\/wp-content\/uploads\/usu1585\/2023\/12\/Captura-de-Pantalla-2023-12-05-a-les-13.16.50.png\"><img loading=\"lazy\" decoding=\"async\" width=\"712\" height=\"517\" data-id=\"16959\" src=\"https:\/\/agora.xtec.cat\/col-tarres\/wp-content\/uploads\/usu1585\/2023\/12\/Captura-de-Pantalla-2023-12-05-a-les-13.16.50.png\" alt=\"\" class=\"wp-image-16959\" srcset=\"https:\/\/agora.xtec.cat\/col-tarres\/wp-content\/uploads\/usu1585\/2023\/12\/Captura-de-Pantalla-2023-12-05-a-les-13.16.50.png 712w, https:\/\/agora.xtec.cat\/col-tarres\/wp-content\/uploads\/usu1585\/2023\/12\/Captura-de-Pantalla-2023-12-05-a-les-13.16.50-300x218.png 300w\" sizes=\"auto, (max-width: 712px) 100vw, 712px\" \/><\/a><figcaption class=\"wp-element-caption\">Imagin\u00e0rium<\/figcaption><\/figure>\n\n\n\n<figure class=\"wp-block-image size-large is-style-default\"><a href=\"https:\/\/agora.xtec.cat\/col-tarres\/wp-content\/uploads\/usu1585\/2026\/03\/IMG20260223114114-1-scaled.jpg\"><img loading=\"lazy\" decoding=\"async\" width=\"1024\" height=\"1024\" data-id=\"19824\" src=\"https:\/\/agora.xtec.cat\/col-tarres\/wp-content\/uploads\/usu1585\/2026\/03\/IMG20260223114114-1-1024x1024.jpg\" alt=\"\" class=\"wp-image-19824\" srcset=\"https:\/\/agora.xtec.cat\/col-tarres\/wp-content\/uploads\/usu1585\/2026\/03\/IMG20260223114114-1-1024x1024.jpg 1024w, https:\/\/agora.xtec.cat\/col-tarres\/wp-content\/uploads\/usu1585\/2026\/03\/IMG20260223114114-1-300x300.jpg 300w, https:\/\/agora.xtec.cat\/col-tarres\/wp-content\/uploads\/usu1585\/2026\/03\/IMG20260223114114-1-150x150.jpg 150w, https:\/\/agora.xtec.cat\/col-tarres\/wp-content\/uploads\/usu1585\/2026\/03\/IMG20260223114114-1-768x768.jpg 768w, https:\/\/agora.xtec.cat\/col-tarres\/wp-content\/uploads\/usu1585\/2026\/03\/IMG20260223114114-1-1536x1536.jpg 1536w, https:\/\/agora.xtec.cat\/col-tarres\/wp-content\/uploads\/usu1585\/2026\/03\/IMG20260223114114-1-2048x2048.jpg 2048w\" sizes=\"auto, (max-width: 1024px) 100vw, 1024px\" \/><\/a><figcaption class=\"wp-element-caption\">Natur\u00e0lia<\/figcaption><\/figure>\n\n\n\n<figure class=\"wp-block-image size-large\"><a href=\"https:\/\/agora.xtec.cat\/col-tarres\/wp-content\/uploads\/usu1585\/2026\/03\/IMG_6012-1-scaled.jpg\"><img loading=\"lazy\" decoding=\"async\" width=\"1024\" height=\"768\" data-id=\"19829\" src=\"https:\/\/agora.xtec.cat\/col-tarres\/wp-content\/uploads\/usu1585\/2026\/03\/IMG_6012-1-1024x768.jpg\" alt=\"\" class=\"wp-image-19829\" srcset=\"https:\/\/agora.xtec.cat\/col-tarres\/wp-content\/uploads\/usu1585\/2026\/03\/IMG_6012-1-1024x768.jpg 1024w, https:\/\/agora.xtec.cat\/col-tarres\/wp-content\/uploads\/usu1585\/2026\/03\/IMG_6012-1-300x225.jpg 300w, https:\/\/agora.xtec.cat\/col-tarres\/wp-content\/uploads\/usu1585\/2026\/03\/IMG_6012-1-768x576.jpg 768w, https:\/\/agora.xtec.cat\/col-tarres\/wp-content\/uploads\/usu1585\/2026\/03\/IMG_6012-1-1536x1152.jpg 1536w, https:\/\/agora.xtec.cat\/col-tarres\/wp-content\/uploads\/usu1585\/2026\/03\/IMG_6012-1-2048x1536.jpg 2048w\" sizes=\"auto, (max-width: 1024px) 100vw, 1024px\" \/><\/a><figcaption class=\"wp-element-caption\">Llum i foscor<\/figcaption><\/figure>\n\n\n\n<figure class=\"wp-block-image size-large\"><a href=\"https:\/\/agora.xtec.cat\/col-tarres\/wp-content\/uploads\/usu1585\/2026\/03\/IMG20260204115600-1-scaled.jpg\"><img loading=\"lazy\" decoding=\"async\" width=\"1024\" height=\"1024\" data-id=\"19825\" src=\"https:\/\/agora.xtec.cat\/col-tarres\/wp-content\/uploads\/usu1585\/2026\/03\/IMG20260204115600-1-1024x1024.jpg\" alt=\"\" class=\"wp-image-19825\" srcset=\"https:\/\/agora.xtec.cat\/col-tarres\/wp-content\/uploads\/usu1585\/2026\/03\/IMG20260204115600-1-1024x1024.jpg 1024w, https:\/\/agora.xtec.cat\/col-tarres\/wp-content\/uploads\/usu1585\/2026\/03\/IMG20260204115600-1-300x300.jpg 300w, https:\/\/agora.xtec.cat\/col-tarres\/wp-content\/uploads\/usu1585\/2026\/03\/IMG20260204115600-1-150x150.jpg 150w, https:\/\/agora.xtec.cat\/col-tarres\/wp-content\/uploads\/usu1585\/2026\/03\/IMG20260204115600-1-768x768.jpg 768w, https:\/\/agora.xtec.cat\/col-tarres\/wp-content\/uploads\/usu1585\/2026\/03\/IMG20260204115600-1-1536x1536.jpg 1536w, https:\/\/agora.xtec.cat\/col-tarres\/wp-content\/uploads\/usu1585\/2026\/03\/IMG20260204115600-1-2048x2048.jpg 2048w\" sizes=\"auto, (max-width: 1024px) 100vw, 1024px\" \/><\/a><figcaption class=\"wp-element-caption\">Natur\u00e0lia<\/figcaption><\/figure>\n\n\n\n<figure class=\"wp-block-image size-large\"><a href=\"https:\/\/agora.xtec.cat\/col-tarres\/wp-content\/uploads\/usu1585\/2026\/03\/IMG_1230-1-scaled.jpg\"><img loading=\"lazy\" decoding=\"async\" width=\"1024\" height=\"768\" data-id=\"19839\" src=\"https:\/\/agora.xtec.cat\/col-tarres\/wp-content\/uploads\/usu1585\/2026\/03\/IMG_1230-1-1024x768.jpg\" alt=\"\" class=\"wp-image-19839\" srcset=\"https:\/\/agora.xtec.cat\/col-tarres\/wp-content\/uploads\/usu1585\/2026\/03\/IMG_1230-1-1024x768.jpg 1024w, https:\/\/agora.xtec.cat\/col-tarres\/wp-content\/uploads\/usu1585\/2026\/03\/IMG_1230-1-300x225.jpg 300w, https:\/\/agora.xtec.cat\/col-tarres\/wp-content\/uploads\/usu1585\/2026\/03\/IMG_1230-1-768x576.jpg 768w, https:\/\/agora.xtec.cat\/col-tarres\/wp-content\/uploads\/usu1585\/2026\/03\/IMG_1230-1-1536x1152.jpg 1536w, https:\/\/agora.xtec.cat\/col-tarres\/wp-content\/uploads\/usu1585\/2026\/03\/IMG_1230-1-2048x1536.jpg 2048w\" sizes=\"auto, (max-width: 1024px) 100vw, 1024px\" \/><\/a><figcaption class=\"wp-element-caption\">Imagin\u00e0rium<\/figcaption><\/figure>\n\n\n\n<figure class=\"wp-block-image size-large\"><a href=\"https:\/\/agora.xtec.cat\/col-tarres\/wp-content\/uploads\/usu1585\/2026\/03\/IMG2026010911.jpg\"><img loading=\"lazy\" decoding=\"async\" width=\"636\" height=\"1024\" data-id=\"19841\" src=\"https:\/\/agora.xtec.cat\/col-tarres\/wp-content\/uploads\/usu1585\/2026\/03\/IMG2026010911-636x1024.jpg\" alt=\"\" class=\"wp-image-19841\" srcset=\"https:\/\/agora.xtec.cat\/col-tarres\/wp-content\/uploads\/usu1585\/2026\/03\/IMG2026010911-636x1024.jpg 636w, https:\/\/agora.xtec.cat\/col-tarres\/wp-content\/uploads\/usu1585\/2026\/03\/IMG2026010911-186x300.jpg 186w, https:\/\/agora.xtec.cat\/col-tarres\/wp-content\/uploads\/usu1585\/2026\/03\/IMG2026010911-768x1237.jpg 768w, https:\/\/agora.xtec.cat\/col-tarres\/wp-content\/uploads\/usu1585\/2026\/03\/IMG2026010911-954x1536.jpg 954w, https:\/\/agora.xtec.cat\/col-tarres\/wp-content\/uploads\/usu1585\/2026\/03\/IMG2026010911-1272x2048.jpg 1272w, https:\/\/agora.xtec.cat\/col-tarres\/wp-content\/uploads\/usu1585\/2026\/03\/IMG2026010911.jpg 1472w\" sizes=\"auto, (max-width: 636px) 100vw, 636px\" \/><\/a><figcaption class=\"wp-element-caption\">Coloraina<\/figcaption><\/figure>\n<\/figure>\n","protected":false},"excerpt":{"rendered":"<p>ELS AMBIENTS Els espais d&#8217;aprenentatge significatiu a l&#8217;Educaci\u00f3 Infantil i a Cicle Inicial. Qu\u00e8 s\u00f3n els Ambients? Els Ambients s\u00f3n [&hellip;]<\/p>\n","protected":false},"author":3,"featured_media":0,"parent":57,"menu_order":3,"comment_status":"closed","ping_status":"closed","template":"","meta":{"_bbp_topic_count":0,"_bbp_reply_count":0,"_bbp_total_topic_count":0,"_bbp_total_reply_count":0,"_bbp_voice_count":0,"_bbp_anonymous_reply_count":0,"_bbp_topic_count_hidden":0,"_bbp_reply_count_hidden":0,"_bbp_forum_subforum_count":0,"site-sidebar-layout":"default","site-content-layout":"","ast-site-content-layout":"default","site-content-style":"default","site-sidebar-style":"default","ast-global-header-display":"","ast-banner-title-visibility":"","ast-main-header-display":"","ast-hfb-above-header-display":"","ast-hfb-below-header-display":"","ast-hfb-mobile-header-display":"","site-post-title":"disabled","ast-breadcrumbs-content":"","ast-featured-img":"","footer-sml-layout":"","theme-transparent-header-meta":"","adv-header-id-meta":"","stick-header-meta":"","header-above-stick-meta":"","header-main-stick-meta":"","header-below-stick-meta":"","astra-migrate-meta-layouts":"set","ast-page-background-enabled":"default","ast-page-background-meta":{"desktop":{"background-color":"var(--ast-global-color-4)","background-image":"","background-repeat":"repeat","background-position":"center center","background-size":"auto","background-attachment":"scroll","background-type":"","background-media":"","overlay-type":"","overlay-color":"","overlay-opacity":"","overlay-gradient":""},"tablet":{"background-color":"","background-image":"","background-repeat":"repeat","background-position":"center center","background-size":"auto","background-attachment":"scroll","background-type":"","background-media":"","overlay-type":"","overlay-color":"","overlay-opacity":"","overlay-gradient":""},"mobile":{"background-color":"","background-image":"","background-repeat":"repeat","background-position":"center center","background-size":"auto","background-attachment":"scroll","background-type":"","background-media":"","overlay-type":"","overlay-color":"","overlay-opacity":"","overlay-gradient":""}},"ast-content-background-meta":{"desktop":{"background-color":"var(--ast-global-color-5)","background-image":"","background-repeat":"repeat","background-position":"center center","background-size":"auto","background-attachment":"scroll","background-type":"","background-media":"","overlay-type":"","overlay-color":"","overlay-opacity":"","overlay-gradient":""},"tablet":{"background-color":"var(--ast-global-color-5)","background-image":"","background-repeat":"repeat","background-position":"center center","background-size":"auto","background-attachment":"scroll","background-type":"","background-media":"","overlay-type":"","overlay-color":"","overlay-opacity":"","overlay-gradient":""},"mobile":{"background-color":"var(--ast-global-color-5)","background-image":"","background-repeat":"repeat","background-position":"center center","background-size":"auto","background-attachment":"scroll","background-type":"","background-media":"","overlay-type":"","overlay-color":"","overlay-opacity":"","overlay-gradient":""}},"footnotes":""},"class_list":["post-10019","page","type-page","status-publish","hentry"],"post_mailing_queue_ids":[],"_links":{"self":[{"href":"https:\/\/agora.xtec.cat\/col-tarres\/wp-json\/wp\/v2\/pages\/10019","targetHints":{"allow":["GET"]}}],"collection":[{"href":"https:\/\/agora.xtec.cat\/col-tarres\/wp-json\/wp\/v2\/pages"}],"about":[{"href":"https:\/\/agora.xtec.cat\/col-tarres\/wp-json\/wp\/v2\/types\/page"}],"author":[{"embeddable":true,"href":"https:\/\/agora.xtec.cat\/col-tarres\/wp-json\/wp\/v2\/users\/3"}],"replies":[{"embeddable":true,"href":"https:\/\/agora.xtec.cat\/col-tarres\/wp-json\/wp\/v2\/comments?post=10019"}],"version-history":[{"count":6,"href":"https:\/\/agora.xtec.cat\/col-tarres\/wp-json\/wp\/v2\/pages\/10019\/revisions"}],"predecessor-version":[{"id":19862,"href":"https:\/\/agora.xtec.cat\/col-tarres\/wp-json\/wp\/v2\/pages\/10019\/revisions\/19862"}],"up":[{"embeddable":true,"href":"https:\/\/agora.xtec.cat\/col-tarres\/wp-json\/wp\/v2\/pages\/57"}],"wp:attachment":[{"href":"https:\/\/agora.xtec.cat\/col-tarres\/wp-json\/wp\/v2\/media?parent=10019"}],"curies":[{"name":"wp","href":"https:\/\/api.w.org\/{rel}","templated":true}]}}