{"id":5058,"date":"2019-10-27T21:54:17","date_gmt":"2019-10-27T20:54:17","guid":{"rendered":"http:\/\/agora.xtec.cat\/col-sagrat-cor\/?page_id=5058"},"modified":"2020-11-12T12:11:58","modified_gmt":"2020-11-12T11:11:58","slug":"ilec","status":"publish","type":"page","link":"https:\/\/agora.xtec.cat\/col-sagrat-cor\/projecte-educatiu\/ilec\/","title":{"rendered":"Projecte ILEC"},"content":{"rendered":"<h3><strong>PROJECTE ILEC<\/strong><\/h3>\n<p>Des del curs 15-16 formem part del projecte ILEC del Departament d\u2019Ensenyament.<br \/>\nT\u00e9 com a objectiu estrat\u00e8gic la millora de l\u2019\u00e8xit escolar de tot l\u2019alumnat, desenvolupant l\u2019h\u00e0bit lector dels infants i joves, i potenciant la lectura sistem\u00e0tica en totes les \u00e0rees i mat\u00e8ries del curr\u00edculum al llarg de tota l\u2019escolaritat b\u00e0sica, amb la finalitat de millorar la compet\u00e8ncia ling\u00fc\u00edstica, base de tots els aprenentatges.<br \/>\nLa lectura forma part del dia a dia del centre a trav\u00e9s d\u2019activitats a l\u2019aula com potenciant la<br \/>\nbiblioteca escolar i del barri:<br \/>\n&#8211; 30\u2019 de lectura diaris fent servir diferents estrat\u00e8gies.<br \/>\n&#8211; Padrins de Lectura entre EP i ESO.<br \/>\n&#8211; Lectura compartida 1r i 2n EP.<br \/>\n&#8211; Sessions setmanals de tots els cursos a la biblioteca escolar.<br \/>\n&#8211; Biblioteca oberta tots els dimarts i dijous en horari de menjador.<br \/>\n&#8211; Visites regulars a la biblioteca del barri per fer-la servir com a recurs educatiu.<\/p>\n\r\n\t<div class=\"slideshow_container slideshow_container_style-light\" style=\"height: 500px; \" data-slideshow-id=\"6437\" data-style-name=\"style-light\" data-style-version=\"2.3.1\" >\r\n\r\n\t\t\t\t\t<div class=\"slideshow_loading_icon\"><\/div>\r\n\t\t\r\n\t\t<div class=\"slideshow_content\" style=\"display: none;\">\r\n\r\n\t\t\t<div class=\"slideshow_view\">\r\n\t\t\t\t<div class=\"slideshow_slide slideshow_slide_image\">\r\n\t\t\t\t\t\t\t\t\t\t\t<img src=\"https:\/\/agora.xtec.cat\/col-sagrat-cor\/wp-content\/uploads\/usu1164\/2020\/11\/piramide_primaria_1118x792.png\" alt=\"piramide_primaria_1118x792\" width=\"1118\" height=\"792\" \/>\r\n\t\t\t\t\t\t\t\t\t\t<div class=\"slideshow_description_box slideshow_transparent\">\r\n\t\t\t\t\t\t<div class=\"slideshow_title\">piramide_primaria_1118x792<\/div>\t\t\t\t\t\t\t\t\t\t\t<\/div>\r\n\t\t\t\t<\/div>\r\n\r\n\t\t\t\t\t\t<div style=\"clear: both;\"><\/div><\/div><div class=\"slideshow_view\">\r\n\t\t\t\t<div class=\"slideshow_slide slideshow_slide_image\">\r\n\t\t\t\t\t\t\t\t\t\t\t<img src=\"https:\/\/agora.xtec.cat\/col-sagrat-cor\/wp-content\/uploads\/usu1164\/2020\/11\/primamide_secundaria_1118x792.png\" alt=\"primamide_secundaria_1118x792\" width=\"1118\" height=\"792\" \/>\r\n\t\t\t\t\t\t\t\t\t\t<div class=\"slideshow_description_box slideshow_transparent\">\r\n\t\t\t\t\t\t<div class=\"slideshow_title\">primamide_secundaria_1118x792<\/div>\t\t\t\t\t\t\t\t\t\t\t<\/div>\r\n\t\t\t\t<\/div>\r\n\r\n\t\t\t\t\t\t<div style=\"clear: both;\"><\/div><\/div>\r\n\t\t<\/div>\r\n\r\n\t\t<div class=\"slideshow_controlPanel slideshow_transparent\" style=\"display: none;\"><ul><li class=\"slideshow_togglePlay\" data-play-text=\"Visualitza\" data-pause-text=\"Pausa\"><\/li><\/ul><\/div>\r\n\r\n\t\t<div class=\"slideshow_button slideshow_previous slideshow_transparent\" role=\"button\" data-previous-text=\"Anterior\" style=\"display: none;\"><\/div>\r\n\t\t<div class=\"slideshow_button slideshow_next slideshow_transparent\" role=\"button\" data-next-text=\"Seg\u00fcent\" style=\"display: none;\"><\/div>\r\n\r\n\t\t<div class=\"slideshow_pagination\" style=\"display: none;\" data-go-to-text=\"V\u00e9s a la diapositiva\"><div class=\"slideshow_pagination_center\"><\/div><\/div>\r\n\r\n\t\t<!-- WordPress Slideshow Version 2.3.1 -->\r\n\r\n\t\t\t<\/div>\r\n\r\n\n<p><script type=\"text\/javascript\">function googleTranslateElementInit() {new google.translate.TranslateElement({pageLanguage: 'ca', includedLanguages: 'ca,eu,gl,en,es,fr,it,pt,de,sp', layout: google.translate.TranslateElement.InlineLayout.SIMPLE, gaTrack: true}, 'google_translate_element');}<\/script><script type=\"text\/javascript\" src=\"https:\/\/translate.google.com\/translate_a\/element.js?cb=googleTranslateElementInit\"><span data-mce-type=\"bookmark\" style=\"display: inline-block; width: 0px; overflow: hidden; line-height: 0;\" class=\"mce_SELRES_start\">\ufeff<\/span><\/script><\/p>\n","protected":false},"excerpt":{"rendered":"<p>PROJECTE ILEC<br \/>\nDes del curs 15-16 formem part del projecte ILEC del Departament d\u2019Ensenyament.<br \/>\nT\u00e9 com a objectiu estrat\u00e8gic la millora de l\u2019\u00e8xit escolar de tot l\u2019alumnat, desenvolupant l\u2019h\u00e0bit lector dels infants i joves, i potenciant la lectura sistem\u00e0tica en totes les \u00e0rees i mat\u00e8ries del curr\u00edculum&hellip;  <a href=\"https:\/\/agora.xtec.cat\/col-sagrat-cor\/projecte-educatiu\/ilec\/\" title=\"Read Projecte ILEC\">Llegeix m\u00e9s\u00bb<\/a><\/p>\n","protected":false},"author":1,"featured_media":0,"parent":57,"menu_order":0,"comment_status":"closed","ping_status":"closed","template":"","meta":{"_bbp_topic_count":0,"_bbp_reply_count":0,"_bbp_total_topic_count":0,"_bbp_total_reply_count":0,"_bbp_voice_count":0,"_bbp_anonymous_reply_count":0,"_bbp_topic_count_hidden":0,"_bbp_reply_count_hidden":0,"_bbp_forum_subforum_count":0,"footnotes":""},"class_list":["post-5058","page","type-page","status-publish","hentry"],"post_mailing_queue_ids":[],"_links":{"self":[{"href":"https:\/\/agora.xtec.cat\/col-sagrat-cor\/wp-json\/wp\/v2\/pages\/5058","targetHints":{"allow":["GET"]}}],"collection":[{"href":"https:\/\/agora.xtec.cat\/col-sagrat-cor\/wp-json\/wp\/v2\/pages"}],"about":[{"href":"https:\/\/agora.xtec.cat\/col-sagrat-cor\/wp-json\/wp\/v2\/types\/page"}],"author":[{"embeddable":true,"href":"https:\/\/agora.xtec.cat\/col-sagrat-cor\/wp-json\/wp\/v2\/users\/1"}],"replies":[{"embeddable":true,"href":"https:\/\/agora.xtec.cat\/col-sagrat-cor\/wp-json\/wp\/v2\/comments?post=5058"}],"version-history":[{"count":4,"href":"https:\/\/agora.xtec.cat\/col-sagrat-cor\/wp-json\/wp\/v2\/pages\/5058\/revisions"}],"predecessor-version":[{"id":6446,"href":"https:\/\/agora.xtec.cat\/col-sagrat-cor\/wp-json\/wp\/v2\/pages\/5058\/revisions\/6446"}],"up":[{"embeddable":true,"href":"https:\/\/agora.xtec.cat\/col-sagrat-cor\/wp-json\/wp\/v2\/pages\/57"}],"wp:attachment":[{"href":"https:\/\/agora.xtec.cat\/col-sagrat-cor\/wp-json\/wp\/v2\/media?parent=5058"}],"curies":[{"name":"wp","href":"https:\/\/api.w.org\/{rel}","templated":true}]}}