{"id":233,"date":"2016-02-12T12:16:00","date_gmt":"2016-02-12T11:16:00","guid":{"rendered":"http:\/\/agora.xtec.cat\/col-elpilar\/?page_id=233"},"modified":"2020-02-22T21:38:59","modified_gmt":"2020-02-22T20:38:59","slug":"sant-jordi","status":"publish","type":"page","link":"https:\/\/agora.xtec.cat\/col-elpilar\/eduquem-en-lesforc-i-lautoexigencia\/sant-jordi\/","title":{"rendered":"Sant Jordi"},"content":{"rendered":"<p style=\"text-align: justify;\">Sant Jordi \u00e9s una de les festes m\u00e9s riques i completes per la varietat d\u2019activitats que giren al seu voltant. La majoria d\u2019aquestes activitats tenen un fort component literari, el llegir i l\u2019escriure s\u00f3n activitats que es van treballant al llarg de l\u2019any, per\u00f2 amb l\u2019arribada de sant Jordi \u201cfloreixen\u201d d\u2019una manera ben visible.<\/p>\n<p style=\"text-align: justify;\">Els cursos m\u00e9s petits, des d\u2019infantil 3 anys fins a segon treballen la llegenda de sant Jordi, els m\u00e9s petits des de l\u2019hora del conte i primer i segon ja llegeixen ells la llegenda. Un any m\u00e9s repassem la hist\u00f2ria i l\u2019escola s\u2019omple de dracs, cavallers, princeses i roses. \u00a0Recordem que les \u201cllegendes no cal que siguin veritat, nom\u00e9s cal que siguin boniques\u201d i Sant Jordi \u00e9s una d\u2019aquestes llegendes boniques \u00a0que es treballen a l\u2019escola.<\/p>\n<p style=\"text-align: justify;\"><a href=\"http:\/\/agora.xtec.cat\/col-elpilar\/wp-content\/uploads\/usu291\/2016\/02\/santj.jpg\"><img loading=\"lazy\" decoding=\"async\" class=\"alignnone wp-image-383\" src=\"http:\/\/agora.xtec.cat\/col-elpilar\/wp-content\/uploads\/usu291\/2016\/02\/santj.jpg\" alt=\"santj\" width=\"973\" height=\"318\" srcset=\"https:\/\/agora.xtec.cat\/col-elpilar\/wp-content\/uploads\/usu291\/2016\/02\/santj.jpg 560w, https:\/\/agora.xtec.cat\/col-elpilar\/wp-content\/uploads\/usu291\/2016\/02\/santj-300x98.jpg 300w\" sizes=\"auto, (max-width: 973px) 100vw, 973px\" \/><\/a><\/p>\n<p style=\"text-align: justify;\">Amb la il\u00b7lusi\u00f3 que genera la festa a cada classe cada nen i nena va confegint el seu llibre, generalment relacionat amb algun dels temes que es treballen. \u00c9s una excusa perfecte per posar en pr\u00e0ctica tot el que hem apr\u00e8s a nivell d\u2019escriptura. \u00c9s el nostre regal per a les persones que estimem i aix\u00f2 implica tamb\u00e9 posar-hi afecte. I no pot faltar tampoc la rosa, cada curs fa el seu model i cada nen i nena la seva.<\/p>\n<p style=\"text-align: justify;\">Ja tenim els petits cavallers i les petites princeses preparades amb l\u2019emoci\u00f3, el llibre i la rosa.<\/p>\n<p style=\"text-align: justify;\"><a href=\"http:\/\/agora.xtec.cat\/col-elpilar\/wp-content\/uploads\/usu291\/2016\/02\/santj2.jpg\"><img loading=\"lazy\" decoding=\"async\" class=\"alignnone wp-image-381\" src=\"http:\/\/agora.xtec.cat\/col-elpilar\/wp-content\/uploads\/usu291\/2016\/02\/santj2.jpg\" alt=\"santj2\" width=\"242\" height=\"372\" srcset=\"https:\/\/agora.xtec.cat\/col-elpilar\/wp-content\/uploads\/usu291\/2016\/02\/santj2.jpg 458w, https:\/\/agora.xtec.cat\/col-elpilar\/wp-content\/uploads\/usu291\/2016\/02\/santj2-195x300.jpg 195w\" sizes=\"auto, (max-width: 242px) 100vw, 242px\" \/>\u00a0 <\/a><a href=\"http:\/\/agora.xtec.cat\/col-elpilar\/wp-content\/uploads\/usu291\/2016\/02\/santj4.jpg\"><img loading=\"lazy\" decoding=\"async\" class=\"alignnone wp-image-379\" src=\"http:\/\/agora.xtec.cat\/col-elpilar\/wp-content\/uploads\/usu291\/2016\/02\/santj4.jpg\" alt=\"santj4\" width=\"592\" height=\"383\" srcset=\"https:\/\/agora.xtec.cat\/col-elpilar\/wp-content\/uploads\/usu291\/2016\/02\/santj4.jpg 1000w, https:\/\/agora.xtec.cat\/col-elpilar\/wp-content\/uploads\/usu291\/2016\/02\/santj4-300x194.jpg 300w\" sizes=\"auto, (max-width: 592px) 100vw, 592px\" \/><\/a><\/p>\n<p style=\"text-align: justify;\">A partir del cicle mitj\u00e0 i fins a 4t. d\u2019ESO el llibre de sant Jordi \u00e9s fruit de tot el curs. \u00a0Cada nen i cada nena organitza els textos que ha anat escrivint des de l\u2019inici, aquells que ha treballat, ha millora i ha passat a net. \u00a0Ara \u00e9s l\u2019hora de confegir el seu llibre personal: ordenar-los, classificar-los, fer \u00edndex, les dedicat\u00f2ries,&#8230; Ara \u00e9s quan es veu la la import\u00e0ncia d\u2019haver dedicat un temps cada setmana a escriure un text per a que llegeixin les persones que m\u00e9s estimem.<\/p>\n<p style=\"text-align: justify;\">Cada any, amb algun d\u2019aquests textos o amb d\u2019altres creats per l\u2019ocasi\u00f3, participem amb les altres escoles, a la Mostra Liter\u00e0ria de Premi\u00e0 de Mar i en alguna ocasi\u00f3, cal dir que hem arribat a la Mostra Liter\u00e0ria del Maresme. A m\u00e9s, tamb\u00e9 fem els nostres Jocs Florals i els guanyadors passen a concursar als Jocs Florals organitzats amb totes les escoles de TRAMS.<\/p>\n<p style=\"text-align: justify;\">Sant Jordi \u00e9s tamb\u00e9 el moment de compartir llibres, per aix\u00f2 cada nen i nena porta a l\u2019escola un dels seus llibres preferits, el presenta als seus companys i amics i despr\u00e9s tenim una estona per compartir-los. \u00c9s una manera de fer arribar el gust pel llibre a tots els nens i nenes.<\/p>\n<p style=\"text-align: justify;\"><a href=\"http:\/\/agora.xtec.cat\/col-elpilar\/wp-content\/uploads\/usu291\/2016\/02\/santj6.jpg\"><img loading=\"lazy\" decoding=\"async\" class=\"alignnone wp-image-377\" src=\"http:\/\/agora.xtec.cat\/col-elpilar\/wp-content\/uploads\/usu291\/2016\/02\/santj6.jpg\" alt=\"santj6\" width=\"318\" height=\"424\" srcset=\"https:\/\/agora.xtec.cat\/col-elpilar\/wp-content\/uploads\/usu291\/2016\/02\/santj6.jpg 750w, https:\/\/agora.xtec.cat\/col-elpilar\/wp-content\/uploads\/usu291\/2016\/02\/santj6-225x300.jpg 225w\" sizes=\"auto, (max-width: 318px) 100vw, 318px\" \/>\u00a0 <\/a><a href=\"http:\/\/agora.xtec.cat\/col-elpilar\/wp-content\/uploads\/usu291\/2016\/02\/santj5.jpg\"><img loading=\"lazy\" decoding=\"async\" class=\"alignnone wp-image-378\" src=\"http:\/\/agora.xtec.cat\/col-elpilar\/wp-content\/uploads\/usu291\/2016\/02\/santj5.jpg\" alt=\"santj5\" width=\"564\" height=\"423\" srcset=\"https:\/\/agora.xtec.cat\/col-elpilar\/wp-content\/uploads\/usu291\/2016\/02\/santj5.jpg 1000w, https:\/\/agora.xtec.cat\/col-elpilar\/wp-content\/uploads\/usu291\/2016\/02\/santj5-300x225.jpg 300w, https:\/\/agora.xtec.cat\/col-elpilar\/wp-content\/uploads\/usu291\/2016\/02\/santj5-200x150.jpg 200w\" sizes=\"auto, (max-width: 564px) 100vw, 564px\" \/><\/a><\/p>\n<p style=\"text-align: justify;\">Cada sant Jordi ens apropa tamb\u00e9 un autor. Durant uns dies descobrim l\u2019obra i el sentiment d\u2019una persona que a trav\u00e9s de la literatura va escriure poemes, contes, histories,&#8230;. \u00c9s una manera d\u2019endinsar-nos en la literatura des de ben petits. Sempre hi ha un fragment, un vers, una estrofa que arriba a qualsevol edat.<\/p>\n<p style=\"text-align: justify;\">I no hi ha festa sense que ens trobem tots al pati per compartir el que hem fet i hem apr\u00e8s. Sant Jordi ens porta les can\u00e7ons de primavera, els guanyadors dels Jocs Florals i alguna petita refer\u00e8ncia a l\u2019autor que hem treballat,&#8230;<\/p>\n<p style=\"text-align: justify;\">Moltes coses, moltes emocions i una gran satisfacci\u00f3. En acabar la festa tots tenim ganes de tornar-hi l\u2019any que ve.<\/p>\n","protected":false},"excerpt":{"rendered":"<p>Sant Jordi \u00e9s una de les festes m\u00e9s riques i completes per la varietat d\u2019activitats que giren al seu voltant. La majoria d\u2019aquestes activitats tenen un fort component literari, el llegir i l\u2019escriure s\u00f3n activitats que es van treballant al llarg de l\u2019any, per\u00f2 amb&hellip;  <a href=\"https:\/\/agora.xtec.cat\/col-elpilar\/eduquem-en-lesforc-i-lautoexigencia\/sant-jordi\/\" title=\"Read Sant Jordi\">Llegeix m\u00e9s\u00bb<\/a><\/p>\n","protected":false},"author":1,"featured_media":0,"parent":212,"menu_order":6,"comment_status":"closed","ping_status":"closed","template":"page-templates\/side-menu.php","meta":{"_bbp_topic_count":0,"_bbp_reply_count":0,"_bbp_total_topic_count":0,"_bbp_total_reply_count":0,"_bbp_voice_count":0,"_bbp_anonymous_reply_count":0,"_bbp_topic_count_hidden":0,"_bbp_reply_count_hidden":0,"_bbp_forum_subforum_count":0,"footnotes":""},"class_list":["post-233","page","type-page","status-publish","hentry"],"post_mailing_queue_ids":[],"_links":{"self":[{"href":"https:\/\/agora.xtec.cat\/col-elpilar\/wp-json\/wp\/v2\/pages\/233","targetHints":{"allow":["GET"]}}],"collection":[{"href":"https:\/\/agora.xtec.cat\/col-elpilar\/wp-json\/wp\/v2\/pages"}],"about":[{"href":"https:\/\/agora.xtec.cat\/col-elpilar\/wp-json\/wp\/v2\/types\/page"}],"author":[{"embeddable":true,"href":"https:\/\/agora.xtec.cat\/col-elpilar\/wp-json\/wp\/v2\/users\/1"}],"replies":[{"embeddable":true,"href":"https:\/\/agora.xtec.cat\/col-elpilar\/wp-json\/wp\/v2\/comments?post=233"}],"version-history":[{"count":3,"href":"https:\/\/agora.xtec.cat\/col-elpilar\/wp-json\/wp\/v2\/pages\/233\/revisions"}],"predecessor-version":[{"id":3242,"href":"https:\/\/agora.xtec.cat\/col-elpilar\/wp-json\/wp\/v2\/pages\/233\/revisions\/3242"}],"up":[{"embeddable":true,"href":"https:\/\/agora.xtec.cat\/col-elpilar\/wp-json\/wp\/v2\/pages\/212"}],"wp:attachment":[{"href":"https:\/\/agora.xtec.cat\/col-elpilar\/wp-json\/wp\/v2\/media?parent=233"}],"curies":[{"name":"wp","href":"https:\/\/api.w.org\/{rel}","templated":true}]}}