{"id":562,"date":"2021-08-09T18:11:43","date_gmt":"2021-08-09T16:11:43","guid":{"rendered":"https:\/\/agora.xtec.cat\/col-alfageme-barcelona\/?page_id=562"},"modified":"2023-06-28T16:21:37","modified_gmt":"2023-06-28T14:21:37","slug":"impuls-a-la-lectura","status":"publish","type":"page","link":"https:\/\/agora.xtec.cat\/col-alfageme-barcelona\/projectes\/impuls-a-la-lectura\/","title":{"rendered":"Impuls a la lectura"},"content":{"rendered":"<p>Ja fa uns quants cursos, vam comen\u00e7ar a fer l\u2019activitat d\u2019<strong><em>apadrinament<\/em><\/strong> <strong><em>lector<\/em><\/strong> . El fem entre els cursos de Cicle Mitj\u00e0 i Cicle Superior i Educaci\u00f3 Infantil i Cicle Inicial, amb molt bona acollida, tant per part de l\u2019alumnat gran com del petit. Aquesta activitat possibilita relacions comunicatives entre alumnes de diferents cursos i nivells, amb tot el que aix\u00f2 implica, a m\u00e9s de potenciar el <strong><em>gust per la lectura<\/em><\/strong>. Es realitza per parelles formades per alumnat gran que fan de padrins i madrines de lectura a l\u2019alumnat m\u00e9s petit. No nom\u00e9s s\u2019afavoreix el proc\u00e9s lector, sin\u00f3 que tamb\u00e9 s\u2019estableixen lligams afectius entre elles i ells. La lectura tant la pot fer l\u2019alumnat gran com l\u2019alumnat petit, normalment es comen\u00e7a llegint per part de les nenes i els nens grans, i passat un temps es va alternant. A mesura que van passant les sessions, \u00e9s molt maco veure el progr\u00e9s lector que va fent l\u2019alumnat m\u00e9s petit, i la satisfacci\u00f3 de l\u2019alumnat m\u00e9s gran en veure els progressos de la seva fillola i\/o el seu fillol.<\/p>\n<p>A banda d\u2019aquesta activitat, tamb\u00e9 n\u2019hem fet d\u2019altres: grupets de nenes i nens grans s\u2019han preparat <strong><em>contes infantils per llegir i representar en forma de petita obra de teatre<\/em><\/strong>. S\u2019han enregistrat i s\u2019han compartit amb els grups d\u2019Educaci\u00f3 Infantil i Cicle Inicial. \u00c9s una activitat que tamb\u00e9 engresca molt a tothom i permet seguir mantenint els vincles entre l\u2019 alumnat petit i el gran i seguir mantenint el gust per la lectura.<\/p>\n<p>Una altra activitat que agrada molt a nenes, nens i <strong><em>fam\u00edlies<\/em><\/strong> \u00e9s quan aquestes entren a l\u2019aula de la seva filla o del seu fill per explicar un conte a tota la classe, i fan <em><strong>animaci\u00f3 lectora<\/strong><\/em>, o per explicar-los a qu\u00e8 es dediquen, quina \u00e9s la seva professi\u00f3. Aquesta activitat afavoreix una relaci\u00f3 molt maca entre fam\u00edlies i escola, crea vincles i \u00e9s molt satisfact\u00f2ria tant per a la fam\u00edlia que entra a l\u2019aula, com per a la seva filla o el seu fill i la resta de companyes i companys del grup-classe.<\/p>\n<p>Tamb\u00e9 fem <strong><em>visites a la biblioteca Francesc Candel<\/em><\/strong>, amb activitats preparades per a cada grup-classe per part de les bibliotec\u00e0ries, i tamb\u00e9 amb estones de lectura lliure en un ambient ple de llibres i d\u2019hist\u00f2ries per descobrir.<\/p>\n<p>I \u00e9s que com diu Joan Turu: <strong><em>El cor <\/em><\/strong><strong><em>\u00e9<\/em><\/strong><strong><em>s com un llibre, nom<\/em><\/strong><strong><em>\u00e9s serveix quan l<\/em><\/strong><strong><em>\u2019<\/em><\/strong><strong><em>obres.<\/em><\/strong><\/p>\n\r\n\t<div class=\"slideshow_container slideshow_container_style-light\" style=\"height: 500px; \" data-slideshow-id=\"2216\" data-style-name=\"style-light\" data-style-version=\"2.3.1\" >\r\n\r\n\t\t\t\t\t<div class=\"slideshow_loading_icon\"><\/div>\r\n\t\t\r\n\t\t<div class=\"slideshow_content\" style=\"display: none;\">\r\n\r\n\t\t\t<div class=\"slideshow_view\">\r\n\t\t\t\t<div class=\"slideshow_slide slideshow_slide_image\">\r\n\t\t\t\t\t\t\t\t\t\t\t<img src=\"https:\/\/agora.xtec.cat\/col-alfageme-barcelona\/wp-content\/uploads\/usu2634\/2021\/09\/SJ1.jpg\" alt=\"SJ1\" width=\"2304\" height=\"2304\" \/>\r\n\t\t\t\t\t\t\t\t\t\t<div class=\"slideshow_description_box slideshow_transparent\">\r\n\t\t\t\t\t\t<div class=\"slideshow_title\">SJ1<\/div>\t\t\t\t\t\t\t\t\t\t\t<\/div>\r\n\t\t\t\t<\/div>\r\n\r\n\t\t\t\t\t\t<div style=\"clear: both;\"><\/div><\/div><div class=\"slideshow_view\">\r\n\t\t\t\t<div class=\"slideshow_slide slideshow_slide_image\">\r\n\t\t\t\t\t\t\t\t\t\t\t<img src=\"https:\/\/agora.xtec.cat\/col-alfageme-barcelona\/wp-content\/uploads\/usu2634\/2021\/09\/Imagen17.jpg\" alt=\"Imagen17\" width=\"1472\" height=\"828\" \/>\r\n\t\t\t\t\t\t\t\t\t\t<div class=\"slideshow_description_box slideshow_transparent\">\r\n\t\t\t\t\t\t\t\t\t\t\t\t\t\t\t\t\t<\/div>\r\n\t\t\t\t<\/div>\r\n\r\n\t\t\t\t\t\t<div style=\"clear: both;\"><\/div><\/div><div class=\"slideshow_view\">\r\n\t\t\t\t<div class=\"slideshow_slide slideshow_slide_image\">\r\n\t\t\t\t\t\t\t\t\t\t\t<img src=\"https:\/\/agora.xtec.cat\/col-alfageme-barcelona\/wp-content\/uploads\/usu2634\/2021\/09\/Imagen15.jpg\" alt=\"Imagen15\" width=\"1411\" height=\"792\" \/>\r\n\t\t\t\t\t\t\t\t\t\t<div class=\"slideshow_description_box slideshow_transparent\">\r\n\t\t\t\t\t\t\t\t\t\t\t\t\t\t\t\t\t<\/div>\r\n\t\t\t\t<\/div>\r\n\r\n\t\t\t\t\t\t<div style=\"clear: both;\"><\/div><\/div><div class=\"slideshow_view\">\r\n\t\t\t\t<div class=\"slideshow_slide slideshow_slide_image\">\r\n\t\t\t\t\t\t\t\t\t\t\t<img src=\"https:\/\/agora.xtec.cat\/col-alfageme-barcelona\/wp-content\/uploads\/usu2634\/2021\/09\/Imagen16.jpg\" alt=\"Imagen16\" width=\"480\" height=\"480\" \/>\r\n\t\t\t\t\t\t\t\t\t\t<div class=\"slideshow_description_box slideshow_transparent\">\r\n\t\t\t\t\t\t\t\t\t\t\t\t\t\t\t\t\t<\/div>\r\n\t\t\t\t<\/div>\r\n\r\n\t\t\t\t\t\t<div style=\"clear: both;\"><\/div><\/div>\r\n\t\t<\/div>\r\n\r\n\t\t<div class=\"slideshow_controlPanel slideshow_transparent\" style=\"display: none;\"><ul><li class=\"slideshow_togglePlay\" data-play-text=\"Visualitza\" data-pause-text=\"Pausa\"><\/li><\/ul><\/div>\r\n\r\n\t\t<div class=\"slideshow_button slideshow_previous slideshow_transparent\" role=\"button\" data-previous-text=\"Anterior\" style=\"display: none;\"><\/div>\r\n\t\t<div class=\"slideshow_button slideshow_next slideshow_transparent\" role=\"button\" data-next-text=\"Seg\u00fcent\" style=\"display: none;\"><\/div>\r\n\r\n\t\t<div class=\"slideshow_pagination\" style=\"display: none;\" data-go-to-text=\"V\u00e9s a la diapositiva\"><div class=\"slideshow_pagination_center\"><\/div><\/div>\r\n\r\n\t\t<!-- WordPress Slideshow Version 2.3.1 -->\r\n\r\n\t\t\t<\/div>\r\n\r\n\n","protected":false},"excerpt":{"rendered":"<p>Ja fa uns quants cursos, vam comen\u00e7ar a fer l\u2019activitat d\u2019apadrinament lector . El fem entre els cursos de Cicle Mitj\u00e0 i Cicle Superior i Educaci\u00f3 Infantil i Cicle Inicial, amb molt bona acollida, tant per part de l\u2019alumnat gran com del petit. Aquesta activitat&hellip;  <a href=\"https:\/\/agora.xtec.cat\/col-alfageme-barcelona\/projectes\/impuls-a-la-lectura\/\" title=\"Read Impuls a la lectura\">Llegeix m\u00e9s\u00bb<\/a><\/p>\n","protected":false},"author":1,"featured_media":0,"parent":557,"menu_order":0,"comment_status":"closed","ping_status":"closed","template":"page-templates\/side-menu.php","meta":{"_bbp_topic_count":0,"_bbp_reply_count":0,"_bbp_total_topic_count":0,"_bbp_total_reply_count":0,"_bbp_voice_count":0,"_bbp_anonymous_reply_count":0,"_bbp_topic_count_hidden":0,"_bbp_reply_count_hidden":0,"_bbp_forum_subforum_count":0,"footnotes":""},"class_list":["post-562","page","type-page","status-publish","hentry"],"post_mailing_queue_ids":[],"_links":{"self":[{"href":"https:\/\/agora.xtec.cat\/col-alfageme-barcelona\/wp-json\/wp\/v2\/pages\/562","targetHints":{"allow":["GET"]}}],"collection":[{"href":"https:\/\/agora.xtec.cat\/col-alfageme-barcelona\/wp-json\/wp\/v2\/pages"}],"about":[{"href":"https:\/\/agora.xtec.cat\/col-alfageme-barcelona\/wp-json\/wp\/v2\/types\/page"}],"author":[{"embeddable":true,"href":"https:\/\/agora.xtec.cat\/col-alfageme-barcelona\/wp-json\/wp\/v2\/users\/1"}],"replies":[{"embeddable":true,"href":"https:\/\/agora.xtec.cat\/col-alfageme-barcelona\/wp-json\/wp\/v2\/comments?post=562"}],"version-history":[{"count":3,"href":"https:\/\/agora.xtec.cat\/col-alfageme-barcelona\/wp-json\/wp\/v2\/pages\/562\/revisions"}],"predecessor-version":[{"id":9424,"href":"https:\/\/agora.xtec.cat\/col-alfageme-barcelona\/wp-json\/wp\/v2\/pages\/562\/revisions\/9424"}],"up":[{"embeddable":true,"href":"https:\/\/agora.xtec.cat\/col-alfageme-barcelona\/wp-json\/wp\/v2\/pages\/557"}],"wp:attachment":[{"href":"https:\/\/agora.xtec.cat\/col-alfageme-barcelona\/wp-json\/wp\/v2\/media?parent=562"}],"curies":[{"name":"wp","href":"https:\/\/api.w.org\/{rel}","templated":true}]}}