{"id":560,"date":"2021-08-09T18:11:25","date_gmt":"2021-08-09T16:11:25","guid":{"rendered":"https:\/\/agora.xtec.cat\/col-alfageme-barcelona\/?page_id=560"},"modified":"2025-07-10T11:14:54","modified_gmt":"2025-07-10T09:14:54","slug":"escola-sostenible","status":"publish","type":"page","link":"https:\/\/agora.xtec.cat\/col-alfageme-barcelona\/projectes\/escola-sostenible\/","title":{"rendered":"Escola + Sostenible"},"content":{"rendered":"<p>Ja fa 6 cursos que formem part de la xarxa Escoles + Sostenibles. Durant aquest temps, hem fet tot un seguit d\u2019activitats que pensem que s\u00f3n d\u2019un gran valor educatiu per a les nostres nenes i els nostres nens. Si elles i ells interioritzen comportaments i actituds quan s\u00f3n infants, ser\u00e0 m\u00e9s f\u00e0cil que esdevinguin adultes i adults conscienciades i conscienciats de la import\u00e0ncia de tenir cura del nostre planeta. Algunes de les activitats que fem a l\u2019escola s\u00f3n:<\/p>\n<ul>\n<li><strong><em>Recollida selectiva de residus<\/em><\/strong>: pl\u00e0stic, paper i residus org\u00e0nics. Es fa a totes les aules i tamb\u00e9 en espais comuns.<\/li>\n<\/ul>\n<p><a href=\"https:\/\/agora.xtec.cat\/col-alfageme-barcelona\/wp-content\/uploads\/usu2634\/2021\/09\/Imagen11.jpg\"><img loading=\"lazy\" decoding=\"async\" class=\"wp-image-2208 aligncenter\" src=\"https:\/\/agora.xtec.cat\/col-alfageme-barcelona\/wp-content\/uploads\/usu2634\/2021\/09\/Imagen11.jpg\" alt=\"\" width=\"262\" height=\"330\" srcset=\"https:\/\/agora.xtec.cat\/col-alfageme-barcelona\/wp-content\/uploads\/usu2634\/2021\/09\/Imagen11.jpg 287w, https:\/\/agora.xtec.cat\/col-alfageme-barcelona\/wp-content\/uploads\/usu2634\/2021\/09\/Imagen11-239x300.jpg 239w\" sizes=\"auto, (max-width: 262px) 100vw, 262px\" \/><\/a> <a href=\"https:\/\/agora.xtec.cat\/col-alfageme-barcelona\/wp-content\/uploads\/usu2634\/2021\/09\/Imagen12.jpg\"><img loading=\"lazy\" decoding=\"async\" class=\"wp-image-2209 aligncenter\" src=\"https:\/\/agora.xtec.cat\/col-alfageme-barcelona\/wp-content\/uploads\/usu2634\/2021\/09\/Imagen12.jpg\" alt=\"\" width=\"308\" height=\"331\" srcset=\"https:\/\/agora.xtec.cat\/col-alfageme-barcelona\/wp-content\/uploads\/usu2634\/2021\/09\/Imagen12.jpg 333w, https:\/\/agora.xtec.cat\/col-alfageme-barcelona\/wp-content\/uploads\/usu2634\/2021\/09\/Imagen12-279x300.jpg 279w\" sizes=\"auto, (max-width: 308px) 100vw, 308px\" \/><\/a><\/p>\n<ul>\n<li><strong><em>Visita al Punt Verd<\/em><\/strong> i al <em><strong>Punt Verd m\u00f2bil escolar<\/strong><\/em>.<\/li>\n<li>Foment de l\u2019\u00fas, cada cop m\u00e9s, d\u2019 <strong><em>embolcalls reutilitzables<\/em><\/strong> per part de l\u2019alumnat.<\/li>\n<\/ul>\n<p><a href=\"https:\/\/agora.xtec.cat\/col-alfageme-barcelona\/wp-content\/uploads\/usu2634\/2021\/09\/Imagen10.jpg\"><img loading=\"lazy\" decoding=\"async\" class=\"wp-image-2207 aligncenter\" src=\"https:\/\/agora.xtec.cat\/col-alfageme-barcelona\/wp-content\/uploads\/usu2634\/2021\/09\/Imagen10.jpg\" alt=\"\" width=\"236\" height=\"315\" srcset=\"https:\/\/agora.xtec.cat\/col-alfageme-barcelona\/wp-content\/uploads\/usu2634\/2021\/09\/Imagen10.jpg 364w, https:\/\/agora.xtec.cat\/col-alfageme-barcelona\/wp-content\/uploads\/usu2634\/2021\/09\/Imagen10-225x300.jpg 225w\" sizes=\"auto, (max-width: 236px) 100vw, 236px\" \/><\/a><\/p>\n<ul>\n<li><strong><em>Recollida de piles<\/em><\/strong> <strong><em>usades<\/em><\/strong> dins del programa APILO XII.<\/li>\n<\/ul>\n<p><a href=\"https:\/\/agora.xtec.cat\/col-alfageme-barcelona\/wp-content\/uploads\/usu2634\/2021\/09\/Imagen7.jpg\"><img loading=\"lazy\" decoding=\"async\" class=\"wp-image-2204 aligncenter\" src=\"https:\/\/agora.xtec.cat\/col-alfageme-barcelona\/wp-content\/uploads\/usu2634\/2021\/09\/Imagen7-1024x1024.jpg\" alt=\"\" width=\"311\" height=\"311\" srcset=\"https:\/\/agora.xtec.cat\/col-alfageme-barcelona\/wp-content\/uploads\/usu2634\/2021\/09\/Imagen7-1024x1024.jpg 1024w, https:\/\/agora.xtec.cat\/col-alfageme-barcelona\/wp-content\/uploads\/usu2634\/2021\/09\/Imagen7-300x300.jpg 300w, https:\/\/agora.xtec.cat\/col-alfageme-barcelona\/wp-content\/uploads\/usu2634\/2021\/09\/Imagen7-150x150.jpg 150w, https:\/\/agora.xtec.cat\/col-alfageme-barcelona\/wp-content\/uploads\/usu2634\/2021\/09\/Imagen7-768x768.jpg 768w, https:\/\/agora.xtec.cat\/col-alfageme-barcelona\/wp-content\/uploads\/usu2634\/2021\/09\/Imagen7.jpg 1389w\" sizes=\"auto, (max-width: 311px) 100vw, 311px\" \/><\/a><\/p>\n<ul>\n<li>Participaci\u00f3 en els projectes <strong>1,2,3 emoci\u00f3!<\/strong>, <strong>Ens fem grans, Bon dia, somriu!, <em>Creixem Sans<\/em><\/strong> i <strong>Creixem m\u00e9s sans<\/strong>.<\/li>\n<li>Dimecres de fruita: Seguim promovent el consum de fruita per esmorzar, i els dimecres els tenim com <strong><em>el dia de la fruita<\/em><\/strong> tot i que fomentem el seu consum cada dia.<\/li>\n<li>Implementaci\u00f3 de mesures per tal de fer un <strong><em>estalvi energ\u00e8tic efectiu<\/em><\/strong>. Algunes ja les estem fent perqu\u00e8 vam canviar fluorescents que ten\u00edem per d\u2019altres led de baix consum.<\/li>\n<li>Treball m\u00e9s a fons del tema del soroll i la contaminaci\u00f3 ac\u00fastica.<\/li>\n<\/ul>\n<p><a href=\"https:\/\/agora.xtec.cat\/col-alfageme-barcelona\/wp-content\/uploads\/usu2634\/2021\/09\/Imagen13.jpg\"><img loading=\"lazy\" decoding=\"async\" class=\"alignnone wp-image-2203\" src=\"https:\/\/agora.xtec.cat\/col-alfageme-barcelona\/wp-content\/uploads\/usu2634\/2021\/09\/Imagen13.jpg\" alt=\"\" width=\"179\" height=\"229\" srcset=\"https:\/\/agora.xtec.cat\/col-alfageme-barcelona\/wp-content\/uploads\/usu2634\/2021\/09\/Imagen13.jpg 319w, https:\/\/agora.xtec.cat\/col-alfageme-barcelona\/wp-content\/uploads\/usu2634\/2021\/09\/Imagen13-235x300.jpg 235w\" sizes=\"auto, (max-width: 179px) 100vw, 179px\" \/><\/a><\/p>\n","protected":false},"excerpt":{"rendered":"<p>Ja fa 6 cursos que formem part de la xarxa Escoles + Sostenibles. Durant aquest temps, hem fet tot un seguit d\u2019activitats que pensem que s\u00f3n d\u2019un gran valor educatiu per a les nostres nenes i els nostres nens. Si elles i ells interioritzen comportaments&hellip;  <a href=\"https:\/\/agora.xtec.cat\/col-alfageme-barcelona\/projectes\/escola-sostenible\/\" title=\"Read Escola + Sostenible\">Llegeix m\u00e9s\u00bb<\/a><\/p>\n","protected":false},"author":1,"featured_media":0,"parent":557,"menu_order":0,"comment_status":"closed","ping_status":"closed","template":"page-templates\/side-menu.php","meta":{"_bbp_topic_count":0,"_bbp_reply_count":0,"_bbp_total_topic_count":0,"_bbp_total_reply_count":0,"_bbp_voice_count":0,"_bbp_anonymous_reply_count":0,"_bbp_topic_count_hidden":0,"_bbp_reply_count_hidden":0,"_bbp_forum_subforum_count":0,"footnotes":""},"class_list":["post-560","page","type-page","status-publish","hentry"],"post_mailing_queue_ids":[],"_links":{"self":[{"href":"https:\/\/agora.xtec.cat\/col-alfageme-barcelona\/wp-json\/wp\/v2\/pages\/560","targetHints":{"allow":["GET"]}}],"collection":[{"href":"https:\/\/agora.xtec.cat\/col-alfageme-barcelona\/wp-json\/wp\/v2\/pages"}],"about":[{"href":"https:\/\/agora.xtec.cat\/col-alfageme-barcelona\/wp-json\/wp\/v2\/types\/page"}],"author":[{"embeddable":true,"href":"https:\/\/agora.xtec.cat\/col-alfageme-barcelona\/wp-json\/wp\/v2\/users\/1"}],"replies":[{"embeddable":true,"href":"https:\/\/agora.xtec.cat\/col-alfageme-barcelona\/wp-json\/wp\/v2\/comments?post=560"}],"version-history":[{"count":6,"href":"https:\/\/agora.xtec.cat\/col-alfageme-barcelona\/wp-json\/wp\/v2\/pages\/560\/revisions"}],"predecessor-version":[{"id":13643,"href":"https:\/\/agora.xtec.cat\/col-alfageme-barcelona\/wp-json\/wp\/v2\/pages\/560\/revisions\/13643"}],"up":[{"embeddable":true,"href":"https:\/\/agora.xtec.cat\/col-alfageme-barcelona\/wp-json\/wp\/v2\/pages\/557"}],"wp:attachment":[{"href":"https:\/\/agora.xtec.cat\/col-alfageme-barcelona\/wp-json\/wp\/v2\/media?parent=560"}],"curies":[{"name":"wp","href":"https:\/\/api.w.org\/{rel}","templated":true}]}}