{"id":624,"date":"2022-02-10T09:33:14","date_gmt":"2022-02-10T08:33:14","guid":{"rendered":"https:\/\/agora.xtec.cat\/cfgselgalliner\/?page_id=624"},"modified":"2022-02-10T09:33:14","modified_gmt":"2022-02-10T08:33:14","slug":"servei-de-vestuari","status":"publish","type":"page","link":"https:\/\/agora.xtec.cat\/cfgselgalliner\/serveis\/servei-de-vestuari\/","title":{"rendered":"Servei de vestuari"},"content":{"rendered":"<p><strong>Cal demanar cita pr\u00e8via enviant un correu a <\/strong><a href=\"mailto:vestuari@elgalliner.cat?subject=Cita%20pr\u00e8via%20vestuari\"><strong>vestuari@elgalliner.cat<\/strong><\/a><\/p>\n<p>Servei de lloguer de vestuari teatral i atrezzo adre\u00e7at a professionals i amateurs.<\/p>\n<p>El Servei de Vestuari fixa una fian\u00e7a per cada pe\u00e7a llogada (independentment del nombre de peces o del preu del lloguer), que pot variar depenent de les caracter\u00edstiques de la pe\u00e7a.<\/p>\n<p>Servei gratu\u00eft per als alumnes de l\u2019Escola, sempre i quan sigui per a\u00a0<a href=\"https:\/\/elgalliner.cat\/activitats\">activitats escolars<\/a>. La fian\u00e7a, per\u00f2, caldr\u00e0 abonar-la igualment.<\/p>\n<p><strong>HORARI<\/strong><br \/>\nDimarts, de 9 a 14 h.<br \/>\nDijous, de 15 a 20 h.<\/p>\n<p><em>** Tancat durant l\u2019agost i els per\u00edodes de vacances escolars de Nadal i Setmana Santa [<a href=\"https:\/\/elgalliner.cat\/calendari-escolar\">calendari escolar<\/a>].<\/em><\/p>\n<p>Estrenem web de Vestuari, on podr\u00e0s consultar tot el vestuari que tenim disponible i si vols, podr\u00e0s llogar-lo des de la web mateix:<\/p>\n<p><a href=\"https:\/\/vestuari.agt.cat\/\">https:\/\/vestuari.agt.cat\/<\/a><\/p>\n","protected":false},"excerpt":{"rendered":"<p>Cal demanar cita pr\u00e8via enviant un correu a <a href=\"mailto:vestuari@elgalliner.cat?subject=Cita%20pr\u00e8via%20vestuari\">vestuari@elgalliner.cat<\/a><br \/>\nServei de lloguer de vestuari teatral i atrezzo adre\u00e7at a professionals i amateurs.<br \/>\nEl Servei de Vestuari fixa una fian\u00e7a per cada pe\u00e7a llogada (independentment del nombre de peces o del preu del lloguer), que pot variar&hellip;  <a href=\"https:\/\/agora.xtec.cat\/cfgselgalliner\/serveis\/servei-de-vestuari\/\" title=\"Read Servei de vestuari\">Llegeix m\u00e9s\u00bb<\/a><\/p>\n","protected":false},"author":1,"featured_media":0,"parent":63,"menu_order":0,"comment_status":"closed","ping_status":"closed","template":"page-templates\/side-menu.php","meta":{"_bbp_topic_count":0,"_bbp_reply_count":0,"_bbp_total_topic_count":0,"_bbp_total_reply_count":0,"_bbp_voice_count":0,"_bbp_anonymous_reply_count":0,"_bbp_topic_count_hidden":0,"_bbp_reply_count_hidden":0,"_bbp_forum_subforum_count":0,"footnotes":""},"class_list":["post-624","page","type-page","status-publish","hentry"],"post_mailing_queue_ids":[],"_links":{"self":[{"href":"https:\/\/agora.xtec.cat\/cfgselgalliner\/wp-json\/wp\/v2\/pages\/624","targetHints":{"allow":["GET"]}}],"collection":[{"href":"https:\/\/agora.xtec.cat\/cfgselgalliner\/wp-json\/wp\/v2\/pages"}],"about":[{"href":"https:\/\/agora.xtec.cat\/cfgselgalliner\/wp-json\/wp\/v2\/types\/page"}],"author":[{"embeddable":true,"href":"https:\/\/agora.xtec.cat\/cfgselgalliner\/wp-json\/wp\/v2\/users\/1"}],"replies":[{"embeddable":true,"href":"https:\/\/agora.xtec.cat\/cfgselgalliner\/wp-json\/wp\/v2\/comments?post=624"}],"version-history":[{"count":1,"href":"https:\/\/agora.xtec.cat\/cfgselgalliner\/wp-json\/wp\/v2\/pages\/624\/revisions"}],"predecessor-version":[{"id":625,"href":"https:\/\/agora.xtec.cat\/cfgselgalliner\/wp-json\/wp\/v2\/pages\/624\/revisions\/625"}],"up":[{"embeddable":true,"href":"https:\/\/agora.xtec.cat\/cfgselgalliner\/wp-json\/wp\/v2\/pages\/63"}],"wp:attachment":[{"href":"https:\/\/agora.xtec.cat\/cfgselgalliner\/wp-json\/wp\/v2\/media?parent=624"}],"curies":[{"name":"wp","href":"https:\/\/api.w.org\/{rel}","templated":true}]}}