{"id":508,"date":"2022-02-07T10:09:22","date_gmt":"2022-02-07T09:09:22","guid":{"rendered":"https:\/\/agora.xtec.cat\/cfgselgalliner\/?page_id=508"},"modified":"2022-03-15T15:55:26","modified_gmt":"2022-03-15T14:55:26","slug":"equip-docent","status":"publish","type":"page","link":"https:\/\/agora.xtec.cat\/cfgselgalliner\/el-centre\/equip-docent\/","title":{"rendered":"Equip docent"},"content":{"rendered":"<table style=\"border-collapse: collapse; width: 100%; height: 544px;\">\n<tbody>\n<tr style=\"height: 32px;\">\n<td style=\"width: 18.4483%; height: 32px;\">Salvador Agust\u00ed<\/td>\n<td style=\"width: 48.2183%; height: 32px;\">Actor, especialista, core\u00f2graf i actual director de la <a href=\"http:\/\/www.excalibur.cat\/ca\/qui-som\/\">cia. Excalibur (especialistes en lluites)<\/a> des de l\u2019any 2000. Amb una amplia traject\u00f2ria dedicada a l&#8217;art del combat esc\u00e8nic, la seva t\u00e8cnica \u00e9s un recull de diverses arts marcials de les quals \u00e9s un gran coneixedor i expert. Actualment, compagina la seva faceta d\u2019actor especialista (teatre i cinema) amb la doc\u00e8ncia.<\/td>\n<td style=\"width: 33.3333%; height: 32px;\"><a href=\"https:\/\/agora.xtec.cat\/cfgselgalliner\/el-centre\/equip-docent\/attachment\/salvador-agusti-web-def\/\" rel=\"attachment wp-att-658\"><img loading=\"lazy\" decoding=\"async\" class=\"alignnone size-large wp-image-658\" src=\"https:\/\/agora.xtec.cat\/cfgselgalliner\/wp-content\/uploads\/usu2282\/2022\/02\/SALVADOR-AGUSTI-WEB-DEF-819x1024.jpg\" alt=\"\" width=\"819\" height=\"1024\" srcset=\"https:\/\/agora.xtec.cat\/cfgselgalliner\/wp-content\/uploads\/usu2282\/2022\/02\/SALVADOR-AGUSTI-WEB-DEF-819x1024.jpg 819w, https:\/\/agora.xtec.cat\/cfgselgalliner\/wp-content\/uploads\/usu2282\/2022\/02\/SALVADOR-AGUSTI-WEB-DEF-240x300.jpg 240w, https:\/\/agora.xtec.cat\/cfgselgalliner\/wp-content\/uploads\/usu2282\/2022\/02\/SALVADOR-AGUSTI-WEB-DEF-768x960.jpg 768w, https:\/\/agora.xtec.cat\/cfgselgalliner\/wp-content\/uploads\/usu2282\/2022\/02\/SALVADOR-AGUSTI-WEB-DEF-1229x1536.jpg 1229w, https:\/\/agora.xtec.cat\/cfgselgalliner\/wp-content\/uploads\/usu2282\/2022\/02\/SALVADOR-AGUSTI-WEB-DEF-1638x2048.jpg 1638w, https:\/\/agora.xtec.cat\/cfgselgalliner\/wp-content\/uploads\/usu2282\/2022\/02\/SALVADOR-AGUSTI-WEB-DEF-scaled.jpg 2048w\" sizes=\"auto, (max-width: 819px) 100vw, 819px\" \/><\/a><\/td>\n<\/tr>\n<tr style=\"height: 32px;\">\n<td style=\"width: 18.4483%; height: 32px;\">Elies Barber\u00e0<\/td>\n<td style=\"width: 48.2183%; height: 32px;\">Llicenciat en Filosofia per la Universitat de Val\u00e8ncia i en Art dram\u00e0tic per l\u2019Institut del Teatre. \u00c9s membre de la companyia Teatre de l\u2019Enj\u00f2lit. Ha treballat amb directors com Albert Boadella, Joan Castells o Albert Mestres. Ha dirigit muntatges per a companyies com El Mirador o el Brossa Quartet de Corda, entre d\u2019altres. Ha publicat narraci\u00f3 i poesia en editorials com Edicions 62, 3i4 o Bromera. Ha impartit cursos i tallers d\u2019interpretaci\u00f3, d\u2019expressi\u00f3 oral i de dramat\u00fargia.<\/td>\n<td style=\"width: 33.3333%; height: 32px;\"><a href=\"https:\/\/agora.xtec.cat\/cfgselgalliner\/wp-content\/uploads\/usu2282\/2022\/02\/ELIES-BARBERA-WEB-scaled.jpg\"><img loading=\"lazy\" decoding=\"async\" class=\"alignnone size-large wp-image-511\" src=\"https:\/\/agora.xtec.cat\/cfgselgalliner\/wp-content\/uploads\/usu2282\/2022\/02\/ELIES-BARBERA-WEB-819x1024.jpg\" alt=\"\" width=\"819\" height=\"1024\" srcset=\"https:\/\/agora.xtec.cat\/cfgselgalliner\/wp-content\/uploads\/usu2282\/2022\/02\/ELIES-BARBERA-WEB-819x1024.jpg 819w, https:\/\/agora.xtec.cat\/cfgselgalliner\/wp-content\/uploads\/usu2282\/2022\/02\/ELIES-BARBERA-WEB-240x300.jpg 240w, https:\/\/agora.xtec.cat\/cfgselgalliner\/wp-content\/uploads\/usu2282\/2022\/02\/ELIES-BARBERA-WEB-768x960.jpg 768w, https:\/\/agora.xtec.cat\/cfgselgalliner\/wp-content\/uploads\/usu2282\/2022\/02\/ELIES-BARBERA-WEB-1229x1536.jpg 1229w, https:\/\/agora.xtec.cat\/cfgselgalliner\/wp-content\/uploads\/usu2282\/2022\/02\/ELIES-BARBERA-WEB-1638x2048.jpg 1638w, https:\/\/agora.xtec.cat\/cfgselgalliner\/wp-content\/uploads\/usu2282\/2022\/02\/ELIES-BARBERA-WEB-scaled.jpg 2048w\" sizes=\"auto, (max-width: 819px) 100vw, 819px\" \/><\/a><\/td>\n<\/tr>\n<tr style=\"height: 32px;\">\n<td style=\"width: 18.4483%; height: 32px;\">Emma Bover<\/td>\n<td style=\"width: 48.2183%; height: 32px;\">Llicenciada en Art Dram\u00e0tic per l\u2019Institut del Teatre i postgraduada en Pedagogia Teatral a l\u2019Institut del Teatre de Vic ha combinat sempre la feina d\u2019actriu amb la docent. A Fran\u00e7a, ha treballat amb diverses companyies fent teatre en franc\u00e8s i Com\u00e8dia dell\u2019Arte, realitzant una gira internacional i participant al Festival d\u2019Aviny\u00f3, entre d\u2019altres. Tamb\u00e9 a Fran\u00e7a, ha fet teatre contemporani espanyol amb Les Anachroniques.<\/td>\n<td style=\"width: 33.3333%; height: 32px;\"><a href=\"https:\/\/agora.xtec.cat\/cfgselgalliner\/wp-content\/uploads\/usu2282\/2022\/02\/EMMA-BOVER-WEB-scaled.jpg\"><img loading=\"lazy\" decoding=\"async\" class=\"alignnone size-large wp-image-512\" src=\"https:\/\/agora.xtec.cat\/cfgselgalliner\/wp-content\/uploads\/usu2282\/2022\/02\/EMMA-BOVER-WEB-819x1024.jpg\" alt=\"\" width=\"819\" height=\"1024\" srcset=\"https:\/\/agora.xtec.cat\/cfgselgalliner\/wp-content\/uploads\/usu2282\/2022\/02\/EMMA-BOVER-WEB-819x1024.jpg 819w, https:\/\/agora.xtec.cat\/cfgselgalliner\/wp-content\/uploads\/usu2282\/2022\/02\/EMMA-BOVER-WEB-240x300.jpg 240w, https:\/\/agora.xtec.cat\/cfgselgalliner\/wp-content\/uploads\/usu2282\/2022\/02\/EMMA-BOVER-WEB-768x960.jpg 768w, https:\/\/agora.xtec.cat\/cfgselgalliner\/wp-content\/uploads\/usu2282\/2022\/02\/EMMA-BOVER-WEB-1229x1536.jpg 1229w, https:\/\/agora.xtec.cat\/cfgselgalliner\/wp-content\/uploads\/usu2282\/2022\/02\/EMMA-BOVER-WEB-1638x2048.jpg 1638w, https:\/\/agora.xtec.cat\/cfgselgalliner\/wp-content\/uploads\/usu2282\/2022\/02\/EMMA-BOVER-WEB-scaled.jpg 2048w\" sizes=\"auto, (max-width: 819px) 100vw, 819px\" \/><\/a><\/td>\n<\/tr>\n<tr style=\"height: 32px;\">\n<td style=\"width: 18.4483%; height: 32px;\">Marta Corral<\/td>\n<td style=\"width: 48.2183%; height: 32px;\">Llicenciada en Art dram\u00e0tic per l&#8217;Institut del Teatre i postgraduada en Pedagogia Teatral per l&#8217;Institut del Teatre de Vic, es dedica a la doc\u00e8ncia des de l&#8217;any 1998. Actriu, fundadora de la companyia La Soga, alterna el teatre amb la televisi\u00f3 (TV3, Antena 3, etc.) i la r\u00e0dio.<\/td>\n<td style=\"width: 33.3333%; height: 32px;\"><a href=\"https:\/\/agora.xtec.cat\/cfgselgalliner\/wp-content\/uploads\/usu2282\/2022\/02\/MARTA-CORRAL-WEB-scaled.jpg\"><img loading=\"lazy\" decoding=\"async\" class=\"alignnone size-large wp-image-515\" src=\"https:\/\/agora.xtec.cat\/cfgselgalliner\/wp-content\/uploads\/usu2282\/2022\/02\/MARTA-CORRAL-WEB-819x1024.jpg\" alt=\"\" width=\"819\" height=\"1024\" srcset=\"https:\/\/agora.xtec.cat\/cfgselgalliner\/wp-content\/uploads\/usu2282\/2022\/02\/MARTA-CORRAL-WEB-819x1024.jpg 819w, https:\/\/agora.xtec.cat\/cfgselgalliner\/wp-content\/uploads\/usu2282\/2022\/02\/MARTA-CORRAL-WEB-240x300.jpg 240w, https:\/\/agora.xtec.cat\/cfgselgalliner\/wp-content\/uploads\/usu2282\/2022\/02\/MARTA-CORRAL-WEB-768x960.jpg 768w, https:\/\/agora.xtec.cat\/cfgselgalliner\/wp-content\/uploads\/usu2282\/2022\/02\/MARTA-CORRAL-WEB-1229x1536.jpg 1229w, https:\/\/agora.xtec.cat\/cfgselgalliner\/wp-content\/uploads\/usu2282\/2022\/02\/MARTA-CORRAL-WEB-1638x2048.jpg 1638w, https:\/\/agora.xtec.cat\/cfgselgalliner\/wp-content\/uploads\/usu2282\/2022\/02\/MARTA-CORRAL-WEB-scaled.jpg 2048w\" sizes=\"auto, (max-width: 819px) 100vw, 819px\" \/><\/a><\/td>\n<\/tr>\n<tr style=\"height: 32px;\">\n<td style=\"width: 18.4483%; height: 32px;\">Simon Edward<\/td>\n<td style=\"width: 48.2183%; height: 32px;\">Actor, director i guionista resident a Vic (Osona). Va estudiar Teatre a \u201cL\u2019Ecole International du Theatre Jacques Lecoq\u201d a Par\u00eds i Cinema amb c\u00e8lebres directors i guionistes de Hollywood com David Yates, Robert McKee i Blake Snyder.<br \/>\nDurant 10 anys va estar actor i director de la Companyia Anglesa \u201cKneehigh Theatre\u201d (una de les companyies angleses m\u00e9s reconegudes internacionalment). Al 1998 va fundar, junt amb l\u2019actriu Marian Masoliver, <a href=\"http:\/\/www.actors-space.org\/\" target=\"_blank\" rel=\"noopener noreferrer\">The Actors Space<\/a>, un centre internacional per la recerca, l\u2019ensenyament i la creaci\u00f3 de les Arts Dram\u00e0tiques amb seu a Vic.<br \/>\nDurant els \u00faltims 30 anys ha dirigit varies obres de teatre, cinema i documentals a nivell internacional. Ha ensenyat teatre i cinema a varies universitats, escoles i festivals d\u2019arreu del m\u00f3n.<\/td>\n<td style=\"width: 33.3333%; height: 32px;\"><a href=\"https:\/\/agora.xtec.cat\/cfgselgalliner\/wp-content\/uploads\/usu2282\/2022\/02\/SIMON-EDWARDS-WEB-scaled.jpg\"><img loading=\"lazy\" decoding=\"async\" class=\"alignnone size-large wp-image-518\" src=\"https:\/\/agora.xtec.cat\/cfgselgalliner\/wp-content\/uploads\/usu2282\/2022\/02\/SIMON-EDWARDS-WEB-819x1024.jpg\" alt=\"\" width=\"819\" height=\"1024\" srcset=\"https:\/\/agora.xtec.cat\/cfgselgalliner\/wp-content\/uploads\/usu2282\/2022\/02\/SIMON-EDWARDS-WEB-819x1024.jpg 819w, https:\/\/agora.xtec.cat\/cfgselgalliner\/wp-content\/uploads\/usu2282\/2022\/02\/SIMON-EDWARDS-WEB-240x300.jpg 240w, https:\/\/agora.xtec.cat\/cfgselgalliner\/wp-content\/uploads\/usu2282\/2022\/02\/SIMON-EDWARDS-WEB-768x960.jpg 768w, https:\/\/agora.xtec.cat\/cfgselgalliner\/wp-content\/uploads\/usu2282\/2022\/02\/SIMON-EDWARDS-WEB-1229x1536.jpg 1229w, https:\/\/agora.xtec.cat\/cfgselgalliner\/wp-content\/uploads\/usu2282\/2022\/02\/SIMON-EDWARDS-WEB-1638x2048.jpg 1638w, https:\/\/agora.xtec.cat\/cfgselgalliner\/wp-content\/uploads\/usu2282\/2022\/02\/SIMON-EDWARDS-WEB-scaled.jpg 2048w\" sizes=\"auto, (max-width: 819px) 100vw, 819px\" \/><\/a><\/td>\n<\/tr>\n<tr style=\"height: 32px;\">\n<td style=\"width: 18.4483%; height: 32px;\">Neus Elfa<\/td>\n<td style=\"width: 48.2183%; height: 32px;\">Actriu, ballarina, cantant i professora de teatre. Formada a l&#8217;escola Aules (Barcelona), Studio Harmonic (Par\u00eds) i Com\u00e9die Fran\u00e7aise (Par\u00eds). Ha treballat a les companyies franceses Cie. Th\u00e9\u00e2tre d&#8217;Art i Cie. Eucaryote Th\u00e9\u00e2tre; i amb Stage Entertainment fent el musical Mamma Mia!. Ha participat en diverses pel\u00b7l\u00edcules internacionals com &#8220;The Gunman&#8221; de Pierre Morel i &#8220;Dil Dhadakne Do&#8221; de Zoya Akhtar (Bollywood). El 2015 funda la companyia <a href=\"https:\/\/ciadellanima.cat\/\" target=\"_blank\" rel=\"noopener noreferrer\">Dell&#8217;Anima<\/a> juntament amb Mireia Vila i esdev\u00e9 creadora del seu primer espectacle &#8220;Elisabetta&#8221;.<\/td>\n<td style=\"width: 33.3333%; height: 32px;\"><a href=\"https:\/\/agora.xtec.cat\/cfgselgalliner\/wp-content\/uploads\/usu2282\/2022\/02\/NEUS-ELFA-WEB-scaled.jpg\"><img loading=\"lazy\" decoding=\"async\" class=\"alignnone size-large wp-image-563\" src=\"https:\/\/agora.xtec.cat\/cfgselgalliner\/wp-content\/uploads\/usu2282\/2022\/02\/NEUS-ELFA-WEB-819x1024.jpg\" alt=\"\" width=\"819\" height=\"1024\" srcset=\"https:\/\/agora.xtec.cat\/cfgselgalliner\/wp-content\/uploads\/usu2282\/2022\/02\/NEUS-ELFA-WEB-819x1024.jpg 819w, https:\/\/agora.xtec.cat\/cfgselgalliner\/wp-content\/uploads\/usu2282\/2022\/02\/NEUS-ELFA-WEB-240x300.jpg 240w, https:\/\/agora.xtec.cat\/cfgselgalliner\/wp-content\/uploads\/usu2282\/2022\/02\/NEUS-ELFA-WEB-768x960.jpg 768w, https:\/\/agora.xtec.cat\/cfgselgalliner\/wp-content\/uploads\/usu2282\/2022\/02\/NEUS-ELFA-WEB-1229x1536.jpg 1229w, https:\/\/agora.xtec.cat\/cfgselgalliner\/wp-content\/uploads\/usu2282\/2022\/02\/NEUS-ELFA-WEB-1638x2048.jpg 1638w, https:\/\/agora.xtec.cat\/cfgselgalliner\/wp-content\/uploads\/usu2282\/2022\/02\/NEUS-ELFA-WEB-scaled.jpg 2048w\" sizes=\"auto, (max-width: 819px) 100vw, 819px\" \/><\/a><\/td>\n<\/tr>\n<tr style=\"height: 32px;\">\n<td style=\"width: 18.4483%; height: 32px;\">Clara Garc\u00e9s<\/td>\n<td style=\"width: 48.2183%; height: 32px;\">Llicenciada en Art dram\u00e0tic per l\u2019Institut del Teatre i en Humanitats per la Universitat Pompeu Fabra, completa la seva formaci\u00f3 teatral al Teatre Nacional de Minsk, entre d\u2019altres centres. Amb una s\u00f2lida formaci\u00f3 en cant i dansa, compagina la pedagogia teatral amb la faceta d\u2019actriu de teatre, cinema i doblatge.<\/td>\n<td style=\"width: 33.3333%; height: 32px;\"><a href=\"https:\/\/agora.xtec.cat\/cfgselgalliner\/el-centre\/equip-docent\/attachment\/clara-g-web-def\/\" rel=\"attachment wp-att-657\"><img loading=\"lazy\" decoding=\"async\" class=\"alignnone size-large wp-image-657\" src=\"https:\/\/agora.xtec.cat\/cfgselgalliner\/wp-content\/uploads\/usu2282\/2022\/02\/CLARA-G-WEB-DEF-819x1024.jpg\" alt=\"\" width=\"819\" height=\"1024\" srcset=\"https:\/\/agora.xtec.cat\/cfgselgalliner\/wp-content\/uploads\/usu2282\/2022\/02\/CLARA-G-WEB-DEF-819x1024.jpg 819w, https:\/\/agora.xtec.cat\/cfgselgalliner\/wp-content\/uploads\/usu2282\/2022\/02\/CLARA-G-WEB-DEF-240x300.jpg 240w, https:\/\/agora.xtec.cat\/cfgselgalliner\/wp-content\/uploads\/usu2282\/2022\/02\/CLARA-G-WEB-DEF-768x960.jpg 768w, https:\/\/agora.xtec.cat\/cfgselgalliner\/wp-content\/uploads\/usu2282\/2022\/02\/CLARA-G-WEB-DEF-1229x1536.jpg 1229w, https:\/\/agora.xtec.cat\/cfgselgalliner\/wp-content\/uploads\/usu2282\/2022\/02\/CLARA-G-WEB-DEF-1638x2048.jpg 1638w, https:\/\/agora.xtec.cat\/cfgselgalliner\/wp-content\/uploads\/usu2282\/2022\/02\/CLARA-G-WEB-DEF-scaled.jpg 2048w\" sizes=\"auto, (max-width: 819px) 100vw, 819px\" \/><\/a><\/td>\n<\/tr>\n<tr style=\"height: 32px;\">\n<td style=\"width: 18.4483%; height: 32px;\">Anna Hidalgo<\/td>\n<td style=\"width: 48.2183%; height: 32px;\">Actriu i narradora oral. Graduada en Art dram\u00e0tic per El Galliner, ha cursat el Postgrau de Pedagogia Teatral a Infantil i Prim\u00e0ria i el Diploma en Teatre i Educaci\u00f3 per l\u2019Institut del Teatre de Vic. Amb una variada formaci\u00f3 en dansa, \u00e9s directora d\u2019activitats en el lleure i, des de 1999, pedagoga teatral, especialitzada en teatre infantil i juvenil, impartint classes en m\u00faltiples espais i centres escolars.<\/td>\n<td style=\"width: 33.3333%; height: 32px;\"><a href=\"https:\/\/agora.xtec.cat\/cfgselgalliner\/wp-content\/uploads\/usu2282\/2022\/02\/ANNA-HIDALGO-WEB-scaled.jpg\"><img loading=\"lazy\" decoding=\"async\" class=\"alignnone size-large wp-image-509\" src=\"https:\/\/agora.xtec.cat\/cfgselgalliner\/wp-content\/uploads\/usu2282\/2022\/02\/ANNA-HIDALGO-WEB-819x1024.jpg\" alt=\"\" width=\"819\" height=\"1024\" srcset=\"https:\/\/agora.xtec.cat\/cfgselgalliner\/wp-content\/uploads\/usu2282\/2022\/02\/ANNA-HIDALGO-WEB-819x1024.jpg 819w, https:\/\/agora.xtec.cat\/cfgselgalliner\/wp-content\/uploads\/usu2282\/2022\/02\/ANNA-HIDALGO-WEB-240x300.jpg 240w, https:\/\/agora.xtec.cat\/cfgselgalliner\/wp-content\/uploads\/usu2282\/2022\/02\/ANNA-HIDALGO-WEB-768x960.jpg 768w, https:\/\/agora.xtec.cat\/cfgselgalliner\/wp-content\/uploads\/usu2282\/2022\/02\/ANNA-HIDALGO-WEB-1229x1536.jpg 1229w, https:\/\/agora.xtec.cat\/cfgselgalliner\/wp-content\/uploads\/usu2282\/2022\/02\/ANNA-HIDALGO-WEB-1638x2048.jpg 1638w, https:\/\/agora.xtec.cat\/cfgselgalliner\/wp-content\/uploads\/usu2282\/2022\/02\/ANNA-HIDALGO-WEB-scaled.jpg 2048w\" sizes=\"auto, (max-width: 819px) 100vw, 819px\" \/><\/a><\/td>\n<\/tr>\n<tr style=\"height: 32px;\">\n<td style=\"width: 18.4483%; height: 32px;\">Marian Masoliver<\/td>\n<td style=\"width: 48.2183%; height: 32px;\">T\u00e9 m\u00e9s de 25 anys d\u2019experi\u00e8ncia com a actriu internacional, directora de teatre i professora. Va comen\u00e7ar la seva carrera estudiant amb Jacques Lecoq a Paris i, seguidament, va fer gires per Europa i els Estats Units treballant amb companyies com la Fura dels Baus i Kneehigh Theatre. Ha estat docent a diferents universitats, escoles i festivals dels Estats Units, Anglaterra, Holanda, B\u00e8lgica, Fran\u00e7a, Alemanya i Catalunya. \u00c9s fundadora i directora, conjuntament amb el seu company Simon Edwards, de <a href=\"http:\/\/www.actors-space.org\/\" target=\"_blank\" rel=\"noopener noreferrer\">The Actors Space<\/a>, un centre de renom internacional dedicat a la formaci\u00f3, la investigaci\u00f3 i la creaci\u00f3 de les Arts dram\u00e0tiques, creat el 1999.<\/td>\n<td style=\"width: 33.3333%; height: 32px;\"><a href=\"https:\/\/agora.xtec.cat\/cfgselgalliner\/el-centre\/equip-docent\/attachment\/marian-foto-web-def\/\" rel=\"attachment wp-att-664\"><img loading=\"lazy\" decoding=\"async\" class=\"alignnone size-large wp-image-664\" src=\"https:\/\/agora.xtec.cat\/cfgselgalliner\/wp-content\/uploads\/usu2282\/2022\/03\/MARIAN-FOTO-WEB-DEF-819x1024.jpg\" alt=\"\" width=\"819\" height=\"1024\" srcset=\"https:\/\/agora.xtec.cat\/cfgselgalliner\/wp-content\/uploads\/usu2282\/2022\/03\/MARIAN-FOTO-WEB-DEF-819x1024.jpg 819w, https:\/\/agora.xtec.cat\/cfgselgalliner\/wp-content\/uploads\/usu2282\/2022\/03\/MARIAN-FOTO-WEB-DEF-240x300.jpg 240w, https:\/\/agora.xtec.cat\/cfgselgalliner\/wp-content\/uploads\/usu2282\/2022\/03\/MARIAN-FOTO-WEB-DEF-768x960.jpg 768w, https:\/\/agora.xtec.cat\/cfgselgalliner\/wp-content\/uploads\/usu2282\/2022\/03\/MARIAN-FOTO-WEB-DEF-1229x1536.jpg 1229w, https:\/\/agora.xtec.cat\/cfgselgalliner\/wp-content\/uploads\/usu2282\/2022\/03\/MARIAN-FOTO-WEB-DEF-1638x2048.jpg 1638w, https:\/\/agora.xtec.cat\/cfgselgalliner\/wp-content\/uploads\/usu2282\/2022\/03\/MARIAN-FOTO-WEB-DEF-scaled.jpg 2048w\" sizes=\"auto, (max-width: 819px) 100vw, 819px\" \/><\/a><\/td>\n<\/tr>\n<tr style=\"height: 32px;\">\n<td style=\"width: 18.4483%; height: 32px;\">Marta Montiel<\/td>\n<td style=\"width: 48.2183%; height: 32px;\">Exalumna d&#8217;El Galliner i llicenciada en Art dram\u00e0tic per l\u2019Institut del Teatre. M\u00e0ster en Rehabilitaci\u00f3 de la Veu per la Universtat Aut\u00f2noma de Barcelona i l&#8217;Escola de Patologia del Llenguatge. Professora d\u2019art dram\u00e0tic i t\u00e8cnica i expressi\u00f3 de la veu a El Galliner, l\u2019Institut del Teatre i Escuela Doblaje Barcelona. Tamb\u00e9 ha treballat i impartit cursos a E\u00f2lia, el Col\u00b7legi del Teatre, La Perla 29 (Perla Petita), la Udg, Bcn Activa, entre d&#8217;altres. Compagina la feina d&#8217;actriu amb la de professora. Com actriu, ha treballat amb directors com Ll\u00e0tzer Garcia, Daniela Feixas, Anne Simon, Marc Angelet, Gl\u00f2ria Bala\u00f1\u00e0,\u00a0Carles Fern\u00e1ndez Giua,\u00a0Carles Mallol, Ferran Dordal, etc. Va fundar i treballar amb Teatre de l&#8217;Enj\u00f2lit durant m\u00e9s de deu anys. M\u00e9s informaci\u00f3 al seu\u00a0<a href=\"http:\/\/www.martamontiel.blogspot.com.es\/\" target=\"_blank\" rel=\"noopener noreferrer\">blog<\/a><\/td>\n<td style=\"width: 33.3333%; height: 32px;\"><a href=\"https:\/\/agora.xtec.cat\/cfgselgalliner\/wp-content\/uploads\/usu2282\/2022\/02\/MARTA-MONTIEL-WEB-scaled.jpg\"><img loading=\"lazy\" decoding=\"async\" class=\"alignnone size-large wp-image-516\" src=\"https:\/\/agora.xtec.cat\/cfgselgalliner\/wp-content\/uploads\/usu2282\/2022\/02\/MARTA-MONTIEL-WEB-819x1024.jpg\" alt=\"\" width=\"819\" height=\"1024\" srcset=\"https:\/\/agora.xtec.cat\/cfgselgalliner\/wp-content\/uploads\/usu2282\/2022\/02\/MARTA-MONTIEL-WEB-819x1024.jpg 819w, https:\/\/agora.xtec.cat\/cfgselgalliner\/wp-content\/uploads\/usu2282\/2022\/02\/MARTA-MONTIEL-WEB-240x300.jpg 240w, https:\/\/agora.xtec.cat\/cfgselgalliner\/wp-content\/uploads\/usu2282\/2022\/02\/MARTA-MONTIEL-WEB-768x960.jpg 768w, https:\/\/agora.xtec.cat\/cfgselgalliner\/wp-content\/uploads\/usu2282\/2022\/02\/MARTA-MONTIEL-WEB-1229x1536.jpg 1229w, https:\/\/agora.xtec.cat\/cfgselgalliner\/wp-content\/uploads\/usu2282\/2022\/02\/MARTA-MONTIEL-WEB-1638x2048.jpg 1638w, https:\/\/agora.xtec.cat\/cfgselgalliner\/wp-content\/uploads\/usu2282\/2022\/02\/MARTA-MONTIEL-WEB-scaled.jpg 2048w\" sizes=\"auto, (max-width: 819px) 100vw, 819px\" \/><\/a><\/td>\n<\/tr>\n<tr style=\"height: 32px;\">\n<td style=\"width: 18.4483%; height: 32px;\">J\u00falia Mora<\/td>\n<td style=\"width: 48.2183%; height: 32px;\">Llicenciada en Art Dram\u00e0tic per l\u2019Institut del Teatre, ha ampliat estudis a l\u2019Escola Nacional de Pol\u00f2nia. Formada en m\u00fasica i cant. Postgraduada en Teatreter\u00e0pia per la UdG. Formaci\u00f3 en Ter\u00e0pia Gestalt i Psicodrama. Creadora de la cia. Microcosmos Teatre, i actriu col\u00b7laboradora d\u2019Egos Teatre, Cor de Teatre -temporada a Par\u00eds i extensa gira per Fran\u00e7a amb Operetta-, La Reial, Centre de Titelles de Lleida, Companyia del Pr\u00edncep Totilau, etc. Teatreterapeuta en diversos col\u00b7lectius i en projectes de Teatre Laboratori d\u2019investigaci\u00f3 creativa i creixement. Professora d\u2019interpretaci\u00f3, de t\u00e8cnica de veu parlada i cantada, i de teatre musical.<\/td>\n<td style=\"width: 33.3333%; height: 32px;\"><a href=\"https:\/\/agora.xtec.cat\/cfgselgalliner\/wp-content\/uploads\/usu2282\/2022\/02\/JULIA-MORA-WEB-scaled.jpg\"><img loading=\"lazy\" decoding=\"async\" class=\"alignnone size-large wp-image-513\" src=\"https:\/\/agora.xtec.cat\/cfgselgalliner\/wp-content\/uploads\/usu2282\/2022\/02\/JULIA-MORA-WEB-819x1024.jpg\" alt=\"\" width=\"819\" height=\"1024\" srcset=\"https:\/\/agora.xtec.cat\/cfgselgalliner\/wp-content\/uploads\/usu2282\/2022\/02\/JULIA-MORA-WEB-819x1024.jpg 819w, https:\/\/agora.xtec.cat\/cfgselgalliner\/wp-content\/uploads\/usu2282\/2022\/02\/JULIA-MORA-WEB-240x300.jpg 240w, https:\/\/agora.xtec.cat\/cfgselgalliner\/wp-content\/uploads\/usu2282\/2022\/02\/JULIA-MORA-WEB-768x960.jpg 768w, https:\/\/agora.xtec.cat\/cfgselgalliner\/wp-content\/uploads\/usu2282\/2022\/02\/JULIA-MORA-WEB-1229x1536.jpg 1229w, https:\/\/agora.xtec.cat\/cfgselgalliner\/wp-content\/uploads\/usu2282\/2022\/02\/JULIA-MORA-WEB-1638x2048.jpg 1638w, https:\/\/agora.xtec.cat\/cfgselgalliner\/wp-content\/uploads\/usu2282\/2022\/02\/JULIA-MORA-WEB-scaled.jpg 2048w\" sizes=\"auto, (max-width: 819px) 100vw, 819px\" \/><\/a><\/td>\n<\/tr>\n<tr style=\"height: 32px;\">\n<td style=\"width: 18.4483%; height: 32px;\">Claret Papiol<\/td>\n<td style=\"width: 48.2183%; height: 32px;\">M\u00e9s conegut amb el nom art\u00edstic de Claret Clown. Un pallasso que, amb trenta anys d\u2019ofici, ha treballat tant en solitari (portant els seus espectacles per tot l\u2019Estat, Europa i \u00c0frica), com amb companyies (franceses, angleses, Marduix titelles, cofundador del Circ Cric, etc.). Llicenciat per l\u2019Institut del Teatre ha ampliat estudis de clown amb els Colombaioni a It\u00e0lia, a l\u2019Ecole Philippe Gaulier a Par\u00eds, i amb Pierre Byland, Michel Dallaire (Cirque du Soleil), Pierre Pilatte i M\u00f2nica Pagneux, entre d\u2019altres.<\/td>\n<td style=\"width: 33.3333%; height: 32px;\"><a href=\"https:\/\/agora.xtec.cat\/cfgselgalliner\/wp-content\/uploads\/usu2282\/2022\/02\/CLARET-PAPIOL-scaled.jpg\"><img loading=\"lazy\" decoding=\"async\" class=\"alignnone size-large wp-image-564\" src=\"https:\/\/agora.xtec.cat\/cfgselgalliner\/wp-content\/uploads\/usu2282\/2022\/02\/CLARET-PAPIOL-819x1024.jpg\" alt=\"\" width=\"819\" height=\"1024\" srcset=\"https:\/\/agora.xtec.cat\/cfgselgalliner\/wp-content\/uploads\/usu2282\/2022\/02\/CLARET-PAPIOL-819x1024.jpg 819w, https:\/\/agora.xtec.cat\/cfgselgalliner\/wp-content\/uploads\/usu2282\/2022\/02\/CLARET-PAPIOL-240x300.jpg 240w, https:\/\/agora.xtec.cat\/cfgselgalliner\/wp-content\/uploads\/usu2282\/2022\/02\/CLARET-PAPIOL-768x960.jpg 768w, https:\/\/agora.xtec.cat\/cfgselgalliner\/wp-content\/uploads\/usu2282\/2022\/02\/CLARET-PAPIOL-1229x1536.jpg 1229w, https:\/\/agora.xtec.cat\/cfgselgalliner\/wp-content\/uploads\/usu2282\/2022\/02\/CLARET-PAPIOL-1638x2048.jpg 1638w, https:\/\/agora.xtec.cat\/cfgselgalliner\/wp-content\/uploads\/usu2282\/2022\/02\/CLARET-PAPIOL-scaled.jpg 2048w\" sizes=\"auto, (max-width: 819px) 100vw, 819px\" \/><\/a><\/td>\n<\/tr>\n<tr style=\"height: 32px;\">\n<td style=\"width: 18.4483%; height: 32px;\">Pablo Paz<\/td>\n<td style=\"width: 48.2183%; height: 32px;\">Decorador, escen\u00f2graf i dissenyador gr\u00e0fic. Ha treballat en projectes escenogr\u00e0fics singulars (Cosmocaixa, Zoo de Barcelona, museu d\u2019Atapuerca, etc.) i en l\u2019atrezzo de diferents spots publicitaris i pel\u00b7l\u00edcules.Ha portat a terme el disseny i la construcci\u00f3 de decorats i vestuari i el desenvolupament art\u00edstic d\u2019 espectacles amb teatres i companyies com Cascai, Dagoll Dagom, Cor de teatre, Engruna teatre, La Bleda, \u00d2pera prima, La Troca, el CAET, l\u2019Auditori de Barcelona, els Amics de l\u2019\u00d2pera de Sabadell, Titzina Teatre o el TNC.M\u00e9s informaci\u00f3 al seu <a href=\"http:\/\/pablopaz.cat\/\" target=\"_blank\" rel=\"noopener noreferrer\">web<\/a>.<\/td>\n<td style=\"width: 33.3333%; height: 32px;\"><\/td>\n<\/tr>\n<tr style=\"height: 32px;\">\n<td style=\"width: 18.4483%; height: 32px;\">Aram Pou<\/td>\n<td style=\"width: 48.2183%; height: 32px;\">Artista transdiscipilinari format en circ, teatre i dansa, principalment a l&#8217;escola de circ Carampa de Madrid i posteriorment al grau d&#8217;arts esc\u00e8niques de l&#8217;ERAM &#8211; UDG. Tamb\u00e9 ha participat en formacions internacionals en dansa i arts de carrer com el Paris Summer Academy organitzat per Orian Theatre i l&#8217;Open Laboratory Experience del festival Crat\u00eare Surfaces. Ha participat com a ajudant de direcci\u00f3 i producci\u00f3 en l&#8217;espectacle &#8220;Estat d&#8217;Emerg\u00e8ncia&#8221; de la Producci\u00f3 Nacional de Circ i tamb\u00e9 com a ajudant de direcci\u00f3 en l&#8217;espectacle &#8220;Conte de Nadal&#8221; de la companyia Insectotr\u00f2pics. Actualment est\u00e0 en proc\u00e9s de creaci\u00f3 del seu primer espectacle en solitari titulat &#8220;L&#8217;\u00faltim S\u00edfir&#8221;.<\/td>\n<td style=\"width: 33.3333%; height: 32px;\"><a href=\"https:\/\/agora.xtec.cat\/cfgselgalliner\/wp-content\/uploads\/usu2282\/2022\/02\/ARAM-POU-WEB-scaled.jpg\"><img loading=\"lazy\" decoding=\"async\" class=\"alignnone size-large wp-image-510\" src=\"https:\/\/agora.xtec.cat\/cfgselgalliner\/wp-content\/uploads\/usu2282\/2022\/02\/ARAM-POU-WEB-819x1024.jpg\" alt=\"\" width=\"819\" height=\"1024\" srcset=\"https:\/\/agora.xtec.cat\/cfgselgalliner\/wp-content\/uploads\/usu2282\/2022\/02\/ARAM-POU-WEB-819x1024.jpg 819w, https:\/\/agora.xtec.cat\/cfgselgalliner\/wp-content\/uploads\/usu2282\/2022\/02\/ARAM-POU-WEB-240x300.jpg 240w, https:\/\/agora.xtec.cat\/cfgselgalliner\/wp-content\/uploads\/usu2282\/2022\/02\/ARAM-POU-WEB-768x960.jpg 768w, https:\/\/agora.xtec.cat\/cfgselgalliner\/wp-content\/uploads\/usu2282\/2022\/02\/ARAM-POU-WEB-1229x1536.jpg 1229w, https:\/\/agora.xtec.cat\/cfgselgalliner\/wp-content\/uploads\/usu2282\/2022\/02\/ARAM-POU-WEB-1638x2048.jpg 1638w, https:\/\/agora.xtec.cat\/cfgselgalliner\/wp-content\/uploads\/usu2282\/2022\/02\/ARAM-POU-WEB-scaled.jpg 2048w\" sizes=\"auto, (max-width: 819px) 100vw, 819px\" \/><\/a><\/td>\n<\/tr>\n<tr style=\"height: 32px;\">\n<td style=\"width: 18.4483%; height: 32px;\">Laura Pujol<\/td>\n<td style=\"width: 48.2183%; height: 32px;\">Va comen\u00e7ar a endinsar-se en el m\u00f3n teatral a l&#8217;Escola El Galliner quan tenia 10 anys i des de llavors no ha parat. Passant tamb\u00e9 per l&#8217;escola Nancy Tu\u00f1\u00f3n i Jordi Oliver de Barcelona i el Royal Conservatoire de Glasgow fins a cursar el Grau d&#8217;Arts Esc\u00e8niques de l&#8217;ERAM. La universitat va ser la seva porta d&#8217;entrada a Bit\u00f2 Produccions dins el Festival Temporada Alta, treballant primer al departament de taquillatge, despr\u00e9s al de comunicaci\u00f3 i finalment al de producci\u00f3, on des de l&#8217;any 2019 hi est\u00e0 en plantilla.<\/td>\n<td style=\"width: 33.3333%; height: 32px;\"><a href=\"https:\/\/agora.xtec.cat\/cfgselgalliner\/wp-content\/uploads\/usu2282\/2022\/02\/LAURA-PUJOL-WEB-scaled.jpg\"><img loading=\"lazy\" decoding=\"async\" class=\"alignnone size-large wp-image-514\" src=\"https:\/\/agora.xtec.cat\/cfgselgalliner\/wp-content\/uploads\/usu2282\/2022\/02\/LAURA-PUJOL-WEB-819x1024.jpg\" alt=\"\" width=\"819\" height=\"1024\" srcset=\"https:\/\/agora.xtec.cat\/cfgselgalliner\/wp-content\/uploads\/usu2282\/2022\/02\/LAURA-PUJOL-WEB-819x1024.jpg 819w, https:\/\/agora.xtec.cat\/cfgselgalliner\/wp-content\/uploads\/usu2282\/2022\/02\/LAURA-PUJOL-WEB-240x300.jpg 240w, https:\/\/agora.xtec.cat\/cfgselgalliner\/wp-content\/uploads\/usu2282\/2022\/02\/LAURA-PUJOL-WEB-768x960.jpg 768w, https:\/\/agora.xtec.cat\/cfgselgalliner\/wp-content\/uploads\/usu2282\/2022\/02\/LAURA-PUJOL-WEB-1229x1536.jpg 1229w, https:\/\/agora.xtec.cat\/cfgselgalliner\/wp-content\/uploads\/usu2282\/2022\/02\/LAURA-PUJOL-WEB-1638x2048.jpg 1638w, https:\/\/agora.xtec.cat\/cfgselgalliner\/wp-content\/uploads\/usu2282\/2022\/02\/LAURA-PUJOL-WEB-scaled.jpg 2048w\" sizes=\"auto, (max-width: 819px) 100vw, 819px\" \/><\/a><\/td>\n<\/tr>\n<tr style=\"height: 32px;\">\n<td style=\"width: 18.4483%; height: 32px;\">Toni Pujol<\/td>\n<td style=\"width: 48.2183%; height: 32px;\">T\u00e8cnic d&#8217;il\u00b7luminaci\u00f3. Disseny i muntatge d&#8217;espectacles de teatre, m\u00fasica i dansa, a Girona i Catalunya, des de 1990 fins a l&#8217;actualitat.<\/td>\n<td style=\"width: 33.3333%; height: 32px;\"><a href=\"https:\/\/agora.xtec.cat\/cfgselgalliner\/el-centre\/equip-docent\/attachment\/toni-pujol-web-def\/\" rel=\"attachment wp-att-666\"><img loading=\"lazy\" decoding=\"async\" class=\"alignnone size-large wp-image-666\" src=\"https:\/\/agora.xtec.cat\/cfgselgalliner\/wp-content\/uploads\/usu2282\/2022\/03\/TONI-PUJOL-WEB-DEF-819x1024.jpg\" alt=\"\" width=\"819\" height=\"1024\" srcset=\"https:\/\/agora.xtec.cat\/cfgselgalliner\/wp-content\/uploads\/usu2282\/2022\/03\/TONI-PUJOL-WEB-DEF-819x1024.jpg 819w, https:\/\/agora.xtec.cat\/cfgselgalliner\/wp-content\/uploads\/usu2282\/2022\/03\/TONI-PUJOL-WEB-DEF-240x300.jpg 240w, https:\/\/agora.xtec.cat\/cfgselgalliner\/wp-content\/uploads\/usu2282\/2022\/03\/TONI-PUJOL-WEB-DEF-768x960.jpg 768w, https:\/\/agora.xtec.cat\/cfgselgalliner\/wp-content\/uploads\/usu2282\/2022\/03\/TONI-PUJOL-WEB-DEF-1229x1536.jpg 1229w, https:\/\/agora.xtec.cat\/cfgselgalliner\/wp-content\/uploads\/usu2282\/2022\/03\/TONI-PUJOL-WEB-DEF-1638x2048.jpg 1638w, https:\/\/agora.xtec.cat\/cfgselgalliner\/wp-content\/uploads\/usu2282\/2022\/03\/TONI-PUJOL-WEB-DEF-scaled.jpg 2048w\" sizes=\"auto, (max-width: 819px) 100vw, 819px\" \/><\/a><\/td>\n<\/tr>\n<tr style=\"height: 32px;\">\n<td style=\"width: 18.4483%; height: 32px;\">Mireia Vall\u00e8s<\/td>\n<td style=\"width: 48.2183%; height: 32px;\">Actriu. Llicenciada en Art dram\u00e0tic per l\u2019Institut del Teatre i postgraduada en Pedagogia Teatral per l&#8217;Institut del Teatre de Vic. Amb una s\u00f2lida formaci\u00f3 musical i de dansa, ha ampliat estudis, amb Eugenio Barba, Javier Daulte, Nicolaj Karpov i Maria Shmaevich, Franco di Francescoantonio i Konrad Zschiedrich, entre d\u2019altres.<\/td>\n<td style=\"width: 33.3333%; height: 32px;\"><a href=\"https:\/\/agora.xtec.cat\/cfgselgalliner\/wp-content\/uploads\/usu2282\/2022\/02\/MIREIA-VALLES-WEB-scaled.jpg\"><img loading=\"lazy\" decoding=\"async\" class=\"alignnone size-large wp-image-517\" src=\"https:\/\/agora.xtec.cat\/cfgselgalliner\/wp-content\/uploads\/usu2282\/2022\/02\/MIREIA-VALLES-WEB-819x1024.jpg\" alt=\"\" width=\"819\" height=\"1024\" srcset=\"https:\/\/agora.xtec.cat\/cfgselgalliner\/wp-content\/uploads\/usu2282\/2022\/02\/MIREIA-VALLES-WEB-819x1024.jpg 819w, https:\/\/agora.xtec.cat\/cfgselgalliner\/wp-content\/uploads\/usu2282\/2022\/02\/MIREIA-VALLES-WEB-240x300.jpg 240w, https:\/\/agora.xtec.cat\/cfgselgalliner\/wp-content\/uploads\/usu2282\/2022\/02\/MIREIA-VALLES-WEB-768x960.jpg 768w, https:\/\/agora.xtec.cat\/cfgselgalliner\/wp-content\/uploads\/usu2282\/2022\/02\/MIREIA-VALLES-WEB-1229x1536.jpg 1229w, https:\/\/agora.xtec.cat\/cfgselgalliner\/wp-content\/uploads\/usu2282\/2022\/02\/MIREIA-VALLES-WEB-1638x2048.jpg 1638w, https:\/\/agora.xtec.cat\/cfgselgalliner\/wp-content\/uploads\/usu2282\/2022\/02\/MIREIA-VALLES-WEB-scaled.jpg 2048w\" sizes=\"auto, (max-width: 819px) 100vw, 819px\" \/><\/a><\/td>\n<\/tr>\n<\/tbody>\n<\/table>\n","protected":false},"excerpt":{"rendered":"<p>Salvador Agust\u00ed<br \/>\nActor, especialista, core\u00f2graf i actual director de la <a href=\"http:\/\/www.excalibur.cat\/ca\/qui-som\/\">cia. Excalibur (especialistes en lluites)<\/a> des de l\u2019any 2000. Amb una amplia traject\u00f2ria dedicada a l&#8217;art del combat esc\u00e8nic, la seva t\u00e8cnica \u00e9s un recull de diverses arts marcials de les quals \u00e9s un gran&hellip;  <a href=\"https:\/\/agora.xtec.cat\/cfgselgalliner\/el-centre\/equip-docent\/\" title=\"Read Equip docent\">Llegeix m\u00e9s\u00bb<\/a><\/p>\n","protected":false},"author":1,"featured_media":0,"parent":261,"menu_order":8,"comment_status":"closed","ping_status":"closed","template":"","meta":{"_bbp_topic_count":0,"_bbp_reply_count":0,"_bbp_total_topic_count":0,"_bbp_total_reply_count":0,"_bbp_voice_count":0,"_bbp_anonymous_reply_count":0,"_bbp_topic_count_hidden":0,"_bbp_reply_count_hidden":0,"_bbp_forum_subforum_count":0,"footnotes":""},"class_list":["post-508","page","type-page","status-publish","hentry"],"post_mailing_queue_ids":[],"_links":{"self":[{"href":"https:\/\/agora.xtec.cat\/cfgselgalliner\/wp-json\/wp\/v2\/pages\/508","targetHints":{"allow":["GET"]}}],"collection":[{"href":"https:\/\/agora.xtec.cat\/cfgselgalliner\/wp-json\/wp\/v2\/pages"}],"about":[{"href":"https:\/\/agora.xtec.cat\/cfgselgalliner\/wp-json\/wp\/v2\/types\/page"}],"author":[{"embeddable":true,"href":"https:\/\/agora.xtec.cat\/cfgselgalliner\/wp-json\/wp\/v2\/users\/1"}],"replies":[{"embeddable":true,"href":"https:\/\/agora.xtec.cat\/cfgselgalliner\/wp-json\/wp\/v2\/comments?post=508"}],"version-history":[{"count":4,"href":"https:\/\/agora.xtec.cat\/cfgselgalliner\/wp-json\/wp\/v2\/pages\/508\/revisions"}],"predecessor-version":[{"id":667,"href":"https:\/\/agora.xtec.cat\/cfgselgalliner\/wp-json\/wp\/v2\/pages\/508\/revisions\/667"}],"up":[{"embeddable":true,"href":"https:\/\/agora.xtec.cat\/cfgselgalliner\/wp-json\/wp\/v2\/pages\/261"}],"wp:attachment":[{"href":"https:\/\/agora.xtec.cat\/cfgselgalliner\/wp-json\/wp\/v2\/media?parent=508"}],"curies":[{"name":"wp","href":"https:\/\/api.w.org\/{rel}","templated":true}]}}