{"id":498,"date":"2022-02-04T18:03:23","date_gmt":"2022-02-04T17:03:23","guid":{"rendered":"https:\/\/agora.xtec.cat\/cfgselgalliner\/?page_id=498"},"modified":"2022-02-04T18:03:23","modified_gmt":"2022-02-04T17:03:23","slug":"projecte-integrat","status":"publish","type":"page","link":"https:\/\/agora.xtec.cat\/cfgselgalliner\/ensenyaments\/ensenyaments-transprofessionals\/projecte-integrat\/","title":{"rendered":"Projecte integrat"},"content":{"rendered":"<p>Assignatura te\u00f2rico-pr\u00e0ctica que t\u00e9 car\u00e0cter global i integrador dels diferents sabers i t\u00e8cniques presents en el cicle i que incentiva l&#8217;alumnat a reflexionar sobre l&#8217;art, l&#8217;artista, l&#8217;int\u00e8rpret i la seva funci\u00f3 pr\u00e0ctica en la societat. Aquesta assignatura s\u2019estructura en dues parts. La primera fa un recorregut est\u00e8tic des de les primeres avantguardes art\u00edstiques fins al segle XXI generant reflexions al voltant del concepte d\u2019artista i la implicaci\u00f3 de l\u2019actor com a creador dins la societat que li toca viure. La segona, m\u00e9s pr\u00e0ctica, ajudar\u00e0 a planificar i executar el propi projecte creatiu incentivant l\u2019autonomia i la capacitat de gesti\u00f3 d\u2019expectatives, de temps i d\u2019energia al llarg d\u2019un proc\u00e9s de creaci\u00f3 individual. Aquest proc\u00e9s s\u2019haur\u00e0 de plasmar en una mem\u00f2ria escrita per prendre consci\u00e8ncia de com ha anat i quina \u00e9s l\u2019autovaloraci\u00f3 que se\u2019n fa.<\/p>\n<p>Professora: Marta Montiel<\/p>\n","protected":false},"excerpt":{"rendered":"<p>Assignatura te\u00f2rico-pr\u00e0ctica que t\u00e9 car\u00e0cter global i integrador dels diferents sabers i t\u00e8cniques presents en el cicle i que incentiva l&#8217;alumnat a reflexionar sobre l&#8217;art, l&#8217;artista, l&#8217;int\u00e8rpret i la seva funci\u00f3 pr\u00e0ctica en la societat. Aquesta assignatura s\u2019estructura en dues parts. La primera fa un&hellip;  <a href=\"https:\/\/agora.xtec.cat\/cfgselgalliner\/ensenyaments\/ensenyaments-transprofessionals\/projecte-integrat\/\" title=\"Read Projecte integrat\">Llegeix m\u00e9s\u00bb<\/a><\/p>\n","protected":false},"author":1,"featured_media":0,"parent":286,"menu_order":0,"comment_status":"closed","ping_status":"closed","template":"page-templates\/side-menu.php","meta":{"_bbp_topic_count":0,"_bbp_reply_count":0,"_bbp_total_topic_count":0,"_bbp_total_reply_count":0,"_bbp_voice_count":0,"_bbp_anonymous_reply_count":0,"_bbp_topic_count_hidden":0,"_bbp_reply_count_hidden":0,"_bbp_forum_subforum_count":0,"footnotes":""},"class_list":["post-498","page","type-page","status-publish","hentry"],"post_mailing_queue_ids":[],"_links":{"self":[{"href":"https:\/\/agora.xtec.cat\/cfgselgalliner\/wp-json\/wp\/v2\/pages\/498","targetHints":{"allow":["GET"]}}],"collection":[{"href":"https:\/\/agora.xtec.cat\/cfgselgalliner\/wp-json\/wp\/v2\/pages"}],"about":[{"href":"https:\/\/agora.xtec.cat\/cfgselgalliner\/wp-json\/wp\/v2\/types\/page"}],"author":[{"embeddable":true,"href":"https:\/\/agora.xtec.cat\/cfgselgalliner\/wp-json\/wp\/v2\/users\/1"}],"replies":[{"embeddable":true,"href":"https:\/\/agora.xtec.cat\/cfgselgalliner\/wp-json\/wp\/v2\/comments?post=498"}],"version-history":[{"count":1,"href":"https:\/\/agora.xtec.cat\/cfgselgalliner\/wp-json\/wp\/v2\/pages\/498\/revisions"}],"predecessor-version":[{"id":499,"href":"https:\/\/agora.xtec.cat\/cfgselgalliner\/wp-json\/wp\/v2\/pages\/498\/revisions\/499"}],"up":[{"embeddable":true,"href":"https:\/\/agora.xtec.cat\/cfgselgalliner\/wp-json\/wp\/v2\/pages\/286"}],"wp:attachment":[{"href":"https:\/\/agora.xtec.cat\/cfgselgalliner\/wp-json\/wp\/v2\/media?parent=498"}],"curies":[{"name":"wp","href":"https:\/\/api.w.org\/{rel}","templated":true}]}}