{"id":27,"date":"2014-09-17T16:24:03","date_gmt":"2014-09-17T16:24:03","guid":{"rendered":"http:\/\/agora.xtec.cat\/cfgselgalliner\/?page_id=27"},"modified":"2022-02-04T12:58:27","modified_gmt":"2022-02-04T11:58:27","slug":"historia","status":"publish","type":"page","link":"https:\/\/agora.xtec.cat\/cfgselgalliner\/el-centre\/historia\/","title":{"rendered":"Hist\u00f2ria"},"content":{"rendered":"<p>L\u2019any 1990 en Xavier Ruscalleda i Nadal registra l\u2019associaci\u00f3 ACME  (Associaci\u00f3 per la promoci\u00f3 cultural i teatral).  Aquest mateix any neix l\u2019Escola de teatre El Galliner a Girona.<br \/>\nEn aquella \u00e8poca, l\u2019opci\u00f3 d\u2019estudiar teatre m\u00e9s propera era a l\u2019Institut del Teatre de Barcelona. El Galliner neix amb la intenci\u00f3 d\u2019omplir el buit que l\u2019Associaci\u00f3 considera que existeix a Girona i comarques sobre la formaci\u00f3 teatral. L\u2019ACME i L\u2019AFIC (l\u2019associaci\u00f3 fotogr\u00e0fica i cinematogr\u00e0fica) les dues entitats organitzadores, fan mans i m\u00e0nigues per aconseguir el suport per part de les institucions oficials. L\u2019Escola se situa en el local n\u00famero 5 del carrer de la Rosa de Girona. \u00c9s un antic magatzem de ca l\u2019Esquetllar, un local gros i molt malm\u00e8s en el qual, despr\u00e9s d\u2019una intensa reforma, compartiran espai diferents disciplines art\u00edstiques com la fotografia, el dibuix i el teatre. La direcci\u00f3 de l\u2019Escola l\u2019assumeixen la Dol\u00e7a Vilallonga i en Xavier Ruscalleda; la secret\u00e0ria \u00e9s la Montse Linde; hi ha 5 professors fixos i 40 alumnes matriculats.<\/p>\n<p>Aquesta primera etapa \u00e9s convulsa, d\u2019incertesa i de canvis: a principis de l\u2019any 1993 Xavier Ruscalleda despr\u00e9s de presentar la seva dimissi\u00f3, abandona la direcci\u00f3 de l\u2019Escola fundada tres anys abans i l\u2019ACME es dissol. El Galliner est\u00e0 sense director i a m\u00e9s els professors i alguns alumnes abandonen el local del carrer de la Rosa per motius econ\u00f2mics i algunes difer\u00e8ncies de criteri. El preu del lloguer del local \u00e9s massa alt i el dest\u00ed que els espera \u00e9s incert per\u00f2 hi ha \u00e0nim de consolidar-se com a entitat, aix\u00ed que, ben aviat, un nou equip format per en Xicu Mas\u00f3, en Ferran Frauca, l\u2019Anna Rovira i en Jep S\u00e1nchez substituiran la dissolta associaci\u00f3 aprovant definitivament l\u2019entrada d\u2019una nova persona que s\u2019encarregui de la direcci\u00f3. La direcci\u00f3 recau en la persona de Jep S\u00e1nchez que ser\u00e0 el nou director de l\u2019Escola fins a l\u2019any 98. <\/p>\n<p>Es d\u00f3na pas a l\u2019AGT (Associaci\u00f3 Gironina de Teatre) que es constitueix, el 15 de juny de l\u2019any 93, com una associaci\u00f3 de persones vinculades al m\u00f3n teatral de les comarques gironines i no pas una associaci\u00f3 de companyies (com havia estat la dissolta ACME). Aleshores s\u00f3n vint socis i la relaci\u00f3 de la nova associaci\u00f3 amb El Galliner resta intacta (l\u2019Escola segueix tenint el suport de l\u2019AGT i la cobertura legal necess\u00e0ria). L\u2019AGT es defineix com una associaci\u00f3 sense \u00e0nim de lucre amb les finalitats de defensar la cultura a trav\u00e9s del teatre, col\u2022laborar amb entitats p\u00fabliques i privades amb interessos similars, impulsar els coneixements dels corrents art\u00edstics del teatre, la dansa, el v\u00eddeo, la m\u00fasica i altres arts esc\u00e8niques <\/p>\n<p>El 1995, amb el suport de les administracions p\u00fabliques, l\u2019Escola es trasllada a la Casa de Cultura de Girona, d\u2019on ja no s\u2019ha mogut fins al dia d\u2019avui. A partir d\u2019aquest any les activitats de l\u2019Escola i l\u2019Associaci\u00f3 no paren de cr\u00e9ixer en quantitat i en qualitat com tampoc deixa de fer-ho el nombre d\u2019alumnes, de manera progressiva i constant. De llavors en\u00e7\u00e0, El Galliner ha esdevingut l\u2019escola de teatre de refer\u00e8ncia a les comarques gironines i una mica m\u00e9s enll\u00e0.<\/p>\n","protected":false},"excerpt":{"rendered":"<p>L\u2019any 1990 en Xavier Ruscalleda i Nadal registra l\u2019associaci\u00f3 ACME  (Associaci\u00f3 per la promoci\u00f3 cultural i teatral).  Aquest mateix any neix l\u2019Escola de teatre El Galliner a Girona.<br \/>\nEn aquella \u00e8poca, l\u2019opci\u00f3 d\u2019estudiar teatre m\u00e9s propera era a l\u2019Institut del Teatre de Barcelona. El&hellip;  <a href=\"https:\/\/agora.xtec.cat\/cfgselgalliner\/el-centre\/historia\/\" title=\"Read Hist\u00f2ria\">Llegeix m\u00e9s\u00bb<\/a><\/p>\n","protected":false},"author":1,"featured_media":0,"parent":261,"menu_order":20,"comment_status":"closed","ping_status":"closed","template":"page-templates\/side-menu.php","meta":{"_bbp_topic_count":0,"_bbp_reply_count":0,"_bbp_total_topic_count":0,"_bbp_total_reply_count":0,"_bbp_voice_count":0,"_bbp_anonymous_reply_count":0,"_bbp_topic_count_hidden":0,"_bbp_reply_count_hidden":0,"_bbp_forum_subforum_count":0,"footnotes":""},"class_list":["post-27","page","type-page","status-publish","hentry"],"post_mailing_queue_ids":[],"_links":{"self":[{"href":"https:\/\/agora.xtec.cat\/cfgselgalliner\/wp-json\/wp\/v2\/pages\/27","targetHints":{"allow":["GET"]}}],"collection":[{"href":"https:\/\/agora.xtec.cat\/cfgselgalliner\/wp-json\/wp\/v2\/pages"}],"about":[{"href":"https:\/\/agora.xtec.cat\/cfgselgalliner\/wp-json\/wp\/v2\/types\/page"}],"author":[{"embeddable":true,"href":"https:\/\/agora.xtec.cat\/cfgselgalliner\/wp-json\/wp\/v2\/users\/1"}],"replies":[{"embeddable":true,"href":"https:\/\/agora.xtec.cat\/cfgselgalliner\/wp-json\/wp\/v2\/comments?post=27"}],"version-history":[{"count":1,"href":"https:\/\/agora.xtec.cat\/cfgselgalliner\/wp-json\/wp\/v2\/pages\/27\/revisions"}],"predecessor-version":[{"id":431,"href":"https:\/\/agora.xtec.cat\/cfgselgalliner\/wp-json\/wp\/v2\/pages\/27\/revisions\/431"}],"up":[{"embeddable":true,"href":"https:\/\/agora.xtec.cat\/cfgselgalliner\/wp-json\/wp\/v2\/pages\/261"}],"wp:attachment":[{"href":"https:\/\/agora.xtec.cat\/cfgselgalliner\/wp-json\/wp\/v2\/media?parent=27"}],"curies":[{"name":"wp","href":"https:\/\/api.w.org\/{rel}","templated":true}]}}