{"id":810,"date":"2017-09-16T19:33:40","date_gmt":"2017-09-16T17:33:40","guid":{"rendered":"http:\/\/agora.xtec.cat\/cfatorrentmelis\/?page_id=810"},"modified":"2019-09-18T17:09:04","modified_gmt":"2019-09-18T15:09:04","slug":"el-fons-social-europeu-fse","status":"publish","type":"page","link":"https:\/\/agora.xtec.cat\/cfatorrentmelis\/el-centre\/el-fons-social-europeu-fse\/","title":{"rendered":"El Fons Social Europeu (FSE)"},"content":{"rendered":"<p><a href=\"http:\/\/agora.xtec.cat\/cfatorrentmelis\/logo-2\/\"><img loading=\"lazy\" decoding=\"async\" class=\"wp-image-649 aligncenter\" src=\"http:\/\/agora.xtec.cat\/cfatorrentmelis\/wp-content\/uploads\/usu90\/2016\/09\/logo-1-e1474279541285.jpg\" alt=\"\" width=\"230\" height=\"53\" \/><\/a><\/p>\n<p>El Fons Social Europeu \u00e9s un dels Fons Estructurals de la Uni\u00f3 Europea que promou inversions en totes les regions de la UE amb la finalitat de promoure la cohesi\u00f3 social i econ\u00f2mica. <a href=\"http:\/\/xtec.gencat.cat\/ca\/curriculum\/educacioadults\/fons-social-europeu\/\" target=\"_blank\" rel=\"noopener noreferrer\">(INFORMACI\u00d3 COMPLETA)<\/a><\/p>\n<p>Documentaci\u00f3 relacionada:<\/p>\n<ul>\n<li><a href=\"https:\/\/drive.google.com\/file\/d\/1CsN194iN5BP1Q6IFPQxfxH8qrRhWcow_\/view?usp=sharing\" target=\"_blank\" rel=\"noopener noreferrer\">Guia-FSE<\/a><\/li>\n<li><a href=\"https:\/\/drive.google.com\/file\/d\/1fP9ZormhJEw10_vWtX9S9ZZB1wk88jJk\/view?usp=sharing\" target=\"_blank\" rel=\"noopener noreferrer\">Full-informatiu-FSE<\/a><\/li>\n<li><a href=\"https:\/\/drive.google.com\/file\/d\/1CsN194iN5BP1Q6IFPQxfxH8qrRhWcow_\/view?usp=sharing\" target=\"_blank\" rel=\"noopener noreferrer\">Fitxa de participant<\/a><\/li>\n<li><a href=\"https:\/\/drive.google.com\/file\/d\/0B7S76SWgtvN3aEpCU191eXJscXM\/view?usp=sharing\" target=\"_blank\" rel=\"noopener noreferrer\">Full tauler d&#8217;anuncis<\/a><\/li>\n<li><a href=\"https:\/\/drive.google.com\/a\/xtec.cat\/file\/d\/0B7S76SWgtvN3eldIVmlzWVM4LWs\/view?usp=sharing\" target=\"_blank\" rel=\"noopener noreferrer\">Logos-FSE<\/a><\/li>\n<\/ul>\n<p>&nbsp;<\/p>\n","protected":false},"excerpt":{"rendered":"<p><a href=\"http:\/\/agora.xtec.cat\/cfatorrentmelis\/logo-2\/\"><\/a><br \/>\nEl Fons Social Europeu \u00e9s un dels Fons Estructurals de la Uni\u00f3 Europea que promou inversions en totes les regions de la UE amb la finalitat de promoure la cohesi\u00f3 social i econ\u00f2mica. <a href=\"http:\/\/xtec.gencat.cat\/ca\/curriculum\/educacioadults\/fons-social-europeu\/\" target=\"_blank\" rel=\"noopener noreferrer\">(INFORMACI\u00d3 COMPLETA)<\/a><br \/>\nDocumentaci\u00f3 relacionada:<\/p>\n<ul>\n<li><a href=\"https:\/\/drive.google.com\/file\/d\/1CsN194iN5BP1Q6IFPQxfxH8qrRhWcow_\/view?usp=sharing\" target=\"_blank\" rel=\"noopener noreferrer\">Guia-FSE<\/a><\/li>\n<li><a&hellip;  <a href=\"https:\/\/agora.xtec.cat\/cfatorrentmelis\/el-centre\/el-fons-social-europeu-fse\/\" title=\"Read El Fons Social Europeu (FSE)\">Llegeix m\u00e9s\u00bb<\/a><br \/>\n","protected":false},"author":1,"featured_media":0,"parent":261,"menu_order":63,"comment_status":"closed","ping_status":"closed","template":"page-templates\/side-menu.php","meta":{"_bbp_topic_count":0,"_bbp_reply_count":0,"_bbp_total_topic_count":0,"_bbp_total_reply_count":0,"_bbp_voice_count":0,"_bbp_anonymous_reply_count":0,"_bbp_topic_count_hidden":0,"_bbp_reply_count_hidden":0,"_bbp_forum_subforum_count":0,"footnotes":""},"class_list":["post-810","page","type-page","status-publish","hentry"],"post_mailing_queue_ids":[],"_links":{"self":[{"href":"https:\/\/agora.xtec.cat\/cfatorrentmelis\/wp-json\/wp\/v2\/pages\/810","targetHints":{"allow":["GET"]}}],"collection":[{"href":"https:\/\/agora.xtec.cat\/cfatorrentmelis\/wp-json\/wp\/v2\/pages"}],"about":[{"href":"https:\/\/agora.xtec.cat\/cfatorrentmelis\/wp-json\/wp\/v2\/types\/page"}],"author":[{"embeddable":true,"href":"https:\/\/agora.xtec.cat\/cfatorrentmelis\/wp-json\/wp\/v2\/users\/1"}],"replies":[{"embeddable":true,"href":"https:\/\/agora.xtec.cat\/cfatorrentmelis\/wp-json\/wp\/v2\/comments?post=810"}],"version-history":[{"count":3,"href":"https:\/\/agora.xtec.cat\/cfatorrentmelis\/wp-json\/wp\/v2\/pages\/810\/revisions"}],"predecessor-version":[{"id":1197,"href":"https:\/\/agora.xtec.cat\/cfatorrentmelis\/wp-json\/wp\/v2\/pages\/810\/revisions\/1197"}],"up":[{"embeddable":true,"href":"https:\/\/agora.xtec.cat\/cfatorrentmelis\/wp-json\/wp\/v2\/pages\/261"}],"wp:attachment":[{"href":"https:\/\/agora.xtec.cat\/cfatorrentmelis\/wp-json\/wp\/v2\/media?parent=810"}],"curies":[{"name":"wp","href":"https:\/\/api.w.org\/{rel}","templated":true}]}}