{"id":67,"date":"2014-09-18T10:14:18","date_gmt":"2014-09-18T09:14:18","guid":{"rendered":"http:\/\/agora.xtec.cat\/cfasegria\/?page_id=67"},"modified":"2018-05-04T18:58:14","modified_gmt":"2018-05-04T16:58:14","slug":"acollida","status":"publish","type":"page","link":"https:\/\/agora.xtec.cat\/cfasegria\/serveis\/acollida\/","title":{"rendered":"informacions diverses d&#8217;inter\u00e8s"},"content":{"rendered":"<p><a href=\"http:\/\/web.gencat.cat\/ca\/tramits\/tramits-temes\/Beques-de-caracter-general-per-a-estudis-postobligatoris?category=7449fd1c-a82c-11e3-a972-000c29052e2c\" target=\"_blank\" rel=\"noopener noreferrer\">Beques<\/a><\/p>\n<p><a href=\"http:\/\/ensenyament.gencat.cat\/ca\/serveis-tramits\/proves\/\" target=\"_blank\" rel=\"noopener noreferrer\">Proves d&#8217;acc\u00e8s del Dep. d&#8217;educaci\u00f3<\/a><\/p>\n<p><a href=\"http:\/\/www.xtec.cat\/alfresco\/d\/d\/workspace\/SpacesStore\/a85381f7-9291-43b1-93c7-ae79f205da2c\/Decret_d_ordenacio_educacio_secundaria_obligatoria_adults.pdf\" target=\"_blank\" rel=\"noopener noreferrer\">Curr\u00edculum GES Presencial<\/a><\/p>\n<p><a href=\"https:\/\/sites.google.com\/a\/xtec.cat\/competic-fpa\/\" target=\"_blank\" rel=\"noopener noreferrer\">Projectes TIC 14-15<\/a><\/p>\n<p><a href=\"http:\/\/acreditat.gencat.cat\/ca\/\" target=\"_blank\" rel=\"noopener noreferrer\">Acreditat\u00a0<\/a> : Certificaci\u00f3 del reconeixement d&#8217;estudis amb l&#8217;experi\u00e8ncia laboral<\/p>\n<p><a href=\"http:\/\/ensenyament.gencat.cat\/web\/.content\/home\/serveis-tramits\/proves\/proves-acces\/_compartits\/opcions-materies-GS-FP.pdf\" target=\"_blank\" rel=\"noopener noreferrer\">Opcions\u00a0 de les mat\u00e8ries espec\u00edfiques de les proves acc\u00e8s a grau superior<\/a><\/p>\n<p>Activitats CFA Segri\u00e0<\/p>\n<p><a href=\"http:\/\/agora.xtec.cat\/cfasegria\/wp-content\/uploads\/usu745\/2014\/09\/visita-modernisme-Lleida.pdf\">visita modernisme Lleida<\/a><\/p>\n<p><a href=\"http:\/\/agora.xtec.cat\/cfasegria\/wp-content\/uploads\/usu745\/2014\/09\/GUIA-EDIMBURG-PORTADA.pdf\">VIATGE EDIMBURG<\/a><\/p>\n","protected":false},"excerpt":{"rendered":"<p><a href=\"http:\/\/web.gencat.cat\/ca\/tramits\/tramits-temes\/Beques-de-caracter-general-per-a-estudis-postobligatoris?category=7449fd1c-a82c-11e3-a972-000c29052e2c\" target=\"_blank\" rel=\"noopener noreferrer\">Beques<\/a><br \/>\n<a href=\"http:\/\/ensenyament.gencat.cat\/ca\/serveis-tramits\/proves\/\" target=\"_blank\" rel=\"noopener noreferrer\">Proves d&#8217;acc\u00e8s del Dep. d&#8217;educaci\u00f3<\/a><br \/>\n<a href=\"http:\/\/www.xtec.cat\/alfresco\/d\/d\/workspace\/SpacesStore\/a85381f7-9291-43b1-93c7-ae79f205da2c\/Decret_d_ordenacio_educacio_secundaria_obligatoria_adults.pdf\" target=\"_blank\" rel=\"noopener noreferrer\">Curr\u00edculum GES Presencial<\/a><br \/>\n<a href=\"https:\/\/sites.google.com\/a\/xtec.cat\/competic-fpa\/\" target=\"_blank\" rel=\"noopener noreferrer\">Projectes TIC 14-15<\/a><br \/>\n<a href=\"http:\/\/acreditat.gencat.cat\/ca\/\" target=\"_blank\" rel=\"noopener noreferrer\">Acreditat\u00a0<\/a> : Certificaci\u00f3 del reconeixement d&#8217;estudis amb l&#8217;experi\u00e8ncia laboral<br \/>\n<a href=\"http:\/\/ensenyament.gencat.cat\/web\/.content\/home\/serveis-tramits\/proves\/proves-acces\/_compartits\/opcions-materies-GS-FP.pdf\" target=\"_blank\" rel=\"noopener noreferrer\">Opcions\u00a0 de les mat\u00e8ries espec\u00edfiques&hellip;  <a href=\"https:\/\/agora.xtec.cat\/cfasegria\/serveis\/acollida\/\" title=\"Read informacions diverses d&#8217;inter\u00e8s\">Llegeix m\u00e9s\u00bb<\/a><\/p>\n","protected":false},"author":1,"featured_media":0,"parent":63,"menu_order":20,"comment_status":"closed","ping_status":"closed","template":"page-templates\/side-menu.php","meta":{"_bbp_topic_count":0,"_bbp_reply_count":0,"_bbp_total_topic_count":0,"_bbp_total_reply_count":0,"_bbp_voice_count":0,"_bbp_anonymous_reply_count":0,"_bbp_topic_count_hidden":0,"_bbp_reply_count_hidden":0,"_bbp_forum_subforum_count":0,"footnotes":""},"class_list":["post-67","page","type-page","status-publish","hentry"],"post_mailing_queue_ids":[],"_links":{"self":[{"href":"https:\/\/agora.xtec.cat\/cfasegria\/wp-json\/wp\/v2\/pages\/67","targetHints":{"allow":["GET"]}}],"collection":[{"href":"https:\/\/agora.xtec.cat\/cfasegria\/wp-json\/wp\/v2\/pages"}],"about":[{"href":"https:\/\/agora.xtec.cat\/cfasegria\/wp-json\/wp\/v2\/types\/page"}],"author":[{"embeddable":true,"href":"https:\/\/agora.xtec.cat\/cfasegria\/wp-json\/wp\/v2\/users\/1"}],"replies":[{"embeddable":true,"href":"https:\/\/agora.xtec.cat\/cfasegria\/wp-json\/wp\/v2\/comments?post=67"}],"version-history":[{"count":4,"href":"https:\/\/agora.xtec.cat\/cfasegria\/wp-json\/wp\/v2\/pages\/67\/revisions"}],"predecessor-version":[{"id":597,"href":"https:\/\/agora.xtec.cat\/cfasegria\/wp-json\/wp\/v2\/pages\/67\/revisions\/597"}],"up":[{"embeddable":true,"href":"https:\/\/agora.xtec.cat\/cfasegria\/wp-json\/wp\/v2\/pages\/63"}],"wp:attachment":[{"href":"https:\/\/agora.xtec.cat\/cfasegria\/wp-json\/wp\/v2\/media?parent=67"}],"curies":[{"name":"wp","href":"https:\/\/api.w.org\/{rel}","templated":true}]}}