{"id":469,"date":"2025-06-24T21:42:32","date_gmt":"2025-06-24T19:42:32","guid":{"rendered":"http:\/\/agora.xtec.cat\/cfasegria\/?page_id=469"},"modified":"2025-11-18T12:28:22","modified_gmt":"2025-11-18T11:28:22","slug":"preinscripcio-i-matricula","status":"publish","type":"page","link":"https:\/\/agora.xtec.cat\/cfasegria\/el-centre\/preinscripcio-i-matricula\/","title":{"rendered":"Preinscripci\u00f3 i matr\u00edcula"},"content":{"rendered":"<h3 style=\"text-align: center;\"><span style=\"color: #000000;\"><strong> CURS 25\/26\u00a0<\/strong><\/span><\/h3>\n<p><strong>A la formaci\u00f3 de persones adultes ens prenem el proc\u00e9s de preinscripci\u00f3 i matr\u00edcula molt seriosament, per aix\u00f2:<\/strong><\/p>\n<p><strong><span style=\"color: #cc99ff;\">\u21d2<\/span><\/strong><span style=\"color: #cc99ff;\"><span style=\"color: #000000;\">Per accedir a la formaci\u00f3 d&#8217;adults cal participar en el proc\u00e9s d&#8217;informaci\u00f3 i orientaci\u00f3, que pot incloure una <span style=\"text-decoration: underline;\">breu entrevista o una prova de nivell, abans de la preinscripci\u00f3<\/span>. Aquest proc\u00e9s ens serveix per comprovar que la persona t\u00e9 les compet\u00e8ncies i els coneixements necessaris per cursar els ensenyaments que m\u00e9s li convinguin amb \u00e8xit.<\/span><\/span><\/p>\n<h3 style=\"text-align: center;\">LA MATR\u00cdCULA DURANT EL CURS<\/h3>\n<p><span style=\"color: #000000;\"><strong><span style=\"color: #ff0000;\">QUAN?<\/span> Segons places disponibles durant tot el curs.<\/strong><\/span><\/p>\n<p><span style=\"color: #000000;\"><strong><span style=\"color: #ff0000;\">COM?<\/span> PRESENCIALMENT AMB CITA PR\u00c8VIA, TRUCANT AL TEL\u00c8FON 973205147\u00a0<\/strong><\/span><\/p>\n<p><span style=\"color: #000000;\"><strong><span style=\"color: #ff0000;\">DOCUMENTACI\u00d3 NECESS\u00c0RIA ( A TOTS ELS ENSENYAMENTS):\u00a0<\/span><\/strong><\/span><\/p>\n<ul>\n<li><span style=\"color: #000000;\"><strong><span style=\"color: #ff0000;\"><span style=\"color: #000000;\">DNI, NIE o passaport. Original i fotoc\u00f2pia per les dues cares.<\/span><\/span><\/strong><\/span><\/li>\n<li>COMPETIC 3: Certificat Competic 2\/Actic mitj\u00e0<\/li>\n<li>SECUND\u00c0RIA: certificat d&#8217;estudis (Graduat Escolar, Expedient acad\u00e8mic de l&#8217;ESO&#8230;)<\/li>\n<li>Menors d&#8217;edat: <a href=\"http:\/\/agora.xtec.cat\/cfasegria\/el-centre\/preinscripcio-i-matricula\/acces-de-menors-dedat-a-la-formacio-de-persones-adultes\/\">consulteu la documentaci\u00f3 aqu\u00ed.<\/a><\/li>\n<\/ul>\n<div>\n<p><strong style=\"font-size: 1.125em;\"><br \/>\nESTUDIS AMB MATR\u00cdCULA TRIMESTRAL:<\/strong><\/p>\n<\/div>\n<div class=\"col content-col\">\n<div class=\"bloc-mobil\">\n<div class=\"descripcio\">\n<ul>\n<li><strong>GRADUAT EN EDUCACI\u00d3 SECUND\u00c0RIA:<\/strong>\n<ul>\n<li>\u00a0Durant el curs us podeu incorporar, matriculant-vos <strong>a finals de desembre<\/strong> per comen\u00e7ar al segon trimestre, o <strong>a mitjans de mar\u00e7<\/strong> per comen\u00e7ar al tercer trimestre. Matr\u00edcula\u00a0 amb cita pr\u00e8via\u00a0 al tel\u00e8fon 973 205147.<\/li>\n<li>Podeu estudiar a dist\u00e0ncia a trav\u00e9s de l&#8217;Institut Obert de Catalunya. Nosaltres us ajudem en el proc\u00e9s de matr\u00edcula i tria de mat\u00e8ries. Consulteu calendari al final d&#8217;aquesta p\u00e0gina. <strong>\u21d3<\/strong><\/li>\n<\/ul>\n<\/li>\n<\/ul>\n<ul>\n<li><strong>COMPETIC 3 &#8211; equivalent amb ACTIC avan\u00e7at<\/strong> (presencial o semi-presencial)\n<ul>\n<li style=\"list-style-type: none;\">\n<ul>\n<li>1r TRIMESTRE &#8211; COMPET\u00c8NCIA C4: Tractament de la informaci\u00f3 escrita.<\/li>\n<li>2n TRIMESTRE &#8211; COMPET\u00c8NCIA C8: Presentaci\u00f3 de continguts.<\/li>\n<li>3r TRIMESTRE -COMPET\u00c8NCIA C6: Tractament de la informaci\u00f3 num\u00e8rica.<\/li>\n<\/ul>\n<\/li>\n<li>Cita pr\u00e8via al 973 205147, consulteu la documentaci\u00f3 en aquesta p\u00e0gina.<\/li>\n<\/ul>\n<\/li>\n<\/ul>\n<\/div>\n<\/div>\n<h2 style=\"text-align: center;\"><strong>GES A DIST\u00c0NCIA <\/strong><\/h2>\n<h2><strong><img loading=\"lazy\" decoding=\"async\" class=\"wp-image-1239 aligncenter\" src=\"https:\/\/agora.xtec.cat\/cfasegria\/wp-content\/uploads\/usu745\/2022\/01\/IOC_centre_col-1024x464-1-300x136.jpg\" alt=\"\" width=\"139\" height=\"63\" srcset=\"https:\/\/agora.xtec.cat\/cfasegria\/wp-content\/uploads\/usu745\/2022\/01\/IOC_centre_col-1024x464-1-300x136.jpg 300w, https:\/\/agora.xtec.cat\/cfasegria\/wp-content\/uploads\/usu745\/2022\/01\/IOC_centre_col-1024x464-1-768x348.jpg 768w, https:\/\/agora.xtec.cat\/cfasegria\/wp-content\/uploads\/usu745\/2022\/01\/IOC_centre_col-1024x464-1.jpg 1024w\" sizes=\"auto, (max-width: 139px) 100vw, 139px\" \/><\/strong><\/h2>\n<\/div>\n<h3 style=\"text-align: center;\"><strong><span style=\"color: #00ccff;\">DATES DEL CURS IOC &#8211; GES a dist\u00e0ncia<\/span><\/strong><\/h3>\n<div>\n<h3 style=\"text-align: center;\"><span style=\"font-size: 16px; font-weight: 400;\">Truqueu al 973205147 per demanar cita per a la matr\u00edcula, sobretot si sou alumnat nou:<\/span><\/h3>\n<\/div>\n<div>\n<div class=\"study-dates\">\n<div class=\"study-block\">\n<div class=\"study-date\"><a href=\"https:\/\/agora.xtec.cat\/cfasegria\/wp-content\/uploads\/usu745\/2025\/11\/Captura-de-pantalla-2025-11-18-122359.jpg\"><img loading=\"lazy\" decoding=\"async\" class=\"aligncenter  wp-image-1661\" src=\"https:\/\/agora.xtec.cat\/cfasegria\/wp-content\/uploads\/usu745\/2025\/11\/Captura-de-pantalla-2025-11-18-122359-300x238.jpg\" alt=\"\" width=\"732\" height=\"581\" srcset=\"https:\/\/agora.xtec.cat\/cfasegria\/wp-content\/uploads\/usu745\/2025\/11\/Captura-de-pantalla-2025-11-18-122359-300x238.jpg 300w, https:\/\/agora.xtec.cat\/cfasegria\/wp-content\/uploads\/usu745\/2025\/11\/Captura-de-pantalla-2025-11-18-122359.jpg 589w\" sizes=\"auto, (max-width: 732px) 100vw, 732px\" \/><\/a><\/div>\n<\/div>\n<\/div>\n<\/div>\n","protected":false},"excerpt":{"rendered":"<p> CURS 25\/26\u00a0<br \/>\nA la formaci\u00f3 de persones adultes ens prenem el proc\u00e9s de preinscripci\u00f3 i matr\u00edcula molt seriosament, per aix\u00f2:<br \/>\n\u21d2Per accedir a la formaci\u00f3 d&#8217;adults cal participar en el proc\u00e9s d&#8217;informaci\u00f3 i orientaci\u00f3, que pot incloure una breu entrevista o una prova de nivell, abans&hellip;  <a href=\"https:\/\/agora.xtec.cat\/cfasegria\/el-centre\/preinscripcio-i-matricula\/\" title=\"Read Preinscripci\u00f3 i matr\u00edcula\">Llegeix m\u00e9s\u00bb<\/a><\/p>\n","protected":false},"author":1,"featured_media":0,"parent":261,"menu_order":45,"comment_status":"closed","ping_status":"closed","template":"page-templates\/side-menu.php","meta":{"_bbp_topic_count":0,"_bbp_reply_count":0,"_bbp_total_topic_count":0,"_bbp_total_reply_count":0,"_bbp_voice_count":0,"_bbp_anonymous_reply_count":0,"_bbp_topic_count_hidden":0,"_bbp_reply_count_hidden":0,"_bbp_forum_subforum_count":0,"footnotes":""},"class_list":["post-469","page","type-page","status-publish","hentry"],"post_mailing_queue_ids":[],"_links":{"self":[{"href":"https:\/\/agora.xtec.cat\/cfasegria\/wp-json\/wp\/v2\/pages\/469","targetHints":{"allow":["GET"]}}],"collection":[{"href":"https:\/\/agora.xtec.cat\/cfasegria\/wp-json\/wp\/v2\/pages"}],"about":[{"href":"https:\/\/agora.xtec.cat\/cfasegria\/wp-json\/wp\/v2\/types\/page"}],"author":[{"embeddable":true,"href":"https:\/\/agora.xtec.cat\/cfasegria\/wp-json\/wp\/v2\/users\/1"}],"replies":[{"embeddable":true,"href":"https:\/\/agora.xtec.cat\/cfasegria\/wp-json\/wp\/v2\/comments?post=469"}],"version-history":[{"count":6,"href":"https:\/\/agora.xtec.cat\/cfasegria\/wp-json\/wp\/v2\/pages\/469\/revisions"}],"predecessor-version":[{"id":1662,"href":"https:\/\/agora.xtec.cat\/cfasegria\/wp-json\/wp\/v2\/pages\/469\/revisions\/1662"}],"up":[{"embeddable":true,"href":"https:\/\/agora.xtec.cat\/cfasegria\/wp-json\/wp\/v2\/pages\/261"}],"wp:attachment":[{"href":"https:\/\/agora.xtec.cat\/cfasegria\/wp-json\/wp\/v2\/media?parent=469"}],"curies":[{"name":"wp","href":"https:\/\/api.w.org\/{rel}","templated":true}]}}