{"id":320,"date":"2017-11-15T11:35:13","date_gmt":"2017-11-15T10:35:13","guid":{"rendered":"http:\/\/agora.xtec.cat\/cfasegria\/?page_id=320"},"modified":"2020-05-26T23:01:43","modified_gmt":"2020-05-26T21:01:43","slug":"a-cicles-formatius-de-grau-superior","status":"publish","type":"page","link":"https:\/\/agora.xtec.cat\/cfasegria\/el-centre\/ensenyaments\/ensenyaments-per-a-la-preparacio-de-proves-dacces\/a-cicles-formatius-de-grau-superior\/","title":{"rendered":"A cicles formatius de grau superior"},"content":{"rendered":"<h4 style=\"text-align: center;\">CURS DE PREPARACI\u00d3 A LES PROVES D&#8217;ACC\u00c9S A CICLES FORMATIUS DE GRAU SUPERIOR<\/h4>\n<p style=\"text-align: justify;\"><img loading=\"lazy\" decoding=\"async\" class=\"alignleft\" src=\"https:\/\/live.staticflickr.com\/4546\/27124867289_3e1e801693_b.jpg\" alt=\"Paper People on Whiteboard | Paper people on whiteboard, pap\u2026 | Flickr\" width=\"341\" height=\"241\" \/>Aquests estudis preparen per presentar-se a les proves d&#8217;acc\u00e9s als cicles de grau superior de formaci\u00f3 professional, d&#8217;arts pl\u00e0stiques i disseny, i d&#8217;ensenyaments esportius. L&#8217;alumnat pot preparar la part comuna de la prova, la part espec\u00edfica, o totes dues.<\/p>\n<p style=\"text-align: justify;\">El nostre curs comen\u00e7a al setembre i acaba la vig\u00edlia del dia d&#8217;inici de les proves, que acostuma a ser la segona setmana de maig (unes 30 setmanes). Aquest curs comptem amb dos torns, un de mat\u00ed i un altre de tarda, tots dos de dilluns a divendres.<\/p>\n<p>Es tracta d&#8217;uns <strong>estudis presencials<\/strong>, per la qual cosa es requereix un <strong>80% m\u00ednim d&#8217;assist\u00e8ncia<\/strong> a les classes per tal de ser avaluable a la fi dels estudis, i optar a la certificaci\u00f3 positiva que pugui sumar a la nota de la prova.<\/p>\n<h5>Continguts<\/h5>\n<p><strong>Mat\u00e8ries de la part comuna. (Les oferim totes al CFA Segri\u00e0 de manera presencial):<\/strong><\/p>\n<ul>\n<li>Llengua catalana i castellana<\/li>\n<li>Llengua estrangera &#8211; angl\u00e8s<\/li>\n<li>Matem\u00e0tiques o Hist\u00f2ria (mat\u00e8ria comuna nom\u00e9s per a les persones que vulguin accedir als ensenyaments art\u00edstics)<\/li>\n<\/ul>\n<p><strong>Mat\u00e8ries de la part espec\u00edfica<\/strong><\/p>\n<p>Segons la fam\u00edlia professional o cicle al qual l&#8217;alumne vol accedir, cal escollir <strong>dues mat\u00e8ries<\/strong> de les opcions A, B, C o D. <a href=\"http:\/\/ensenyament.gencat.cat\/web\/.content\/home\/serveis-tramits\/proves\/proves-acces\/_compartits\/opcions-materies-GS-FP.pdf\">Veure llista de mat\u00e8ries espec\u00edfiques segons la fam\u00edlia professional a qu\u00e8 es vulgui accedir.<\/a><\/p>\n<p>Al nostre centre preparem Biologia, Qu\u00edmica i Geografia de manera presencial.<\/p>\n<p>La resta de mat\u00e8ries espec\u00edfiques es poden preparar amb l&#8217;ajuda de l&#8217;Institut Obert de Catalunya amb seguiment i avaluaci\u00f3 online. Les notes obtingudes a l&#8217;IOC s&#8217;incorporen als resultats de les mat\u00e8ries avaluades al centre.<\/p>\n<p>El <a href=\"http:\/\/dogc.gencat.cat\/ca\/pdogc_canals_interns\/pdogc_resultats_fitxa\/index.html?action=fitxa&amp;mode=single&amp;documentId=567520&amp;language=es_ES&amp;newLang=ca_ES\">temari i els criteris d&#8217;avaluaci\u00f3 de cadascuna de les mat\u00e8ries<\/a> s\u00f3n els que consten a l&#8217;annex 1 de la Resoluci\u00f3<br \/>\nEDU\/3983\/2010, de 9 de desembre.<\/p>\n<h5>Acc\u00e9s<\/h5>\n<p>Amb car\u00e0cter general, per accedir a l&#8217;educaci\u00f3 d&#8217;adults cal tenir m\u00e9s de 18 anys, o b\u00e9 complir-los durant l&#8217;any natural en qu\u00e8 s&#8217;inicia la formaci\u00f3.<br \/>\nCal tenir en compte que <strong>per realitzar les proves d&#8217;acc\u00e9s als cicles formatius de grau superior s\u2019han de tenir m\u00e9s de 19 anys o <\/strong><strong>complir-los l&#8217;any natural en qu\u00e8 es realitza la prova.<\/strong><\/p>\n<h5>Preinscripci\u00f3 i matr\u00edcula: <a href=\"https:\/\/agora.xtec.cat\/cfasegria\/el-centre\/preinscripcio-i-matricula\/\">https:\/\/agora.xtec.cat\/cfasegria\/el-centre\/preinscripcio-i-matricula\/<\/a><\/h5>\n<p>Cal formalitzar la preinscripci\u00f3 i la matr\u00edcula d\u2019acord amb els criteris i calendaris fixats pel Departament d\u2019Educaci\u00f3.<br \/>\nAquest estudi \u00e9s gratu\u00eft en les centres dependents del Departament d\u2019Educaci\u00f3, sens perjudici que el centre demani una \u00fanica aportaci\u00f3 de l\u2019alumnat que dona dret als materials proporcionats pel professorat (fotoc\u00f2pies, dossiers,\u2026), l\u2019asseguran\u00e7a escolar obligat\u00f2ria si \u00e9s el cas, i a la participaci\u00f3 en les activitats organitzades pel centre durant el curs (festes de Nadal, fi de curs, visites, sortides, xerrades\u2026) Aquesta aportaci\u00f3 \u00e9s aprovada pel Consell Escolar cada curs.<\/p>\n<p>Durant el proc\u00e9s de preinscripci\u00f3 i\/o matr\u00edcula, es realitza tamb\u00e9 una entrevista personal d\u2019orientaci\u00f3.<\/p>\n<h5>Continu\u00eftat<\/h5>\n<p>La qualificaci\u00f3 mitjana que s&#8217;obt\u00e9 en aquesta formaci\u00f3, sempre que sigui positiva (&lt;5)\u00a0 es multiplica pel coeficient 0,20 i se suma a la nota de la prova d&#8217;acc\u00e9s.<\/p>\n<p>La nostra certificaci\u00f3 t\u00e9 validesa permanent i a tot l&#8217;estat espanyol.<\/p>\n<h5>Normativa<\/h5>\n<p>Resoluci\u00f3 EDU\/3983\/2010, de 9 de desembre, per la qual s&#8217;estableixen els temaris i els criteris d&#8217;avaluaci\u00f3 de les<br \/>\nproves d&#8217;acc\u00e9s als cicles formatius de formaci\u00f3 professional inicial, als cicles formatius d&#8217;ensenyaments<br \/>\nd&#8217;arts pl\u00e0stiques i disseny, i als cicles d&#8217;ensenyaments esportius (DOGC n\u00fam. 5778, de 20.10.2012)<\/p>\n<p>Informaci\u00f3 del Departament d&#8217;Educaci\u00f3 sobre <a href=\"http:\/\/ensenyament.gencat.cat\/ca\/serveis-tramits\/proves\/proves-acces\/gs-fp\/\">les proves d&#8217;acc\u00e9s a cicles formatius de grau superior<\/a>.<\/p>\n<p>Informaci\u00f3 sobre <a href=\"http:\/\/queestudiar.gencat.cat\/ca\/estudis\/fp\/\">els Cicles Formatius de Grau superior a Catalunya.<\/a><\/p>\n<p>&nbsp;<\/p>\n","protected":false},"excerpt":{"rendered":"<p>CURS DE PREPARACI\u00d3 A LES PROVES D&#8217;ACC\u00c9S A CICLES FORMATIUS DE GRAU SUPERIOR<br \/>\nAquests estudis preparen per presentar-se a les proves d&#8217;acc\u00e9s als cicles de grau superior de formaci\u00f3 professional, d&#8217;arts pl\u00e0stiques i disseny, i d&#8217;ensenyaments esportius. L&#8217;alumnat pot preparar la part comuna de la prova,&hellip;  <a href=\"https:\/\/agora.xtec.cat\/cfasegria\/el-centre\/ensenyaments\/ensenyaments-per-a-la-preparacio-de-proves-dacces\/a-cicles-formatius-de-grau-superior\/\" title=\"Read A cicles formatius de grau superior\">Llegeix m\u00e9s\u00bb<\/a><\/p>\n","protected":false},"author":1,"featured_media":0,"parent":288,"menu_order":0,"comment_status":"closed","ping_status":"closed","template":"page-templates\/side-menu.php","meta":{"_bbp_topic_count":0,"_bbp_reply_count":0,"_bbp_total_topic_count":0,"_bbp_total_reply_count":0,"_bbp_voice_count":0,"_bbp_anonymous_reply_count":0,"_bbp_topic_count_hidden":0,"_bbp_reply_count_hidden":0,"_bbp_forum_subforum_count":0,"footnotes":""},"class_list":["post-320","page","type-page","status-publish","hentry"],"post_mailing_queue_ids":[],"_links":{"self":[{"href":"https:\/\/agora.xtec.cat\/cfasegria\/wp-json\/wp\/v2\/pages\/320","targetHints":{"allow":["GET"]}}],"collection":[{"href":"https:\/\/agora.xtec.cat\/cfasegria\/wp-json\/wp\/v2\/pages"}],"about":[{"href":"https:\/\/agora.xtec.cat\/cfasegria\/wp-json\/wp\/v2\/types\/page"}],"author":[{"embeddable":true,"href":"https:\/\/agora.xtec.cat\/cfasegria\/wp-json\/wp\/v2\/users\/1"}],"replies":[{"embeddable":true,"href":"https:\/\/agora.xtec.cat\/cfasegria\/wp-json\/wp\/v2\/comments?post=320"}],"version-history":[{"count":4,"href":"https:\/\/agora.xtec.cat\/cfasegria\/wp-json\/wp\/v2\/pages\/320\/revisions"}],"predecessor-version":[{"id":921,"href":"https:\/\/agora.xtec.cat\/cfasegria\/wp-json\/wp\/v2\/pages\/320\/revisions\/921"}],"up":[{"embeddable":true,"href":"https:\/\/agora.xtec.cat\/cfasegria\/wp-json\/wp\/v2\/pages\/288"}],"wp:attachment":[{"href":"https:\/\/agora.xtec.cat\/cfasegria\/wp-json\/wp\/v2\/media?parent=320"}],"curies":[{"name":"wp","href":"https:\/\/api.w.org\/{rel}","templated":true}]}}