{"id":318,"date":"2017-11-15T11:34:47","date_gmt":"2017-11-15T10:34:47","guid":{"rendered":"http:\/\/agora.xtec.cat\/cfasegria\/?page_id=318"},"modified":"2020-05-26T23:49:40","modified_gmt":"2020-05-26T21:49:40","slug":"a-cicles-formatius-de-grau-mitja","status":"publish","type":"page","link":"https:\/\/agora.xtec.cat\/cfasegria\/el-centre\/ensenyaments\/ensenyaments-per-a-la-preparacio-de-proves-dacces\/a-cicles-formatius-de-grau-mitja\/","title":{"rendered":"A cicles formatius de grau mitj\u00e0"},"content":{"rendered":"<h4 style=\"text-align: center;\">CURS DE PREPARACI\u00d3 A LES PROVES D&#8217;ACC\u00c9S A CICLES FORMATIUS DE GRAU MITJ\u00c0<\/h4>\n<p style=\"text-align: justify;\"><img loading=\"lazy\" decoding=\"async\" class=\"alignleft\" src=\"https:\/\/storage.needpix.com\/rsynced_images\/people-3245739_1280.png\" alt=\"People,human,group,person,symbol - free image from needpix.com\" width=\"213\" height=\"209\" \/>Aquests estudis preparen per presentar-se a les proves d&#8217;acc\u00e9s als cicles de grau mitj\u00e0 de formaci\u00f3 professional, d&#8217;arts pl\u00e0stiques i disseny, i d&#8217;ensenyaments esportius.<\/p>\n<p style=\"text-align: justify;\">El nostre curs comen\u00e7a al setembre i acaba la vig\u00edlia del dia de la prova, que acostuma a ser a inicis de maig (unes 30 setmanes). Aquest curs comptem amb un torn. Les classes s\u00f3n al mat\u00ed, de dilluns a divendres.<\/p>\n<p>Es tracta d&#8217;uns <strong>estudis presencials<\/strong>, per la qual cosa es requereix un 80% m\u00ednim d&#8217;assist\u00e8ncia a les classes per tal de ser avaluable a la fi dels estudis, i optar a la certificaci\u00f3 positiva que pugui sumar a la nota de la prova.<\/p>\n<h5><\/h5>\n<h5>Continguts<\/h5>\n<p>\u2022 compet\u00e8ncia en llengua catalana i castellana<br \/>\n\u2022 compet\u00e8ncia en llengua estrangera &#8211; angl\u00e8s<br \/>\n\u2022 compet\u00e8ncia social i ciutadana<br \/>\n\u2022 compet\u00e8ncia matem\u00e0tica<br \/>\n\u2022 compet\u00e8ncia d&#8217;interacci\u00f3 amb el m\u00f3n f\u00edsic<br \/>\n\u2022 compet\u00e8ncia en tecnologies<\/p>\n<p>Aquestes dues darreres compet\u00e8ncies poden ser exemptes si es compta amb un m\u00ednim d&#8217;un any de vida laboral en qualsevol \u00e0mbit professional en jornada completa.<\/p>\n<p>El temari i els criteris d&#8217;avaluaci\u00f3 de cadascuna de les mat\u00e8ries s\u00f3n els que consten a l&#8217;annex 1 de la Resoluci\u00f3<br \/>\nEDU\/3983\/2010, de 9 de desembre.<\/p>\n<h5>Acc\u00e9s<\/h5>\n<p>Amb car\u00e0cter general, per accedir a l&#8217;educaci\u00f3 d&#8217;adults cal tenir m\u00e9s de 18 anys, o b\u00e9 complir-los durant l&#8217;any natural en qu\u00e8 s&#8217;inicia la formaci\u00f3, per\u00f2 excepcionalment poden accedir-hi les persones majors de 16 anys o que els<br \/>\ncompleixin durant l&#8217;any natural en qu\u00e8 inicien la formaci\u00f3.<br \/>\nCal tenir en compte que <strong>per realitzar les proves d&#8217;acc\u00e9s als cicles formatius de grau mitj\u00e0 s\u2019han de tenir 17 anys o <\/strong><strong>complir-los l&#8217;any natural en qu\u00e8 es realitza la prova.<\/strong><\/p>\n<h5>Preinscripci\u00f3 i matr\u00edcula: <a href=\"https:\/\/agora.xtec.cat\/cfasegria\/el-centre\/preinscripcio-i-matricula\/\">https:\/\/agora.xtec.cat\/cfasegria\/el-centre\/preinscripcio-i-matricula\/<\/a><\/h5>\n<p>Cal formalitzar la preinscripci\u00f3 i la matr\u00edcula d\u2019acord amb els criteris i calendaris fixats pel Departament d\u2019Educaci\u00f3.<br \/>\nAquest estudi \u00e9s gratu\u00eft en les centres dependents del Departament d\u2019Educaci\u00f3, sens perjudici que el centre demani una \u00fanica aportaci\u00f3 de l\u2019alumnat que dona dret als materials proporcionats pel professorat (fotoc\u00f2pies, dossiers,\u2026), l\u2019asseguran\u00e7a escolar obligat\u00f2ria si \u00e9s el cas, i a la participaci\u00f3 en les activitats organitzades pel centre durant el curs (festes de Nadal, fi de curs, visites, sortides, xerrades\u2026) Aquesta aportaci\u00f3 \u00e9s aprovada pel Consell Escolar cada curs.<\/p>\n<p>Durant el proc\u00e9s de preinscripci\u00f3 i\/o matr\u00edcula, es realitza tamb\u00e9 una entrevista personal d\u2019orientaci\u00f3.<\/p>\n<h5>Continu\u00eftat<\/h5>\n<p>La qualificaci\u00f3 que s&#8217;obt\u00e9 en aquesta formaci\u00f3, sempre que sigui positiva (&gt;5)\u00a0 es multiplica pel coeficient 0,20 i se suma a la nota de la prova d&#8217;acc\u00e9s.<\/p>\n<p>La nostra certificaci\u00f3 t\u00e9 validesa permanent i a tot l&#8217;estat espanyol.<\/p>\n<h5>Normativa<\/h5>\n<p>Resoluci\u00f3 EDU\/3983\/2010, de 9 de desembre, per la qual s&#8217;estableixen els temaris i els criteris d&#8217;avaluaci\u00f3 de les<br \/>\nproves d&#8217;acc\u00e9s als cicles formatius de formaci\u00f3 professional inicial, als cicles formatius d&#8217;ensenyaments<br \/>\nd&#8217;arts pl\u00e0stiques i disseny, i als cicles d&#8217;ensenyaments esportius (DOGC n\u00fam. 5778, de 20.10.2012)<\/p>\n<p>Informaci\u00f3 del Departament d&#8217;Educaci\u00f3 sobre <a href=\"http:\/\/ensenyament.gencat.cat\/ca\/serveis-tramits\/proves\/proves-acces\/gm-fp\/\">les proves d&#8217;acc\u00e9s a cicles formatius de grau mitj\u00e0<\/a>.<\/p>\n<p>Informaci\u00f3 sobre <a href=\"http:\/\/queestudiar.gencat.cat\/ca\/estudis\/fp\/\">els Cicles Formatius de Grau Mitj\u00e0 a Catalunya.<\/a><\/p>\n","protected":false},"excerpt":{"rendered":"<p>CURS DE PREPARACI\u00d3 A LES PROVES D&#8217;ACC\u00c9S A CICLES FORMATIUS DE GRAU MITJ\u00c0<br \/>\nAquests estudis preparen per presentar-se a les proves d&#8217;acc\u00e9s als cicles de grau mitj\u00e0 de formaci\u00f3 professional, d&#8217;arts pl\u00e0stiques i disseny, i d&#8217;ensenyaments esportius.<br \/>\nEl nostre curs comen\u00e7a al setembre i acaba la vig\u00edlia&hellip;  <a href=\"https:\/\/agora.xtec.cat\/cfasegria\/el-centre\/ensenyaments\/ensenyaments-per-a-la-preparacio-de-proves-dacces\/a-cicles-formatius-de-grau-mitja\/\" title=\"Read A cicles formatius de grau mitj\u00e0\">Llegeix m\u00e9s\u00bb<\/a><\/p>\n","protected":false},"author":1,"featured_media":0,"parent":288,"menu_order":0,"comment_status":"closed","ping_status":"closed","template":"page-templates\/side-menu.php","meta":{"_bbp_topic_count":0,"_bbp_reply_count":0,"_bbp_total_topic_count":0,"_bbp_total_reply_count":0,"_bbp_voice_count":0,"_bbp_anonymous_reply_count":0,"_bbp_topic_count_hidden":0,"_bbp_reply_count_hidden":0,"_bbp_forum_subforum_count":0,"footnotes":""},"class_list":["post-318","page","type-page","status-publish","hentry"],"post_mailing_queue_ids":[],"_links":{"self":[{"href":"https:\/\/agora.xtec.cat\/cfasegria\/wp-json\/wp\/v2\/pages\/318","targetHints":{"allow":["GET"]}}],"collection":[{"href":"https:\/\/agora.xtec.cat\/cfasegria\/wp-json\/wp\/v2\/pages"}],"about":[{"href":"https:\/\/agora.xtec.cat\/cfasegria\/wp-json\/wp\/v2\/types\/page"}],"author":[{"embeddable":true,"href":"https:\/\/agora.xtec.cat\/cfasegria\/wp-json\/wp\/v2\/users\/1"}],"replies":[{"embeddable":true,"href":"https:\/\/agora.xtec.cat\/cfasegria\/wp-json\/wp\/v2\/comments?post=318"}],"version-history":[{"count":4,"href":"https:\/\/agora.xtec.cat\/cfasegria\/wp-json\/wp\/v2\/pages\/318\/revisions"}],"predecessor-version":[{"id":920,"href":"https:\/\/agora.xtec.cat\/cfasegria\/wp-json\/wp\/v2\/pages\/318\/revisions\/920"}],"up":[{"embeddable":true,"href":"https:\/\/agora.xtec.cat\/cfasegria\/wp-json\/wp\/v2\/pages\/288"}],"wp:attachment":[{"href":"https:\/\/agora.xtec.cat\/cfasegria\/wp-json\/wp\/v2\/media?parent=318"}],"curies":[{"name":"wp","href":"https:\/\/api.w.org\/{rel}","templated":true}]}}