{"id":316,"date":"2015-01-28T11:33:51","date_gmt":"2015-01-28T10:33:51","guid":{"rendered":"http:\/\/agora.xtec.cat\/cfasegria\/?page_id=316"},"modified":"2021-04-20T12:30:12","modified_gmt":"2021-04-20T10:30:12","slug":"competencia-digital-competic","status":"publish","type":"page","link":"https:\/\/agora.xtec.cat\/cfasegria\/el-centre\/ensenyaments\/competencia-digital-competic\/","title":{"rendered":"Compet\u00e8ncia digital COMPETIC"},"content":{"rendered":"<p><strong>Compet\u00e8ncies b\u00e0siques en TIC per a la formaci\u00f3 de persones adultes.<\/strong> Cursos presencials impartits als centres de formaci\u00f3 de persones adultes del Departament d&#8217;Educaci\u00f3 de la Generalitat de Catalunya.<\/p>\n<p>Els ensenyaments d&#8217;inform\u00e0tica tenen com objectiu facilitar l&#8217;adquisici\u00f3 de la compet\u00e8ncia digital, entesa com la combinaci\u00f3 de coneixements, habilitats i actituds en l&#8217;\u00e0mbit de les tecnologies de la informaci\u00f3 i la comunicaci\u00f3 (TIC) per desenvolupar-se en la societat actual.<\/p>\n<p>Es una certificaci\u00f3 acreditativa de la compet\u00e8ncia digital, entesa com la combinaci\u00f3 de coneixements, habilitats i actituds en l\u2019\u00e0mbit de les tecnologies de la informaci\u00f3 i la comunicaci\u00f3 (TIC) que les persones despleguen en situacions reals per assolir objectius determinats amb efic\u00e0cia i efici\u00e8ncia. S&#8217;imparteixen en quatre nivells.<\/p>\n<ul>\n<li><strong>Durada<\/strong>:\n<ul>\n<li>Un curs acad\u00e8mic cada nivell, seguint el calendari escolar de setembre a juny.<\/li>\n<\/ul>\n<\/li>\n<li><strong>Organitzaci\u00f3<\/strong>\n<ul>\n<li>Presencial: tres hores setmanals, excepte a Competic 2 on es fan 4 hores setmanals.<\/li>\n<li>Als nivells de Competic 2 i Competic 3 oferim tamb\u00e9 l&#8217;opci\u00f3 de semipresencialitat, en qu\u00e8 l&#8217;alumne\/a pot combinar l&#8217;assist\u00e8ncia a classe amb el seguiment online a trav\u00e9s de la plataforma Moodle del centre.<\/li>\n<\/ul>\n<\/li>\n<li><strong>Continguts<\/strong><\/li>\n<\/ul>\n<p>Les compet\u00e8ncies que\u00a0s\u2019hi treballen s\u00f3n les seg\u00fcents:<\/p>\n<table>\n<tbody>\n<tr>\n<td>C1: Cultura, participaci\u00f3 i civisme digital.<\/td>\n<\/tr>\n<tr>\n<td>C2: Tecnologia digital, \u00fas de l\u2019ordinador i del sistema operatiu.<\/td>\n<\/tr>\n<tr>\n<td>C3: Navegaci\u00f3 i comunicaci\u00f3 en el m\u00f3n digital.<\/td>\n<\/tr>\n<tr>\n<td>C4: Tractament de la informaci\u00f3 escrita.<\/td>\n<\/tr>\n<tr>\n<td>C5: Tractament de la informaci\u00f3 gr\u00e0fica, sonora i de la imatge en moviment.<\/td>\n<\/tr>\n<tr>\n<td>C6: Tractament de la informaci\u00f3 num\u00e8rica.<\/td>\n<\/tr>\n<tr>\n<td>C7: Tractament de les dades.<\/td>\n<\/tr>\n<tr>\n<td>C8: Presentaci\u00f3 de continguts.<\/td>\n<\/tr>\n<\/tbody>\n<\/table>\n<p>Aquests ensenyaments\u00a0s\u2019estructuren en\u00a0<strong>quatre cursos<\/strong>, als quals\u00a0s\u2019hi treballen les diferents compet\u00e8ncies d\u2019acord amb la distribuci\u00f3 seg\u00fcent:<\/p>\n<table style=\"height: 169px; background-color: #e3dcdc; width: 463px;\" width=\"463\">\n<tbody>\n<tr>\n<td style=\"width: 137px;\"><\/td>\n<td style=\"width: 38px;\"><strong>C1<\/strong><\/td>\n<td style=\"width: 38px;\"><strong>C2<\/strong><\/td>\n<td style=\"width: 38px;\"><strong>C3<\/strong><\/td>\n<td style=\"width: 38px;\"><strong>C4<\/strong><\/td>\n<td style=\"width: 38px;\"><strong>C5<\/strong><\/td>\n<td style=\"width: 38px;\"><strong>C6<\/strong><\/td>\n<td style=\"width: 38px;\"><strong>C7<\/strong><\/td>\n<td style=\"width: 38px;\"><strong>C8<\/strong><\/td>\n<\/tr>\n<tr>\n<td style=\"width: 137px;\"><strong>COMPETIC Inicial<\/strong><\/td>\n<td style=\"width: 38px;\"><\/td>\n<td style=\"width: 38px;\"><strong>\u00a0X<\/strong><\/td>\n<td style=\"width: 38px;\"><strong>\u00a0X<\/strong><\/td>\n<td style=\"width: 38px;\"><strong>X\u00a0<\/strong><\/td>\n<td style=\"width: 38px;\"><strong>\u00a0<\/strong><\/td>\n<td style=\"width: 38px;\"><strong>\u00a0<\/strong><\/td>\n<td style=\"width: 38px;\"><strong>\u00a0<\/strong><\/td>\n<td style=\"width: 38px;\"><strong>\u00a0<\/strong><\/td>\n<\/tr>\n<tr>\n<td style=\"width: 137px;\"><strong>COMPETIC 1<\/strong><\/td>\n<td style=\"width: 38px;\"><b>X<\/b><\/td>\n<td style=\"width: 38px;\"><strong>\u00a0<\/strong><\/td>\n<td style=\"width: 38px;\"><strong>\u00a0<\/strong><\/td>\n<td style=\"width: 38px;\"><strong>\u00a0<\/strong><\/td>\n<td style=\"width: 38px;\"><strong>X\u00a0<\/strong><\/td>\n<td style=\"width: 38px;\"><strong>\u00a0X<\/strong><\/td>\n<td style=\"width: 38px;\"><strong>\u00a0<\/strong><\/td>\n<td style=\"width: 38px;\"><strong>\u00a0<\/strong><\/td>\n<\/tr>\n<tr>\n<td style=\"width: 137px;\"><strong>COMPETIC 2<\/strong><\/td>\n<td style=\"width: 38px;\"><strong>\u00a0X<\/strong><\/td>\n<td style=\"width: 38px;\"><strong>\u00a0X<\/strong><\/td>\n<td style=\"width: 38px;\"><strong>X\u00a0<\/strong><\/td>\n<td style=\"width: 38px;\"><strong>\u00a0X<\/strong><\/td>\n<td style=\"width: 38px;\"><strong>\u00a0X<\/strong><\/td>\n<td style=\"width: 38px;\"><strong>X\u00a0<\/strong><\/td>\n<td style=\"width: 38px;\"><strong>\u00a0X<\/strong><\/td>\n<td style=\"width: 38px;\"><strong>X\u00a0<\/strong><\/td>\n<\/tr>\n<tr>\n<td style=\"width: 137px;\"><strong>COMPETIC 3<\/strong><\/td>\n<td style=\"width: 38px;\"><strong>\u00a0<\/strong><\/td>\n<td style=\"width: 38px;\"><strong>\u00a0<\/strong><\/td>\n<td style=\"width: 38px;\"><strong>\u00a0<\/strong><\/td>\n<td style=\"width: 38px;\"><strong>\u00a0X<\/strong><\/td>\n<td style=\"width: 38px;\"><strong>\u00a0X<\/strong><\/td>\n<td style=\"width: 38px;\"><strong>X\u00a0<\/strong><\/td>\n<td style=\"width: 38px;\"><strong>X\u00a0<\/strong><\/td>\n<td style=\"width: 38px;\"><strong>\u00a0X<\/strong><\/td>\n<\/tr>\n<\/tbody>\n<\/table>\n<ul>\n<li><strong>Recursos<\/strong>\n<ul>\n<li>Dues aules equipades amb software necessari per assolir els diferents nivells.<\/li>\n<\/ul>\n<\/li>\n<li><strong>Equival\u00e8ncia entre els certificats de compet\u00e8ncia digital (Competic) de l&#8217;educaci\u00f3 de persones adultes i els certificats de l&#8217;acreditaci\u00f3 de compet\u00e8ncies en tecnologies de la informaci\u00f3 i la comunicaci\u00f3 (ACTIC) <\/strong>\n<ul>\n<li><a href=\"http:\/\/actic.gencat.cat\/ca\/actic_informacio\/actic_competencies_i_nivells\/\" target=\"_blank\" rel=\"noopener noreferrer\">http:\/\/actic.gencat.cat\/ca\/actic_informacio\/actic_competencies_i_nivells\/<\/a><\/li>\n<\/ul>\n<\/li>\n<li>El certificat del nivell COMPETIC 1 equival al certificat b\u00e0sic de l\u2019ACTIC.<\/li>\n<li>El certificat\u00a0 del nivell COMPETIC 2 equival al certificat mitj\u00e0 de l\u2019ACTIC.<\/li>\n<li>El certificat\u00a0 del nivell COMPETIC 3 equival al certificat avan\u00e7at de l\u2019ACTIC, en relaci\u00f3 amb les compet\u00e8ncies que hi consten com a aptes, que han de ser dues com a m\u00ednim.\u00a0 Actualment al CFA Segri\u00e0 preparem les compet\u00e8ncies C4,C6 i C8.<\/li>\n<li><strong>Aula virtual<\/strong>\n<ul>\n<li>\u00a0Moodle del centre\u00a0 \u00a0 \u00a0 \u00a0 \u00a0<a href=\"http:\/\/educaciodigital.cat\/cfasegria\/moodle\/\">http:\/\/educaciodigital.cat\/cfasegria\/moodle\/<\/a><\/li>\n<\/ul>\n<\/li>\n<li><strong>Avaluaci\u00f3<\/strong>\n<ul>\n<li>Hi haur\u00e0 un seguiment dels progressos individuals on constar\u00e0 una nota i es completar\u00e0 amb un projecte obligatori a final de curs que engloba els coneixements adquirits duran el curs.<\/li>\n<li>Exemples de projectes d&#8217;altres cursos <a href=\"http:\/\/www.aprendre.cat\/cursos\/course\/view.php?id=2\" target=\"_blank\" rel=\"noopener noreferrer\">http:\/\/www.aprendre.cat\/cursos\/course\/view.php?id=2<\/a><\/li>\n<\/ul>\n<\/li>\n<li><strong>Promoci\u00f3 de curs i\/o obtenci\u00f3 de certificaci\u00f3<\/strong>\n<ul>\n<li>En acabar el curs i un cop assolides les compet\u00e8ncies de cada nivell el centre expedir\u00e0 un certificat d'&#8221;apte&#8221; amb el n\u00famero d&#8217;hores del curs.<\/li>\n<\/ul>\n<\/li>\n<\/ul>\n<p><strong>Preinscripci\u00f3 i matricula:<\/strong> <a href=\"http:\/\/agora.xtec.cat\/cfasegria\/el-centre\/preinscripcio-i-matricula\/\">http:\/\/agora.xtec.cat\/cfasegria\/el-centre\/preinscripcio-i-matricula\/<\/a><\/p>\n","protected":false},"excerpt":{"rendered":"<p>Compet\u00e8ncies b\u00e0siques en TIC per a la formaci\u00f3 de persones adultes. Cursos presencials impartits als centres de formaci\u00f3 de persones adultes del Departament d&#8217;Educaci\u00f3 de la Generalitat de Catalunya.<br \/>\nEls ensenyaments d&#8217;inform\u00e0tica tenen com objectiu facilitar l&#8217;adquisici\u00f3 de la compet\u00e8ncia digital, entesa com la combinaci\u00f3 de&hellip;  <a href=\"https:\/\/agora.xtec.cat\/cfasegria\/el-centre\/ensenyaments\/competencia-digital-competic\/\" title=\"Read Compet\u00e8ncia digital COMPETIC\">Llegeix m\u00e9s\u00bb<\/a><\/p>\n","protected":false},"author":1,"featured_media":0,"parent":274,"menu_order":0,"comment_status":"closed","ping_status":"closed","template":"page-templates\/side-menu.php","meta":{"_bbp_topic_count":0,"_bbp_reply_count":0,"_bbp_total_topic_count":0,"_bbp_total_reply_count":0,"_bbp_voice_count":0,"_bbp_anonymous_reply_count":0,"_bbp_topic_count_hidden":0,"_bbp_reply_count_hidden":0,"_bbp_forum_subforum_count":0,"footnotes":""},"class_list":["post-316","page","type-page","status-publish","hentry"],"post_mailing_queue_ids":[],"_links":{"self":[{"href":"https:\/\/agora.xtec.cat\/cfasegria\/wp-json\/wp\/v2\/pages\/316","targetHints":{"allow":["GET"]}}],"collection":[{"href":"https:\/\/agora.xtec.cat\/cfasegria\/wp-json\/wp\/v2\/pages"}],"about":[{"href":"https:\/\/agora.xtec.cat\/cfasegria\/wp-json\/wp\/v2\/types\/page"}],"author":[{"embeddable":true,"href":"https:\/\/agora.xtec.cat\/cfasegria\/wp-json\/wp\/v2\/users\/1"}],"replies":[{"embeddable":true,"href":"https:\/\/agora.xtec.cat\/cfasegria\/wp-json\/wp\/v2\/comments?post=316"}],"version-history":[{"count":4,"href":"https:\/\/agora.xtec.cat\/cfasegria\/wp-json\/wp\/v2\/pages\/316\/revisions"}],"predecessor-version":[{"id":1126,"href":"https:\/\/agora.xtec.cat\/cfasegria\/wp-json\/wp\/v2\/pages\/316\/revisions\/1126"}],"up":[{"embeddable":true,"href":"https:\/\/agora.xtec.cat\/cfasegria\/wp-json\/wp\/v2\/pages\/274"}],"wp:attachment":[{"href":"https:\/\/agora.xtec.cat\/cfasegria\/wp-json\/wp\/v2\/media?parent=316"}],"curies":[{"name":"wp","href":"https:\/\/api.w.org\/{rel}","templated":true}]}}