{"id":303,"date":"2015-01-28T11:23:05","date_gmt":"2015-01-28T10:23:05","guid":{"rendered":"http:\/\/agora.xtec.cat\/cfasegria\/?page_id=303"},"modified":"2020-05-26T22:57:43","modified_gmt":"2020-05-26T20:57:43","slug":"graduat-en-educacio-secundaria-per-adults","status":"publish","type":"page","link":"https:\/\/agora.xtec.cat\/cfasegria\/el-centre\/ensenyaments\/graduat-en-educacio-secundaria-per-adults\/","title":{"rendered":"Graduat en educaci\u00f3 secund\u00e0ria obligat\u00f2ria per a adults (GESO)"},"content":{"rendered":"<h4><img loading=\"lazy\" decoding=\"async\" class=\"alignleft\" src=\"https:\/\/cdn.pixabay.com\/photo\/2019\/03\/05\/01\/59\/people-4035403_960_720.png\" alt=\"People Man Women - Free image on Pixabay\" width=\"395\" height=\"146\" \/>Descripci\u00f3<\/h4>\n<p style=\"text-align: justify;\">Aquests estudis permeten obtenir el t\u00edtol de graduat o graduada en educaci\u00f3 secund\u00e0ria obligat\u00f2ria (GESO).<\/p>\n<p style=\"text-align: justify;\">S&#8217;adapten a les necessitats de les persones adultes, ja que cada trimestre es realitza l&#8217;avaluaci\u00f3, i els m\u00f2duls superats s\u00f3n incorporats a l&#8217;expedient de l&#8217;alumnat de manera permanent. Aix\u00f2 significa que, a un ritme personalitzat, tothom pot acabar obtenint el seu Graduat en Educaci\u00f3 Secund\u00e0ria. No hi ha un m\u00ednim de m\u00f2duls per trimestre, circumst\u00e0ncia que facilita l&#8217;adaptaci\u00f3 a les situacions personals de disponibilitat de temps.<\/p>\n<p style=\"text-align: justify;\">Es poden cursar de manera <strong>presencial<\/strong> al nostre centre, amb una assist\u00e8ncia m\u00ednima del 80%, o a <strong>dist\u00e0ncia<\/strong> si per algun motiu es prefereix estudiar des de casa mitjan\u00e7ant internet a <a href=\"https:\/\/ioc.xtec.cat\/educacio\/ges\">l&#8217;Institut Obert de Catalunya (IOC)<\/a>.<\/p>\n<p style=\"text-align: justify;\">Al CFA Segri\u00e0 som<span style=\"font-family: inherit; font-size: 1em;\"> punt de suport de l&#8217;IOC i podem gestionar la teva matr\u00edcula i altres temes administratius relatius al GES-IOC.<\/span><\/p>\n<h4>Continguts<\/h4>\n<p style=\"text-align: justify;\">Els ensenyaments per a l\u2019obtenci\u00f3 del t\u00edtol de graduat o graduada en educaci\u00f3 secund\u00e0ria obligat\u00f2ria per a les persones adultes consisteixen en 34 m\u00f2duls de 35 hores cadascun. La durada total d\u2019aquests estudis \u00e9s de 1.190 hores, distribu\u00efdes en dos cursos o Nivells.<\/p>\n<p style=\"text-align: justify;\">Els m\u00f2duls s&#8217;imparteixen en tres trimestres de setembre a juny, a ra\u00f3 d&#8217;unes <strong>17 hores setmanals de formaci\u00f3 presencial<\/strong> de mitjana, distribu\u00efdes de dilluns a divendres.<\/p>\n<p style=\"text-align: justify;\">Al CFA Segri\u00e0 oferim actualment un grup del Nivell I al torn de tarda\/vespre i dos torns del Nivell II, un al mat\u00ed i l&#8217;altre a la tarda\/vespre.<\/p>\n<h5>PRIMER CURS- 17 M\u00f2duls del Nivell I :<\/h5>\n<p><strong>1. \u00c0mbit de la comunicaci\u00f3:<\/strong><\/p>\n<p>\u2022 Introducci\u00f3 a la Literatura<br \/>\n\u2022 Llengua catalana I<br \/>\n\u2022 Llengua castellana I<br \/>\n\u2022 Llengua estrangera I (angl\u00e8s)<br \/>\n\u2022 Llengua catalana II<br \/>\n\u2022 Llengua castellana II<\/p>\n<ul>\n<li>Angl\u00e8s 0 M\u00f2dul opcional (el cursa tot l&#8217;alumnat de Nivell I)<\/li>\n<\/ul>\n<p><strong>2. \u00c0mbit cient\u00edfic-tecnol\u00f2gic:<\/strong><\/p>\n<p>\u2022 Matem\u00e0tiques I<br \/>\n\u2022 Matem\u00e0tiques II<br \/>\n\u2022 F\u00edsica i qu\u00edmica I<br \/>\n\u2022 Ci\u00e8ncies naturals<br \/>\n\u2022 Educaci\u00f3 per a la salut<\/p>\n<ul>\n<li>Matem\u00e0tiques Inicials M\u00f2dul opcional (el cursa tot l&#8217;alumnat de Nivell I)<\/li>\n<\/ul>\n<p><strong>3. \u00c0mbit social:<\/strong><\/p>\n<p>\u2022 Ci\u00e8ncies socials I i educaci\u00f3 per a la ciutadania<br \/>\n\u2022 Geografia I<br \/>\n\u2022 Hist\u00f2ria I<\/p>\n<ul>\n<li>Viatjar per Catalunya M\u00f2dul opcional (el cursa tot l&#8217;alumnat de Nivell I)<\/li>\n<\/ul>\n<h5>SEGON CURS- 17 M\u00f2duls del Nivell II :<\/h5>\n<p><strong>1. \u00c0mbit de la comunicaci\u00f3:<\/strong><br \/>\n\u2022 Llengua catalana III<br \/>\n\u2022 Llengua castellana III<br \/>\n\u2022 Llengua estrangera II (angl\u00e8s)<br \/>\n\u2022 Llengua estrangera III (angl\u00e8s)<br \/>\n\u2022 Literatura catalana<br \/>\n\u2022 Literatura castellana<\/p>\n<ul>\n<li>Taller d&#8217;escriptura creativa M\u00f2dul opcional (a cursar per tot l&#8217;alumnat de GES2)<\/li>\n<\/ul>\n<p><strong>2. \u00c0mbit cient\u00edfic-tecnol\u00f2gic:<\/strong><br \/>\n\u2022 Matem\u00e0tiques III<br \/>\n\u2022 Matem\u00e0tiques IV<br \/>\n\u2022 F\u00edsica i qu\u00edmica II<br \/>\n\u2022 Biologia i geologia<br \/>\n\u2022 Tecnologia<\/p>\n<p>\u2022 Medi ambient i canvi clim\u00e0tic M\u00f2dul opcional (a cursar per tot l&#8217;alumnat de GES2)<\/p>\n<p>\u2022 Tecnologies de la informaci\u00f3 i la comunicaci\u00f3 M\u00f2dul opcional (a cursar per tot l&#8217;alumnat de GES2)<\/p>\n<p><strong>3. \u00c0mbit social:<\/strong><br \/>\n\u2022 Ci\u00e8ncies socials II i moviments migratoris<br \/>\n\u2022 Geografia II<br \/>\n\u2022 Hist\u00f2ria II<\/p>\n<h4>Acc\u00e9s<\/h4>\n<p>Amb car\u00e0cter general, per accedir a l&#8217;educaci\u00f3 d&#8217;adults cal tenir <strong>18 anys<\/strong>, o b\u00e9 complir-los durant l&#8217;any natural en qu\u00e8 s&#8217;inicia la formaci\u00f3.<br \/>\nTamb\u00e9 hi poden accedir les persones m\u00e9s grans de 16 anys o que els compleixin durant l&#8217;any natural en qu\u00e8 inicien la formaci\u00f3 si es troben en alguna de les situacions seg\u00fcents:<\/p>\n<ul>\n<li>Contracte laboral.<\/li>\n<li>En proc\u00e9s d&#8217;obtenci\u00f3 d&#8217;un perm\u00eds de treball.<\/li>\n<li>Esportistes d&#8217;alt rendiment.<br \/>\nHan cursat o estan cursant els programes postobligatoris de formaci\u00f3 i inserci\u00f3 (PFI) i volen cursar, en paral\u00b7lel, els ensenyaments d\u2019educaci\u00f3 secund\u00e0ria obligat\u00f2ria per a adults.<\/li>\n<li>Participen en el programa d&#8217;experi\u00e8ncia professional per a l&#8217;ocupaci\u00f3 juvenil a Catalunya &#8220;Joves per l&#8217;ocupaci\u00f3&#8221;.<\/li>\n<li>Excepcionalment el director o directora dels serveis territorials pot autoritzar la incorporaci\u00f3 d\u2019alumnes que no compleixin els requisits anteriors.<\/li>\n<\/ul>\n<h5>Preinscripci\u00f3 i matr\u00edcula: <a href=\"http:\/\/agora.xtec.cat\/cfasegria\/el-centre\/preinscripcio-i-matricula\/\">http:\/\/agora.xtec.cat\/cfasegria\/el-centre\/preinscripcio-i-matricula\/<\/a><\/h5>\n<p style=\"text-align: justify;\">Cal formalitzar la preinscripci\u00f3 i la matr\u00edcula d&#8217;acord amb els criteris i calendaris fixats pel Departament d&#8217;Educaci\u00f3.<br \/>\nAquest estudi \u00e9s gratu\u00eft en les centres dependents del Departament d&#8217;Educaci\u00f3, sens perjudici que el centre demani una \u00fanica aportaci\u00f3 de l&#8217;alumnat que dona dret als materials proporcionats pel professorat (fotoc\u00f2pies, dossiers,&#8230;), l&#8217;asseguran\u00e7a escolar obligat\u00f2ria si \u00e9s el cas, i a la participaci\u00f3 en les activitats organitzades pel centre durant el curs (festes de Nadal, fi de curs, visites, sortides, xerrades&#8230;) Aquesta aportaci\u00f3 \u00e9s aprovada pel Consell Escolar cada curs.<\/p>\n<p>La matr\u00edcula d&#8217;aquests ensenyaments es pot realitzar abans de comen\u00e7ar cada trimestre (setembre, desembre,mar\u00e7). Consulteu al centre per les dates exactes de cada trimestre.<\/p>\n<p>Durant el proc\u00e9s de preinscripci\u00f3 i\/o matr\u00edcula, es realitza tamb\u00e9 una entrevista personal d&#8217;orientaci\u00f3, que pot incloure:<\/p>\n<ul>\n<li><strong>Convalidacions<\/strong>: es poden convalidar alguns m\u00f2duls segons estudis previs (EGB, 3r\/4t ESO) Cal portar documentaci\u00f3 en el moment de la preinscripci\u00f3\/matr\u00edcula.<\/li>\n<li><strong>Acreditacions<\/strong>: <strong>Prova Inicial<\/strong> que pot permetre acreditar coneixements del Nivell 1 i alleugerir la c\u00e0rrega de m\u00f2duls.<\/li>\n<\/ul>\n<p>Les persones menors d&#8217;edat han de venir a fer la preinscripci\u00f3 o matr\u00edcula acompanyades d&#8217;un pare, mare o tutor legal.<\/p>\n<h4>Continu\u00eftat<\/h4>\n<p>Les persones que obtenen el Graduat d&#8217;Educaci\u00f3 Secund\u00e0ria poden accedir als ensenyaments seg\u00fcents:<\/p>\n<ul>\n<li>el batxillerat,<\/li>\n<li>els cicles formatius de grau mitj\u00e0,<\/li>\n<li>preparaci\u00f3 per a les proves d&#8217;acc\u00e9s als cicles formatius de grau superior<\/li>\n<li>i la preparaci\u00f3 per a les proves d&#8217;acc\u00e9s a la universitat per a les persones m\u00e9s grans de 25 anys.<\/li>\n<\/ul>\n<h4>Normativa<\/h4>\n<ul>\n<li>Decret 161\/2009, de 27 d&#8217;octubre, <a href=\"http:\/\/xtec.gencat.cat\/ca\/curriculum\/educacioadults\/curriculum\/\">d&#8217;ordenaci\u00f3 dels ensenyaments de l&#8217;educaci\u00f3 secund\u00e0ria obligat\u00f2ria per a les persones adultes<\/a> (DOGC n\u00fam. 5496, de 2.11.2009)<\/li>\n<li>Ordre ENS\/154\/2011, de 14 de juny, del <a href=\"https:\/\/portaljuridic.gencat.cat\/ca\/pjur_ocults\/pjur_resultats_fitxa\/?documentId=584612&amp;action=fitxa\">procediment i els documents i requisits formals del proc\u00e9s d&#8217;avaluaci\u00f3 a l&#8217;educaci\u00f3 secund\u00e0ria obligat\u00f2ria per a les persones adultes<\/a> (DOGC n\u00fam. 5922, de 18.7.2011)<\/li>\n<\/ul>\n<h5>Convalidacions:<\/h5>\n<p align=\"JUSTIFY\">Convalidacions entre els ensenyaments de l&#8217;educaci\u00f3 secund\u00e0ria per a les persones adultes i ensenyaments anteriors<\/p>\n<p align=\"JUSTIFY\">Les convalidacions entre els ensenyaments de l&#8217;educaci\u00f3 secund\u00e0ria per a les persones adultes regulats en aquest Decret i ensenyaments anteriors, regulats per la Llei 14\/1970, de 4 d&#8217;agost, general d&#8217;educaci\u00f3 i finan\u00e7ament de la reforma educativa i la LOGSE, desenvolupada mitjan\u00e7ant el Decret 213\/2002, d&#8217;1 d&#8217;agost, pel qual s&#8217;estableix l&#8217;ordenaci\u00f3 curricular de la formaci\u00f3 b\u00e0sica de les persones adultes, s\u00f3n les seg\u00fcents:<\/p>\n<table border=\"\" width=\"944\" cellspacing=\"1\" cellpadding=\"4\">\n<tbody>\n<tr>\n<td valign=\"TOP\" width=\"62%\">\n<p align=\"JUSTIFY\">Ensenyaments superats d&#8217;estudis anteriors<\/p>\n<\/td>\n<td valign=\"TOP\" width=\"38%\">\n<p align=\"JUSTIFY\">Convalidacions<\/p>\n<\/td>\n<\/tr>\n<tr>\n<td valign=\"TOP\" width=\"62%\">\n<p align=\"JUSTIFY\">ENSENYAMENTS LOE I LOGSE<\/p>\n<\/td>\n<td valign=\"TOP\" width=\"38%\">\n<p align=\"JUSTIFY\">Ensenyaments de l&#8217;educaci\u00f3 secund\u00e0ria per a les persones adultes regulats en aquest Decret<\/p>\n<\/td>\n<\/tr>\n<tr>\n<td valign=\"TOP\" width=\"62%\">\n<p align=\"JUSTIFY\">3r curs d&#8217;educaci\u00f3 secund\u00e0ria obligat\u00f2ria (LOE i LOGSE) complet<\/p>\n<\/td>\n<td valign=\"TOP\" width=\"38%\">\n<p align=\"JUSTIFY\">Nivell I de l&#8217;\u00e0mbit de la comunicaci\u00f3<\/p>\n<\/td>\n<\/tr>\n<tr>\n<td valign=\"TOP\" width=\"62%\">&nbsp;<\/td>\n<td valign=\"TOP\" width=\"38%\">\n<p align=\"JUSTIFY\">Nivell I de l&#8217;\u00e0mbit social<\/p>\n<\/td>\n<\/tr>\n<tr>\n<td valign=\"TOP\" width=\"62%\">&nbsp;<\/td>\n<td valign=\"TOP\" width=\"38%\">\n<p align=\"JUSTIFY\">Nivell I de l&#8217;\u00e0mbit cientificotecnol\u00f2gic<\/p>\n<\/td>\n<\/tr>\n<tr>\n<td valign=\"TOP\" width=\"62%\">\n<p align=\"JUSTIFY\">Mat\u00e8ries de 3r curs d&#8217;educaci\u00f3 secund\u00e0ria obligat\u00f2ria (LOE i LOGSE): llengua catalana i literatura, llengua castellana i literatura, i llengua estrangera<\/p>\n<\/td>\n<td valign=\"TOP\" width=\"38%\">\n<p align=\"JUSTIFY\">Nivell I de l&#8217;\u00e0mbit de la comunicaci\u00f3<\/p>\n<\/td>\n<\/tr>\n<tr>\n<td valign=\"TOP\" width=\"62%\">\n<p align=\"JUSTIFY\">Ci\u00e8ncies socials de 3r curs d&#8217;educaci\u00f3 secund\u00e0ria obligat\u00f2ria (LOE i LOGSE)<\/p>\n<\/td>\n<td valign=\"TOP\" width=\"38%\">\n<p align=\"JUSTIFY\">Nivell I de l&#8217;\u00e0mbit social<\/p>\n<\/td>\n<\/tr>\n<tr>\n<td valign=\"TOP\" width=\"62%\">\n<p align=\"JUSTIFY\">Mat\u00e8ries de 3r curs d&#8217;educaci\u00f3 secund\u00e0ria obligat\u00f2ria (LOE i LOGSE): matem\u00e0tiques, ci\u00e8ncies de la naturalesa i tecnologies<\/p>\n<\/td>\n<td valign=\"TOP\" width=\"38%\">\n<p align=\"JUSTIFY\">Nivell I de l&#8217;\u00e0mbit cientificot\u00e8cnic<\/p>\n<\/td>\n<\/tr>\n<tr>\n<td valign=\"TOP\" width=\"62%\">\n<p align=\"JUSTIFY\">Mat\u00e8ries de 4t curs d&#8217;educaci\u00f3 secund\u00e0ria obligat\u00f2ria (LOE i LOGSE): llengua catalana i literatura, llengua castellana i literatura, i llengua estrangera<\/p>\n<\/td>\n<td valign=\"TOP\" width=\"38%\">\n<p align=\"JUSTIFY\">Nivell II de l&#8217;\u00e0mbit de la comunicaci\u00f3<\/p>\n<\/td>\n<\/tr>\n<tr>\n<td valign=\"TOP\" width=\"62%\">\n<p align=\"JUSTIFY\">Ci\u00e8ncies socials de 4t curs d&#8217;educaci\u00f3 secund\u00e0ria obligat\u00f2ria (LOE i LOGSE)<\/p>\n<\/td>\n<td valign=\"TOP\" width=\"38%\">\n<p align=\"JUSTIFY\">Nivell II de l&#8217;\u00e0mbit social<\/p>\n<\/td>\n<\/tr>\n<tr>\n<td valign=\"TOP\" width=\"62%\">\n<p align=\"JUSTIFY\">Mat\u00e8ries del 4t curs d&#8217;educaci\u00f3 secund\u00e0ria obligat\u00f2ria (LOE): matem\u00e0tiques i dues de les quatre seg\u00fcents: biologia i geologia, f\u00edsica i qu\u00edmica, tecnologia, inform\u00e0tica<\/p>\n<\/td>\n<td valign=\"TOP\" width=\"38%\">\n<p align=\"JUSTIFY\">Nivell II de l&#8217;\u00e0mbit cientificotecnol\u00f2gic<\/p>\n<\/td>\n<\/tr>\n<tr>\n<td valign=\"TOP\" width=\"62%\">\n<p align=\"JUSTIFY\">Mat\u00e8ries de 4t curs d&#8217;educaci\u00f3 secund\u00e0ria obligat\u00f2ria (LOGSE): matem\u00e0tiques, ci\u00e8ncies de la naturalesa i tecnologia<\/p>\n<\/td>\n<td valign=\"TOP\" width=\"38%\">\n<p align=\"JUSTIFY\">Nivell II de l&#8217;\u00e0mbit cientificotecnol\u00f2gic<\/p>\n<\/td>\n<\/tr>\n<tr>\n<td valign=\"TOP\" width=\"62%\">\n<p align=\"JUSTIFY\">ENSENYAMENTS LLEI 14\/1970<\/p>\n<\/td>\n<td valign=\"TOP\" width=\"38%\">&nbsp;<\/td>\n<\/tr>\n<tr>\n<td valign=\"TOP\" width=\"62%\">\n<p align=\"JUSTIFY\">1r curs de formaci\u00f3 professional de primer grau complet<\/p>\n<\/td>\n<td valign=\"TOP\" width=\"38%\">\n<p align=\"JUSTIFY\">Nivell I de l&#8217;\u00e0mbit de la comunicaci\u00f3<\/p>\n<\/td>\n<\/tr>\n<tr>\n<td valign=\"TOP\" width=\"62%\">&nbsp;<\/td>\n<td valign=\"TOP\" width=\"38%\">\n<p align=\"JUSTIFY\">Nivell I de l&#8217;\u00e0mbit social<\/p>\n<\/td>\n<\/tr>\n<tr>\n<td valign=\"TOP\" width=\"62%\">&nbsp;<\/td>\n<td valign=\"TOP\" width=\"38%\">\n<p align=\"JUSTIFY\">Nivell I de l&#8217;\u00e0mbit cientificotecnol\u00f2gic<\/p>\n<\/td>\n<\/tr>\n<tr>\n<td valign=\"TOP\" width=\"62%\">\n<p align=\"JUSTIFY\">Mat\u00e8ries de formaci\u00f3 professional de primer grau: llengua catalana, llengua espanyola i idioma modern<\/p>\n<\/td>\n<td valign=\"TOP\" width=\"38%\">\n<p align=\"JUSTIFY\">Nivell I de l&#8217;\u00e0mbit de la comunicaci\u00f3<\/p>\n<\/td>\n<\/tr>\n<tr>\n<td valign=\"TOP\" width=\"62%\">\n<p align=\"JUSTIFY\">Formaci\u00f3 human\u00edstica de 1r curs de formaci\u00f3 professional de primer grau<\/p>\n<\/td>\n<td valign=\"TOP\" width=\"38%\">\n<p align=\"JUSTIFY\">Nivell I de l&#8217;\u00e0mbit social<\/p>\n<\/td>\n<\/tr>\n<tr>\n<td valign=\"TOP\" width=\"62%\">\n<p align=\"JUSTIFY\">Mat\u00e8ries de 1r curs de formaci\u00f3 professional de primer grau: matem\u00e0tiques, ci\u00e8ncies naturals, f\u00edsica i qu\u00edmica i tecnologia o pr\u00e0ctiques<\/p>\n<\/td>\n<td valign=\"TOP\" width=\"38%\">\n<p align=\"JUSTIFY\">Nivell I de l&#8217;\u00e0mbit cientificotecnol\u00f2gic<\/p>\n<\/td>\n<\/tr>\n<tr>\n<td valign=\"TOP\" width=\"62%\">\n<p align=\"JUSTIFY\">Mat\u00e8ries de 2n curs de formaci\u00f3 professional de primer grau: llengua catalana, llengua espanyola i idioma modern<\/p>\n<\/td>\n<td valign=\"TOP\" width=\"38%\">\n<p align=\"JUSTIFY\">Nivell II de l&#8217;\u00e0mbit de la comunicaci\u00f3<\/p>\n<\/td>\n<\/tr>\n<tr>\n<td valign=\"TOP\" width=\"62%\">\n<p align=\"JUSTIFY\">Formaci\u00f3 human\u00edstica de 2n curs de formaci\u00f3 professional de primer grau<\/p>\n<\/td>\n<td valign=\"TOP\" width=\"38%\">\n<p align=\"JUSTIFY\">Nivell II de l&#8217;\u00e0mbit social<\/p>\n<\/td>\n<\/tr>\n<tr>\n<td valign=\"TOP\" width=\"62%\">\n<p align=\"JUSTIFY\">Mat\u00e8ries de 2n curs de formaci\u00f3 professional de primer grau: matem\u00e0tiques, f\u00edsica i qu\u00edmica i tecnologia o pr\u00e0ctiques<\/p>\n<\/td>\n<td valign=\"TOP\" width=\"38%\">\u00a0Nivell II de l&#8217;\u00e0mbit cientificotecnol\u00f2gic<\/td>\n<\/tr>\n<tr>\n<td valign=\"TOP\" width=\"62%\">\n<p align=\"JUSTIFY\">1r curs de batxillerat unificat polivalent (BUP) complet<\/p>\n<\/td>\n<td valign=\"TOP\" width=\"38%\">\n<p align=\"JUSTIFY\">Nivell I de l&#8217;\u00e0mbit de la comunicaci\u00f3<\/p>\n<\/td>\n<\/tr>\n<tr>\n<td valign=\"TOP\" width=\"62%\">&nbsp;<\/td>\n<td valign=\"TOP\" width=\"38%\">\n<p align=\"JUSTIFY\">Nivell I de l&#8217;\u00e0mbit social<\/p>\n<\/td>\n<\/tr>\n<tr>\n<td valign=\"TOP\" width=\"62%\">&nbsp;<\/td>\n<td valign=\"TOP\" width=\"38%\">\n<p align=\"JUSTIFY\">Nivell I de l&#8217;\u00e0mbit cientificotecnol\u00f2gic<\/p>\n<\/td>\n<\/tr>\n<tr>\n<td valign=\"TOP\" width=\"62%\">&nbsp;<\/td>\n<td valign=\"TOP\" width=\"38%\">\n<p align=\"JUSTIFY\">i els m\u00f2duls seg\u00fcents del nivell II: literatura<\/p>\n<\/td>\n<\/tr>\n<tr>\n<td valign=\"TOP\" width=\"62%\">&nbsp;<\/td>\n<td valign=\"TOP\" width=\"38%\">\n<p align=\"JUSTIFY\">catalana, literatura castellana, ci\u00e8ncies socials II<\/p>\n<\/td>\n<\/tr>\n<tr>\n<td valign=\"TOP\" width=\"62%\">&nbsp;<\/td>\n<td valign=\"TOP\" width=\"38%\">\n<p align=\"JUSTIFY\">i moviments migratoris, i biologia i geologia<\/p>\n<\/td>\n<\/tr>\n<tr>\n<td valign=\"TOP\" width=\"62%\">\n<p align=\"JUSTIFY\">Mat\u00e8ries de 1r curs de batxillerat unificat polivalent (BUP): llengua catalana i literatura, llengua espanyola i literatura, i llengua estrangera<\/p>\n<\/td>\n<td valign=\"TOP\" width=\"38%\">\n<p align=\"JUSTIFY\">Nivell I de l&#8217;\u00e0mbit de la comunicaci\u00f3 i els m\u00f2duls seg\u00fcents del nivell II: literatura catalana, literatura castellana<\/p>\n<\/td>\n<\/tr>\n<tr>\n<td valign=\"TOP\" width=\"62%\">\n<p align=\"JUSTIFY\">Hist\u00f2ria de 1r curs de batxillerat unificat i polivalent (BUP)<\/p>\n<\/td>\n<td valign=\"TOP\" width=\"38%\">\n<p align=\"JUSTIFY\">Nivell I de l&#8217;\u00e0mbit social i el m\u00f2dul ci\u00e8ncies socials II i moviments migratoris del nivell II<\/p>\n<\/td>\n<\/tr>\n<tr>\n<td valign=\"TOP\" width=\"62%\">\n<p align=\"JUSTIFY\">Mat\u00e8ries de 1r curs de batxillerat unificat polivalent (BUP): matem\u00e0tiques i ci\u00e8ncies naturals<\/p>\n<\/td>\n<td valign=\"TOP\" width=\"38%\">\n<p align=\"JUSTIFY\">Nivell I de l&#8217;\u00e0mbit cientificotecnol\u00f2gic i el m\u00f2dul biologia i geologia del nivell II<\/p>\n<\/td>\n<\/tr>\n<tr>\n<td valign=\"TOP\" width=\"62%\">\n<p align=\"JUSTIFY\">Mat\u00e8ries de 2n curs de batxillerat unificat polivalent (BUP): llengua catalana i literatura, llengua espanyola i literatura i llengua estrangera<\/p>\n<\/td>\n<td valign=\"TOP\" width=\"38%\">\n<p align=\"JUSTIFY\">Nivell II de l&#8217;\u00e0mbit de la comunicaci\u00f3<\/p>\n<\/td>\n<\/tr>\n<tr>\n<td valign=\"TOP\" width=\"62%\">\n<p align=\"JUSTIFY\">Geografia del 2n curs de batxillerat unificat i polivalent (BUP)<\/p>\n<\/td>\n<td valign=\"TOP\" width=\"38%\">\n<p align=\"JUSTIFY\">Nivell II de l&#8217;\u00e0mbit social<\/p>\n<\/td>\n<\/tr>\n<tr>\n<td valign=\"TOP\" width=\"62%\">\n<p align=\"JUSTIFY\">Mat\u00e8ries de 2n curs de batxillerat unificat polivalent (BUP): matem\u00e0tiques i f\u00edsica i qu\u00edmica<\/p>\n<\/td>\n<td valign=\"TOP\" width=\"38%\">\n<p align=\"JUSTIFY\">Nivell II de l&#8217;\u00e0mbit cientificotecnol\u00f2gic<\/p>\n<\/td>\n<\/tr>\n<tr>\n<td valign=\"TOP\" width=\"62%\">\n<p align=\"JUSTIFY\">T\u00edtol graduat escolar o equivalent<\/p>\n<\/td>\n<td valign=\"TOP\" width=\"38%\">\n<p align=\"JUSTIFY\">Nivell I de l&#8217;\u00e0mbit de la comunicaci\u00f3<\/p>\n<\/td>\n<\/tr>\n<tr>\n<td valign=\"TOP\" width=\"62%\">&nbsp;<\/td>\n<td valign=\"TOP\" width=\"38%\">\n<p align=\"JUSTIFY\">Nivell I de l&#8217;\u00e0mbit social<\/p>\n<\/td>\n<\/tr>\n<tr>\n<td valign=\"TOP\" width=\"62%\">&nbsp;<\/td>\n<td valign=\"TOP\" width=\"38%\">\n<p align=\"JUSTIFY\">Nivell I de l&#8217;\u00e0mbit cientificotecnol\u00f2gic<\/p>\n<\/td>\n<\/tr>\n<\/tbody>\n<\/table>\n<p align=\"JUSTIFY\">L&#8217;alumnat que prov\u00e9 de 4t d&#8217;educaci\u00f3 secund\u00e0ria obligat\u00f2ria sense cap mat\u00e8ria superada d&#8217;aquest curs cursar\u00e0 els m\u00f2duls de nivell II dels ensenyaments de l&#8217;educaci\u00f3 secund\u00e0ria per a les persones adultes exceptuant aquell alumnat la promoci\u00f3 del qual a 4t hagi estat motivada per haver exhaurit el nombre possible de repeticions a l&#8217;etapa. En aquest cas s&#8217;aplicaran les convalidacions establertes a la taula anterior per a 3r d&#8217;educaci\u00f3 secund\u00e0ria obligat\u00f2ria.<\/p>\n<p align=\"JUSTIFY\">\n","protected":false},"excerpt":{"rendered":"<p>Descripci\u00f3<br \/>\nAquests estudis permeten obtenir el t\u00edtol de graduat o graduada en educaci\u00f3 secund\u00e0ria obligat\u00f2ria (GESO).<br \/>\nS&#8217;adapten a les necessitats de les persones adultes, ja que cada trimestre es realitza l&#8217;avaluaci\u00f3, i els m\u00f2duls superats s\u00f3n incorporats a l&#8217;expedient de l&#8217;alumnat de manera permanent. Aix\u00f2 significa que,&hellip;  <a href=\"https:\/\/agora.xtec.cat\/cfasegria\/el-centre\/ensenyaments\/graduat-en-educacio-secundaria-per-adults\/\" title=\"Read Graduat en educaci\u00f3 secund\u00e0ria obligat\u00f2ria per a adults (GESO)\">Llegeix m\u00e9s\u00bb<\/a><\/p>\n","protected":false},"author":1,"featured_media":0,"parent":274,"menu_order":0,"comment_status":"closed","ping_status":"closed","template":"page-templates\/side-menu.php","meta":{"_bbp_topic_count":0,"_bbp_reply_count":0,"_bbp_total_topic_count":0,"_bbp_total_reply_count":0,"_bbp_voice_count":0,"_bbp_anonymous_reply_count":0,"_bbp_topic_count_hidden":0,"_bbp_reply_count_hidden":0,"_bbp_forum_subforum_count":0,"footnotes":""},"class_list":["post-303","page","type-page","status-publish","hentry"],"post_mailing_queue_ids":[],"_links":{"self":[{"href":"https:\/\/agora.xtec.cat\/cfasegria\/wp-json\/wp\/v2\/pages\/303","targetHints":{"allow":["GET"]}}],"collection":[{"href":"https:\/\/agora.xtec.cat\/cfasegria\/wp-json\/wp\/v2\/pages"}],"about":[{"href":"https:\/\/agora.xtec.cat\/cfasegria\/wp-json\/wp\/v2\/types\/page"}],"author":[{"embeddable":true,"href":"https:\/\/agora.xtec.cat\/cfasegria\/wp-json\/wp\/v2\/users\/1"}],"replies":[{"embeddable":true,"href":"https:\/\/agora.xtec.cat\/cfasegria\/wp-json\/wp\/v2\/comments?post=303"}],"version-history":[{"count":3,"href":"https:\/\/agora.xtec.cat\/cfasegria\/wp-json\/wp\/v2\/pages\/303\/revisions"}],"predecessor-version":[{"id":917,"href":"https:\/\/agora.xtec.cat\/cfasegria\/wp-json\/wp\/v2\/pages\/303\/revisions\/917"}],"up":[{"embeddable":true,"href":"https:\/\/agora.xtec.cat\/cfasegria\/wp-json\/wp\/v2\/pages\/274"}],"wp:attachment":[{"href":"https:\/\/agora.xtec.cat\/cfasegria\/wp-json\/wp\/v2\/media?parent=303"}],"curies":[{"name":"wp","href":"https:\/\/api.w.org\/{rel}","templated":true}]}}