{"id":288,"date":"2015-01-28T11:08:02","date_gmt":"2015-01-28T10:08:02","guid":{"rendered":"http:\/\/agora.xtec.cat\/cfasegria\/?page_id=288"},"modified":"2020-05-26T23:48:50","modified_gmt":"2020-05-26T21:48:50","slug":"ensenyaments-per-a-la-preparacio-de-proves-dacces","status":"publish","type":"page","link":"https:\/\/agora.xtec.cat\/cfasegria\/el-centre\/ensenyaments\/ensenyaments-per-a-la-preparacio-de-proves-dacces\/","title":{"rendered":"Preparaci\u00f3 de proves d&#8217;acc\u00e9s"},"content":{"rendered":"<p>Al CFA Segri\u00e0 oferim els cursos de preparaci\u00f3 a les proves d&#8217;acc\u00e9s a cicles formatius de grau mitj\u00e0, grau superior i a la Universitat per a majors de 25 anys.<\/p>\n<p>Clica sobre la imatge que t&#8217;interessi per saber com funciona cada curs:<\/p>\n<table>\n<tbody>\n<tr>\n<td><a href=\"http:\/\/agora.xtec.cat\/cfasegria\/el-centre\/ensenyaments\/ensenyaments-per-a-la-preparacio-de-proves-dacces\/a-cicles-formatius-de-grau-mitja\/\"><img loading=\"lazy\" decoding=\"async\" class=\"alignnone wp-image-884\" src=\"https:\/\/agora.xtec.cat\/cfasegria\/wp-content\/uploads\/usu745\/2020\/05\/Preparaci\u00f3-de-lacc\u00e9s-a-1-1024x1024.jpg\" alt=\"\" width=\"169\" height=\"169\" srcset=\"https:\/\/agora.xtec.cat\/cfasegria\/wp-content\/uploads\/usu745\/2020\/05\/Preparaci\u00f3-de-lacc\u00e9s-a-1-1024x1024.jpg 1024w, https:\/\/agora.xtec.cat\/cfasegria\/wp-content\/uploads\/usu745\/2020\/05\/Preparaci\u00f3-de-lacc\u00e9s-a-1-150x150.jpg 150w, https:\/\/agora.xtec.cat\/cfasegria\/wp-content\/uploads\/usu745\/2020\/05\/Preparaci\u00f3-de-lacc\u00e9s-a-1-300x300.jpg 300w, https:\/\/agora.xtec.cat\/cfasegria\/wp-content\/uploads\/usu745\/2020\/05\/Preparaci\u00f3-de-lacc\u00e9s-a-1-768x768.jpg 768w, https:\/\/agora.xtec.cat\/cfasegria\/wp-content\/uploads\/usu745\/2020\/05\/Preparaci\u00f3-de-lacc\u00e9s-a-1.jpg 1080w\" sizes=\"auto, (max-width: 169px) 100vw, 169px\" \/><\/a><\/td>\n<td><a href=\"http:\/\/agora.xtec.cat\/cfasegria\/el-centre\/ensenyaments\/ensenyaments-per-a-la-preparacio-de-proves-dacces\/a-cicles-formatius-de-grau-superior\/\"><img loading=\"lazy\" decoding=\"async\" class=\"alignnone wp-image-885\" src=\"https:\/\/agora.xtec.cat\/cfasegria\/wp-content\/uploads\/usu745\/2020\/05\/Preparaci\u00f3-de-lacc\u00e9s-a-1024x1024.jpg\" alt=\"\" width=\"163\" height=\"164\" srcset=\"https:\/\/agora.xtec.cat\/cfasegria\/wp-content\/uploads\/usu745\/2020\/05\/Preparaci\u00f3-de-lacc\u00e9s-a-1024x1024.jpg 1024w, https:\/\/agora.xtec.cat\/cfasegria\/wp-content\/uploads\/usu745\/2020\/05\/Preparaci\u00f3-de-lacc\u00e9s-a-150x150.jpg 150w, https:\/\/agora.xtec.cat\/cfasegria\/wp-content\/uploads\/usu745\/2020\/05\/Preparaci\u00f3-de-lacc\u00e9s-a-300x300.jpg 300w, https:\/\/agora.xtec.cat\/cfasegria\/wp-content\/uploads\/usu745\/2020\/05\/Preparaci\u00f3-de-lacc\u00e9s-a-768x768.jpg 768w, https:\/\/agora.xtec.cat\/cfasegria\/wp-content\/uploads\/usu745\/2020\/05\/Preparaci\u00f3-de-lacc\u00e9s-a.jpg 1080w\" sizes=\"auto, (max-width: 163px) 100vw, 163px\" \/><\/a><\/td>\n<td><a href=\"http:\/\/agora.xtec.cat\/cfasegria\/el-centre\/ensenyaments\/ensenyaments-per-a-la-preparacio-de-proves-dacces\/a-la-universitat-per-a-majors-de-25-anys\/\"><img loading=\"lazy\" decoding=\"async\" class=\"alignnone wp-image-883\" src=\"https:\/\/agora.xtec.cat\/cfasegria\/wp-content\/uploads\/usu745\/2020\/05\/Preparaci\u00f3-de-lacc\u00e9s-a-2-1024x1024.jpg\" alt=\"\" width=\"164\" height=\"164\" srcset=\"https:\/\/agora.xtec.cat\/cfasegria\/wp-content\/uploads\/usu745\/2020\/05\/Preparaci\u00f3-de-lacc\u00e9s-a-2-1024x1024.jpg 1024w, https:\/\/agora.xtec.cat\/cfasegria\/wp-content\/uploads\/usu745\/2020\/05\/Preparaci\u00f3-de-lacc\u00e9s-a-2-150x150.jpg 150w, https:\/\/agora.xtec.cat\/cfasegria\/wp-content\/uploads\/usu745\/2020\/05\/Preparaci\u00f3-de-lacc\u00e9s-a-2-300x300.jpg 300w, https:\/\/agora.xtec.cat\/cfasegria\/wp-content\/uploads\/usu745\/2020\/05\/Preparaci\u00f3-de-lacc\u00e9s-a-2-768x768.jpg 768w, https:\/\/agora.xtec.cat\/cfasegria\/wp-content\/uploads\/usu745\/2020\/05\/Preparaci\u00f3-de-lacc\u00e9s-a-2.jpg 1080w\" sizes=\"auto, (max-width: 164px) 100vw, 164px\" \/><\/a><\/td>\n<\/tr>\n<\/tbody>\n<\/table>\n","protected":false},"excerpt":{"rendered":"<p>Al CFA Segri\u00e0 oferim els cursos de preparaci\u00f3 a les proves d&#8217;acc\u00e9s a cicles formatius de grau mitj\u00e0, grau superior i a la Universitat per a majors de 25 anys.<br \/>\nClica sobre la imatge que t&#8217;interessi per saber com funciona cada curs:<\/p>\n<p><a href=\"http:\/\/agora.xtec.cat\/cfasegria\/el-centre\/ensenyaments\/ensenyaments-per-a-la-preparacio-de-proves-dacces\/a-cicles-formatius-de-grau-mitja\/\"><\/a><br \/>\n<a href=\"http:\/\/agora.xtec.cat\/cfasegria\/el-centre\/ensenyaments\/ensenyaments-per-a-la-preparacio-de-proves-dacces\/a-cicles-formatius-de-grau-superior\/\"><\/a><br \/>\n<a href=\"http:\/\/agora.xtec.cat\/cfasegria\/el-centre\/ensenyaments\/ensenyaments-per-a-la-preparacio-de-proves-dacces\/a-la-universitat-per-a-majors-de-25-anys\/\"><\/a><\/p>\n","protected":false},"author":1,"featured_media":0,"parent":274,"menu_order":0,"comment_status":"closed","ping_status":"closed","template":"page-templates\/side-menu.php","meta":{"_bbp_topic_count":0,"_bbp_reply_count":0,"_bbp_total_topic_count":0,"_bbp_total_reply_count":0,"_bbp_voice_count":0,"_bbp_anonymous_reply_count":0,"_bbp_topic_count_hidden":0,"_bbp_reply_count_hidden":0,"_bbp_forum_subforum_count":0,"footnotes":""},"class_list":["post-288","page","type-page","status-publish","hentry"],"post_mailing_queue_ids":[],"_links":{"self":[{"href":"https:\/\/agora.xtec.cat\/cfasegria\/wp-json\/wp\/v2\/pages\/288","targetHints":{"allow":["GET"]}}],"collection":[{"href":"https:\/\/agora.xtec.cat\/cfasegria\/wp-json\/wp\/v2\/pages"}],"about":[{"href":"https:\/\/agora.xtec.cat\/cfasegria\/wp-json\/wp\/v2\/types\/page"}],"author":[{"embeddable":true,"href":"https:\/\/agora.xtec.cat\/cfasegria\/wp-json\/wp\/v2\/users\/1"}],"replies":[{"embeddable":true,"href":"https:\/\/agora.xtec.cat\/cfasegria\/wp-json\/wp\/v2\/comments?post=288"}],"version-history":[{"count":3,"href":"https:\/\/agora.xtec.cat\/cfasegria\/wp-json\/wp\/v2\/pages\/288\/revisions"}],"predecessor-version":[{"id":886,"href":"https:\/\/agora.xtec.cat\/cfasegria\/wp-json\/wp\/v2\/pages\/288\/revisions\/886"}],"up":[{"embeddable":true,"href":"https:\/\/agora.xtec.cat\/cfasegria\/wp-json\/wp\/v2\/pages\/274"}],"wp:attachment":[{"href":"https:\/\/agora.xtec.cat\/cfasegria\/wp-json\/wp\/v2\/media?parent=288"}],"curies":[{"name":"wp","href":"https:\/\/api.w.org\/{rel}","templated":true}]}}