{"id":283,"date":"2015-01-28T11:06:17","date_gmt":"2015-01-28T10:06:17","guid":{"rendered":"http:\/\/agora.xtec.cat\/cfasegria\/?page_id=283"},"modified":"2025-04-22T13:59:10","modified_gmt":"2025-04-22T11:59:10","slug":"formacio-basica","status":"publish","type":"page","link":"https:\/\/agora.xtec.cat\/cfasegria\/el-centre\/ensenyaments\/formacio-basica\/","title":{"rendered":"Formaci\u00f3 b\u00e0sica"},"content":{"rendered":"<h4>Cicle de Formaci\u00f3 Instrumental<\/h4>\n<h5><img decoding=\"async\" class=\"alignleft\" src=\"http:\/\/www.gencat.cat\/big\/img\/499\/BIG_499493210030411_00.jpg\" \/><\/h5>\n<h5>Descripci\u00f3<\/h5>\n<p>L&#8217;objectiu d&#8217;aquests estudis \u00e9s aprendre a<strong> llegir, escriure, fer c\u00e0lculs elementals entre altres coneixements.<\/strong> \u00c9s a dir, aquells elements necessaris que els permetin l&#8217;adquisici\u00f3 progressiva de les compet\u00e8ncies clau per afavorir el seu desenvolupament personal i acad\u00e8mic i la integraci\u00f3 social i laboral.<br \/>\nLa superaci\u00f3 d&#8217;aquests estudis permet l&#8217;obtenci\u00f3 del certificat de formaci\u00f3 instrumental.\u00a0 Seria l&#8217;equivalent en formaci\u00f3 d&#8217;adults als antics estudis d&#8217;educaci\u00f3 general b\u00e0sica.<\/p>\n<h6>Actualment al CFA Segri\u00e0 oferim els dos primers nivells, en modalitat biennal i horari de mat\u00ed.<\/h6>\n<h5>Continguts<\/h5>\n<p>Els continguts d&#8217;aquesta formaci\u00f3 s&#8217;organitzen en quatre nivells:<\/p>\n<p>Cada nivell inclou les \u00e0rees de coneixement i compet\u00e8ncies transversals seg\u00fcents:<\/p>\n<ul class=\"llista-especial\">\n<li>\u00c0rea ling\u00fc\u00edstica<\/li>\n<li>\u00c0rea matem\u00e0tica<\/li>\n<li>\u00c0rea del medi natural, social i cultural<\/li>\n<li>Compet\u00e8ncia digital<\/li>\n<li>Compet\u00e8ncia personal, social i laboral<\/li>\n<\/ul>\n<p>La durada total d&#8217;aquesta formaci\u00f3 \u00e9s de 980 hores. Aix\u00f2 no obstant, segons els coneixements previs, les necessitats\u00a0 formatives, i els ritmes d&#8217;aprenentatge de l&#8217;alumnat, la durada pot ser m\u00e9s llarga o menys.<\/p>\n<h5>Acc\u00e9s<\/h5>\n<p>Poden accedir a aquests estudis totes les persones que tenen m\u00e9s de 18 anys o b\u00e9 els compleixen durant l&#8217;any natural en qu\u00e8 inicien la formaci\u00f3.<\/p>\n<h5>Preinscripci\u00f3 i matr\u00edcula:\u00a0 <a href=\"http:\/\/agora.xtec.cat\/cfasegria\/el-centre\/preinscripcio-i-matricula\/\">http:\/\/agora.xtec.cat\/cfasegria\/el-centre\/preinscripcio-i-matricula\/<\/a><\/h5>\n<p>Cal formalitzar la preinscripci\u00f3 i la matr\u00edcula d\u2019acord amb els criteris i calendaris fixats pel Departament d\u2019Educaci\u00f3.<br \/>\nAquest estudi \u00e9s gratu\u00eft en les centres dependents del Departament d\u2019Educaci\u00f3, sens perjudici que el centre demani una \u00fanica aportaci\u00f3 de l\u2019alumnat que dona dret als materials proporcionats pel professorat (fotoc\u00f2pies, dossiers,\u2026) i a la participaci\u00f3 en les activitats organitzades pel centre durant el curs (festes de Nadal, fi de curs, visites, sortides, xerrades\u2026) Aquesta aportaci\u00f3 \u00e9s aprovada pel Consell Escolar cada curs.<\/p>\n<p>Durant el proc\u00e9s de preinscripci\u00f3 i\/o matr\u00edcula, es realitza tamb\u00e9 una entrevista personal d\u2019orientaci\u00f3.<\/p>\n<h5>Continu\u00eftat<\/h5>\n<p>Si es vol continuar la formaci\u00f3, es pot cursar l&#8217;educaci\u00f3 secund\u00e0ria per a les persones adultes o la preparaci\u00f3 per a les proves d&#8217;acc\u00e9s a cicles formatius de grau mitj\u00e0.<\/p>\n<h5><strong>Normativa<\/strong><\/h5>\n<ul>\n<li><a title=\"Ves al DOGC\" href=\"https:\/\/dogc.gencat.cat\/ca\/document-del-dogc\/?documentId=938596\" target=\"_blank\" rel=\"noopener\">Ordre EDU\/217\/2022, de 23 de setembre<\/a>, per la qual s&#8217;estableix el curr\u00edculum de la formaci\u00f3 instrumental per a les persones adultes (DOGC n\u00fam. 8763, de 30.9.2022)<\/li>\n<\/ul>\n","protected":false},"excerpt":{"rendered":"<p>Cicle de Formaci\u00f3 Instrumental<\/p>\n<p>Descripci\u00f3<br \/>\nL&#8217;objectiu d&#8217;aquests estudis \u00e9s aprendre a llegir, escriure, fer c\u00e0lculs elementals entre altres coneixements. \u00c9s a dir, aquells elements necessaris que els permetin l&#8217;adquisici\u00f3 progressiva de les compet\u00e8ncies clau per afavorir el seu desenvolupament personal i acad\u00e8mic i la integraci\u00f3 social i&hellip;  <a href=\"https:\/\/agora.xtec.cat\/cfasegria\/el-centre\/ensenyaments\/formacio-basica\/\" title=\"Read Formaci\u00f3 b\u00e0sica\">Llegeix m\u00e9s\u00bb<\/a><\/p>\n","protected":false},"author":1,"featured_media":0,"parent":274,"menu_order":0,"comment_status":"closed","ping_status":"closed","template":"page-templates\/side-menu.php","meta":{"_bbp_topic_count":0,"_bbp_reply_count":0,"_bbp_total_topic_count":0,"_bbp_total_reply_count":0,"_bbp_voice_count":0,"_bbp_anonymous_reply_count":0,"_bbp_topic_count_hidden":0,"_bbp_reply_count_hidden":0,"_bbp_forum_subforum_count":0,"footnotes":""},"class_list":["post-283","page","type-page","status-publish","hentry"],"post_mailing_queue_ids":[],"_links":{"self":[{"href":"https:\/\/agora.xtec.cat\/cfasegria\/wp-json\/wp\/v2\/pages\/283","targetHints":{"allow":["GET"]}}],"collection":[{"href":"https:\/\/agora.xtec.cat\/cfasegria\/wp-json\/wp\/v2\/pages"}],"about":[{"href":"https:\/\/agora.xtec.cat\/cfasegria\/wp-json\/wp\/v2\/types\/page"}],"author":[{"embeddable":true,"href":"https:\/\/agora.xtec.cat\/cfasegria\/wp-json\/wp\/v2\/users\/1"}],"replies":[{"embeddable":true,"href":"https:\/\/agora.xtec.cat\/cfasegria\/wp-json\/wp\/v2\/comments?post=283"}],"version-history":[{"count":5,"href":"https:\/\/agora.xtec.cat\/cfasegria\/wp-json\/wp\/v2\/pages\/283\/revisions"}],"predecessor-version":[{"id":1603,"href":"https:\/\/agora.xtec.cat\/cfasegria\/wp-json\/wp\/v2\/pages\/283\/revisions\/1603"}],"up":[{"embeddable":true,"href":"https:\/\/agora.xtec.cat\/cfasegria\/wp-json\/wp\/v2\/pages\/274"}],"wp:attachment":[{"href":"https:\/\/agora.xtec.cat\/cfasegria\/wp-json\/wp\/v2\/media?parent=283"}],"curies":[{"name":"wp","href":"https:\/\/api.w.org\/{rel}","templated":true}]}}