{"id":1265,"date":"2022-05-20T12:47:33","date_gmt":"2022-05-20T10:47:33","guid":{"rendered":"https:\/\/agora.xtec.cat\/cfasegria\/?page_id=1265"},"modified":"2022-06-20T15:20:36","modified_gmt":"2022-06-20T13:20:36","slug":"pla-dorientacio-del-centre","status":"publish","type":"page","link":"https:\/\/agora.xtec.cat\/cfasegria\/documents-del-centre\/pla-dorientacio-del-centre\/","title":{"rendered":"Pla d&#8217;orientaci\u00f3 Educativa CFA Segri\u00e0"},"content":{"rendered":"<div style=\"width: 100%;\">\n<table style=\"border-collapse: collapse; width: 100%;\">\n<tbody>\n<tr>\n<td style=\"width: 100%; border-style: solid; border-color: #000000; background-color: #f5e9e9;\">\n<h1 style=\"text-align: center;\"><strong><span style=\"color: #800080;\">PLA D&#8217;ORIENTACI\u00d3 EDUCATIVA CFA SEGRI\u00c0<\/span><\/strong><\/h1>\n<\/td>\n<\/tr>\n<\/tbody>\n<\/table>\n<\/div>\n<p><span style=\"color: #993366;\"><strong>El nostre Pla d&#8217;Orientaci\u00f3 en un cop d&#8217;ull&#8230;<\/strong><\/span><\/p>\n<div style=\"width: 100%;\">\n<div style=\"position: relative; padding-bottom: 56.25%; padding-top: 0; height: 0;\"><iframe loading=\"lazy\" style=\"position: absolute; top: 0; left: 0; width: 100%; height: 100%;\" src=\"https:\/\/view.genial.ly\/62a655f980077b00110ee0b9\" width=\"1200\" height=\"675\" frameborder=\"0\" scrolling=\"yes\" allowfullscreen=\"allowfullscreen\" data-mce-fragment=\"1\"><\/iframe><\/div>\n<\/div>\n<p>&nbsp;<\/p>\n<p><span style=\"color: #993366;\"><strong>El nostre Pla d&#8217;Orientaci\u00f3 explicat per docents i alumnes&#8230;<\/strong><\/span><\/p>\n<div style=\"width: 100%;\">\n<div style=\"position: relative; padding-bottom: 56.25%; padding-top: 0; height: 0;\">\n<p><iframe loading=\"lazy\" title=\"YouTube video player\" src=\"\/\/www.youtube.com\/embed\/Pb0oxrJC-TY\" width=\"560\" height=\"315\" frameborder=\"0\" allowfullscreen=\"allowfullscreen\"><\/iframe><\/p>\n<p><strong><span style=\"color: #993366;\">El nostre Pla d&#8217;Orientaci\u00f3\u00a0 al detall&#8230; <a href=\"https:\/\/agora.xtec.cat\/cfasegria\/wp-content\/uploads\/usu745\/2022\/06\/Pla-dOrientacio-de-Centre-CFA-SEGRIA.docx.pdf\">Pla d&#8217;Orientaci\u00f3 de Centre CFA SEGRI\u00c0<\/a><\/span><\/strong><\/p>\n<p>Documentaci\u00f3 fruit de la participaci\u00f3 del claustre del CFA Segri\u00e0 en la segona edici\u00f3 del <a href=\"https:\/\/projectes.xtec.cat\/xarxadults\/orientacio\/2a-edicio-projecte\/\" target=\"_blank\" rel=\"noopener\">Projecte &#8220;L&#8217;Orientaci\u00f3 Educativa, factor clau d&#8217;\u00e8xit en l&#8217;educaci\u00f3 al llarg de la vida&#8221; (curs 21-22)<\/a><\/p>\n<\/div>\n<\/div>\n<div style=\"width: 100%;\">\n<div><\/div>\n<\/div>\n","protected":false},"excerpt":{"rendered":"<p>PLA D&#8217;ORIENTACI\u00d3 EDUCATIVA CFA SEGRI\u00c0<\/p>\n<p>El nostre Pla d&#8217;Orientaci\u00f3 en un cop d&#8217;ull&#8230;<\/p>\n<p>&nbsp;<br \/>\nEl nostre Pla d&#8217;Orientaci\u00f3 explicat per docents i alumnes&#8230;<\/p>\n<p>El nostre Pla d&#8217;Orientaci\u00f3\u00a0 al detall&#8230; <a href=\"https:\/\/agora.xtec.cat\/cfasegria\/wp-content\/uploads\/usu745\/2022\/06\/Pla-dOrientacio-de-Centre-CFA-SEGRIA.docx.pdf\">Pla d&#8217;Orientaci\u00f3 de Centre CFA SEGRI\u00c0<\/a><br \/>\nDocumentaci\u00f3 fruit de la participaci\u00f3 del claustre del CFA Segri\u00e0 en la segona edici\u00f3&hellip;  <a href=\"https:\/\/agora.xtec.cat\/cfasegria\/documents-del-centre\/pla-dorientacio-del-centre\/\" title=\"Read Pla d&#8217;orientaci\u00f3 Educativa CFA Segri\u00e0\">Llegeix m\u00e9s\u00bb<\/a><\/p>\n","protected":false},"author":1,"featured_media":0,"parent":57,"menu_order":0,"comment_status":"closed","ping_status":"closed","template":"page-templates\/side-menu.php","meta":{"_bbp_topic_count":0,"_bbp_reply_count":0,"_bbp_total_topic_count":0,"_bbp_total_reply_count":0,"_bbp_voice_count":0,"_bbp_anonymous_reply_count":0,"_bbp_topic_count_hidden":0,"_bbp_reply_count_hidden":0,"_bbp_forum_subforum_count":0,"footnotes":""},"class_list":["post-1265","page","type-page","status-publish","hentry"],"post_mailing_queue_ids":[],"_links":{"self":[{"href":"https:\/\/agora.xtec.cat\/cfasegria\/wp-json\/wp\/v2\/pages\/1265","targetHints":{"allow":["GET"]}}],"collection":[{"href":"https:\/\/agora.xtec.cat\/cfasegria\/wp-json\/wp\/v2\/pages"}],"about":[{"href":"https:\/\/agora.xtec.cat\/cfasegria\/wp-json\/wp\/v2\/types\/page"}],"author":[{"embeddable":true,"href":"https:\/\/agora.xtec.cat\/cfasegria\/wp-json\/wp\/v2\/users\/1"}],"replies":[{"embeddable":true,"href":"https:\/\/agora.xtec.cat\/cfasegria\/wp-json\/wp\/v2\/comments?post=1265"}],"version-history":[{"count":3,"href":"https:\/\/agora.xtec.cat\/cfasegria\/wp-json\/wp\/v2\/pages\/1265\/revisions"}],"predecessor-version":[{"id":1305,"href":"https:\/\/agora.xtec.cat\/cfasegria\/wp-json\/wp\/v2\/pages\/1265\/revisions\/1305"}],"up":[{"embeddable":true,"href":"https:\/\/agora.xtec.cat\/cfasegria\/wp-json\/wp\/v2\/pages\/57"}],"wp:attachment":[{"href":"https:\/\/agora.xtec.cat\/cfasegria\/wp-json\/wp\/v2\/media?parent=1265"}],"curies":[{"name":"wp","href":"https:\/\/api.w.org\/{rel}","templated":true}]}}