{"id":52,"date":"2014-09-17T16:58:07","date_gmt":"2014-09-17T16:58:07","guid":{"rendered":"http:\/\/agora.xtec.cat\/cfasebastiajuanarbo\/?page_id=52"},"modified":"2025-06-10T12:34:42","modified_gmt":"2025-06-10T10:34:42","slug":"calendari-del-curs","status":"publish","type":"page","link":"https:\/\/agora.xtec.cat\/cfasebastiajuanarbo\/secretaria\/calendari-del-curs\/","title":{"rendered":"Calendari del curs i horaris per ensenyament"},"content":{"rendered":"<h5><span style=\"color: #005699;\"><strong>Dates importants:<\/strong><\/span><\/h5>\n<ul>\n<li>Inici de curs: 22\/09\/2025 (excepte per al curs de Preparaci\u00f3 per a les Proves de Grau Mitj\u00e0, que ser\u00e0 el 15\/09\/2025)<\/li>\n<li>Final de curs: 05\/06\/2026<\/li>\n<li>Previsi\u00f3 \u00faltim dia Grau Mitj\u00e0: 12\/05\/2026<\/li>\n<li>Vacances Nadal: del 20\/12\/2025 al 07\/01\/2026<\/li>\n<li>Vacances Setmana Santa: del 28\/03\/2026 al 06\/04\/2026<\/li>\n<li>Dies de lliure disposici\u00f3: 31\/10\/2025, 13\/02\/2026, 16\/02\/2026 i 30\/04\/2026<\/li>\n<li>Festes locals: 05\/12\/2025 i 18\/05\/2026<\/li>\n<\/ul>\n<p><img loading=\"lazy\" decoding=\"async\" class=\"aligncenter wp-image-3178 size-large\" src=\"https:\/\/agora.xtec.cat\/cfasebastiajuanarbo\/wp-content\/uploads\/usu957\/2025\/06\/2025_2026_Calendari_alumnat-pdf-724x1024.jpg\" alt=\"\" width=\"724\" height=\"1024\" \/><\/p>\n<p style=\"text-align: center;\">Horari lectiu del centre: de 9 a 13 h i de 15 a 20 h<\/p>\n<p style=\"text-align: center;\">Consulta els <a href=\"https:\/\/agora.xtec.cat\/cfasebastiajuanarbo\/oferta-formativa-curs-escolar2023-2024\/\">Ensenyaments<\/a> per a veure els horaris<\/p>\n<p>&nbsp;<\/p>\n","protected":false},"excerpt":{"rendered":"<p>Dates importants:<\/p>\n<ul>\n<li>Inici de curs: 22\/09\/2025 (excepte per al curs de Preparaci\u00f3 per a les Proves de Grau Mitj\u00e0, que ser\u00e0 el 15\/09\/2025)<\/li>\n<li>Final de curs: 05\/06\/2026<\/li>\n<li>Previsi\u00f3 \u00faltim dia Grau Mitj\u00e0: 12\/05\/2026<\/li>\n<li>Vacances Nadal: del 20\/12\/2025 al 07\/01\/2026<\/li>\n<li>Vacances Setmana Santa: del 28\/03\/2026 al 06\/04\/2026<\/li>\n<li>Dies de lliure disposici\u00f3: 31\/10\/2025,&hellip;  <a href=\"https:\/\/agora.xtec.cat\/cfasebastiajuanarbo\/secretaria\/calendari-del-curs\/\" title=\"Read Calendari del curs i horaris per ensenyament\">Llegeix m\u00e9s\u00bb<\/a><br \/>\n","protected":false},"author":1,"featured_media":0,"parent":81,"menu_order":50,"comment_status":"closed","ping_status":"closed","template":"page-templates\/side-menu.php","meta":{"_bbp_topic_count":0,"_bbp_reply_count":0,"_bbp_total_topic_count":0,"_bbp_total_reply_count":0,"_bbp_voice_count":0,"_bbp_anonymous_reply_count":0,"_bbp_topic_count_hidden":0,"_bbp_reply_count_hidden":0,"_bbp_forum_subforum_count":0,"footnotes":""},"class_list":["post-52","page","type-page","status-publish","hentry"],"post_mailing_queue_ids":[],"_links":{"self":[{"href":"https:\/\/agora.xtec.cat\/cfasebastiajuanarbo\/wp-json\/wp\/v2\/pages\/52","targetHints":{"allow":["GET"]}}],"collection":[{"href":"https:\/\/agora.xtec.cat\/cfasebastiajuanarbo\/wp-json\/wp\/v2\/pages"}],"about":[{"href":"https:\/\/agora.xtec.cat\/cfasebastiajuanarbo\/wp-json\/wp\/v2\/types\/page"}],"author":[{"embeddable":true,"href":"https:\/\/agora.xtec.cat\/cfasebastiajuanarbo\/wp-json\/wp\/v2\/users\/1"}],"replies":[{"embeddable":true,"href":"https:\/\/agora.xtec.cat\/cfasebastiajuanarbo\/wp-json\/wp\/v2\/comments?post=52"}],"version-history":[{"count":7,"href":"https:\/\/agora.xtec.cat\/cfasebastiajuanarbo\/wp-json\/wp\/v2\/pages\/52\/revisions"}],"predecessor-version":[{"id":3179,"href":"https:\/\/agora.xtec.cat\/cfasebastiajuanarbo\/wp-json\/wp\/v2\/pages\/52\/revisions\/3179"}],"up":[{"embeddable":true,"href":"https:\/\/agora.xtec.cat\/cfasebastiajuanarbo\/wp-json\/wp\/v2\/pages\/81"}],"wp:attachment":[{"href":"https:\/\/agora.xtec.cat\/cfasebastiajuanarbo\/wp-json\/wp\/v2\/media?parent=52"}],"curies":[{"name":"wp","href":"https:\/\/api.w.org\/{rel}","templated":true}]}}