{"id":318,"date":"2015-01-28T11:34:47","date_gmt":"2015-01-28T10:34:47","guid":{"rendered":"http:\/\/agora.xtec.cat\/cfasebastiajuanarbo\/?page_id=318"},"modified":"2025-09-05T12:16:00","modified_gmt":"2025-09-05T10:16:00","slug":"a-cicles-formatius-de-grau-mitja","status":"publish","type":"page","link":"https:\/\/agora.xtec.cat\/cfasebastiajuanarbo\/ensenyaments\/a-cicles-formatius-de-grau-mitja\/","title":{"rendered":"Preparaci\u00f3 per a les proves d&#8217;acc\u00e9s a grau mitj\u00e0"},"content":{"rendered":"<h4><strong><span style=\"color: #0056b8;\">Informaci\u00f3 general<\/span><\/strong><\/h4>\n<p>Aquests estudis preparen per presentar-se a les proves d&#8217;acc\u00e9s als cicles de grau mitj\u00e0 de formaci\u00f3 professional, d&#8217;arts pl\u00e0stiques i disseny, i d&#8217;ensenyaments esportius.<\/p>\n<p>La durada m\u00ednima per a la preparaci\u00f3 de les proves d&#8217;acc\u00e9s a grau mitj\u00e0 \u00e9s de 330 hores.<\/p>\n<p>Vegeu el\u00a0<a href=\"https:\/\/dibaaps.diba.cat\/vnis\/temp\/CIDO_dogc_2007_06_20070629_DOGC_20070629_062_138.pdf\" target=\"_blank\" rel=\"noopener noreferrer\">curr\u00edculum\u00a0<\/a>d\u2019aquests estudis.<\/p>\n<p>&nbsp;<\/p>\n<h4><strong><span style=\"color: #0056b8;\">Acc\u00e9s<\/span><\/strong><\/h4>\n<p>Poden accedir a aquest curs els majors de 16 anys o que els compleixin durant l&#8217;any natural en qu\u00e8 inicien la formaci\u00f3.<\/p>\n<p>Cal tenir en compte que per realitzar les proves d&#8217;acc\u00e9s als cicles formatius de grau mitj\u00e0 s\u2019han de tenir 17 anys o complir-los l&#8217;any natural en qu\u00e8 es realitza la prova.<\/p>\n<div id=\"div_03\" class=\"CS_paddingTop10 nomargeleft display\">\n<div class=\"FW_bColCos dotted\">\n<div><\/div>\n<div>\n<p>&nbsp;<\/p>\n<h4><strong><span style=\"color: #0056b8;\">Tr\u00e0mits<\/span><\/strong><\/h4>\n<\/div>\n<\/div>\n<\/div>\n<p>Per cursar aquest ensenyament cal formalitzar la <a href=\"https:\/\/agora.xtec.cat\/cfasebastiajuanarbo\/matricula\/preinscripcio-curs-escolar-2020-2021\/\">matr\u00edcula<\/a> d&#8217;acord amb els criteris fixats pel Departament d&#8217;Educaci\u00f3. Aquests cursos s\u00f3n gratu\u00efts.<\/p>\n<div id=\"div_03\" class=\"CS_paddingTop10 nomargeleft display\">\n<div class=\"FW_bColCos dotted\">\n<div><\/div>\n<div>\n<p>&nbsp;<\/p>\n<h4><strong><span style=\"color: #0056b8;\">Continguts<\/span><\/strong><\/h4>\n<\/div>\n<\/div>\n<\/div>\n<ul>\n<li>\u00a0compet\u00e8ncia en llengua catalana i castellana<\/li>\n<li>\u00a0compet\u00e8ncia en llengua estrangera<\/li>\n<li>\u00a0compet\u00e8ncia social i ciutadana<\/li>\n<li>\u00a0compet\u00e8ncia matem\u00e0tica<\/li>\n<li>\u00a0compet\u00e8ncia d&#8217;interacci\u00f3 amb el m\u00f3n f\u00edsic<\/li>\n<li>\u00a0compet\u00e8ncia en tecnologies<\/li>\n<\/ul>\n<p>El temari i els criteris d&#8217;avaluaci\u00f3 de cadascuna de les mat\u00e8ries s\u00f3n els que consten a l&#8217;annex 1 de la\u00a0<a title=\"V\u00e9s al DOGC\" href=\"http:\/\/dogc.gencat.cat\/ca\/pdogc_canals_interns\/pdogc_resultats_fitxa\/?action=fitxa&amp;mode=single&amp;documentId=567520&amp;language=ca_ES\" target=\"_blank\" rel=\"noopener noreferrer\">Resoluci\u00f3 EDU\/3983\/2010<\/a>, de 9 de desembre.<\/p>\n<div><\/div>\n<div>\n<p>&nbsp;<\/p>\n<h4><strong><span style=\"color: #0056b8;\">Horari, aula i tutor (curs escolar 2025\/2026)\u00a0<\/span><\/strong><\/h4>\n<\/div>\n<div class=\"CS_fFons_DestaquemPeu CS_fFons_DestaquemPeu2\" style=\"text-align: justify;\"><img loading=\"lazy\" decoding=\"async\" class=\"aligncenter size-full wp-image-2777\" src=\"https:\/\/agora.xtec.cat\/cfasebastiajuanarbo\/wp-content\/uploads\/usu957\/2023\/09\/Captura-de-pantalla-2023-09-12-110718-6.jpg\" alt=\"\" width=\"1382\" height=\"67\" srcset=\"https:\/\/agora.xtec.cat\/cfasebastiajuanarbo\/wp-content\/uploads\/usu957\/2023\/09\/Captura-de-pantalla-2023-09-12-110718-6.jpg 1382w, https:\/\/agora.xtec.cat\/cfasebastiajuanarbo\/wp-content\/uploads\/usu957\/2023\/09\/Captura-de-pantalla-2023-09-12-110718-6-300x15.jpg 300w, https:\/\/agora.xtec.cat\/cfasebastiajuanarbo\/wp-content\/uploads\/usu957\/2023\/09\/Captura-de-pantalla-2023-09-12-110718-6-1024x50.jpg 1024w, https:\/\/agora.xtec.cat\/cfasebastiajuanarbo\/wp-content\/uploads\/usu957\/2023\/09\/Captura-de-pantalla-2023-09-12-110718-6-768x37.jpg 768w\" sizes=\"auto, (max-width: 1382px) 100vw, 1382px\" \/><\/div>\n<div>\n<h5 class=\"CS_fFons_DestaquemPeu CS_fFons_DestaquemPeu2\" style=\"text-align: justify;\"><img loading=\"lazy\" decoding=\"async\" class=\"aligncenter size-full wp-image-3196\" src=\"https:\/\/agora.xtec.cat\/cfasebastiajuanarbo\/wp-content\/uploads\/usu957\/2025\/06\/ppgm-4.jpg\" alt=\"\" width=\"897\" height=\"426\" srcset=\"https:\/\/agora.xtec.cat\/cfasebastiajuanarbo\/wp-content\/uploads\/usu957\/2025\/06\/ppgm-4.jpg 897w, https:\/\/agora.xtec.cat\/cfasebastiajuanarbo\/wp-content\/uploads\/usu957\/2025\/06\/ppgm-4-300x142.jpg 300w, https:\/\/agora.xtec.cat\/cfasebastiajuanarbo\/wp-content\/uploads\/usu957\/2025\/06\/ppgm-4-768x365.jpg 768w\" sizes=\"auto, (max-width: 897px) 100vw, 897px\" \/><\/h5>\n<\/div>\n<div>\n<h4><strong><span style=\"color: #0056b8;\">Material necessari<\/span><\/strong><\/h4>\n<\/div>\n<div>\n<p><strong>Matem\u00e0tiques<\/strong><br \/>\n<strong>Material necessari:<\/strong> &#8211;<\/p>\n<p class=\"FW_bColCos dotted\"><strong>Catal\u00e0<br \/>\nMaterial necessari: <\/strong>Dossier &#8220;Catal\u00e0 &#8211; Preparaci\u00f3 Proves Acc\u00e9s Grau Mitj\u00e0&#8221;\u00a0(s&#8217;encomana a la professora el primer dia de classe)<\/p>\n<p class=\"FW_bColCos dotted\"><strong>Castell\u00e0<\/strong><br \/>\n<strong>Material necessari:<\/strong> Dossier &#8220;Llengua\u00a0Castellana\u201d (s\u2019encomana a la professora el primer dia de classe).<\/p>\n<p><strong>Angl\u00e8s<\/strong><br \/>\n<strong>Material necessari: <\/strong>Dossier &#8220;Angl\u00e8s &#8211; Preparaci\u00f3 Proves Acc\u00e9s Grau Mitj\u00e0&#8221; (s&#8217;encomana a la professora el primer dia de classe)<\/p>\n<p class=\"FW_bColCos dotted\"><strong>Ci\u00e8ncies i tecnologia<\/strong><br \/>\n<strong>Material necessari:<\/strong> &#8211;<\/p>\n<p><strong>Socials<\/strong><br \/>\n<strong>Material necessari:<\/strong> &#8211;<\/p>\n<\/div>\n<p>&nbsp;<\/p>\n<h4><span style=\"color: #0056b8;\"><strong>Informaci\u00f3 IMPORTANT del Departament d&#8217;Educaci\u00f3<\/strong><\/span><\/h4>\n<p><a href=\"https:\/\/agora.xtec.cat\/cfasebastiajuanarbo\/wp-content\/uploads\/usu957\/2020\/06\/infdep_gm.jpg\"><img loading=\"lazy\" decoding=\"async\" class=\"aligncenter size-large wp-image-1311\" src=\"https:\/\/agora.xtec.cat\/cfasebastiajuanarbo\/wp-content\/uploads\/usu957\/2020\/06\/infdep_gm-1024x532.jpg\" alt=\"\" width=\"1024\" height=\"532\" srcset=\"https:\/\/agora.xtec.cat\/cfasebastiajuanarbo\/wp-content\/uploads\/usu957\/2020\/06\/infdep_gm-1024x532.jpg 1024w, https:\/\/agora.xtec.cat\/cfasebastiajuanarbo\/wp-content\/uploads\/usu957\/2020\/06\/infdep_gm-300x156.jpg 300w, https:\/\/agora.xtec.cat\/cfasebastiajuanarbo\/wp-content\/uploads\/usu957\/2020\/06\/infdep_gm-768x399.jpg 768w, https:\/\/agora.xtec.cat\/cfasebastiajuanarbo\/wp-content\/uploads\/usu957\/2020\/06\/infdep_gm.jpg 1638w\" sizes=\"auto, (max-width: 1024px) 100vw, 1024px\" \/><\/a><\/p>\n<p>&nbsp;<\/p>\n<div>\n<div>\n<h4><strong><span style=\"color: #0056b8;\">Continu\u00eftat<\/span><\/strong><\/h4>\n<\/div>\n<\/div>\n<div class=\"entry-content\">\n<div class=\"CS_fFons_DestaquemPeu CS_fFons_DestaquemPeu2\">\n<div class=\"CS_fFons_DestaquemPeu CS_fFons_DestaquemPeu2\">\n<div class=\"CS_fFons_DestaquemB CS_fFons_DestaquemB2\">\n<div id=\"div_05\" class=\"CS_paddingTop10 nomargeleft display\">\n<div class=\"FW_bColCos dotted\">\n<p><span style=\"font-family: inherit; font-size: 1em;\">La qualificaci\u00f3 que s&#8217;obt\u00e9 en aquesta formaci\u00f3 es multiplica pel coeficient 0,20 i se suma a la nota de la prova d&#8217;acc\u00e9s. Si el resultat \u00e9s &#8220;apte&#8221;, un cop finalitzat aquest curs es podr\u00e0 accedir a qualsevol cicle formatiu de grau mitj\u00e0.\u00a0<\/span><\/p>\n<\/div>\n<\/div>\n<\/div>\n<\/div>\n<div class=\"CS_fFons_DestaquemPeu CS_fFons_DestaquemPeu2\">\n<hr \/>\n<h5><span style=\"color: #0056b8;\"><strong>Normativa<\/strong><\/span><\/h5>\n<\/div>\n<\/div>\n<\/div>\n<p style=\"text-align: justify;\"><a title=\"V\u00e9s al DOGC\" href=\"http:\/\/dogc.gencat.cat\/ca\/pdogc_canals_interns\/pdogc_resultats_fitxa\/index.html?action=fitxa&amp;mode=single&amp;documentId=567520&amp;language=es_ES&amp;newLang=ca_ES\" target=\"_blank\" rel=\"noopener noreferrer\">Resoluci\u00f3 EDU\/3983\/2010, de 9 de desembre,<\/a>\u00a0per la qual s&#8217;estableixen els temaris i els criteris d&#8217;avaluaci\u00f3 de les proves d&#8217;acc\u00e9s als cicles formatius de formaci\u00f3 professional inicial, als cicles formatius d&#8217;ensenyaments d&#8217;arts pl\u00e0stiques i disseny, i als cicles d&#8217;ensenyaments esportius (DOGC n\u00fam. 5778, de 20.10.2012)<\/p>\n","protected":false},"excerpt":{"rendered":"<p>Informaci\u00f3 general<br \/>\nAquests estudis preparen per presentar-se a les proves d&#8217;acc\u00e9s als cicles de grau mitj\u00e0 de formaci\u00f3 professional, d&#8217;arts pl\u00e0stiques i disseny, i d&#8217;ensenyaments esportius.<br \/>\nLa durada m\u00ednima per a la preparaci\u00f3 de les proves d&#8217;acc\u00e9s a grau mitj\u00e0 \u00e9s de 330 hores.<br \/>\nVegeu el\u00a0<a href=\"https:\/\/dibaaps.diba.cat\/vnis\/temp\/CIDO_dogc_2007_06_20070629_DOGC_20070629_062_138.pdf\" target=\"_blank\"&hellip;  <a href=\"https:\/\/agora.xtec.cat\/cfasebastiajuanarbo\/ensenyaments\/a-cicles-formatius-de-grau-mitja\/\" title=\"Read Preparaci\u00f3 per a les proves d&#8217;acc\u00e9s a grau mitj\u00e0\">Llegeix m\u00e9s\u00bb<\/a><\/p>\n","protected":false},"author":1,"featured_media":0,"parent":274,"menu_order":0,"comment_status":"closed","ping_status":"closed","template":"page-templates\/side-menu.php","meta":{"_bbp_topic_count":0,"_bbp_reply_count":0,"_bbp_total_topic_count":0,"_bbp_total_reply_count":0,"_bbp_voice_count":0,"_bbp_anonymous_reply_count":0,"_bbp_topic_count_hidden":0,"_bbp_reply_count_hidden":0,"_bbp_forum_subforum_count":0,"footnotes":""},"class_list":["post-318","page","type-page","status-publish","hentry"],"post_mailing_queue_ids":[],"_links":{"self":[{"href":"https:\/\/agora.xtec.cat\/cfasebastiajuanarbo\/wp-json\/wp\/v2\/pages\/318","targetHints":{"allow":["GET"]}}],"collection":[{"href":"https:\/\/agora.xtec.cat\/cfasebastiajuanarbo\/wp-json\/wp\/v2\/pages"}],"about":[{"href":"https:\/\/agora.xtec.cat\/cfasebastiajuanarbo\/wp-json\/wp\/v2\/types\/page"}],"author":[{"embeddable":true,"href":"https:\/\/agora.xtec.cat\/cfasebastiajuanarbo\/wp-json\/wp\/v2\/users\/1"}],"replies":[{"embeddable":true,"href":"https:\/\/agora.xtec.cat\/cfasebastiajuanarbo\/wp-json\/wp\/v2\/comments?post=318"}],"version-history":[{"count":7,"href":"https:\/\/agora.xtec.cat\/cfasebastiajuanarbo\/wp-json\/wp\/v2\/pages\/318\/revisions"}],"predecessor-version":[{"id":3222,"href":"https:\/\/agora.xtec.cat\/cfasebastiajuanarbo\/wp-json\/wp\/v2\/pages\/318\/revisions\/3222"}],"up":[{"embeddable":true,"href":"https:\/\/agora.xtec.cat\/cfasebastiajuanarbo\/wp-json\/wp\/v2\/pages\/274"}],"wp:attachment":[{"href":"https:\/\/agora.xtec.cat\/cfasebastiajuanarbo\/wp-json\/wp\/v2\/media?parent=318"}],"curies":[{"name":"wp","href":"https:\/\/api.w.org\/{rel}","templated":true}]}}