{"id":316,"date":"2015-01-28T11:33:51","date_gmt":"2015-01-28T10:33:51","guid":{"rendered":"http:\/\/agora.xtec.cat\/cfasebastiajuanarbo\/?page_id=316"},"modified":"2025-11-07T13:15:34","modified_gmt":"2025-11-07T12:15:34","slug":"competencia-digital-competic","status":"publish","type":"page","link":"https:\/\/agora.xtec.cat\/cfasebastiajuanarbo\/ensenyaments\/competencia-digital-competic\/","title":{"rendered":"Inform\u00e0tica"},"content":{"rendered":"<h4><strong><span style=\"color: #0056b8;\">Informaci\u00f3 general<\/span><\/strong><\/h4>\n<p>Els ensenyaments d&#8217;inform\u00e0tica tenen com objectiu facilitar l&#8217;adquisici\u00f3 de les compet\u00e8ncies\u00a0digitals,\u00a0com la combinaci\u00f3 de coneixements, habilitats i actituds en l&#8217;\u00e0mbit de les tecnologies de la informaci\u00f3 i la comunicaci\u00f3 (TIC) per desenvolupar-se en la societat actual. S&#8217;imparteixen en quatre nivells: COMPETIC Inicial, 1, 2 i 3.<\/p>\n<p>El nivell inicial d\u2019inform\u00e0tica (COMPETIC inicial) s\u2019adre\u00e7a a les persones adultes que volen assolir un domini b\u00e0sic de les tecnologies de la informaci\u00f3 i la comunicaci\u00f3 (TIC). Els diferents nivells usuari d\u2019inform\u00e0tica (COMPETIC 1, 2 i 3) van adre\u00e7ats a persones que tenen uns coneixements b\u00e0sics del funcionament de l\u2019ordinador, del tractament de textos, de l\u2019\u00fas del correu electr\u00f2nic i de la cerca d\u2019informaci\u00f3 per Internet, el civisme digital, full de c\u00e0lcul i tractament de la imatge i el so.<\/p>\n<p>Podeu consultar el <a href=\"https:\/\/drive.google.com\/file\/d\/1aKR30u8c1mcqpjW0NqyYMBcf00ngGPhD\/view?usp=sharing\">curr\u00edculum <\/a>d&#8217;aquests ensenyaments.<\/p>\n<p>&nbsp;<\/p>\n<h4><strong><span style=\"color: #0056b8;\">Acc\u00e9s<\/span><\/strong><\/h4>\n<p class=\"CS_fFons_DestaquemB CS_fFons_DestaquemB2\"><span style=\"font-family: inherit; font-size: 1em;\">Poden accedir a aquests estudis totes les persones que tenen m\u00e9s de 18 anys o b\u00e9 els compleixen durant l&#8217;any natural en qu\u00e8 inicien la formaci\u00f3.<\/span><\/p>\n<div id=\"div_03\" class=\"CS_paddingTop10 nomargeleft display\">\n<div class=\"FW_bColCos dotted\">\n<div><\/div>\n<div>\n<p>&nbsp;<\/p>\n<h4><strong><span style=\"color: #0056b8;\">Tr\u00e0mits<\/span><\/strong><\/h4>\n<\/div>\n<\/div>\n<\/div>\n<p>Per cursar aquest ensenyament cal formalitzar la <a href=\"https:\/\/agora.xtec.cat\/cfasebastiajuanarbo\/matricula\/preinscripcio-curs-escolar-2020-2021\/\">matr\u00edcula<\/a> d&#8217;acord amb els criteris fixats pel Departament d&#8217;Educaci\u00f3. Aquests cursos s\u00f3n gratu\u00efts.<\/p>\n<div id=\"div_03\" class=\"CS_paddingTop10 nomargeleft display\">\n<div class=\"FW_bColCos dotted\">\n<div><\/div>\n<div>\n<p>&nbsp;<\/p>\n<h4><strong><span style=\"color: #0056b8;\">Cursos que oferim<\/span><\/strong><\/h4>\n<p><strong>Competic inicial\u00a0<\/strong><br \/>\n<strong>Adre\u00e7at a:<\/strong> aquelles persones que es volen iniciar a les compet\u00e8ncies digitals.<br \/>\n<strong>Hores anuals:<\/strong> 105 hores (3 hores setmanals).<\/p>\n<div class=\"CS_fFons_DestaquemPeu CS_fFons_DestaquemPeu2\">\n<p class=\"FW_bColCos dotted\"><strong>Competic 1 (equivalent ACTIC b\u00e0sic)<\/strong><br \/>\n<strong>Adre\u00e7at a:<\/strong> aquelles persones que tenen uns coneixements b\u00e0sics del funcionament de l\u2019ordinador, del tractament de textos, de l\u2019\u00fas del correu electr\u00f2nic i de la cerca d\u2019informaci\u00f3 per Internet, el civisme digital, full de c\u00e0lcul i tractament de la imatge i el so.<br \/>\n<strong>Hores anuals:<\/strong> 105 hores (3 hores setmanals).<\/p>\n<p><strong>Competic 2 (equivalent ACTIC mitj\u00e0)<\/strong><br \/>\n<strong>Adre\u00e7at a:<\/strong> aquelles persones que tinguin el CompeTIC 1 o ACTIC b\u00e0sic o que demostrin suficients coneixements del funcionament de l\u2019ordinador, del tractament de textos, de l\u2019\u00fas del correu electr\u00f2nic i de la cerca d\u2019informaci\u00f3 per Internet, el civisme digital, full de c\u00e0lcul i tractament de la imatge i el so.<br \/>\n<strong>Hores anuals:<\/strong> 140 hores (4 hores setmanals).<\/p>\n<div class=\"CS_fFons_DestaquemB CS_fFons_DestaquemB2\">\n<p id=\"div_05\" class=\"CS_paddingTop10 nomargeleft display\"><strong>Competic 3 (equivalent ACTIC avan\u00e7at)<\/strong><br \/>\n<strong>Adre\u00e7at a:<\/strong> aquelles persones que tinguin el CompeTIC 2 o ACTIC mitj\u00e0<br \/>\n<strong>Hores anuals:<\/strong> 105 hores (3 hores setmanals).<\/p>\n<p>&nbsp;<\/p>\n<\/div>\n<\/div>\n<\/div>\n<\/div>\n<\/div>\n<h4><strong><span style=\"color: #0056b8;\">Continguts<\/span><\/strong><\/h4>\n<p>En cada nivell de COMPETIC es tracten diverses compet\u00e8ncies que es van actualitzant cada any responent a les necessitats de la societat:<\/p>\n<h6 style=\"padding-left: 30px;\"><strong>Competic Inicial<\/strong><\/h6>\n<p style=\"padding-left: 30px;\">Recull tres de les sis compet\u00e8ncies del nivell b\u00e0sic de l\u2019acreditaci\u00f3 de compet\u00e8ncies en tecnologies de la informaci\u00f3 i la comunicaci\u00f3 (ACTIC):<\/p>\n<p style=\"padding-left: 60px;\">&#8211; Tecnologia digital, \u00fas de l\u2019ordinador i del sistema operatiu.<\/p>\n<p style=\"padding-left: 60px;\">&#8211; Tractament de la informaci\u00f3 escrita.<\/p>\n<p style=\"padding-left: 60px;\">&#8211; Navegaci\u00f3 i comunicaci\u00f3 en el m\u00f3n digital.<\/p>\n<h6 style=\"padding-left: 30px;\"><strong>Competic 1<\/strong><\/h6>\n<p style=\"padding-left: 30px;\">Recull les tres compet\u00e8ncies del nivell b\u00e0sic de l\u2019acreditaci\u00f3 de compet\u00e8ncies en tecnologies de la informaci\u00f3 i la comunicaci\u00f3 (ACTIC-B\u00e0sic). No recollides a la formaci\u00f3 COMPETIC INICIAL:<\/p>\n<p style=\"padding-left: 60px;\">&#8211; Tractament de la informaci\u00f3 num\u00e8rica.<\/p>\n<p style=\"padding-left: 60px;\">&#8211; Tractament de la informaci\u00f3 gr\u00e0fica, sonora i de la imatge en moviment.<\/p>\n<p style=\"padding-left: 60px;\">&#8211; Cultura, participaci\u00f3 i civisme digital.<\/p>\n<h6 style=\"padding-left: 30px;\"><strong>Competic 2<\/strong><\/h6>\n<p style=\"padding-left: 30px;\">Recull les vuit compet\u00e8ncies del nivell mitj\u00e0 de l\u2019acreditaci\u00f3 de compet\u00e8ncies en tecnologies de la informaci\u00f3 i la comunicaci\u00f3 (ACTIC- Mitj\u00e0):<\/p>\n<p style=\"padding-left: 60px;\">&#8211; Cultura, participaci\u00f3 i civisme digital.<\/p>\n<p style=\"padding-left: 60px;\">&#8211; Tecnologia digital, \u00fas de l\u2019ordinador i del sistema operatiu.<\/p>\n<p style=\"padding-left: 60px;\">&#8211; Navegaci\u00f3 i comunicaci\u00f3 en el m\u00f3n digital.<\/p>\n<p style=\"padding-left: 60px;\">&#8211; Tractament de la informaci\u00f3 escrita.<\/p>\n<p style=\"padding-left: 60px;\">&#8211; Tractament de la informaci\u00f3 gr\u00e0fica, sonora i de la imatge en moviment.<\/p>\n<p style=\"padding-left: 60px;\">&#8211; Tractament de la informaci\u00f3 num\u00e8rica.<\/p>\n<p style=\"padding-left: 60px;\">&#8211; Tractament de les dades.<\/p>\n<p style=\"padding-left: 60px;\">&#8211; Presentaci\u00f3 de continguts.<\/p>\n<h6 style=\"padding-left: 30px;\"><strong>Competic 3<\/strong><\/h6>\n<p style=\"padding-left: 30px;\">Recull tres de les vuit compet\u00e8ncies del nivell avan\u00e7at\u00a0de l\u2019acreditaci\u00f3 de compet\u00e8ncies en tecnologies de la informaci\u00f3 i la comunicaci\u00f3 (ACTIC- Avan\u00e7at). En el nostre centre oferim:<\/p>\n<p style=\"padding-left: 60px;\">&#8211; Tractament de la informaci\u00f3 escrita.<\/p>\n<p style=\"padding-left: 60px;\">&#8211; Tractament de la informaci\u00f3 num\u00e8rica.<\/p>\n<p style=\"padding-left: 60px;\">&#8211; Presentaci\u00f3 de continguts.<\/p>\n<h5><\/h5>\n<p>&nbsp;<\/p>\n<div>\n<h4><strong><span style=\"color: #0056b8;\">Horari, aula i tutor (curs escolar 2025\/2026)\u00a0<\/span><\/strong><\/h4>\n<p><img loading=\"lazy\" decoding=\"async\" class=\"aligncenter size-full wp-image-3181\" src=\"https:\/\/agora.xtec.cat\/cfasebastiajuanarbo\/wp-content\/uploads\/usu957\/2025\/06\/tic.jpg\" alt=\"\" width=\"838\" height=\"154\" srcset=\"https:\/\/agora.xtec.cat\/cfasebastiajuanarbo\/wp-content\/uploads\/usu957\/2025\/06\/tic.jpg 838w, https:\/\/agora.xtec.cat\/cfasebastiajuanarbo\/wp-content\/uploads\/usu957\/2025\/06\/tic-300x55.jpg 300w, https:\/\/agora.xtec.cat\/cfasebastiajuanarbo\/wp-content\/uploads\/usu957\/2025\/06\/tic-768x141.jpg 768w\" sizes=\"auto, (max-width: 838px) 100vw, 838px\" \/><\/p>\n<\/div>\n<p>&nbsp;<\/p>\n<div>\n<h4><strong><span style=\"color: #0056b8;\">Material necessari<\/span><\/strong><\/h4>\n<\/div>\n<div>\n<p>Caldr\u00e0 portar <b>USB <\/b>i <strong>auriculars<\/strong> de casa.<\/p>\n<\/div>\n<div><\/div>\n<div><\/div>\n<div>\n<div>\n<h4><strong><span style=\"color: #0056b8;\">Continu\u00eftat<\/span><\/strong><\/h4>\n<\/div>\n<\/div>\n<div class=\"entry-content\">\n<div class=\"CS_fFons_DestaquemPeu CS_fFons_DestaquemPeu2\">\n<div class=\"CS_fFons_DestaquemPeu CS_fFons_DestaquemPeu2\">\n<div class=\"CS_fFons_DestaquemB CS_fFons_DestaquemB2\">\n<div id=\"div_05\" class=\"CS_paddingTop10 nomargeleft display\">\n<div class=\"FW_bColCos dotted\">\n<p>Competic inicial &#8211;&gt; Competic 1<\/p>\n<p>Competic 1 &#8211;&gt; Competic 2<\/p>\n<p>Competic 2 &#8211;&gt; Competic 3<\/p>\n<p>Competic 3 &#8211;&gt; fins 5\u00a0compet\u00e8ncies<\/p>\n<\/div>\n<\/div>\n<\/div>\n<\/div>\n<\/div>\n<\/div>\n<hr \/>\n<h5><span style=\"color: #0056b8;\">Normativa<\/span><\/h5>\n<ul>\n<li><a href=\"http:\/\/dogc.gencat.cat\/ca\/pdogc_canals_interns\/pdogc_resultats_fitxa\/?action=fitxa&amp;mode=single&amp;documentId=661212&amp;language=ca_ES\" target=\"_blank\" rel=\"noopener noreferrer\">Resoluci\u00f3 ENS\/924\/2014, de 23 d&#8217;abril,<\/a>\u00a0per la qual s&#8217;estableix el procediment d&#8217;avaluaci\u00f3 i certificaci\u00f3 dels ensenyaments de compet\u00e8ncia digital a l&#8217;educaci\u00f3 d&#8217;adults (DOGC n\u00fam. 6614, de 2.5.2014)<\/li>\n<li><a href=\"http:\/\/educacio.gencat.cat\/documents\/IPCNormativa\/DisposicionsInternes\/Resolucio_competic.pdf\" target=\"_blank\" rel=\"noopener noreferrer\">Resoluci\u00f3 de 14 de juny de 2016,<\/a>\u00a0de modificaci\u00f3 de la Resoluci\u00f3 de 19 de juny de 2012, per la qual s&#8217;estableixen els curr\u00edculums dels ensenyaments d&#8217;inform\u00e0tica d&#8217;aplicaci\u00f3 a la xarxa de centres i aules de formaci\u00f3 de persones adultes dependents del Departament d&#8217;Ensenyament i els centres municipals autoritzats pel Departament.<\/li>\n<li><a href=\"http:\/\/dogc.gencat.cat\/ca\/pdogc_canals_interns\/pdogc_resultats_fitxa\/?action=fitxa&amp;mode=single&amp;documentId=796541&amp;language=ca_ES\" target=\"_blank\" rel=\"noopener noreferrer\">Ordre PRE\/206\/2017, de 4 de setembre,<\/a>\u00a0de reconeixement de l&#8217;equival\u00e8ncia entre els certificats de compet\u00e8ncia digital de l&#8217;educaci\u00f3 de persones adultes (COMPETIC) i els certificats d&#8217;acreditaci\u00f3 de compet\u00e8ncies en tecnologies de la informaci\u00f3 i la comunicaci\u00f3 (ACTIC) (DOGC n\u00fam. 7450A, de 7.9.2017)<\/li>\n<li><a href=\"https:\/\/dogc.gencat.cat\/es\/pdogc_canals_interns\/pdogc_resultats_fitxa\/index.html?action=fitxa&amp;documentId=812390&amp;language=ca_ES&amp;newLang=es_ES\">Resoluci\u00f3n\u00a0ENS\/447\/2018, de 12 de marzo<\/a>, de modificaci\u00f3n de la Resoluci\u00f3n ENS\/924\/2014, de 23 de abril, por la que se establece el procedimiento de evaluaci\u00f3n y certificaci\u00f3n de las ense\u00f1anzas de competencia digital en la educaci\u00f3n de adultos (DOGC n\u00fam. 7580, de 16.3.2018)<\/li>\n<li><a href=\"https:\/\/dogc.gencat.cat\/ca\/pdogc_canals_interns\/pdogc_resultats_fitxa\/?action=fitxa&amp;documentId=812390&amp;language=ca_ES\">Resoluci\u00f3 ENS\/447\/2018, de 12 de mar\u00e7<\/a>, de modificaci\u00f3 de la Resoluci\u00f3 ENS\/924\/2014, de 23 d&#8217;abril, per la qual s&#8217;estableix el procediment d&#8217;avaluaci\u00f3 i certificaci\u00f3 dels ensenyaments de compet\u00e8ncia digital a l&#8217;educaci\u00f3 d&#8217;adults (DOGC n\u00fam, 7580, de 16.3.2018)<\/li>\n<\/ul>\n","protected":false},"excerpt":{"rendered":"<p>Informaci\u00f3 general<br \/>\nEls ensenyaments d&#8217;inform\u00e0tica tenen com objectiu facilitar l&#8217;adquisici\u00f3 de les compet\u00e8ncies\u00a0digitals,\u00a0com la combinaci\u00f3 de coneixements, habilitats i actituds en l&#8217;\u00e0mbit de les tecnologies de la informaci\u00f3 i la comunicaci\u00f3 (TIC) per desenvolupar-se en la societat actual. S&#8217;imparteixen en quatre nivells: COMPETIC Inicial, 1, 2&hellip;  <a href=\"https:\/\/agora.xtec.cat\/cfasebastiajuanarbo\/ensenyaments\/competencia-digital-competic\/\" title=\"Read Inform\u00e0tica\">Llegeix m\u00e9s\u00bb<\/a><\/p>\n","protected":false},"author":1,"featured_media":0,"parent":274,"menu_order":2,"comment_status":"closed","ping_status":"closed","template":"page-templates\/side-menu.php","meta":{"_bbp_topic_count":0,"_bbp_reply_count":0,"_bbp_total_topic_count":0,"_bbp_total_reply_count":0,"_bbp_voice_count":0,"_bbp_anonymous_reply_count":0,"_bbp_topic_count_hidden":0,"_bbp_reply_count_hidden":0,"_bbp_forum_subforum_count":0,"footnotes":""},"class_list":["post-316","page","type-page","status-publish","hentry"],"post_mailing_queue_ids":[],"_links":{"self":[{"href":"https:\/\/agora.xtec.cat\/cfasebastiajuanarbo\/wp-json\/wp\/v2\/pages\/316","targetHints":{"allow":["GET"]}}],"collection":[{"href":"https:\/\/agora.xtec.cat\/cfasebastiajuanarbo\/wp-json\/wp\/v2\/pages"}],"about":[{"href":"https:\/\/agora.xtec.cat\/cfasebastiajuanarbo\/wp-json\/wp\/v2\/types\/page"}],"author":[{"embeddable":true,"href":"https:\/\/agora.xtec.cat\/cfasebastiajuanarbo\/wp-json\/wp\/v2\/users\/1"}],"replies":[{"embeddable":true,"href":"https:\/\/agora.xtec.cat\/cfasebastiajuanarbo\/wp-json\/wp\/v2\/comments?post=316"}],"version-history":[{"count":8,"href":"https:\/\/agora.xtec.cat\/cfasebastiajuanarbo\/wp-json\/wp\/v2\/pages\/316\/revisions"}],"predecessor-version":[{"id":3245,"href":"https:\/\/agora.xtec.cat\/cfasebastiajuanarbo\/wp-json\/wp\/v2\/pages\/316\/revisions\/3245"}],"up":[{"embeddable":true,"href":"https:\/\/agora.xtec.cat\/cfasebastiajuanarbo\/wp-json\/wp\/v2\/pages\/274"}],"wp:attachment":[{"href":"https:\/\/agora.xtec.cat\/cfasebastiajuanarbo\/wp-json\/wp\/v2\/media?parent=316"}],"curies":[{"name":"wp","href":"https:\/\/api.w.org\/{rel}","templated":true}]}}