{"id":303,"date":"2015-01-28T11:23:05","date_gmt":"2015-01-28T10:23:05","guid":{"rendered":"http:\/\/agora.xtec.cat\/cfasebastiajuanarbo\/?page_id=303"},"modified":"2025-09-05T12:16:27","modified_gmt":"2025-09-05T10:16:27","slug":"graduat-en-educacio-secundaria-per-adults","status":"publish","type":"page","link":"https:\/\/agora.xtec.cat\/cfasebastiajuanarbo\/ensenyaments\/graduat-en-educacio-secundaria-per-adults\/","title":{"rendered":"ESO per a adults (GES)"},"content":{"rendered":"<h4><span style=\"color: #0056b8;\"><strong>Informaci\u00f3 general<\/strong><\/span><\/h4>\n<p style=\"text-align: justify;\">Aquests estudis permeten completar els ensenyaments b\u00e0sics i obtenir el t\u00edtol de graduat o graduada en educaci\u00f3 secund\u00e0ria obligat\u00f2ria (GESO). Es poden cursar de manera presencial o semipresencial al nostre centre de formaci\u00f3 de persones adultes, que a m\u00e9s \u00e9s punt de suport de l&#8217;Institut Obert de Catalunya (<a href=\"http:\/\/ioc.xtec.cat\/educacio\/\">IOC<\/a>).<\/p>\n<p style=\"text-align: justify;\">Al CFA Sebasti\u00e0 Juan Arb\u00f3 oferim:<\/p>\n<ul>\n<li style=\"text-align: justify;\">GES I (a dist\u00e0ncia)<\/li>\n<li style=\"text-align: justify;\">GES II (presencial o a dist\u00e0ncia)<\/li>\n<\/ul>\n<p style=\"text-align: justify;\">La durada d&#8217;aquests estudis \u00e9s a partir d&#8217;un itinerari\u00a0personalitzat que realitzem a l&#8217;escola i que dep\u00e8n\u00a0dels estudis pr\u00e8vis, ja que estan organitzats de forma trimestral i modular.<\/p>\n<h4><\/h4>\n<h4><span style=\"color: #0056b8;\"><strong>Acc\u00e9s<\/strong><\/span><\/h4>\n<p>Amb car\u00e0cter general, per accedir a l&#8217;educaci\u00f3 d&#8217;adults cal tenir 18 anys, o b\u00e9 complir-los durant l&#8217;any natural en qu\u00e8 s&#8217;inicia la formaci\u00f3.<\/p>\n<p style=\"text-align: justify;\">Tamb\u00e9 hi poden accedir les persones m\u00e9s grans de 16 anys o que els compleixin durant l&#8217;any natural en qu\u00e8 inicien la formaci\u00f3 si es troben en alguna de les situacions seg\u00fcents:<\/p>\n<ul>\n<li style=\"text-align: justify;\">Tenen un contracte laboral que els impedeixi assistir als centres educatius en r\u00e8gim ordinari.<\/li>\n<li style=\"text-align: justify;\">Es troben en proc\u00e9s d&#8217;obtenci\u00f3 d&#8217;un perm\u00eds de treball.<\/li>\n<li style=\"text-align: justify;\">S\u00f3n esportistes d&#8217;alt rendiment.<\/li>\n<li style=\"text-align: justify;\">Han cursat on estan cursant els programes postobligatoris de formaci\u00f3 i inserci\u00f3 i volen cursar, en paral\u00b7lel, els ensenyaments d\u2019educaci\u00f3 secund\u00e0ria obligat\u00f2ria per a adults.<\/li>\n<li style=\"text-align: justify;\">Participen en el programa d&#8217;experi\u00e8ncia professional per a l&#8217;ocupaci\u00f3 juvenil a Catalunya &#8220;Joves per l&#8217;ocupaci\u00f3&#8221;.<\/li>\n<li style=\"text-align: justify;\">Excepcionalment el director o directora dels serveis territorials o el gerent del Consorci a la ciutat de Barcelona, pot autoritzar la incorporaci\u00f3 d\u2019alumnes que no compleixin els requisits anteriors.<\/li>\n<\/ul>\n<div id=\"div_03\" class=\"CS_paddingTop10 nomargeleft display\">\n<div class=\"FW_bColCos dotted\">\n<div>\n<h4><\/h4>\n<h4><span style=\"color: #0056b8;\"><strong>Tr\u00e0mits<\/strong><\/span><\/h4>\n<\/div>\n<\/div>\n<\/div>\n<p>Per cursar aquest ensenyament cal formalitzar la\u00a0<a href=\"https:\/\/agora.xtec.cat\/cfasebastiajuanarbo\/matricula\/preinscripcio-curs-escolar-2020-2021\/\">matr\u00edcula<\/a>\u00a0d\u2019acord amb els criteris fixats pel Departament d\u2019Educaci\u00f3. Aquests cursos s\u00f3n gratu\u00efts.<\/p>\n<div id=\"div_03\" class=\"CS_paddingTop10 nomargeleft display\">\n<div class=\"FW_bColCos dotted\">\n<div><\/div>\n<div>\n<p>&nbsp;<\/p>\n<h4><span style=\"color: #0056b8;\"><strong>Continguts<\/strong><\/span><\/h4>\n<\/div>\n<\/div>\n<\/div>\n<p style=\"text-align: justify;\">Els ensenyaments per a l\u2019obtenci\u00f3 del t\u00edtol de graduat o graduada en educaci\u00f3 secund\u00e0ria obligat\u00f2ria per a les persones adultes consisteixen en 34 m\u00f2duls amb una c\u00e0rrega lectiva de 35 hores per m\u00f2dul. La durada d\u2019aquests estudis \u00e9s de 1.190 hores. Els m\u00f2duls que estan relacionats amb l&#8217;\u00e0mbit de la comunicaci\u00f3, el cientificotenol\u00f2gic i el social es distribueixen en dos nivells:<\/p>\n<ul>\n<li><span style=\"color: #ff6600;\"><strong>M\u00f2duls del nivell I:<\/strong><\/span>\n<ul>\n<li><strong>\u00c0mbit de la comunicaci\u00f3:\u00a0<\/strong>Literatura,\u00a0Llengua catalana I,\u00a0Llengua castellana I,\u00a0Llengua estrangera I,\u00a0Llengua catalana II\u00a0i Llengua castellana II<\/li>\n<li><strong>\u00c0mbit cientificotecnol\u00f2gic:\u00a0<\/strong>Matem\u00e0tiques,\u00a0Matem\u00e0tiques II,\u00a0F\u00edsica i qu\u00edmica I,\u00a0Ci\u00e8ncies naturals i\u00a0Educaci\u00f3 per a la salut<\/li>\n<li><strong>\u00c0mbit social:\u00a0<\/strong>Ci\u00e8ncies socials I i educaci\u00f3 per a la ciutadania,\u00a0Geografia I i\u00a0Hist\u00f2ria I<\/li>\n<\/ul>\n<\/li>\n<\/ul>\n<p><strong>Total m\u00f2duls del 1r nivell a cursar<\/strong>: 14 comuns i 3 opcionals<\/p>\n<ul>\n<li><span style=\"color: #ff6600;\"><strong>M\u00f2duls del nivell II:<\/strong><\/span>\n<ul>\n<li><strong>\u00c0mbit de la comunicaci\u00f3:\u00a0<\/strong>Llengua catalana III,\u00a0Llengua castellana III,\u00a0Llengua estrangera II,\u00a0Llengua\u00a0estrangera III,\u00a0Literatua catalana i\u00a0Literatura castellana<\/li>\n<li><strong>\u00c0mbit de les matem\u00e0tiques, ci\u00e8ncies i tecnologia: <\/strong>Matem\u00e0tiques III,\u00a0Matem\u00e0tiques IV,\u00a0F\u00edsica i qu\u00edmica II,\u00a0Biologia i geologia, i\u00a0Tecnologia<\/li>\n<li><strong>\u00c0mbit social:\u00a0<\/strong>Ci\u00e8ncies socials II i moviments migratoris,\u00a0Geografia II i\u00a0Hist\u00f2ria II<\/li>\n<\/ul>\n<\/li>\n<\/ul>\n<p><strong>Total m\u00f2duls del 2n nivell a cursar<\/strong>: 14 comuns i 3 opcionals<\/p>\n<ul>\n<li><strong><span style=\"color: #ff6600;\">M\u00f2duls opcionals<\/span> <span style=\"color: #ff6600;\">(nivell I i II): <\/span><\/strong>cliqueu <strong><a href=\"https:\/\/ioc.xtec.cat\/eportafolis\/view\/view.php?id=211628\">aqu\u00ed<\/a>.<\/strong><\/li>\n<\/ul>\n<p>&nbsp;<\/p>\n<h4><span style=\"color: #0056b8;\"><strong>Continguts GESII al CFA Sebasti\u00e0 Juan Arb\u00f3 (presencial)<\/strong><\/span><\/h4>\n<p style=\"padding-left: 30px;\"><strong>M\u00f2duls del nivell II:<\/strong><\/p>\n<ul>\n<li style=\"list-style-type: none;\">\n<ul>\n<li style=\"list-style-type: none;\">\n<ul>\n<li><strong>\u00c0mbit de la comunicaci\u00f3:\u00a0<\/strong>Llengua catalana III,\u00a0Llengua castellana III,\u00a0Llengua estrangera II,\u00a0Llengua\u00a0estrangera III,\u00a0Literatua catalana i\u00a0Literatura castellana<\/li>\n<li><strong>\u00c0mbit de les matem\u00e0tiques, ci\u00e8ncies i tecnologia: <\/strong>Matem\u00e0tiques III,\u00a0Matem\u00e0tiques IV,\u00a0F\u00edsica i qu\u00edmica II,\u00a0Biologia i geologia, i\u00a0Tecnologia<\/li>\n<li><strong>\u00c0mbit social:\u00a0<\/strong>Ci\u00e8ncies socials II i moviments migratoris,\u00a0Geografia II i\u00a0Hist\u00f2ria II<\/li>\n<\/ul>\n<\/li>\n<\/ul>\n<\/li>\n<\/ul>\n<p style=\"padding-left: 30px;\"><strong>M\u00f2duls opcionals que oferim presencialment:<\/strong><\/p>\n<ul>\n<li style=\"list-style-type: none;\">\n<ul>\n<li style=\"list-style-type: none;\">\n<ul>\n<li><strong>CI4A Introducci\u00f3 a l&#8217;angl\u00e8s de nivell 2. <\/strong>En aquest m\u00f2dul es repassaran continguts d&#8217;angl\u00e8s de nivell 1.<\/li>\n<li><strong>MA5 Introducci\u00f3 a les matem\u00e0tiques de nivell 2.<\/strong> En aquest m\u00f2dul es repassen continguts d&#8217;aritm\u00e8tica, geometria i es fa una introducci\u00f3 a les equacions de primer grau.<\/li>\n<li><strong>MC11 El m\u00f3n laboral.\u00a0<\/strong>En aquest m\u00f2dul es treballen un seguit d&#8217;aspectes vinculats al m\u00f3n de l&#8217;empresa (factures, pressupostos, n\u00f2mines&#8230;)<\/li>\n<\/ul>\n<\/li>\n<\/ul>\n<\/li>\n<\/ul>\n<p style=\"padding-left: 20px;\"><strong>Total m\u00f2duls del 2n nivell a cursar<\/strong>: 14 comuns i 3 opcionals<\/p>\n<p>&nbsp;<\/p>\n<h5><span style=\"color: #0056b8;\">Convalidacions i acreditacions<\/span><\/h5>\n<p style=\"padding-left: 30px;\">Consulta les <a href=\"http:\/\/agora.xtec.cat\/cfasebastiajuanarbo\/ensenyaments\/graduat-en-educacio-secundaria-per-adults\/convalidacions-i-acreditacions\/\">Convalidacions i acreditacions<\/a>.<\/p>\n<p>&nbsp;<\/p>\n<h4><strong><span style=\"color: #0056b8;\">Horari, aula i tutor\/a (curs escolar 2025\/2026) <\/span><\/strong><\/h4>\n<p><img loading=\"lazy\" decoding=\"async\" class=\"aligncenter size-full wp-image-2772\" src=\"https:\/\/agora.xtec.cat\/cfasebastiajuanarbo\/wp-content\/uploads\/usu957\/2023\/09\/Foto-carnet-Teresa-Prat-Vidal.jpg\" alt=\"\" width=\"1808\" height=\"103\" srcset=\"https:\/\/agora.xtec.cat\/cfasebastiajuanarbo\/wp-content\/uploads\/usu957\/2023\/09\/Foto-carnet-Teresa-Prat-Vidal.jpg 1808w, https:\/\/agora.xtec.cat\/cfasebastiajuanarbo\/wp-content\/uploads\/usu957\/2023\/09\/Foto-carnet-Teresa-Prat-Vidal-300x17.jpg 300w, https:\/\/agora.xtec.cat\/cfasebastiajuanarbo\/wp-content\/uploads\/usu957\/2023\/09\/Foto-carnet-Teresa-Prat-Vidal-1024x58.jpg 1024w, https:\/\/agora.xtec.cat\/cfasebastiajuanarbo\/wp-content\/uploads\/usu957\/2023\/09\/Foto-carnet-Teresa-Prat-Vidal-768x44.jpg 768w, https:\/\/agora.xtec.cat\/cfasebastiajuanarbo\/wp-content\/uploads\/usu957\/2023\/09\/Foto-carnet-Teresa-Prat-Vidal-1536x88.jpg 1536w\" sizes=\"auto, (max-width: 1808px) 100vw, 1808px\" \/><\/p>\n<h5><img loading=\"lazy\" decoding=\"async\" class=\"aligncenter size-full wp-image-3164\" src=\"https:\/\/agora.xtec.cat\/cfasebastiajuanarbo\/wp-content\/uploads\/usu957\/2025\/06\/ges-1.jpg\" alt=\"\" width=\"933\" height=\"617\" srcset=\"https:\/\/agora.xtec.cat\/cfasebastiajuanarbo\/wp-content\/uploads\/usu957\/2025\/06\/ges-1.jpg 933w, https:\/\/agora.xtec.cat\/cfasebastiajuanarbo\/wp-content\/uploads\/usu957\/2025\/06\/ges-1-300x198.jpg 300w, https:\/\/agora.xtec.cat\/cfasebastiajuanarbo\/wp-content\/uploads\/usu957\/2025\/06\/ges-1-768x508.jpg 768w\" sizes=\"auto, (max-width: 933px) 100vw, 933px\" \/><\/h5>\n<div>\n<h4><span style=\"color: #0056b8;\"><strong>Material necessari<\/strong><\/span><\/h4>\n<\/div>\n<div>\n<p><strong>Matem\u00e0tiques inicials, III i IV. <\/strong><strong>Material necessari:<\/strong> Dossier &#8220;Matem\u00e0tiques&#8221; (s&#8217;encomana a la professora el primer dia de classe).<\/p>\n<p class=\"FW_bColCos dotted\"><strong>Llengua catalana i literatura. Material necessari: <\/strong>Dossier &#8220;Catal\u00e0&#8221; (s&#8217;encomana a la professora el primer dia de classe).<\/p>\n<p class=\"FW_bColCos dotted\"><strong>Llengua castellana. Material necessari:<\/strong>Dossier &#8220;Castell\u00e0&#8221; (s&#8217;encomana a la professora el primer dia de classe).<\/p>\n<p><strong>Literatura castellana. Material necessari: <\/strong>Dossier &#8220;Literatura Castellana&#8221; (s&#8217;encomana a la professora el primer dia de classe).<\/p>\n<\/div>\n<p class=\"FW_bColCos dotted\"><strong style=\"font-family: inherit; font-size: 1em;\">Angl\u00e8s inicial, II i III.\u00a0<\/strong><strong style=\"font-family: inherit; font-size: 1em;\">Material necessari:<\/strong><span style=\"font-family: inherit; font-size: 1em;\"> English File 4th edition\u00a0<\/span><strong style=\"font-family: inherit; font-size: 1em;\">A1-A2<\/strong><span style=\"font-family: inherit; font-size: 1em;\">\u00a0(student\u2019s book and workbook without key pack);<\/span><span class=\"detail-bullet-label a-text-bold\" style=\"font-family: inherit; font-size: 1em;\">\u00a0ISBN: 978-0194031394.<\/span><\/p>\n<div>\n<p class=\"FW_bColCos dotted\"><strong>Biologia i Geologia. Material necessari: <\/strong>No hi ha material per comprar. Es treballar\u00e0 amb Moodle.<\/p>\n<p><strong>Tecnologia. Material necessari: <\/strong>No hi ha material per comprar. Es treballar\u00e0 amb Moodle.<\/p>\n<p><strong>F\u00edsica i Qu\u00edmica. Material necessari: <\/strong>No hi ha material per comprar. Es treballar\u00e0 amb Moodle.<\/p>\n<p class=\"FW_bColCos dotted\"><strong>Socials. <\/strong><strong>Material necessari:<\/strong> No hi ha material per comprar. Es treballar\u00e0 amb Moodle.<\/p>\n<p><strong>M\u00f3n laboral. <\/strong><strong>Material necessari:<\/strong> No hi ha material per comprar.<\/p>\n<p>&nbsp;<\/p>\n<\/div>\n<h4><strong><span style=\"color: #0056b8;\">Continu\u00eftat<\/span><\/strong><\/h4>\n<p>Les persones que superen aquesta formaci\u00f3 poden accedir als ensenyaments seg\u00fcents:<\/p>\n<ul>\n<li>el batxillerat<\/li>\n<li>els cicles formatius de grau mitj\u00e0<\/li>\n<li>la preparaci\u00f3 per a les proves d&#8217;acc\u00e9s als cicles formatius de grau superior<\/li>\n<li>la preparaci\u00f3 per a les proves d&#8217;acc\u00e9s a la universitat per a les persones m\u00e9s grans de 25 anys<\/li>\n<\/ul>\n<p>&nbsp;<\/p>\n<hr \/>\n<h4><strong><span style=\"color: #0056b8;\">Normativa<\/span><\/strong><\/h4>\n<ul>\n<li><a href=\"http:\/\/portaljuridic.gencat.cat\/ca\/pjur_ocults\/pjur_resultats_fitxa\/?action=fitxa&amp;mode=single&amp;documentId=504619&amp;language=ca_ES\" target=\"_blank\" rel=\"noopener noreferrer\">Decret 161\/2009, de 27 d&#8217;octubre,<\/a>\u00a0d&#8217;ordenaci\u00f3 dels ensenyaments de l&#8217;educaci\u00f3 secund\u00e0ria obligat\u00f2ria per a les persones adultes (DOGC n\u00fam. 5496, de 2.11.2009)<\/li>\n<li><a href=\"http:\/\/portaljuridic.gencat.cat\/ca\/pjur_ocults\/pjur_resultats_fitxa\/?action=fitxa&amp;mode=single&amp;documentId=584612&amp;language=ca_ES\" target=\"_blank\" rel=\"noopener noreferrer\">Ordre ENS\/154\/2011, de 14 de juny,<\/a>\u00a0del procediment i els documents i requisits formals del proc\u00e9s d&#8217;avaluaci\u00f3 a l&#8217;educaci\u00f3 secund\u00e0ria obligat\u00f2ria per a les persones adultes (DOGC n\u00fam. 5922, de 18.7.2011)<\/li>\n<\/ul>\n<p style=\"text-align: justify;\">Consulta la normativa d&#8217;<a href=\"http:\/\/portaljuridic.gencat.cat\/ca\/pjur_ocults\/pjur_resultats_fitxa\/?action=fitxa&amp;mode=single&amp;documentId=584612&amp;language=ca_ES\" target=\"_blank\" rel=\"noopener noreferrer\">Avaluaci\u00f3<\/a>.<\/p>\n","protected":false},"excerpt":{"rendered":"<p>Informaci\u00f3 general<br \/>\nAquests estudis permeten completar els ensenyaments b\u00e0sics i obtenir el t\u00edtol de graduat o graduada en educaci\u00f3 secund\u00e0ria obligat\u00f2ria (GESO). Es poden cursar de manera presencial o semipresencial al nostre centre de formaci\u00f3 de persones adultes, que a m\u00e9s \u00e9s punt de suport de&hellip;  <a href=\"https:\/\/agora.xtec.cat\/cfasebastiajuanarbo\/ensenyaments\/graduat-en-educacio-secundaria-per-adults\/\" title=\"Read ESO per a adults (GES)\">Llegeix m\u00e9s\u00bb<\/a><\/p>\n","protected":false},"author":1,"featured_media":0,"parent":274,"menu_order":4,"comment_status":"closed","ping_status":"closed","template":"page-templates\/side-menu.php","meta":{"_bbp_topic_count":0,"_bbp_reply_count":0,"_bbp_total_topic_count":0,"_bbp_total_reply_count":0,"_bbp_voice_count":0,"_bbp_anonymous_reply_count":0,"_bbp_topic_count_hidden":0,"_bbp_reply_count_hidden":0,"_bbp_forum_subforum_count":0,"footnotes":""},"class_list":["post-303","page","type-page","status-publish","hentry"],"post_mailing_queue_ids":[],"_links":{"self":[{"href":"https:\/\/agora.xtec.cat\/cfasebastiajuanarbo\/wp-json\/wp\/v2\/pages\/303","targetHints":{"allow":["GET"]}}],"collection":[{"href":"https:\/\/agora.xtec.cat\/cfasebastiajuanarbo\/wp-json\/wp\/v2\/pages"}],"about":[{"href":"https:\/\/agora.xtec.cat\/cfasebastiajuanarbo\/wp-json\/wp\/v2\/types\/page"}],"author":[{"embeddable":true,"href":"https:\/\/agora.xtec.cat\/cfasebastiajuanarbo\/wp-json\/wp\/v2\/users\/1"}],"replies":[{"embeddable":true,"href":"https:\/\/agora.xtec.cat\/cfasebastiajuanarbo\/wp-json\/wp\/v2\/comments?post=303"}],"version-history":[{"count":7,"href":"https:\/\/agora.xtec.cat\/cfasebastiajuanarbo\/wp-json\/wp\/v2\/pages\/303\/revisions"}],"predecessor-version":[{"id":3223,"href":"https:\/\/agora.xtec.cat\/cfasebastiajuanarbo\/wp-json\/wp\/v2\/pages\/303\/revisions\/3223"}],"up":[{"embeddable":true,"href":"https:\/\/agora.xtec.cat\/cfasebastiajuanarbo\/wp-json\/wp\/v2\/pages\/274"}],"wp:attachment":[{"href":"https:\/\/agora.xtec.cat\/cfasebastiajuanarbo\/wp-json\/wp\/v2\/media?parent=303"}],"curies":[{"name":"wp","href":"https:\/\/api.w.org\/{rel}","templated":true}]}}