{"id":27,"date":"2014-09-17T16:24:03","date_gmt":"2014-09-17T16:24:03","guid":{"rendered":"http:\/\/agora.xtec.cat\/cfasebastiajuanarbo\/?page_id=27"},"modified":"2022-05-17T15:32:04","modified_gmt":"2022-05-17T13:32:04","slug":"historia","status":"publish","type":"page","link":"https:\/\/agora.xtec.cat\/cfasebastiajuanarbo\/el-centre\/historia\/","title":{"rendered":"Hist\u00f2ria"},"content":{"rendered":"<p><strong>L&#8217;escola<\/strong><\/p>\n<p>El Centre de Formaci\u00f3 d\u2019Adults Sebasti\u00e0 Juan Arb\u00f3 va n\u00e9ixer l\u2019any 1982 arran de la necessitat de l\u2019<a href=\"https:\/\/www.amposta.cat\/\">Ajuntament d\u2019Amposta<\/a> de donar resposta a les mancances formatives de la ciutadania i apostar per l\u2019alfabetitzaci\u00f3 i formaci\u00f3 continuada de la poblaci\u00f3 adulta. En aquell moment encara no ens d\u00e8iem CFA Sebasti\u00e0 Juan Arb\u00f3, sin\u00f3 <strong>aula Soriano Montagut<\/strong>. L\u2019aula, de compet\u00e8ncia municipal, estava ubicada dintre del <a href=\"https:\/\/agora.xtec.cat\/ceipsorianomontagut\/lescola\/historia\/\">col\u00b7legi Soriano Montagut<\/a>,<span style=\"font-family: inherit; font-size: 1em;\">\u00a0d\u2019Amposta.<\/span><\/p>\n<p><img loading=\"lazy\" decoding=\"async\" class=\"wp-image-381 alignleft\" style=\"color: #000080; text-align: justify;\" src=\"http:\/\/agora.xtec.cat\/cfasebastiajuanarbo\/wp-content\/uploads\/usu957\/2014\/09\/ee.jpg\" alt=\"Escola\" width=\"245\" height=\"178\" srcset=\"https:\/\/agora.xtec.cat\/cfasebastiajuanarbo\/wp-content\/uploads\/usu957\/2014\/09\/ee.jpg 673w, https:\/\/agora.xtec.cat\/cfasebastiajuanarbo\/wp-content\/uploads\/usu957\/2014\/09\/ee-300x218.jpg 300w\" sizes=\"auto, (max-width: 245px) 100vw, 245px\" \/>A partir del curs escolar 1988-1989, l\u2019aula va passar a ser adscrita \u00a0al Departament de Benestar Social de la Generalitat de Catalunya i es va crear l\u2019<strong>AFA Amposta<\/strong>. Va ser llavors, l\u2019any 1990, quan ens vam traslladar a un edifici municipal del Carrer Europa.<\/p>\n<p>M\u00e9s endavant, l\u2019any 1991, la Generalitat de Catalunya va intentar donar forma a aquest projecte per a la formaci\u00f3 permanent d\u2019adults mitjan\u00e7ant la <a href=\"https:\/\/portaljuridic.gencat.cat\/ca\/pjur_ocults\/pjur_resultats_fitxa\/?documentId=70941&amp;action=fitxa\">Llei 3\/1991, de 18 de mar\u00e7, de formaci\u00f3 d&#8217;adults<\/a>, vigent encara avui dia, i es va crear l\u2019actual estructura d\u2019escoles d\u2019adults.<\/p>\n<p>Arran d\u2019aquest fet, l\u2019any 1995, es va crear el <strong>CFA Sebasti\u00e0 Juan Arb\u00f3<\/strong> (Decret 238\/1995, d\u201911 de juliol). El centre seguiria ubicat al carrer Europa i disposaria de les seg\u00fcents instal<span style=\"font-family: inherit; font-size: 1em;\">\u00b7lacions: 3 aules, espai polivalent, sala de professors, secretaria i direcci\u00f3, i serveis.<\/span><\/p>\n<p>L\u2019any 2004, les escoles d\u2019adults van passar a formar part del Departament d\u2019Educaci\u00f3, per\u00f2 no va ser fins el curs escolar 2012-2013 que el CFA Sebasti\u00e0 Juan Arb\u00f3 es va ubicar on \u00e9s ara, compartint edifici amb l\u2019<a href=\"https:\/\/agora.xtec.cat\/insmontsia\/\">Institut Montsi\u00e0<\/a>. Actualment tenim assignats els seg\u00fcents\u00a0espais:<\/p>\n<p><img loading=\"lazy\" decoding=\"async\" class=\"wp-image-384 alignright\" style=\"text-align: justify;\" src=\"http:\/\/agora.xtec.cat\/cfasebastiajuanarbo\/wp-content\/uploads\/usu957\/2014\/09\/IMG_1252-980x300.jpg\" alt=\"IMG_1252-980x300\" width=\"411\" height=\"164\" srcset=\"https:\/\/agora.xtec.cat\/cfasebastiajuanarbo\/wp-content\/uploads\/usu957\/2014\/09\/IMG_1252-980x300.jpg 331w, https:\/\/agora.xtec.cat\/cfasebastiajuanarbo\/wp-content\/uploads\/usu957\/2014\/09\/IMG_1252-980x300-300x120.jpg 300w\" sizes=\"auto, (max-width: 411px) 100vw, 411px\" \/><\/p>\n<ul>\n<li>Planta baixa: despatx de direcci\u00f3, un espai a la Secretaria i biblioteca.<\/li>\n<li>Primer pis: aula 11, 12, 13, 14 i 15 -aquesta \u00faltima amb equipament inform\u00e0tic-, sala de professors i serveis.<\/li>\n<\/ul>\n<p>Durant tots aquests anys, el CFA Sebasti\u00e0 Juan Arb\u00f3 ha anat creixent i evolucionant i, avui dia, el centre ofereix una \u00e0mplia gamma d\u2019ensenyaments com s\u00f3n la <a href=\"https:\/\/agora.xtec.cat\/cfasebastiajuanarbo\/formacio-instrumental\/\">Formaci\u00f3 Instrumental<\/a>, el<a href=\"https:\/\/agora.xtec.cat\/cfasebastiajuanarbo\/ensenyaments\/graduat-en-educacio-secundaria-per-adults\/\"> Graduat en Ensenyament Secundari (GES)<\/a>, els cursos de<a href=\"https:\/\/agora.xtec.cat\/cfasebastiajuanarbo\/ensenyaments\/ensenyaments-per-a-la-preparacio-de-proves-dacces\/\"> preparaci\u00f3 per a les proves d\u2019acc\u00e9s a cicles de grau mitj\u00e0<\/a>,\u00a0i tamb\u00e9 cursos de <a href=\"https:\/\/agora.xtec.cat\/cfasebastiajuanarbo\/ensenyaments\/llengua-catalana\/\">catal\u00e0<\/a>, <a href=\"https:\/\/agora.xtec.cat\/cfasebastiajuanarbo\/ensenyaments\/castellano\/\">castell\u00e0<\/a>, <a href=\"https:\/\/agora.xtec.cat\/cfasebastiajuanarbo\/ensenyaments\/llengua-anglesa\/\">angl\u00e8s<\/a> i <a href=\"https:\/\/agora.xtec.cat\/cfasebastiajuanarbo\/ensenyaments\/competencia-digital-competic\/\">compeTIC<\/a>.<\/p>\n<p>&nbsp;<\/p>\n<p><strong>Qui va ser Sebasti\u00e0 Juan Arb\u00f3?<\/strong><\/p>\n<p><strong>Sebasti\u00e0 Juan Arb\u00f3<\/strong> va ser un escriptor catal\u00e0 que va conrear la novel\u00b7la, el teatre, la biografia i tamb\u00e9 la traducci\u00f3.<\/p>\n<p><img loading=\"lazy\" decoding=\"async\" class=\"alignleft\" src=\"https:\/\/encrypted-tbn0.gstatic.com\/images?q=tbn%3AANd9GcRtT1PJjNxbLECIX3UtHxoJAc97kQbYFcqaUYV7le6nJYNj1F3O&amp;usqp=CAU\" alt=\"Sebasti\u00e1n Juan Arb\u00f3 - EcuRed\" width=\"216\" height=\"289\" \/>Sebasti\u00e0 Juan Arb\u00f3 neix un 27 d\u2019octubre de 1902 a Sant Carles de la R\u00e0pita, vila marinera del Montsi\u00e0, en el s\u00ed d\u2019una fam\u00edlia de jornalers.<\/p>\n<p>Amb poc m\u00e9s de sis anys, els amos, la fam\u00edlia Carvallo, es traslladen a la capital de la comarca, la poblaci\u00f3 ve\u00efna Amposta. Es all\u00ed on s\u2019escolaritza, tot i que ja de ben jove ha de contribuir a l\u2019economia familiar treballant d\u2019escrivent. \u00c9s un jove extravertit, amant de l\u2019esport i de les distraccions de l\u2019\u00e8poca.<\/p>\n<p>Ben aviat, la mestressa, la senyora Cec\u00edlia Meyer de Carvallo, l\u2019inicia en l\u2019amor per les lletres posant a la disposici\u00f3 del jove Sebasti\u00e0 la seva important biblioteca.<\/p>\n<p>El servei militar, a Barcelona, li obre els ulls a la gran ciutat, on descobreix uns horitzons sorprenents per a un jove criat al camp.<\/p>\n<p>Poc a poc, i no sense esfor\u00e7, comen\u00e7a a plasmar en manuscrits tot all\u00f2 que havia viscut a la seva infantesa, fins que l\u2019any 1931 publica\u00a0<em>L\u2019in\u00fatil combat<\/em>. Despr\u00e9s vindran\u00a0<em>Terres de l\u2019Ebre, Camins de nit, Nausica, Hores en blanc<\/em>&#8230;<\/p>\n<p>Havent estat ja guanyador de diversos premis literaris, com el Fastenrath, el Novel\u00b7listes, i el Nadal, l\u2019any 1950 \u00e9s nomenat Fill Adoptiu d\u2019Amposta, on despr\u00e9s s\u2019atorgar\u00e0 el seu nom a una important avinguda, a la Biblioteca Comarcal i a aquest Centre de Formaci\u00f3 d\u2019Adults.<\/p>\n<p>El gran escriptor de l\u2019Ebre i de la seva gent moria a Barcelona el 3 de gener de 1984.<\/p>\n<p>&nbsp;<\/p>\n<p style=\"text-align: right;\"><span style=\"color: #808080;\">Adaptaci\u00f3 de <a style=\"color: #808080;\" href=\"https:\/\/ca.wikipedia.org\/wiki\/Sebasti%C3%A0_Juan_Arb%C3%B3\">https:\/\/ca.wikipedia.org\/wiki\/Sebasti%C3%A0_Juan_Arb%C3%B3<\/a><\/span><\/p>\n<div class=\"page\" title=\"Page 3\">\n<div class=\"layoutArea\">\n<div class=\"column\">\n<p style=\"text-align: justify;\">\n<\/div>\n<\/div>\n<\/div>\n","protected":false},"excerpt":{"rendered":"<p>L&#8217;escola<br \/>\nEl Centre de Formaci\u00f3 d\u2019Adults Sebasti\u00e0 Juan Arb\u00f3 va n\u00e9ixer l\u2019any 1982 arran de la necessitat de l\u2019<a href=\"https:\/\/www.amposta.cat\/\">Ajuntament d\u2019Amposta<\/a> de donar resposta a les mancances formatives de la ciutadania i apostar per l\u2019alfabetitzaci\u00f3 i formaci\u00f3 continuada de la poblaci\u00f3 adulta. En aquell moment encara&hellip;  <a href=\"https:\/\/agora.xtec.cat\/cfasebastiajuanarbo\/el-centre\/historia\/\" title=\"Read Hist\u00f2ria\">Llegeix m\u00e9s\u00bb<\/a><\/p>\n","protected":false},"author":1,"featured_media":0,"parent":261,"menu_order":20,"comment_status":"closed","ping_status":"closed","template":"page-templates\/side-menu.php","meta":{"_bbp_topic_count":0,"_bbp_reply_count":0,"_bbp_total_topic_count":0,"_bbp_total_reply_count":0,"_bbp_voice_count":0,"_bbp_anonymous_reply_count":0,"_bbp_topic_count_hidden":0,"_bbp_reply_count_hidden":0,"_bbp_forum_subforum_count":0,"footnotes":""},"class_list":["post-27","page","type-page","status-publish","hentry"],"post_mailing_queue_ids":[],"_links":{"self":[{"href":"https:\/\/agora.xtec.cat\/cfasebastiajuanarbo\/wp-json\/wp\/v2\/pages\/27","targetHints":{"allow":["GET"]}}],"collection":[{"href":"https:\/\/agora.xtec.cat\/cfasebastiajuanarbo\/wp-json\/wp\/v2\/pages"}],"about":[{"href":"https:\/\/agora.xtec.cat\/cfasebastiajuanarbo\/wp-json\/wp\/v2\/types\/page"}],"author":[{"embeddable":true,"href":"https:\/\/agora.xtec.cat\/cfasebastiajuanarbo\/wp-json\/wp\/v2\/users\/1"}],"replies":[{"embeddable":true,"href":"https:\/\/agora.xtec.cat\/cfasebastiajuanarbo\/wp-json\/wp\/v2\/comments?post=27"}],"version-history":[{"count":5,"href":"https:\/\/agora.xtec.cat\/cfasebastiajuanarbo\/wp-json\/wp\/v2\/pages\/27\/revisions"}],"predecessor-version":[{"id":2161,"href":"https:\/\/agora.xtec.cat\/cfasebastiajuanarbo\/wp-json\/wp\/v2\/pages\/27\/revisions\/2161"}],"up":[{"embeddable":true,"href":"https:\/\/agora.xtec.cat\/cfasebastiajuanarbo\/wp-json\/wp\/v2\/pages\/261"}],"wp:attachment":[{"href":"https:\/\/agora.xtec.cat\/cfasebastiajuanarbo\/wp-json\/wp\/v2\/media?parent=27"}],"curies":[{"name":"wp","href":"https:\/\/api.w.org\/{rel}","templated":true}]}}