{"id":2410,"date":"2022-10-07T12:56:24","date_gmt":"2022-10-07T10:56:24","guid":{"rendered":"https:\/\/agora.xtec.cat\/cfasebastiajuanarbo\/?page_id=2410"},"modified":"2022-10-11T15:36:26","modified_gmt":"2022-10-11T13:36:26","slug":"punt-dinformacio-i-orientacio-fpcat","status":"publish","type":"page","link":"https:\/\/agora.xtec.cat\/cfasebastiajuanarbo\/punt-dinformacio-i-orientacio-fpcat\/","title":{"rendered":"Punt d&#8217;informaci\u00f3 i orientaci\u00f3 #FPCAT"},"content":{"rendered":"<h3><span style=\"color: #0000ff;\">Som punt d\u2019informaci\u00f3 i orientaci\u00f3 del Servei d\u2019Acreditaci\u00f3 de Compet\u00e8ncies Professionals #FPCAT<\/span><\/h3>\n<h5><img loading=\"lazy\" decoding=\"async\" class=\" wp-image-2416 alignleft\" src=\"https:\/\/agora.xtec.cat\/cfasebastiajuanarbo\/wp-content\/uploads\/usu957\/2022\/10\/SOM-PUNT.png\" alt=\"\" width=\"380\" height=\"380\" srcset=\"https:\/\/agora.xtec.cat\/cfasebastiajuanarbo\/wp-content\/uploads\/usu957\/2022\/10\/SOM-PUNT.png 500w, https:\/\/agora.xtec.cat\/cfasebastiajuanarbo\/wp-content\/uploads\/usu957\/2022\/10\/SOM-PUNT-300x300.png 300w, https:\/\/agora.xtec.cat\/cfasebastiajuanarbo\/wp-content\/uploads\/usu957\/2022\/10\/SOM-PUNT-150x150.png 150w\" sizes=\"auto, (max-width: 380px) 100vw, 380px\" \/><\/h5>\n<p style=\"text-align: justify;\">L\u2019\u00a0<strong>acreditaci\u00f3<\/strong>\u00a0\u00e9s l\u2019oportunitat d\u2019aconseguir un reconeixement oficial d\u2019all\u00f2 que la persona usu\u00e0ria \u00e9s capa\u00e7 de fer a partir de la seva experi\u00e8ncia professional o la seva formaci\u00f3 no reconeguda oficialment.<\/p>\n<p style=\"text-align: justify;\">Per obtenir l\u2019acreditaci\u00f3, la persona usu\u00e0ria ha de participar en un seguit d\u2019entrevistes que preferentment s\u00f3n virtuals, en les quals ha de demostrar compet\u00e8ncies professionals que constitueixen part d\u2019un certificat o t\u00edtol professional. Si la persona demostra que ha adquirit les unitats de compet\u00e8ncia, obt\u00e9 una certificaci\u00f3 oficial que permet convalidar i completar la formaci\u00f3 d\u2019un Certificat Professional o T\u00edtol de Formaci\u00f3 Professional.<\/p>\n<p style=\"text-align: justify;\">L\u2019obtenci\u00f3 d\u2019un certificat d\u2019acreditaci\u00f3 facilita el desenvolupament professional i personal millorant el curr\u00edculum i les possibilitats de trobar feina. A m\u00e9s, quan s\u2019acaba el procediment, la persona usu\u00e0ria rep una orientaci\u00f3 sobre quin itinerari formatiu pot seguir.<\/p>\n<table style=\"border-collapse: collapse; width: 100%;\">\n<tbody>\n<tr>\n<td style=\"width: 50%;\">\n<ul>\n<li><a href=\"https:\/\/fp.gencat.cat\/ca\/acreditacio\/em-vull-acreditar\/\" target=\"_blank\" rel=\"noopener\">Em vull acreditar<\/a><\/li>\n<\/ul>\n<\/td>\n<td style=\"width: 50%;\">\n<ul>\n<li><a href=\"https:\/\/fp.gencat.cat\/web\/.content\/06_Acreditacio\/em-vull-acreditar\/inscripcio\/instruccions-inscripcio-web.pdf\" target=\"_blank\" rel=\"noopener\">Manual per a la inscripci\u00f3<\/a><\/li>\n<\/ul>\n<\/td>\n<\/tr>\n<tr>\n<td style=\"width: 50%;\">\n<ul>\n<li><a href=\"https:\/\/aplicacions.gestioeducativa.gencat.cat\/e13_cfp_icqp\/menuInici.do\" target=\"_blank\" rel=\"noopener\">Cat\u00e0leg de qualificacions professionals<\/a><\/li>\n<\/ul>\n<\/td>\n<td style=\"width: 50%;\">\n<ul>\n<li><a href=\"https:\/\/youtu.be\/qD7DkvfNTGw\">Instruccions per a la inscripci\u00f3<\/a><\/li>\n<\/ul>\n<\/td>\n<\/tr>\n<\/tbody>\n<\/table>\n<ul style=\"text-align: justify;\">\n<li style=\"list-style-type: none;\">\n<ul>\n<li style=\"list-style-type: none;\"><\/li>\n<\/ul>\n<\/li>\n<\/ul>\n<ul style=\"text-align: justify;\">\n<li style=\"list-style-type: none;\"><\/li>\n<\/ul>\n<ul style=\"text-align: justify;\">\n<li style=\"list-style-type: none;\">\n<ul>\n<li><span style=\"font-family: inherit; font-size: 1em;\">A<\/span><span style=\"font-family: inherit; font-size: 1em;\">l CFA Sebasti\u00e0 Juan Arb\u00f3 <\/span><strong style=\"font-family: inherit; font-size: 1em;\">som punt d\u2019informaci\u00f3 i orientaci\u00f3<\/strong><span style=\"font-family: inherit; font-size: 1em;\">\u00a0del\u00a0<\/span><a style=\"font-family: inherit; font-size: 1em;\" href=\"https:\/\/fp.gencat.cat\/ca\/inici\/\" target=\"_blank\" rel=\"noopener\">Servei d\u2019Acreditaci\u00f3 de Compet\u00e8ncies Professionals<\/a><span style=\"font-family: inherit; font-size: 1em;\">. Si vols m\u00e9s informaci\u00f3 i\/o que t\u2019orientem per fer la inscripci\u00f3, envia\u2019ns un correu a\u00a0 <\/span><span class=\"\" style=\"font-family: inherit; font-size: 1em;\">e3008754@xtec.cat<\/span><span style=\"font-family: inherit; font-size: 1em;\">\u00a0i t\u2019assessorarem.<\/span><\/li>\n<li style=\"list-style-type: none;\"><\/li>\n<\/ul>\n<\/li>\n<\/ul>\n","protected":false},"excerpt":{"rendered":"<p>Som punt d\u2019informaci\u00f3 i orientaci\u00f3 del Servei d\u2019Acreditaci\u00f3 de Compet\u00e8ncies Professionals #FPCAT<\/p>\n<p>L\u2019\u00a0acreditaci\u00f3\u00a0\u00e9s l\u2019oportunitat d\u2019aconseguir un reconeixement oficial d\u2019all\u00f2 que la persona usu\u00e0ria \u00e9s capa\u00e7 de fer a partir de la seva experi\u00e8ncia professional o la seva formaci\u00f3 no reconeguda oficialment.<br \/>\nPer obtenir l\u2019acreditaci\u00f3, la persona usu\u00e0ria&hellip;  <a href=\"https:\/\/agora.xtec.cat\/cfasebastiajuanarbo\/punt-dinformacio-i-orientacio-fpcat\/\" title=\"Read Punt d&#8217;informaci\u00f3 i orientaci\u00f3 #FPCAT\">Llegeix m\u00e9s\u00bb<\/a><\/p>\n","protected":false},"author":1,"featured_media":0,"parent":0,"menu_order":0,"comment_status":"closed","ping_status":"closed","template":"","meta":{"_bbp_topic_count":0,"_bbp_reply_count":0,"_bbp_total_topic_count":0,"_bbp_total_reply_count":0,"_bbp_voice_count":0,"_bbp_anonymous_reply_count":0,"_bbp_topic_count_hidden":0,"_bbp_reply_count_hidden":0,"_bbp_forum_subforum_count":0,"footnotes":""},"class_list":["post-2410","page","type-page","status-publish","hentry"],"post_mailing_queue_ids":[],"_links":{"self":[{"href":"https:\/\/agora.xtec.cat\/cfasebastiajuanarbo\/wp-json\/wp\/v2\/pages\/2410","targetHints":{"allow":["GET"]}}],"collection":[{"href":"https:\/\/agora.xtec.cat\/cfasebastiajuanarbo\/wp-json\/wp\/v2\/pages"}],"about":[{"href":"https:\/\/agora.xtec.cat\/cfasebastiajuanarbo\/wp-json\/wp\/v2\/types\/page"}],"author":[{"embeddable":true,"href":"https:\/\/agora.xtec.cat\/cfasebastiajuanarbo\/wp-json\/wp\/v2\/users\/1"}],"replies":[{"embeddable":true,"href":"https:\/\/agora.xtec.cat\/cfasebastiajuanarbo\/wp-json\/wp\/v2\/comments?post=2410"}],"version-history":[{"count":3,"href":"https:\/\/agora.xtec.cat\/cfasebastiajuanarbo\/wp-json\/wp\/v2\/pages\/2410\/revisions"}],"predecessor-version":[{"id":2424,"href":"https:\/\/agora.xtec.cat\/cfasebastiajuanarbo\/wp-json\/wp\/v2\/pages\/2410\/revisions\/2424"}],"wp:attachment":[{"href":"https:\/\/agora.xtec.cat\/cfasebastiajuanarbo\/wp-json\/wp\/v2\/media?parent=2410"}],"curies":[{"name":"wp","href":"https:\/\/api.w.org\/{rel}","templated":true}]}}