{"id":2124,"date":"2022-05-13T17:48:59","date_gmt":"2022-05-13T15:48:59","guid":{"rendered":"https:\/\/agora.xtec.cat\/cfasebastiajuanarbo\/?page_id=2124"},"modified":"2025-11-07T13:24:50","modified_gmt":"2025-11-07T12:24:50","slug":"formacio-instrumental","status":"publish","type":"page","link":"https:\/\/agora.xtec.cat\/cfasebastiajuanarbo\/formacio-instrumental\/","title":{"rendered":"Formaci\u00f3 instrumental"},"content":{"rendered":"<h4><span style=\"color: #0056b8;\"><strong>Informaci\u00f3 general<\/strong><\/span><\/h4>\n<p style=\"text-align: justify;\">L&#8217;objectiu d&#8217;aquests estudis \u00e9s aconseguir que les persones adultes adquireixin unes compet\u00e8ncies m\u00ednimes per facilitar la seva integraci\u00f3 i participaci\u00f3 social, una millor<br \/>\nconviv\u00e8ncia en l\u2019entorn actual, la inserci\u00f3 laboral i el desenvolupament de la pr\u00f2pia autonomia. La superaci\u00f3 d&#8217;aquests estudis permet l&#8217;obtenci\u00f3 del certificat de formaci\u00f3 instrumental.<\/p>\n<h4><\/h4>\n<h4><span style=\"color: #0056b8;\"><strong>Acc\u00e9s<\/strong><\/span><\/h4>\n<p>Per tal de situar l&#8217;alumnat en el nivell que li correspon d&#8217;acord amb les seves compet\u00e8ncies, en el moment de la preinscripci\u00f3 el centre de formaci\u00f3 d&#8217;adults li far\u00e0 una prova de nivell.<\/p>\n<div id=\"div_03\" class=\"CS_paddingTop10 nomargeleft display\">\n<div class=\"FW_bColCos dotted\">\n<h4><\/h4>\n<div>\n<h4><span style=\"color: #0056b8;\"><strong>Tr\u00e0mits<\/strong><\/span><\/h4>\n<\/div>\n<\/div>\n<\/div>\n<p>Per cursar aquest ensenyament cal formalitzar la\u00a0<a href=\"https:\/\/agora.xtec.cat\/cfasebastiajuanarbo\/matricula\/preinscripcio-curs-escolar-2020-2021\/\">matr\u00edcula<\/a>\u00a0d\u2019acord amb els criteris fixats pel Departament d\u2019Educaci\u00f3. Aquests cursos s\u00f3n gratu\u00efts.<\/p>\n<div><\/div>\n<div><\/div>\n<div id=\"div_03\" class=\"CS_paddingTop10 nomargeleft display\">\n<div class=\"FW_bColCos dotted\">\n<div>\n<h4><span style=\"color: #0056b8;\"><strong>Continguts<\/strong><\/span><\/h4>\n<\/div>\n<\/div>\n<\/div>\n<p>Els continguts d&#8217;aquesta formaci\u00f3 s&#8217;organitzen en quatre nivells:<\/p>\n<ul>\n<li>INSTRUMENTAL 1 (PRIMER I SEGON NIVELL): l&#8217;aprenentatge se centra en l&#8217;adquisici\u00f3 i la consolidaci\u00f3 dels mecanismes fonamentals de lectura i escriptura i de c\u00e0lcul, a m\u00e9s de nocions elementals sobre l&#8217;entorn social i natural.<\/li>\n<\/ul>\n<ul>\n<li>INSTRUMENTAL 2 (TERCER I QUART NIVELL): ampliaci\u00f3 dels coneixements dels dos nivells anteriors i assoliment dels objectius generals del cicle.<\/li>\n<\/ul>\n<h4><\/h4>\n<h4><strong><span style=\"color: #0056b8;\">Horari, aula i tutor\/a (curs escolar 2025\/2026)\u00a0<\/span><\/strong><\/h4>\n<p><img loading=\"lazy\" decoding=\"async\" class=\"aligncenter wp-image-3170\" src=\"https:\/\/agora.xtec.cat\/cfasebastiajuanarbo\/wp-content\/uploads\/usu957\/2025\/06\/filainst.jpg\" alt=\"\" width=\"920\" height=\"70\" srcset=\"https:\/\/agora.xtec.cat\/cfasebastiajuanarbo\/wp-content\/uploads\/usu957\/2025\/06\/filainst.jpg 841w, https:\/\/agora.xtec.cat\/cfasebastiajuanarbo\/wp-content\/uploads\/usu957\/2025\/06\/filainst-300x23.jpg 300w, https:\/\/agora.xtec.cat\/cfasebastiajuanarbo\/wp-content\/uploads\/usu957\/2025\/06\/filainst-768x58.jpg 768w\" sizes=\"auto, (max-width: 920px) 100vw, 920px\" \/><\/p>\n<p><img loading=\"lazy\" decoding=\"async\" class=\"aligncenter size-large wp-image-3169\" src=\"https:\/\/agora.xtec.cat\/cfasebastiajuanarbo\/wp-content\/uploads\/usu957\/2025\/06\/ins1.jpg\" alt=\"\" width=\"945\" height=\"202\" srcset=\"https:\/\/agora.xtec.cat\/cfasebastiajuanarbo\/wp-content\/uploads\/usu957\/2025\/06\/ins1.jpg 945w, https:\/\/agora.xtec.cat\/cfasebastiajuanarbo\/wp-content\/uploads\/usu957\/2025\/06\/ins1-300x64.jpg 300w, https:\/\/agora.xtec.cat\/cfasebastiajuanarbo\/wp-content\/uploads\/usu957\/2025\/06\/ins1-768x164.jpg 768w\" sizes=\"auto, (max-width: 945px) 100vw, 945px\" \/><img loading=\"lazy\" decoding=\"async\" class=\"aligncenter size-full wp-image-3225\" src=\"https:\/\/agora.xtec.cat\/cfasebastiajuanarbo\/wp-content\/uploads\/usu957\/2025\/09\/fi34.jpg\" alt=\"\" width=\"956\" height=\"383\" srcset=\"https:\/\/agora.xtec.cat\/cfasebastiajuanarbo\/wp-content\/uploads\/usu957\/2025\/09\/fi34.jpg 956w, https:\/\/agora.xtec.cat\/cfasebastiajuanarbo\/wp-content\/uploads\/usu957\/2025\/09\/fi34-300x120.jpg 300w, https:\/\/agora.xtec.cat\/cfasebastiajuanarbo\/wp-content\/uploads\/usu957\/2025\/09\/fi34-768x308.jpg 768w\" sizes=\"auto, (max-width: 956px) 100vw, 956px\" \/><\/p>\n<h5><\/h5>\n<div>\n<h4><span style=\"color: #0056b8;\"><strong>Material necessari<\/strong><\/span><\/h4>\n<\/div>\n<div>\n<p><span style=\"color: #ff6600;\"><strong>NIVELL 1<\/strong><\/span><\/p>\n<p><strong>Catal\u00e0 i Castell\u00e0:<\/strong> Dossier &#8220;Formaci\u00f3n Instrumental 1\u201d (s\u2019encomana a la professora el primer dia de classe).<\/p>\n<p><strong>Matem\u00e0tiques:<\/strong><\/p>\n<p class=\"FW_bColCos dotted\"><b>Medi:<\/b><\/p>\n<p><span style=\"color: #ff6600;\"><strong>NIVELL 2<\/strong><\/span><\/p>\n<p><strong>Catal\u00e0: <\/strong>Dossier &#8220;Oralpha catal\u00e0&#8221; (s\u2019encomana a la professora el primer dia de classe).<\/p>\n<p><strong>Castell\u00e0:<\/strong> Dossier &#8220;Formaci\u00f3n Instrumental 2\u201d (s\u2019encomana a la professora el primer dia de classe).<\/p>\n<p><strong>Matem\u00e0tiques:<\/strong><\/p>\n<p class=\"FW_bColCos dotted\"><b>Medi:<\/b><\/p>\n<p><span style=\"color: #ff6600;\"><strong>NIVELL 3<\/strong><\/span><\/p>\n<p><strong>Llengua:<\/strong><\/p>\n<p><strong>Matem\u00e0tiques:<\/strong><\/p>\n<p class=\"FW_bColCos dotted\"><b>Medi:<\/b><\/p>\n<p><span style=\"color: #ff6600;\"><strong>NIVELL 4<\/strong><\/span><\/p>\n<p><strong>Llengua:\u00a0<\/strong><\/p>\n<p><strong>Matem\u00e0tiques:<\/strong><\/p>\n<p class=\"FW_bColCos dotted\"><b>Medi:<\/b><\/p>\n<p><strong>Angl\u00e8s: <\/strong>Llibre d&#8217;angl\u00e8s &#8220;Step One&#8221;. S&#8217;encomana a la professora.<\/p>\n<p>&nbsp;<\/p>\n<p><strong style=\"font-size: 1.4375em;\"><span style=\"color: #0056b8;\">Continu\u00eftat<\/span><\/strong><\/p>\n<\/div>\n<p>Si es vol continuar la formaci\u00f3, es pot cursar l&#8217;educaci\u00f3 secund\u00e0ria per a les persones adultes o la preparaci\u00f3 per a les proves d&#8217;acc\u00e9s a cicles formatius.<br \/>\nEn qualsevol cas, l&#8217;alumnat pot rebre el consell orientador de les persones tutores del centre on cursa la formaci\u00f3 instrumental.<\/p>\n<p>&nbsp;<\/p>\n<hr \/>\n<h4><strong><span style=\"color: #0056b8;\">Normativa<\/span><\/strong><\/h4>\n<ul>\n<li><a href=\"https:\/\/dogc.gencat.cat\/ca\/document-del-dogc\/?documentId=299157\">Decret 213\/2002, d&#8217;1 d&#8217;agost<\/a>, pel qual s&#8217;estableix l&#8217;ordenaci\u00f3 curricular de la formaci\u00f3 b\u00e0sica de les persones adultes (DOGC n\u00fam. 3694, de 7.8.2002, cap\u00edtol 2: Cicle de formaci\u00f3 instrumental per a les persones adultes -articles del 9 al 15- i annex 1: Curr\u00edculum de la formaci\u00f3 instrumental per a les persones adultes)<\/li>\n<\/ul>\n<p style=\"text-align: justify;\">\n","protected":false},"excerpt":{"rendered":"<p>Informaci\u00f3 general<br \/>\nL&#8217;objectiu d&#8217;aquests estudis \u00e9s aconseguir que les persones adultes adquireixin unes compet\u00e8ncies m\u00ednimes per facilitar la seva integraci\u00f3 i participaci\u00f3 social, una millor<br \/>\nconviv\u00e8ncia en l\u2019entorn actual, la inserci\u00f3 laboral i el desenvolupament de la pr\u00f2pia autonomia. La superaci\u00f3 d&#8217;aquests estudis permet l&#8217;obtenci\u00f3 del certificat&hellip;  <a href=\"https:\/\/agora.xtec.cat\/cfasebastiajuanarbo\/formacio-instrumental\/\" title=\"Read Formaci\u00f3 instrumental\">Llegeix m\u00e9s\u00bb<\/a><\/p>\n","protected":false},"author":1,"featured_media":0,"parent":0,"menu_order":0,"comment_status":"closed","ping_status":"closed","template":"","meta":{"_bbp_topic_count":0,"_bbp_reply_count":0,"_bbp_total_topic_count":0,"_bbp_total_reply_count":0,"_bbp_voice_count":0,"_bbp_anonymous_reply_count":0,"_bbp_topic_count_hidden":0,"_bbp_reply_count_hidden":0,"_bbp_forum_subforum_count":0,"footnotes":""},"class_list":["post-2124","page","type-page","status-publish","hentry"],"post_mailing_queue_ids":[],"_links":{"self":[{"href":"https:\/\/agora.xtec.cat\/cfasebastiajuanarbo\/wp-json\/wp\/v2\/pages\/2124","targetHints":{"allow":["GET"]}}],"collection":[{"href":"https:\/\/agora.xtec.cat\/cfasebastiajuanarbo\/wp-json\/wp\/v2\/pages"}],"about":[{"href":"https:\/\/agora.xtec.cat\/cfasebastiajuanarbo\/wp-json\/wp\/v2\/types\/page"}],"author":[{"embeddable":true,"href":"https:\/\/agora.xtec.cat\/cfasebastiajuanarbo\/wp-json\/wp\/v2\/users\/1"}],"replies":[{"embeddable":true,"href":"https:\/\/agora.xtec.cat\/cfasebastiajuanarbo\/wp-json\/wp\/v2\/comments?post=2124"}],"version-history":[{"count":7,"href":"https:\/\/agora.xtec.cat\/cfasebastiajuanarbo\/wp-json\/wp\/v2\/pages\/2124\/revisions"}],"predecessor-version":[{"id":3246,"href":"https:\/\/agora.xtec.cat\/cfasebastiajuanarbo\/wp-json\/wp\/v2\/pages\/2124\/revisions\/3246"}],"wp:attachment":[{"href":"https:\/\/agora.xtec.cat\/cfasebastiajuanarbo\/wp-json\/wp\/v2\/media?parent=2124"}],"curies":[{"name":"wp","href":"https:\/\/api.w.org\/{rel}","templated":true}]}}